{"id":1396,"date":"2025-09-05T13:08:22","date_gmt":"2025-09-05T16:08:22","guid":{"rendered":"https:\/\/calidad.unap.cl\/acreditacion2027\/?page_id=1396"},"modified":"2026-04-13T11:21:56","modified_gmt":"2026-04-13T14:21:56","slug":"galeria","status":"publish","type":"page","link":"https:\/\/calidad.unap.cl\/acreditacion2027\/participacion-activa\/galeria\/","title":{"rendered":"Galer\u00eda"},"content":{"rendered":"\t\t<div data-elementor-type=\"wp-page\" data-elementor-id=\"1396\" class=\"elementor elementor-1396\" data-elementor-post-type=\"page\">\n\t\t\t\t<div class=\"elementor-element elementor-element-57c4abf e-flex e-con-boxed e-con e-parent\" data-id=\"57c4abf\" data-element_type=\"container\" data-e-type=\"container\">\n\t\t\t\t\t<div class=\"e-con-inner\">\n\t\t\t\t\t<\/div>\n\t\t\t\t<\/div>\n\t\t<div class=\"elementor-element elementor-element-b6145c3 e-flex e-con-boxed e-con e-parent\" data-id=\"b6145c3\" data-element_type=\"container\" data-e-type=\"container\" data-settings=\"{&quot;background_background&quot;:&quot;classic&quot;}\">\n\t\t\t\t\t<div class=\"e-con-inner\">\n\t\t\t\t<div class=\"elementor-element elementor-element-a0dd427 elementor-widget elementor-widget-heading\" data-id=\"a0dd427\" data-element_type=\"widget\" data-e-type=\"widget\" data-widget_type=\"heading.default\">\n\t\t\t\t<div class=\"elementor-widget-container\">\n\t\t\t\t\t<h2 class=\"elementor-heading-title elementor-size-default\">Galer\u00eda <\/h2>\t\t\t\t<\/div>\n\t\t\t\t<\/div>\n\t\t\t\t<div class=\"elementor-element elementor-element-52a8034 elementor-widget elementor-widget-xpro-simple-gallery\" data-id=\"52a8034\" data-element_type=\"widget\" data-e-type=\"widget\" data-settings=\"{&quot;item_height&quot;:{&quot;unit&quot;:&quot;px&quot;,&quot;size&quot;:237,&quot;sizes&quot;:[]},&quot;margin&quot;:{&quot;unit&quot;:&quot;px&quot;,&quot;size&quot;:20,&quot;sizes&quot;:[]},&quot;filter_animation&quot;:&quot;fadeOut&quot;,&quot;hover_effect&quot;:&quot;fadeIn&quot;,&quot;item_per_row&quot;:3,&quot;item_per_row_tablet&quot;:2,&quot;item_per_row_mobile&quot;:1,&quot;item_height_tablet&quot;:{&quot;unit&quot;:&quot;px&quot;,&quot;size&quot;:&quot;&quot;,&quot;sizes&quot;:[]},&quot;item_height_mobile&quot;:{&quot;unit&quot;:&quot;px&quot;,&quot;size&quot;:&quot;&quot;,&quot;sizes&quot;:[]},&quot;margin_tablet&quot;:{&quot;unit&quot;:&quot;px&quot;,&quot;size&quot;:15,&quot;sizes&quot;:[]},&quot;margin_mobile&quot;:{&quot;unit&quot;:&quot;px&quot;,&quot;size&quot;:15,&quot;sizes&quot;:[]},&quot;popup&quot;:&quot;1&quot;,&quot;thumbnail&quot;:&quot;yes&quot;,&quot;thumbnail_by_default&quot;:&quot;yes&quot;,&quot;share&quot;:&quot;yes&quot;,&quot;download&quot;:&quot;yes&quot;}\" data-widget_type=\"xpro-simple-gallery.default\">\n\t\t\t\t<div class=\"elementor-widget-container\">\n\t\t\t\t\t<div class=\"xpro-elementor-gallery xpro-elementor-gallery-layout-grid\">\n\n\t\t\t<div class=\"xpro-elementor-gallery-filter xpro-filter-dropdown-mobile\">\n\n\t\t\t<!-- select content dropdown -->\n\t\t\t<div class=\"xpro-select-option\">\n\t\t\t\t<span class=\"xpro-select-content\">2026<\/span>\n\t\t\t\t<i class=\"xpro-select-icon fas fa-chevron-down\"><\/i>\n\t\t\t<\/div>\n\n\t\t\t<!-- Filters List -->\n\t\t\t<ul class=\"cbp-l-filters-button\" data-default-filter=\"*\">\n\n\t\t\t\t\t\t\t\t\t<li class=\"cbp-filter-item-active cbp-filter-item\" data-filter=\"*\">2026<\/li>\n\t\t\t\t\n\t\t\t\t<li class=\"cbp-filter-item\" data-filter=\".ene\">Ene<\/li><li class=\"cbp-filter-item\" data-filter=\".mar\">Mar<\/li>\n\t\t\t<\/ul>\n\n\t\t<\/div>\n\t\n\t<!-- Main Gallery -->\n\t<div class=\"pluginResize xpro-elementor-gallery-wrapper cbp\">\n\n\t\t\n\t\t\t<!--Item-->\n\t\t\t<div class=\"cbp-item xpro-elementor-gallery-item ene \">\n\t\t\t\t<div class=\"cbp-caption\">\n\t\t\t\t\t<div class=\"cbp-caption-defaultWrap\">\n\t\t\t\t\t\t<img fetchpriority=\"high\" decoding=\"async\" width=\"2048\" height=\"1638\" src=\"https:\/\/calidad.unap.cl\/acreditacion2027\/wp-content\/uploads\/sites\/2\/2026\/01\/IMG_5574.jpg\" class=\"attachment-full size-full\" alt=\"\" srcset=\"https:\/\/calidad.unap.cl\/acreditacion2027\/wp-content\/uploads\/sites\/2\/2026\/01\/IMG_5574.jpg 2048w, https:\/\/calidad.unap.cl\/acreditacion2027\/wp-content\/uploads\/sites\/2\/2026\/01\/IMG_5574-300x240.jpg 300w, https:\/\/calidad.unap.cl\/acreditacion2027\/wp-content\/uploads\/sites\/2\/2026\/01\/IMG_5574-1024x819.jpg 1024w, https:\/\/calidad.unap.cl\/acreditacion2027\/wp-content\/uploads\/sites\/2\/2026\/01\/IMG_5574-768x614.jpg 768w, https:\/\/calidad.unap.cl\/acreditacion2027\/wp-content\/uploads\/sites\/2\/2026\/01\/IMG_5574-1536x1229.jpg 1536w\" sizes=\"(max-width: 2048px) 100vw, 2048px\" \/>\t\t\t\t\t<\/div>\n\t\t\t\t\t<div class=\"cbp-caption-activeWrap\">\n\t\t\t\t\t\t<div class=\"cbp-l-caption-alignCenter\" data-xpro-lightbox data-src=\"https:\/\/calidad.unap.cl\/acreditacion2027\/wp-content\/uploads\/sites\/2\/2026\/01\/IMG_5574.jpg\">\n\t\t\t\t\t\t\t<!-- Overlay -->\n\t\t\t\t\t\t\t<div class=\"cbp-l-caption-body\">\n\t\t\t\t\t\t\t\t\n\t\t\t\t\t\t\t\t\t\t\t\t\t\t\t\t\t<!-- Content -->\n\t\t\t\t\t\t\t\t\t<div class=\"xpro-overlay-content\">\n\t\t\t\t\t\t\t\t\t\t\t\t\t\t\t\t\t\t\t\t\t<h4 class=\"xpro-title\">Jornada de trabajo DGC | Facultad de Ciencias Empresariales<\/h4>\n\t\t\t\t\t\t\t\t\t\t\t\t\t\t\t\t\t\t\t\t\t\t\t\t\t\t\t\t\t<\/div>\n\t\t\t\t\t\t\t\t\t\t\t\t\t\t\t<\/div>\n\t\t\t\t\t\t<\/div>\n\t\t\t\t\t<\/div>\n\t\t\t\t<\/div>\n\t\t\t<\/div>\n\n\t\t\n\t\t\t<!--Item-->\n\t\t\t<div class=\"cbp-item xpro-elementor-gallery-item ene \">\n\t\t\t\t<div class=\"cbp-caption\">\n\t\t\t\t\t<div class=\"cbp-caption-defaultWrap\">\n\t\t\t\t\t\t<img decoding=\"async\" width=\"2048\" height=\"1638\" src=\"https:\/\/calidad.unap.cl\/acreditacion2027\/wp-content\/uploads\/sites\/2\/2026\/01\/IMG_5462.jpg\" class=\"attachment-full size-full\" alt=\"\" srcset=\"https:\/\/calidad.unap.cl\/acreditacion2027\/wp-content\/uploads\/sites\/2\/2026\/01\/IMG_5462.jpg 2048w, https:\/\/calidad.unap.cl\/acreditacion2027\/wp-content\/uploads\/sites\/2\/2026\/01\/IMG_5462-300x240.jpg 300w, https:\/\/calidad.unap.cl\/acreditacion2027\/wp-content\/uploads\/sites\/2\/2026\/01\/IMG_5462-1024x819.jpg 1024w, https:\/\/calidad.unap.cl\/acreditacion2027\/wp-content\/uploads\/sites\/2\/2026\/01\/IMG_5462-768x614.jpg 768w, https:\/\/calidad.unap.cl\/acreditacion2027\/wp-content\/uploads\/sites\/2\/2026\/01\/IMG_5462-1536x1229.jpg 1536w\" sizes=\"(max-width: 2048px) 100vw, 2048px\" \/>\t\t\t\t\t<\/div>\n\t\t\t\t\t<div class=\"cbp-caption-activeWrap\">\n\t\t\t\t\t\t<div class=\"cbp-l-caption-alignCenter\" data-xpro-lightbox data-src=\"https:\/\/calidad.unap.cl\/acreditacion2027\/wp-content\/uploads\/sites\/2\/2026\/01\/IMG_5462.jpg\">\n\t\t\t\t\t\t\t<!-- Overlay -->\n\t\t\t\t\t\t\t<div class=\"cbp-l-caption-body\">\n\t\t\t\t\t\t\t\t\n\t\t\t\t\t\t\t\t\t\t\t\t\t\t\t\t\t<!-- Content -->\n\t\t\t\t\t\t\t\t\t<div class=\"xpro-overlay-content\">\n\t\t\t\t\t\t\t\t\t\t\t\t\t\t\t\t\t\t\t\t\t<h4 class=\"xpro-title\">Jornada de trabajo DGC | Facultad de Ciencias Empresariales<\/h4>\n\t\t\t\t\t\t\t\t\t\t\t\t\t\t\t\t\t\t\t\t\t\t\t\t\t\t\t\t\t<\/div>\n\t\t\t\t\t\t\t\t\t\t\t\t\t\t\t<\/div>\n\t\t\t\t\t\t<\/div>\n\t\t\t\t\t<\/div>\n\t\t\t\t<\/div>\n\t\t\t<\/div>\n\n\t\t\n\t\t\t<!--Item-->\n\t\t\t<div class=\"cbp-item xpro-elementor-gallery-item ene \">\n\t\t\t\t<div class=\"cbp-caption\">\n\t\t\t\t\t<div class=\"cbp-caption-defaultWrap\">\n\t\t\t\t\t\t<img decoding=\"async\" width=\"2048\" height=\"1638\" src=\"https:\/\/calidad.unap.cl\/acreditacion2027\/wp-content\/uploads\/sites\/2\/2026\/01\/IMG_5497.jpg\" class=\"attachment-full size-full\" alt=\"\" srcset=\"https:\/\/calidad.unap.cl\/acreditacion2027\/wp-content\/uploads\/sites\/2\/2026\/01\/IMG_5497.jpg 2048w, https:\/\/calidad.unap.cl\/acreditacion2027\/wp-content\/uploads\/sites\/2\/2026\/01\/IMG_5497-300x240.jpg 300w, https:\/\/calidad.unap.cl\/acreditacion2027\/wp-content\/uploads\/sites\/2\/2026\/01\/IMG_5497-1024x819.jpg 1024w, https:\/\/calidad.unap.cl\/acreditacion2027\/wp-content\/uploads\/sites\/2\/2026\/01\/IMG_5497-768x614.jpg 768w, https:\/\/calidad.unap.cl\/acreditacion2027\/wp-content\/uploads\/sites\/2\/2026\/01\/IMG_5497-1536x1229.jpg 1536w\" sizes=\"(max-width: 2048px) 100vw, 2048px\" \/>\t\t\t\t\t<\/div>\n\t\t\t\t\t<div class=\"cbp-caption-activeWrap\">\n\t\t\t\t\t\t<div class=\"cbp-l-caption-alignCenter\" data-xpro-lightbox data-src=\"https:\/\/calidad.unap.cl\/acreditacion2027\/wp-content\/uploads\/sites\/2\/2026\/01\/IMG_5497.jpg\">\n\t\t\t\t\t\t\t<!-- Overlay -->\n\t\t\t\t\t\t\t<div class=\"cbp-l-caption-body\">\n\t\t\t\t\t\t\t\t\n\t\t\t\t\t\t\t\t\t\t\t\t\t\t\t\t\t<!-- Content -->\n\t\t\t\t\t\t\t\t\t<div class=\"xpro-overlay-content\">\n\t\t\t\t\t\t\t\t\t\t\t\t\t\t\t\t\t\t\t\t\t<h4 class=\"xpro-title\">Jornada de trabajo DGC | Facultad de Ciencias Empresariales<\/h4>\n\t\t\t\t\t\t\t\t\t\t\t\t\t\t\t\t\t\t\t\t\t\t\t\t\t\t\t\t\t<\/div>\n\t\t\t\t\t\t\t\t\t\t\t\t\t\t\t<\/div>\n\t\t\t\t\t\t<\/div>\n\t\t\t\t\t<\/div>\n\t\t\t\t<\/div>\n\t\t\t<\/div>\n\n\t\t\n\t\t\t<!--Item-->\n\t\t\t<div class=\"cbp-item xpro-elementor-gallery-item ene \">\n\t\t\t\t<div class=\"cbp-caption\">\n\t\t\t\t\t<div class=\"cbp-caption-defaultWrap\">\n\t\t\t\t\t\t<img loading=\"lazy\" decoding=\"async\" width=\"2048\" height=\"1638\" src=\"https:\/\/calidad.unap.cl\/acreditacion2027\/wp-content\/uploads\/sites\/2\/2026\/01\/IMG_5499.jpg\" class=\"attachment-full size-full\" alt=\"\" srcset=\"https:\/\/calidad.unap.cl\/acreditacion2027\/wp-content\/uploads\/sites\/2\/2026\/01\/IMG_5499.jpg 2048w, https:\/\/calidad.unap.cl\/acreditacion2027\/wp-content\/uploads\/sites\/2\/2026\/01\/IMG_5499-300x240.jpg 300w, https:\/\/calidad.unap.cl\/acreditacion2027\/wp-content\/uploads\/sites\/2\/2026\/01\/IMG_5499-1024x819.jpg 1024w, https:\/\/calidad.unap.cl\/acreditacion2027\/wp-content\/uploads\/sites\/2\/2026\/01\/IMG_5499-768x614.jpg 768w, https:\/\/calidad.unap.cl\/acreditacion2027\/wp-content\/uploads\/sites\/2\/2026\/01\/IMG_5499-1536x1229.jpg 1536w\" sizes=\"(max-width: 2048px) 100vw, 2048px\" \/>\t\t\t\t\t<\/div>\n\t\t\t\t\t<div class=\"cbp-caption-activeWrap\">\n\t\t\t\t\t\t<div class=\"cbp-l-caption-alignCenter\" data-xpro-lightbox data-src=\"https:\/\/calidad.unap.cl\/acreditacion2027\/wp-content\/uploads\/sites\/2\/2026\/01\/IMG_5499.jpg\">\n\t\t\t\t\t\t\t<!-- Overlay -->\n\t\t\t\t\t\t\t<div class=\"cbp-l-caption-body\">\n\t\t\t\t\t\t\t\t\n\t\t\t\t\t\t\t\t\t\t\t\t\t\t\t\t\t<!-- Content -->\n\t\t\t\t\t\t\t\t\t<div class=\"xpro-overlay-content\">\n\t\t\t\t\t\t\t\t\t\t\t\t\t\t\t\t\t\t\t\t\t<h4 class=\"xpro-title\">Jornada de trabajo DGC | Facultad de Ciencias Empresariales<\/h4>\n\t\t\t\t\t\t\t\t\t\t\t\t\t\t\t\t\t\t\t\t\t\t\t\t\t\t\t\t\t<\/div>\n\t\t\t\t\t\t\t\t\t\t\t\t\t\t\t<\/div>\n\t\t\t\t\t\t<\/div>\n\t\t\t\t\t<\/div>\n\t\t\t\t<\/div>\n\t\t\t<\/div>\n\n\t\t\n\t\t\t<!--Item-->\n\t\t\t<div class=\"cbp-item xpro-elementor-gallery-item ene \">\n\t\t\t\t<div class=\"cbp-caption\">\n\t\t\t\t\t<div class=\"cbp-caption-defaultWrap\">\n\t\t\t\t\t\t<img loading=\"lazy\" decoding=\"async\" width=\"2048\" height=\"1536\" src=\"https:\/\/calidad.unap.cl\/acreditacion2027\/wp-content\/uploads\/sites\/2\/2026\/01\/IMG_5541.jpg\" class=\"attachment-full size-full\" alt=\"\" srcset=\"https:\/\/calidad.unap.cl\/acreditacion2027\/wp-content\/uploads\/sites\/2\/2026\/01\/IMG_5541.jpg 2048w, https:\/\/calidad.unap.cl\/acreditacion2027\/wp-content\/uploads\/sites\/2\/2026\/01\/IMG_5541-300x225.jpg 300w, https:\/\/calidad.unap.cl\/acreditacion2027\/wp-content\/uploads\/sites\/2\/2026\/01\/IMG_5541-1024x768.jpg 1024w, https:\/\/calidad.unap.cl\/acreditacion2027\/wp-content\/uploads\/sites\/2\/2026\/01\/IMG_5541-768x576.jpg 768w, https:\/\/calidad.unap.cl\/acreditacion2027\/wp-content\/uploads\/sites\/2\/2026\/01\/IMG_5541-1536x1152.jpg 1536w\" sizes=\"(max-width: 2048px) 100vw, 2048px\" \/>\t\t\t\t\t<\/div>\n\t\t\t\t\t<div class=\"cbp-caption-activeWrap\">\n\t\t\t\t\t\t<div class=\"cbp-l-caption-alignCenter\" data-xpro-lightbox data-src=\"https:\/\/calidad.unap.cl\/acreditacion2027\/wp-content\/uploads\/sites\/2\/2026\/01\/IMG_5541.jpg\">\n\t\t\t\t\t\t\t<!-- Overlay -->\n\t\t\t\t\t\t\t<div class=\"cbp-l-caption-body\">\n\t\t\t\t\t\t\t\t\n\t\t\t\t\t\t\t\t\t\t\t\t\t\t\t\t\t<!-- Content -->\n\t\t\t\t\t\t\t\t\t<div class=\"xpro-overlay-content\">\n\t\t\t\t\t\t\t\t\t\t\t\t\t\t\t\t\t\t\t\t\t<h4 class=\"xpro-title\">Jornada de trabajo DGC | Facultad de Ciencias Empresariales<\/h4>\n\t\t\t\t\t\t\t\t\t\t\t\t\t\t\t\t\t\t\t\t\t\t\t\t\t\t\t\t\t<\/div>\n\t\t\t\t\t\t\t\t\t\t\t\t\t\t\t<\/div>\n\t\t\t\t\t\t<\/div>\n\t\t\t\t\t<\/div>\n\t\t\t\t<\/div>\n\t\t\t<\/div>\n\n\t\t\n\t\t\t<!--Item-->\n\t\t\t<div class=\"cbp-item xpro-elementor-gallery-item ene \">\n\t\t\t\t<div class=\"cbp-caption\">\n\t\t\t\t\t<div class=\"cbp-caption-defaultWrap\">\n\t\t\t\t\t\t<img loading=\"lazy\" decoding=\"async\" width=\"2048\" height=\"1638\" src=\"https:\/\/calidad.unap.cl\/acreditacion2027\/wp-content\/uploads\/sites\/2\/2026\/01\/IMG_5551.jpg\" class=\"attachment-full size-full\" alt=\"\" srcset=\"https:\/\/calidad.unap.cl\/acreditacion2027\/wp-content\/uploads\/sites\/2\/2026\/01\/IMG_5551.jpg 2048w, https:\/\/calidad.unap.cl\/acreditacion2027\/wp-content\/uploads\/sites\/2\/2026\/01\/IMG_5551-300x240.jpg 300w, https:\/\/calidad.unap.cl\/acreditacion2027\/wp-content\/uploads\/sites\/2\/2026\/01\/IMG_5551-1024x819.jpg 1024w, https:\/\/calidad.unap.cl\/acreditacion2027\/wp-content\/uploads\/sites\/2\/2026\/01\/IMG_5551-768x614.jpg 768w, https:\/\/calidad.unap.cl\/acreditacion2027\/wp-content\/uploads\/sites\/2\/2026\/01\/IMG_5551-1536x1229.jpg 1536w\" sizes=\"(max-width: 2048px) 100vw, 2048px\" \/>\t\t\t\t\t<\/div>\n\t\t\t\t\t<div class=\"cbp-caption-activeWrap\">\n\t\t\t\t\t\t<div class=\"cbp-l-caption-alignCenter\" data-xpro-lightbox data-src=\"https:\/\/calidad.unap.cl\/acreditacion2027\/wp-content\/uploads\/sites\/2\/2026\/01\/IMG_5551.jpg\">\n\t\t\t\t\t\t\t<!-- Overlay -->\n\t\t\t\t\t\t\t<div class=\"cbp-l-caption-body\">\n\t\t\t\t\t\t\t\t\n\t\t\t\t\t\t\t\t\t\t\t\t\t\t\t\t\t<!-- Content -->\n\t\t\t\t\t\t\t\t\t<div class=\"xpro-overlay-content\">\n\t\t\t\t\t\t\t\t\t\t\t\t\t\t\t\t\t\t\t\t\t<h4 class=\"xpro-title\">Jornada de trabajo DGC | Facultad de Ciencias Empresariales<\/h4>\n\t\t\t\t\t\t\t\t\t\t\t\t\t\t\t\t\t\t\t\t\t\t\t\t\t\t\t\t\t<\/div>\n\t\t\t\t\t\t\t\t\t\t\t\t\t\t\t<\/div>\n\t\t\t\t\t\t<\/div>\n\t\t\t\t\t<\/div>\n\t\t\t\t<\/div>\n\t\t\t<\/div>\n\n\t\t\n\t\t\t<!--Item-->\n\t\t\t<div class=\"cbp-item xpro-elementor-gallery-item ene \">\n\t\t\t\t<div class=\"cbp-caption\">\n\t\t\t\t\t<div class=\"cbp-caption-defaultWrap\">\n\t\t\t\t\t\t<img loading=\"lazy\" decoding=\"async\" width=\"2048\" height=\"1638\" src=\"https:\/\/calidad.unap.cl\/acreditacion2027\/wp-content\/uploads\/sites\/2\/2026\/01\/IMG_5677.jpg\" class=\"attachment-full size-full\" alt=\"\" srcset=\"https:\/\/calidad.unap.cl\/acreditacion2027\/wp-content\/uploads\/sites\/2\/2026\/01\/IMG_5677.jpg 2048w, https:\/\/calidad.unap.cl\/acreditacion2027\/wp-content\/uploads\/sites\/2\/2026\/01\/IMG_5677-300x240.jpg 300w, https:\/\/calidad.unap.cl\/acreditacion2027\/wp-content\/uploads\/sites\/2\/2026\/01\/IMG_5677-1024x819.jpg 1024w, https:\/\/calidad.unap.cl\/acreditacion2027\/wp-content\/uploads\/sites\/2\/2026\/01\/IMG_5677-768x614.jpg 768w, https:\/\/calidad.unap.cl\/acreditacion2027\/wp-content\/uploads\/sites\/2\/2026\/01\/IMG_5677-1536x1229.jpg 1536w\" sizes=\"(max-width: 2048px) 100vw, 2048px\" \/>\t\t\t\t\t<\/div>\n\t\t\t\t\t<div class=\"cbp-caption-activeWrap\">\n\t\t\t\t\t\t<div class=\"cbp-l-caption-alignCenter\" data-xpro-lightbox data-src=\"https:\/\/calidad.unap.cl\/acreditacion2027\/wp-content\/uploads\/sites\/2\/2026\/01\/IMG_5677.jpg\">\n\t\t\t\t\t\t\t<!-- Overlay -->\n\t\t\t\t\t\t\t<div class=\"cbp-l-caption-body\">\n\t\t\t\t\t\t\t\t\n\t\t\t\t\t\t\t\t\t\t\t\t\t\t\t\t\t<!-- Content -->\n\t\t\t\t\t\t\t\t\t<div class=\"xpro-overlay-content\">\n\t\t\t\t\t\t\t\t\t\t\t\t\t\t\t\t\t\t\t\t\t<h4 class=\"xpro-title\">Jornada de trabajo DGC | Facultad de Ciencias de la Salud<\/h4>\n\t\t\t\t\t\t\t\t\t\t\t\t\t\t\t\t\t\t\t\t\t\t\t\t\t\t\t\t\t<\/div>\n\t\t\t\t\t\t\t\t\t\t\t\t\t\t\t<\/div>\n\t\t\t\t\t\t<\/div>\n\t\t\t\t\t<\/div>\n\t\t\t\t<\/div>\n\t\t\t<\/div>\n\n\t\t\n\t\t\t<!--Item-->\n\t\t\t<div class=\"cbp-item xpro-elementor-gallery-item ene \">\n\t\t\t\t<div class=\"cbp-caption\">\n\t\t\t\t\t<div class=\"cbp-caption-defaultWrap\">\n\t\t\t\t\t\t<img loading=\"lazy\" decoding=\"async\" width=\"2048\" height=\"1638\" src=\"https:\/\/calidad.unap.cl\/acreditacion2027\/wp-content\/uploads\/sites\/2\/2026\/01\/IMG_5595.jpg\" class=\"attachment-full size-full\" alt=\"\" srcset=\"https:\/\/calidad.unap.cl\/acreditacion2027\/wp-content\/uploads\/sites\/2\/2026\/01\/IMG_5595.jpg 2048w, https:\/\/calidad.unap.cl\/acreditacion2027\/wp-content\/uploads\/sites\/2\/2026\/01\/IMG_5595-300x240.jpg 300w, https:\/\/calidad.unap.cl\/acreditacion2027\/wp-content\/uploads\/sites\/2\/2026\/01\/IMG_5595-1024x819.jpg 1024w, https:\/\/calidad.unap.cl\/acreditacion2027\/wp-content\/uploads\/sites\/2\/2026\/01\/IMG_5595-768x614.jpg 768w, https:\/\/calidad.unap.cl\/acreditacion2027\/wp-content\/uploads\/sites\/2\/2026\/01\/IMG_5595-1536x1229.jpg 1536w\" sizes=\"(max-width: 2048px) 100vw, 2048px\" \/>\t\t\t\t\t<\/div>\n\t\t\t\t\t<div class=\"cbp-caption-activeWrap\">\n\t\t\t\t\t\t<div class=\"cbp-l-caption-alignCenter\" data-xpro-lightbox data-src=\"https:\/\/calidad.unap.cl\/acreditacion2027\/wp-content\/uploads\/sites\/2\/2026\/01\/IMG_5595.jpg\">\n\t\t\t\t\t\t\t<!-- Overlay -->\n\t\t\t\t\t\t\t<div class=\"cbp-l-caption-body\">\n\t\t\t\t\t\t\t\t\n\t\t\t\t\t\t\t\t\t\t\t\t\t\t\t\t\t<!-- Content -->\n\t\t\t\t\t\t\t\t\t<div class=\"xpro-overlay-content\">\n\t\t\t\t\t\t\t\t\t\t\t\t\t\t\t\t\t\t\t\t\t<h4 class=\"xpro-title\">Jornada de trabajo DGC | Facultad de Ciencias de la Salud<\/h4>\n\t\t\t\t\t\t\t\t\t\t\t\t\t\t\t\t\t\t\t\t\t\t\t\t\t\t\t\t\t<\/div>\n\t\t\t\t\t\t\t\t\t\t\t\t\t\t\t<\/div>\n\t\t\t\t\t\t<\/div>\n\t\t\t\t\t<\/div>\n\t\t\t\t<\/div>\n\t\t\t<\/div>\n\n\t\t\n\t\t\t<!--Item-->\n\t\t\t<div class=\"cbp-item xpro-elementor-gallery-item ene \">\n\t\t\t\t<div class=\"cbp-caption\">\n\t\t\t\t\t<div class=\"cbp-caption-defaultWrap\">\n\t\t\t\t\t\t<img loading=\"lazy\" decoding=\"async\" width=\"2048\" height=\"1638\" src=\"https:\/\/calidad.unap.cl\/acreditacion2027\/wp-content\/uploads\/sites\/2\/2026\/01\/IMG_5604.jpg\" class=\"attachment-full size-full\" alt=\"\" srcset=\"https:\/\/calidad.unap.cl\/acreditacion2027\/wp-content\/uploads\/sites\/2\/2026\/01\/IMG_5604.jpg 2048w, https:\/\/calidad.unap.cl\/acreditacion2027\/wp-content\/uploads\/sites\/2\/2026\/01\/IMG_5604-300x240.jpg 300w, https:\/\/calidad.unap.cl\/acreditacion2027\/wp-content\/uploads\/sites\/2\/2026\/01\/IMG_5604-1024x819.jpg 1024w, https:\/\/calidad.unap.cl\/acreditacion2027\/wp-content\/uploads\/sites\/2\/2026\/01\/IMG_5604-768x614.jpg 768w, https:\/\/calidad.unap.cl\/acreditacion2027\/wp-content\/uploads\/sites\/2\/2026\/01\/IMG_5604-1536x1229.jpg 1536w\" sizes=\"(max-width: 2048px) 100vw, 2048px\" \/>\t\t\t\t\t<\/div>\n\t\t\t\t\t<div class=\"cbp-caption-activeWrap\">\n\t\t\t\t\t\t<div class=\"cbp-l-caption-alignCenter\" data-xpro-lightbox data-src=\"https:\/\/calidad.unap.cl\/acreditacion2027\/wp-content\/uploads\/sites\/2\/2026\/01\/IMG_5604.jpg\">\n\t\t\t\t\t\t\t<!-- Overlay -->\n\t\t\t\t\t\t\t<div class=\"cbp-l-caption-body\">\n\t\t\t\t\t\t\t\t\n\t\t\t\t\t\t\t\t\t\t\t\t\t\t\t\t\t<!-- Content -->\n\t\t\t\t\t\t\t\t\t<div class=\"xpro-overlay-content\">\n\t\t\t\t\t\t\t\t\t\t\t\t\t\t\t\t\t\t\t\t\t<h4 class=\"xpro-title\">Jornada de trabajo DGC | Facultad de Ciencias de la Salud<\/h4>\n\t\t\t\t\t\t\t\t\t\t\t\t\t\t\t\t\t\t\t\t\t\t\t\t\t\t\t\t\t<\/div>\n\t\t\t\t\t\t\t\t\t\t\t\t\t\t\t<\/div>\n\t\t\t\t\t\t<\/div>\n\t\t\t\t\t<\/div>\n\t\t\t\t<\/div>\n\t\t\t<\/div>\n\n\t\t\n\t\t\t<!--Item-->\n\t\t\t<div class=\"cbp-item xpro-elementor-gallery-item ene \">\n\t\t\t\t<div class=\"cbp-caption\">\n\t\t\t\t\t<div class=\"cbp-caption-defaultWrap\">\n\t\t\t\t\t\t<img loading=\"lazy\" decoding=\"async\" width=\"2048\" height=\"1638\" src=\"https:\/\/calidad.unap.cl\/acreditacion2027\/wp-content\/uploads\/sites\/2\/2026\/01\/IMG_5615.jpg\" class=\"attachment-full size-full\" alt=\"\" srcset=\"https:\/\/calidad.unap.cl\/acreditacion2027\/wp-content\/uploads\/sites\/2\/2026\/01\/IMG_5615.jpg 2048w, https:\/\/calidad.unap.cl\/acreditacion2027\/wp-content\/uploads\/sites\/2\/2026\/01\/IMG_5615-300x240.jpg 300w, https:\/\/calidad.unap.cl\/acreditacion2027\/wp-content\/uploads\/sites\/2\/2026\/01\/IMG_5615-1024x819.jpg 1024w, https:\/\/calidad.unap.cl\/acreditacion2027\/wp-content\/uploads\/sites\/2\/2026\/01\/IMG_5615-768x614.jpg 768w, https:\/\/calidad.unap.cl\/acreditacion2027\/wp-content\/uploads\/sites\/2\/2026\/01\/IMG_5615-1536x1229.jpg 1536w\" sizes=\"(max-width: 2048px) 100vw, 2048px\" \/>\t\t\t\t\t<\/div>\n\t\t\t\t\t<div class=\"cbp-caption-activeWrap\">\n\t\t\t\t\t\t<div class=\"cbp-l-caption-alignCenter\" data-xpro-lightbox data-src=\"https:\/\/calidad.unap.cl\/acreditacion2027\/wp-content\/uploads\/sites\/2\/2026\/01\/IMG_5615.jpg\">\n\t\t\t\t\t\t\t<!-- Overlay -->\n\t\t\t\t\t\t\t<div class=\"cbp-l-caption-body\">\n\t\t\t\t\t\t\t\t\n\t\t\t\t\t\t\t\t\t\t\t\t\t\t\t\t\t<!-- Content -->\n\t\t\t\t\t\t\t\t\t<div class=\"xpro-overlay-content\">\n\t\t\t\t\t\t\t\t\t\t\t\t\t\t\t\t\t\t\t\t\t<h4 class=\"xpro-title\">Jornada de trabajo DGC | Facultad de Ciencias de la Salud<\/h4>\n\t\t\t\t\t\t\t\t\t\t\t\t\t\t\t\t\t\t\t\t\t\t\t\t\t\t\t\t\t<\/div>\n\t\t\t\t\t\t\t\t\t\t\t\t\t\t\t<\/div>\n\t\t\t\t\t\t<\/div>\n\t\t\t\t\t<\/div>\n\t\t\t\t<\/div>\n\t\t\t<\/div>\n\n\t\t\n\t\t\t<!--Item-->\n\t\t\t<div class=\"cbp-item xpro-elementor-gallery-item ene \">\n\t\t\t\t<div class=\"cbp-caption\">\n\t\t\t\t\t<div class=\"cbp-caption-defaultWrap\">\n\t\t\t\t\t\t<img loading=\"lazy\" decoding=\"async\" width=\"2048\" height=\"1638\" src=\"https:\/\/calidad.unap.cl\/acreditacion2027\/wp-content\/uploads\/sites\/2\/2026\/01\/IMG_5639.jpg\" class=\"attachment-full size-full\" alt=\"\" srcset=\"https:\/\/calidad.unap.cl\/acreditacion2027\/wp-content\/uploads\/sites\/2\/2026\/01\/IMG_5639.jpg 2048w, https:\/\/calidad.unap.cl\/acreditacion2027\/wp-content\/uploads\/sites\/2\/2026\/01\/IMG_5639-300x240.jpg 300w, https:\/\/calidad.unap.cl\/acreditacion2027\/wp-content\/uploads\/sites\/2\/2026\/01\/IMG_5639-1024x819.jpg 1024w, https:\/\/calidad.unap.cl\/acreditacion2027\/wp-content\/uploads\/sites\/2\/2026\/01\/IMG_5639-768x614.jpg 768w, https:\/\/calidad.unap.cl\/acreditacion2027\/wp-content\/uploads\/sites\/2\/2026\/01\/IMG_5639-1536x1229.jpg 1536w\" sizes=\"(max-width: 2048px) 100vw, 2048px\" \/>\t\t\t\t\t<\/div>\n\t\t\t\t\t<div class=\"cbp-caption-activeWrap\">\n\t\t\t\t\t\t<div class=\"cbp-l-caption-alignCenter\" data-xpro-lightbox data-src=\"https:\/\/calidad.unap.cl\/acreditacion2027\/wp-content\/uploads\/sites\/2\/2026\/01\/IMG_5639.jpg\">\n\t\t\t\t\t\t\t<!-- Overlay -->\n\t\t\t\t\t\t\t<div class=\"cbp-l-caption-body\">\n\t\t\t\t\t\t\t\t\n\t\t\t\t\t\t\t\t\t\t\t\t\t\t\t\t\t<!-- Content -->\n\t\t\t\t\t\t\t\t\t<div class=\"xpro-overlay-content\">\n\t\t\t\t\t\t\t\t\t\t\t\t\t\t\t\t\t\t\t\t\t<h4 class=\"xpro-title\">Jornada de trabajo DGC | Facultad de Ciencias de la Salud<\/h4>\n\t\t\t\t\t\t\t\t\t\t\t\t\t\t\t\t\t\t\t\t\t\t\t\t\t\t\t\t\t<\/div>\n\t\t\t\t\t\t\t\t\t\t\t\t\t\t\t<\/div>\n\t\t\t\t\t\t<\/div>\n\t\t\t\t\t<\/div>\n\t\t\t\t<\/div>\n\t\t\t<\/div>\n\n\t\t\n\t\t\t<!--Item-->\n\t\t\t<div class=\"cbp-item xpro-elementor-gallery-item ene \">\n\t\t\t\t<div class=\"cbp-caption\">\n\t\t\t\t\t<div class=\"cbp-caption-defaultWrap\">\n\t\t\t\t\t\t<img loading=\"lazy\" decoding=\"async\" width=\"2048\" height=\"1638\" src=\"https:\/\/calidad.unap.cl\/acreditacion2027\/wp-content\/uploads\/sites\/2\/2026\/01\/IMG_5644.jpg\" class=\"attachment-full size-full\" alt=\"\" srcset=\"https:\/\/calidad.unap.cl\/acreditacion2027\/wp-content\/uploads\/sites\/2\/2026\/01\/IMG_5644.jpg 2048w, https:\/\/calidad.unap.cl\/acreditacion2027\/wp-content\/uploads\/sites\/2\/2026\/01\/IMG_5644-300x240.jpg 300w, https:\/\/calidad.unap.cl\/acreditacion2027\/wp-content\/uploads\/sites\/2\/2026\/01\/IMG_5644-1024x819.jpg 1024w, https:\/\/calidad.unap.cl\/acreditacion2027\/wp-content\/uploads\/sites\/2\/2026\/01\/IMG_5644-768x614.jpg 768w, https:\/\/calidad.unap.cl\/acreditacion2027\/wp-content\/uploads\/sites\/2\/2026\/01\/IMG_5644-1536x1229.jpg 1536w\" sizes=\"(max-width: 2048px) 100vw, 2048px\" \/>\t\t\t\t\t<\/div>\n\t\t\t\t\t<div class=\"cbp-caption-activeWrap\">\n\t\t\t\t\t\t<div class=\"cbp-l-caption-alignCenter\" data-xpro-lightbox data-src=\"https:\/\/calidad.unap.cl\/acreditacion2027\/wp-content\/uploads\/sites\/2\/2026\/01\/IMG_5644.jpg\">\n\t\t\t\t\t\t\t<!-- Overlay -->\n\t\t\t\t\t\t\t<div class=\"cbp-l-caption-body\">\n\t\t\t\t\t\t\t\t\n\t\t\t\t\t\t\t\t\t\t\t\t\t\t\t\t\t<!-- Content -->\n\t\t\t\t\t\t\t\t\t<div class=\"xpro-overlay-content\">\n\t\t\t\t\t\t\t\t\t\t\t\t\t\t\t\t\t\t\t\t\t<h4 class=\"xpro-title\">Jornada de trabajo DGC | Facultad de Ciencias de la Salud<\/h4>\n\t\t\t\t\t\t\t\t\t\t\t\t\t\t\t\t\t\t\t\t\t\t\t\t\t\t\t\t\t<\/div>\n\t\t\t\t\t\t\t\t\t\t\t\t\t\t\t<\/div>\n\t\t\t\t\t\t<\/div>\n\t\t\t\t\t<\/div>\n\t\t\t\t<\/div>\n\t\t\t<\/div>\n\n\t\t\n\t\t\t<!--Item-->\n\t\t\t<div class=\"cbp-item xpro-elementor-gallery-item ene\">\n\t\t\t\t<div class=\"cbp-caption\">\n\t\t\t\t\t<div class=\"cbp-caption-defaultWrap\">\n\t\t\t\t\t\t<img loading=\"lazy\" decoding=\"async\" width=\"2048\" height=\"1645\" src=\"https:\/\/calidad.unap.cl\/acreditacion2027\/wp-content\/uploads\/sites\/2\/2026\/01\/IMG_6060.jpg\" class=\"attachment-full size-full\" alt=\"\" srcset=\"https:\/\/calidad.unap.cl\/acreditacion2027\/wp-content\/uploads\/sites\/2\/2026\/01\/IMG_6060.jpg 2048w, https:\/\/calidad.unap.cl\/acreditacion2027\/wp-content\/uploads\/sites\/2\/2026\/01\/IMG_6060-300x241.jpg 300w, https:\/\/calidad.unap.cl\/acreditacion2027\/wp-content\/uploads\/sites\/2\/2026\/01\/IMG_6060-1024x823.jpg 1024w, https:\/\/calidad.unap.cl\/acreditacion2027\/wp-content\/uploads\/sites\/2\/2026\/01\/IMG_6060-768x617.jpg 768w, https:\/\/calidad.unap.cl\/acreditacion2027\/wp-content\/uploads\/sites\/2\/2026\/01\/IMG_6060-1536x1234.jpg 1536w\" sizes=\"(max-width: 2048px) 100vw, 2048px\" \/>\t\t\t\t\t<\/div>\n\t\t\t\t\t<div class=\"cbp-caption-activeWrap\">\n\t\t\t\t\t\t<div class=\"cbp-l-caption-alignCenter\" data-xpro-lightbox data-src=\"https:\/\/calidad.unap.cl\/acreditacion2027\/wp-content\/uploads\/sites\/2\/2026\/01\/IMG_6060.jpg\">\n\t\t\t\t\t\t\t<!-- Overlay -->\n\t\t\t\t\t\t\t<div class=\"cbp-l-caption-body\">\n\t\t\t\t\t\t\t\t\n\t\t\t\t\t\t\t\t\t\t\t\t\t\t\t\t\t<!-- Content -->\n\t\t\t\t\t\t\t\t\t<div class=\"xpro-overlay-content\">\n\t\t\t\t\t\t\t\t\t\t\t\t\t\t\t\t\t\t\t\t\t<h4 class=\"xpro-title\">Jornada de trabajo DGC | Facultad de Ciencias Jur\u00eddicas y Pol\u00edticas<\/h4>\n\t\t\t\t\t\t\t\t\t\t\t\t\t\t\t\t\t\t\t\t\t\t\t\t\t\t\t\t\t<\/div>\n\t\t\t\t\t\t\t\t\t\t\t\t\t\t\t<\/div>\n\t\t\t\t\t\t<\/div>\n\t\t\t\t\t<\/div>\n\t\t\t\t<\/div>\n\t\t\t<\/div>\n\n\t\t\n\t\t\t<!--Item-->\n\t\t\t<div class=\"cbp-item xpro-elementor-gallery-item ene\">\n\t\t\t\t<div class=\"cbp-caption\">\n\t\t\t\t\t<div class=\"cbp-caption-defaultWrap\">\n\t\t\t\t\t\t<img loading=\"lazy\" decoding=\"async\" width=\"2048\" height=\"1645\" src=\"https:\/\/calidad.unap.cl\/acreditacion2027\/wp-content\/uploads\/sites\/2\/2026\/01\/IMG_6068.jpg\" class=\"attachment-full size-full\" alt=\"\" srcset=\"https:\/\/calidad.unap.cl\/acreditacion2027\/wp-content\/uploads\/sites\/2\/2026\/01\/IMG_6068.jpg 2048w, https:\/\/calidad.unap.cl\/acreditacion2027\/wp-content\/uploads\/sites\/2\/2026\/01\/IMG_6068-300x241.jpg 300w, https:\/\/calidad.unap.cl\/acreditacion2027\/wp-content\/uploads\/sites\/2\/2026\/01\/IMG_6068-1024x823.jpg 1024w, https:\/\/calidad.unap.cl\/acreditacion2027\/wp-content\/uploads\/sites\/2\/2026\/01\/IMG_6068-768x617.jpg 768w, https:\/\/calidad.unap.cl\/acreditacion2027\/wp-content\/uploads\/sites\/2\/2026\/01\/IMG_6068-1536x1234.jpg 1536w\" sizes=\"(max-width: 2048px) 100vw, 2048px\" \/>\t\t\t\t\t<\/div>\n\t\t\t\t\t<div class=\"cbp-caption-activeWrap\">\n\t\t\t\t\t\t<div class=\"cbp-l-caption-alignCenter\" data-xpro-lightbox data-src=\"https:\/\/calidad.unap.cl\/acreditacion2027\/wp-content\/uploads\/sites\/2\/2026\/01\/IMG_6068.jpg\">\n\t\t\t\t\t\t\t<!-- Overlay -->\n\t\t\t\t\t\t\t<div class=\"cbp-l-caption-body\">\n\t\t\t\t\t\t\t\t\n\t\t\t\t\t\t\t\t\t\t\t\t\t\t\t\t\t<!-- Content -->\n\t\t\t\t\t\t\t\t\t<div class=\"xpro-overlay-content\">\n\t\t\t\t\t\t\t\t\t\t\t\t\t\t\t\t\t\t\t\t\t<h4 class=\"xpro-title\">Jornada de trabajo DGC | Facultad de Ciencias Jur\u00eddicas y Pol\u00edticas<\/h4>\n\t\t\t\t\t\t\t\t\t\t\t\t\t\t\t\t\t\t\t\t\t\t\t\t\t\t\t\t\t<\/div>\n\t\t\t\t\t\t\t\t\t\t\t\t\t\t\t<\/div>\n\t\t\t\t\t\t<\/div>\n\t\t\t\t\t<\/div>\n\t\t\t\t<\/div>\n\t\t\t<\/div>\n\n\t\t\n\t\t\t<!--Item-->\n\t\t\t<div class=\"cbp-item xpro-elementor-gallery-item ene\">\n\t\t\t\t<div class=\"cbp-caption\">\n\t\t\t\t\t<div class=\"cbp-caption-defaultWrap\">\n\t\t\t\t\t\t<img loading=\"lazy\" decoding=\"async\" width=\"2048\" height=\"1538\" src=\"https:\/\/calidad.unap.cl\/acreditacion2027\/wp-content\/uploads\/sites\/2\/2026\/01\/IMG_6070.jpg\" class=\"attachment-full size-full\" alt=\"\" srcset=\"https:\/\/calidad.unap.cl\/acreditacion2027\/wp-content\/uploads\/sites\/2\/2026\/01\/IMG_6070.jpg 2048w, https:\/\/calidad.unap.cl\/acreditacion2027\/wp-content\/uploads\/sites\/2\/2026\/01\/IMG_6070-300x225.jpg 300w, https:\/\/calidad.unap.cl\/acreditacion2027\/wp-content\/uploads\/sites\/2\/2026\/01\/IMG_6070-1024x769.jpg 1024w, https:\/\/calidad.unap.cl\/acreditacion2027\/wp-content\/uploads\/sites\/2\/2026\/01\/IMG_6070-768x577.jpg 768w, https:\/\/calidad.unap.cl\/acreditacion2027\/wp-content\/uploads\/sites\/2\/2026\/01\/IMG_6070-1536x1154.jpg 1536w\" sizes=\"(max-width: 2048px) 100vw, 2048px\" \/>\t\t\t\t\t<\/div>\n\t\t\t\t\t<div class=\"cbp-caption-activeWrap\">\n\t\t\t\t\t\t<div class=\"cbp-l-caption-alignCenter\" data-xpro-lightbox data-src=\"https:\/\/calidad.unap.cl\/acreditacion2027\/wp-content\/uploads\/sites\/2\/2026\/01\/IMG_6070.jpg\">\n\t\t\t\t\t\t\t<!-- Overlay -->\n\t\t\t\t\t\t\t<div class=\"cbp-l-caption-body\">\n\t\t\t\t\t\t\t\t\n\t\t\t\t\t\t\t\t\t\t\t\t\t\t\t\t\t<!-- Content -->\n\t\t\t\t\t\t\t\t\t<div class=\"xpro-overlay-content\">\n\t\t\t\t\t\t\t\t\t\t\t\t\t\t\t\t\t\t\t\t\t<h4 class=\"xpro-title\">Jornada de trabajo DGC | Facultad de Ciencias Jur\u00eddicas y Pol\u00edticas<\/h4>\n\t\t\t\t\t\t\t\t\t\t\t\t\t\t\t\t\t\t\t\t\t\t\t\t\t\t\t\t\t<\/div>\n\t\t\t\t\t\t\t\t\t\t\t\t\t\t\t<\/div>\n\t\t\t\t\t\t<\/div>\n\t\t\t\t\t<\/div>\n\t\t\t\t<\/div>\n\t\t\t<\/div>\n\n\t\t\n\t\t\t<!--Item-->\n\t\t\t<div class=\"cbp-item xpro-elementor-gallery-item ene\">\n\t\t\t\t<div class=\"cbp-caption\">\n\t\t\t\t\t<div class=\"cbp-caption-defaultWrap\">\n\t\t\t\t\t\t<img loading=\"lazy\" decoding=\"async\" width=\"2048\" height=\"1645\" src=\"https:\/\/calidad.unap.cl\/acreditacion2027\/wp-content\/uploads\/sites\/2\/2026\/01\/IMG_6089.jpg\" class=\"attachment-full size-full\" alt=\"\" srcset=\"https:\/\/calidad.unap.cl\/acreditacion2027\/wp-content\/uploads\/sites\/2\/2026\/01\/IMG_6089.jpg 2048w, https:\/\/calidad.unap.cl\/acreditacion2027\/wp-content\/uploads\/sites\/2\/2026\/01\/IMG_6089-300x241.jpg 300w, https:\/\/calidad.unap.cl\/acreditacion2027\/wp-content\/uploads\/sites\/2\/2026\/01\/IMG_6089-1024x823.jpg 1024w, https:\/\/calidad.unap.cl\/acreditacion2027\/wp-content\/uploads\/sites\/2\/2026\/01\/IMG_6089-768x617.jpg 768w, https:\/\/calidad.unap.cl\/acreditacion2027\/wp-content\/uploads\/sites\/2\/2026\/01\/IMG_6089-1536x1234.jpg 1536w\" sizes=\"(max-width: 2048px) 100vw, 2048px\" \/>\t\t\t\t\t<\/div>\n\t\t\t\t\t<div class=\"cbp-caption-activeWrap\">\n\t\t\t\t\t\t<div class=\"cbp-l-caption-alignCenter\" data-xpro-lightbox data-src=\"https:\/\/calidad.unap.cl\/acreditacion2027\/wp-content\/uploads\/sites\/2\/2026\/01\/IMG_6089.jpg\">\n\t\t\t\t\t\t\t<!-- Overlay -->\n\t\t\t\t\t\t\t<div class=\"cbp-l-caption-body\">\n\t\t\t\t\t\t\t\t\n\t\t\t\t\t\t\t\t\t\t\t\t\t\t\t\t\t<!-- Content -->\n\t\t\t\t\t\t\t\t\t<div class=\"xpro-overlay-content\">\n\t\t\t\t\t\t\t\t\t\t\t\t\t\t\t\t\t\t\t\t\t<h4 class=\"xpro-title\">Jornada de trabajo DGC | Facultad de Ciencias Jur\u00eddicas y Pol\u00edticas<\/h4>\n\t\t\t\t\t\t\t\t\t\t\t\t\t\t\t\t\t\t\t\t\t\t\t\t\t\t\t\t\t<\/div>\n\t\t\t\t\t\t\t\t\t\t\t\t\t\t\t<\/div>\n\t\t\t\t\t\t<\/div>\n\t\t\t\t\t<\/div>\n\t\t\t\t<\/div>\n\t\t\t<\/div>\n\n\t\t\n\t\t\t<!--Item-->\n\t\t\t<div class=\"cbp-item xpro-elementor-gallery-item ene\">\n\t\t\t\t<div class=\"cbp-caption\">\n\t\t\t\t\t<div class=\"cbp-caption-defaultWrap\">\n\t\t\t\t\t\t<img loading=\"lazy\" decoding=\"async\" width=\"2048\" height=\"1645\" src=\"https:\/\/calidad.unap.cl\/acreditacion2027\/wp-content\/uploads\/sites\/2\/2026\/01\/IMG_6091.jpg\" class=\"attachment-full size-full\" alt=\"\" srcset=\"https:\/\/calidad.unap.cl\/acreditacion2027\/wp-content\/uploads\/sites\/2\/2026\/01\/IMG_6091.jpg 2048w, https:\/\/calidad.unap.cl\/acreditacion2027\/wp-content\/uploads\/sites\/2\/2026\/01\/IMG_6091-300x241.jpg 300w, https:\/\/calidad.unap.cl\/acreditacion2027\/wp-content\/uploads\/sites\/2\/2026\/01\/IMG_6091-1024x823.jpg 1024w, https:\/\/calidad.unap.cl\/acreditacion2027\/wp-content\/uploads\/sites\/2\/2026\/01\/IMG_6091-768x617.jpg 768w, https:\/\/calidad.unap.cl\/acreditacion2027\/wp-content\/uploads\/sites\/2\/2026\/01\/IMG_6091-1536x1234.jpg 1536w\" sizes=\"(max-width: 2048px) 100vw, 2048px\" \/>\t\t\t\t\t<\/div>\n\t\t\t\t\t<div class=\"cbp-caption-activeWrap\">\n\t\t\t\t\t\t<div class=\"cbp-l-caption-alignCenter\" data-xpro-lightbox data-src=\"https:\/\/calidad.unap.cl\/acreditacion2027\/wp-content\/uploads\/sites\/2\/2026\/01\/IMG_6091.jpg\">\n\t\t\t\t\t\t\t<!-- Overlay -->\n\t\t\t\t\t\t\t<div class=\"cbp-l-caption-body\">\n\t\t\t\t\t\t\t\t\n\t\t\t\t\t\t\t\t\t\t\t\t\t\t\t\t\t<!-- Content -->\n\t\t\t\t\t\t\t\t\t<div class=\"xpro-overlay-content\">\n\t\t\t\t\t\t\t\t\t\t\t\t\t\t\t\t\t\t\t\t\t<h4 class=\"xpro-title\">Jornada de trabajo DGC | Facultad de Ciencias Jur\u00eddicas y Pol\u00edticas<\/h4>\n\t\t\t\t\t\t\t\t\t\t\t\t\t\t\t\t\t\t\t\t\t\t\t\t\t\t\t\t\t<\/div>\n\t\t\t\t\t\t\t\t\t\t\t\t\t\t\t<\/div>\n\t\t\t\t\t\t<\/div>\n\t\t\t\t\t<\/div>\n\t\t\t\t<\/div>\n\t\t\t<\/div>\n\n\t\t\n\t\t\t<!--Item-->\n\t\t\t<div class=\"cbp-item xpro-elementor-gallery-item ene\">\n\t\t\t\t<div class=\"cbp-caption\">\n\t\t\t\t\t<div class=\"cbp-caption-defaultWrap\">\n\t\t\t\t\t\t<img loading=\"lazy\" decoding=\"async\" width=\"2048\" height=\"1645\" src=\"https:\/\/calidad.unap.cl\/acreditacion2027\/wp-content\/uploads\/sites\/2\/2026\/01\/IMG_6129.jpg\" class=\"attachment-full size-full\" alt=\"\" srcset=\"https:\/\/calidad.unap.cl\/acreditacion2027\/wp-content\/uploads\/sites\/2\/2026\/01\/IMG_6129.jpg 2048w, https:\/\/calidad.unap.cl\/acreditacion2027\/wp-content\/uploads\/sites\/2\/2026\/01\/IMG_6129-300x241.jpg 300w, https:\/\/calidad.unap.cl\/acreditacion2027\/wp-content\/uploads\/sites\/2\/2026\/01\/IMG_6129-1024x823.jpg 1024w, https:\/\/calidad.unap.cl\/acreditacion2027\/wp-content\/uploads\/sites\/2\/2026\/01\/IMG_6129-768x617.jpg 768w, https:\/\/calidad.unap.cl\/acreditacion2027\/wp-content\/uploads\/sites\/2\/2026\/01\/IMG_6129-1536x1234.jpg 1536w\" sizes=\"(max-width: 2048px) 100vw, 2048px\" \/>\t\t\t\t\t<\/div>\n\t\t\t\t\t<div class=\"cbp-caption-activeWrap\">\n\t\t\t\t\t\t<div class=\"cbp-l-caption-alignCenter\" data-xpro-lightbox data-src=\"https:\/\/calidad.unap.cl\/acreditacion2027\/wp-content\/uploads\/sites\/2\/2026\/01\/IMG_6129.jpg\">\n\t\t\t\t\t\t\t<!-- Overlay -->\n\t\t\t\t\t\t\t<div class=\"cbp-l-caption-body\">\n\t\t\t\t\t\t\t\t\n\t\t\t\t\t\t\t\t\t\t\t\t\t\t\t\t\t<!-- Content -->\n\t\t\t\t\t\t\t\t\t<div class=\"xpro-overlay-content\">\n\t\t\t\t\t\t\t\t\t\t\t\t\t\t\t\t\t\t\t\t\t<h4 class=\"xpro-title\">Jornada de trabajo DGC | Facultad de Ciencias Jur\u00eddicas y Pol\u00edticas<\/h4>\n\t\t\t\t\t\t\t\t\t\t\t\t\t\t\t\t\t\t\t\t\t\t\t\t\t\t\t\t\t<\/div>\n\t\t\t\t\t\t\t\t\t\t\t\t\t\t\t<\/div>\n\t\t\t\t\t\t<\/div>\n\t\t\t\t\t<\/div>\n\t\t\t\t<\/div>\n\t\t\t<\/div>\n\n\t\t\n\t\t\t<!--Item-->\n\t\t\t<div class=\"cbp-item xpro-elementor-gallery-item ene\">\n\t\t\t\t<div class=\"cbp-caption\">\n\t\t\t\t\t<div class=\"cbp-caption-defaultWrap\">\n\t\t\t\t\t\t<img loading=\"lazy\" decoding=\"async\" width=\"2048\" height=\"1638\" src=\"https:\/\/calidad.unap.cl\/acreditacion2027\/wp-content\/uploads\/sites\/2\/2026\/01\/IMG_6180.jpg\" class=\"attachment-full size-full\" alt=\"\" srcset=\"https:\/\/calidad.unap.cl\/acreditacion2027\/wp-content\/uploads\/sites\/2\/2026\/01\/IMG_6180.jpg 2048w, https:\/\/calidad.unap.cl\/acreditacion2027\/wp-content\/uploads\/sites\/2\/2026\/01\/IMG_6180-300x240.jpg 300w, https:\/\/calidad.unap.cl\/acreditacion2027\/wp-content\/uploads\/sites\/2\/2026\/01\/IMG_6180-1024x819.jpg 1024w, https:\/\/calidad.unap.cl\/acreditacion2027\/wp-content\/uploads\/sites\/2\/2026\/01\/IMG_6180-768x614.jpg 768w, https:\/\/calidad.unap.cl\/acreditacion2027\/wp-content\/uploads\/sites\/2\/2026\/01\/IMG_6180-1536x1229.jpg 1536w\" sizes=\"(max-width: 2048px) 100vw, 2048px\" \/>\t\t\t\t\t<\/div>\n\t\t\t\t\t<div class=\"cbp-caption-activeWrap\">\n\t\t\t\t\t\t<div class=\"cbp-l-caption-alignCenter\" data-xpro-lightbox data-src=\"https:\/\/calidad.unap.cl\/acreditacion2027\/wp-content\/uploads\/sites\/2\/2026\/01\/IMG_6180.jpg\">\n\t\t\t\t\t\t\t<!-- Overlay -->\n\t\t\t\t\t\t\t<div class=\"cbp-l-caption-body\">\n\t\t\t\t\t\t\t\t\n\t\t\t\t\t\t\t\t\t\t\t\t\t\t\t\t\t<!-- Content -->\n\t\t\t\t\t\t\t\t\t<div class=\"xpro-overlay-content\">\n\t\t\t\t\t\t\t\t\t\t\t\t\t\t\t\t\t\t\t\t\t<h4 class=\"xpro-title\">Jornada de trabajo DGC | Departamento de Formaci\u00f3n T\u00e9cnica (DFT)<\/h4>\n\t\t\t\t\t\t\t\t\t\t\t\t\t\t\t\t\t\t\t\t\t\t\t\t\t\t\t\t\t<\/div>\n\t\t\t\t\t\t\t\t\t\t\t\t\t\t\t<\/div>\n\t\t\t\t\t\t<\/div>\n\t\t\t\t\t<\/div>\n\t\t\t\t<\/div>\n\t\t\t<\/div>\n\n\t\t\n\t\t\t<!--Item-->\n\t\t\t<div class=\"cbp-item xpro-elementor-gallery-item ene\">\n\t\t\t\t<div class=\"cbp-caption\">\n\t\t\t\t\t<div class=\"cbp-caption-defaultWrap\">\n\t\t\t\t\t\t<img loading=\"lazy\" decoding=\"async\" width=\"2048\" height=\"1638\" src=\"https:\/\/calidad.unap.cl\/acreditacion2027\/wp-content\/uploads\/sites\/2\/2026\/01\/IMG_6226.jpg\" class=\"attachment-full size-full\" alt=\"\" srcset=\"https:\/\/calidad.unap.cl\/acreditacion2027\/wp-content\/uploads\/sites\/2\/2026\/01\/IMG_6226.jpg 2048w, https:\/\/calidad.unap.cl\/acreditacion2027\/wp-content\/uploads\/sites\/2\/2026\/01\/IMG_6226-300x240.jpg 300w, https:\/\/calidad.unap.cl\/acreditacion2027\/wp-content\/uploads\/sites\/2\/2026\/01\/IMG_6226-1024x819.jpg 1024w, https:\/\/calidad.unap.cl\/acreditacion2027\/wp-content\/uploads\/sites\/2\/2026\/01\/IMG_6226-768x614.jpg 768w, https:\/\/calidad.unap.cl\/acreditacion2027\/wp-content\/uploads\/sites\/2\/2026\/01\/IMG_6226-1536x1229.jpg 1536w\" sizes=\"(max-width: 2048px) 100vw, 2048px\" \/>\t\t\t\t\t<\/div>\n\t\t\t\t\t<div class=\"cbp-caption-activeWrap\">\n\t\t\t\t\t\t<div class=\"cbp-l-caption-alignCenter\" data-xpro-lightbox data-src=\"https:\/\/calidad.unap.cl\/acreditacion2027\/wp-content\/uploads\/sites\/2\/2026\/01\/IMG_6226.jpg\">\n\t\t\t\t\t\t\t<!-- Overlay -->\n\t\t\t\t\t\t\t<div class=\"cbp-l-caption-body\">\n\t\t\t\t\t\t\t\t\n\t\t\t\t\t\t\t\t\t\t\t\t\t\t\t\t\t<!-- Content -->\n\t\t\t\t\t\t\t\t\t<div class=\"xpro-overlay-content\">\n\t\t\t\t\t\t\t\t\t\t\t\t\t\t\t\t\t\t\t\t\t<h4 class=\"xpro-title\">Jornada de trabajo DGC | Departamento de Formaci\u00f3n T\u00e9cnica (DFT)<\/h4>\n\t\t\t\t\t\t\t\t\t\t\t\t\t\t\t\t\t\t\t\t\t\t\t\t\t\t\t\t\t<\/div>\n\t\t\t\t\t\t\t\t\t\t\t\t\t\t\t<\/div>\n\t\t\t\t\t\t<\/div>\n\t\t\t\t\t<\/div>\n\t\t\t\t<\/div>\n\t\t\t<\/div>\n\n\t\t\n\t\t\t<!--Item-->\n\t\t\t<div class=\"cbp-item xpro-elementor-gallery-item ene\">\n\t\t\t\t<div class=\"cbp-caption\">\n\t\t\t\t\t<div class=\"cbp-caption-defaultWrap\">\n\t\t\t\t\t\t<img loading=\"lazy\" decoding=\"async\" width=\"2048\" height=\"1638\" src=\"https:\/\/calidad.unap.cl\/acreditacion2027\/wp-content\/uploads\/sites\/2\/2026\/01\/IMG_6318.jpg\" class=\"attachment-full size-full\" alt=\"\" srcset=\"https:\/\/calidad.unap.cl\/acreditacion2027\/wp-content\/uploads\/sites\/2\/2026\/01\/IMG_6318.jpg 2048w, https:\/\/calidad.unap.cl\/acreditacion2027\/wp-content\/uploads\/sites\/2\/2026\/01\/IMG_6318-300x240.jpg 300w, https:\/\/calidad.unap.cl\/acreditacion2027\/wp-content\/uploads\/sites\/2\/2026\/01\/IMG_6318-1024x819.jpg 1024w, https:\/\/calidad.unap.cl\/acreditacion2027\/wp-content\/uploads\/sites\/2\/2026\/01\/IMG_6318-768x614.jpg 768w, https:\/\/calidad.unap.cl\/acreditacion2027\/wp-content\/uploads\/sites\/2\/2026\/01\/IMG_6318-1536x1229.jpg 1536w\" sizes=\"(max-width: 2048px) 100vw, 2048px\" \/>\t\t\t\t\t<\/div>\n\t\t\t\t\t<div class=\"cbp-caption-activeWrap\">\n\t\t\t\t\t\t<div class=\"cbp-l-caption-alignCenter\" data-xpro-lightbox data-src=\"https:\/\/calidad.unap.cl\/acreditacion2027\/wp-content\/uploads\/sites\/2\/2026\/01\/IMG_6318.jpg\">\n\t\t\t\t\t\t\t<!-- Overlay -->\n\t\t\t\t\t\t\t<div class=\"cbp-l-caption-body\">\n\t\t\t\t\t\t\t\t\n\t\t\t\t\t\t\t\t\t\t\t\t\t\t\t\t\t<!-- Content -->\n\t\t\t\t\t\t\t\t\t<div class=\"xpro-overlay-content\">\n\t\t\t\t\t\t\t\t\t\t\t\t\t\t\t\t\t\t\t\t\t<h4 class=\"xpro-title\">Jornada de trabajo DGC | Departamento de Formaci\u00f3n T\u00e9cnica (DFT)<\/h4>\n\t\t\t\t\t\t\t\t\t\t\t\t\t\t\t\t\t\t\t\t\t\t\t\t\t\t\t\t\t<\/div>\n\t\t\t\t\t\t\t\t\t\t\t\t\t\t\t<\/div>\n\t\t\t\t\t\t<\/div>\n\t\t\t\t\t<\/div>\n\t\t\t\t<\/div>\n\t\t\t<\/div>\n\n\t\t\n\t\t\t<!--Item-->\n\t\t\t<div class=\"cbp-item xpro-elementor-gallery-item ene\">\n\t\t\t\t<div class=\"cbp-caption\">\n\t\t\t\t\t<div class=\"cbp-caption-defaultWrap\">\n\t\t\t\t\t\t<img loading=\"lazy\" decoding=\"async\" width=\"2048\" height=\"1638\" src=\"https:\/\/calidad.unap.cl\/acreditacion2027\/wp-content\/uploads\/sites\/2\/2026\/01\/IMG_6327.jpg\" class=\"attachment-full size-full\" alt=\"\" srcset=\"https:\/\/calidad.unap.cl\/acreditacion2027\/wp-content\/uploads\/sites\/2\/2026\/01\/IMG_6327.jpg 2048w, https:\/\/calidad.unap.cl\/acreditacion2027\/wp-content\/uploads\/sites\/2\/2026\/01\/IMG_6327-300x240.jpg 300w, https:\/\/calidad.unap.cl\/acreditacion2027\/wp-content\/uploads\/sites\/2\/2026\/01\/IMG_6327-1024x819.jpg 1024w, https:\/\/calidad.unap.cl\/acreditacion2027\/wp-content\/uploads\/sites\/2\/2026\/01\/IMG_6327-768x614.jpg 768w, https:\/\/calidad.unap.cl\/acreditacion2027\/wp-content\/uploads\/sites\/2\/2026\/01\/IMG_6327-1536x1229.jpg 1536w\" sizes=\"(max-width: 2048px) 100vw, 2048px\" \/>\t\t\t\t\t<\/div>\n\t\t\t\t\t<div class=\"cbp-caption-activeWrap\">\n\t\t\t\t\t\t<div class=\"cbp-l-caption-alignCenter\" data-xpro-lightbox data-src=\"https:\/\/calidad.unap.cl\/acreditacion2027\/wp-content\/uploads\/sites\/2\/2026\/01\/IMG_6327.jpg\">\n\t\t\t\t\t\t\t<!-- Overlay -->\n\t\t\t\t\t\t\t<div class=\"cbp-l-caption-body\">\n\t\t\t\t\t\t\t\t\n\t\t\t\t\t\t\t\t\t\t\t\t\t\t\t\t\t<!-- Content -->\n\t\t\t\t\t\t\t\t\t<div class=\"xpro-overlay-content\">\n\t\t\t\t\t\t\t\t\t\t\t\t\t\t\t\t\t\t\t\t\t<h4 class=\"xpro-title\">Jornada de trabajo DGC | Departamento de Formaci\u00f3n T\u00e9cnica (DFT)<\/h4>\n\t\t\t\t\t\t\t\t\t\t\t\t\t\t\t\t\t\t\t\t\t\t\t\t\t\t\t\t\t<\/div>\n\t\t\t\t\t\t\t\t\t\t\t\t\t\t\t<\/div>\n\t\t\t\t\t\t<\/div>\n\t\t\t\t\t<\/div>\n\t\t\t\t<\/div>\n\t\t\t<\/div>\n\n\t\t\n\t\t\t<!--Item-->\n\t\t\t<div class=\"cbp-item xpro-elementor-gallery-item ene\">\n\t\t\t\t<div class=\"cbp-caption\">\n\t\t\t\t\t<div class=\"cbp-caption-defaultWrap\">\n\t\t\t\t\t\t<img loading=\"lazy\" decoding=\"async\" width=\"2048\" height=\"1638\" src=\"https:\/\/calidad.unap.cl\/acreditacion2027\/wp-content\/uploads\/sites\/2\/2026\/01\/IMG_6383.jpg\" class=\"attachment-full size-full\" alt=\"\" srcset=\"https:\/\/calidad.unap.cl\/acreditacion2027\/wp-content\/uploads\/sites\/2\/2026\/01\/IMG_6383.jpg 2048w, https:\/\/calidad.unap.cl\/acreditacion2027\/wp-content\/uploads\/sites\/2\/2026\/01\/IMG_6383-300x240.jpg 300w, https:\/\/calidad.unap.cl\/acreditacion2027\/wp-content\/uploads\/sites\/2\/2026\/01\/IMG_6383-1024x819.jpg 1024w, https:\/\/calidad.unap.cl\/acreditacion2027\/wp-content\/uploads\/sites\/2\/2026\/01\/IMG_6383-768x614.jpg 768w, https:\/\/calidad.unap.cl\/acreditacion2027\/wp-content\/uploads\/sites\/2\/2026\/01\/IMG_6383-1536x1229.jpg 1536w\" sizes=\"(max-width: 2048px) 100vw, 2048px\" \/>\t\t\t\t\t<\/div>\n\t\t\t\t\t<div class=\"cbp-caption-activeWrap\">\n\t\t\t\t\t\t<div class=\"cbp-l-caption-alignCenter\" data-xpro-lightbox data-src=\"https:\/\/calidad.unap.cl\/acreditacion2027\/wp-content\/uploads\/sites\/2\/2026\/01\/IMG_6383.jpg\">\n\t\t\t\t\t\t\t<!-- Overlay -->\n\t\t\t\t\t\t\t<div class=\"cbp-l-caption-body\">\n\t\t\t\t\t\t\t\t\n\t\t\t\t\t\t\t\t\t\t\t\t\t\t\t\t\t<!-- Content -->\n\t\t\t\t\t\t\t\t\t<div class=\"xpro-overlay-content\">\n\t\t\t\t\t\t\t\t\t\t\t\t\t\t\t\t\t\t\t\t\t<h4 class=\"xpro-title\">Jornada de trabajo DGC | Departamento de Formaci\u00f3n T\u00e9cnica (DFT)<\/h4>\n\t\t\t\t\t\t\t\t\t\t\t\t\t\t\t\t\t\t\t\t\t\t\t\t\t\t\t\t\t<\/div>\n\t\t\t\t\t\t\t\t\t\t\t\t\t\t\t<\/div>\n\t\t\t\t\t\t<\/div>\n\t\t\t\t\t<\/div>\n\t\t\t\t<\/div>\n\t\t\t<\/div>\n\n\t\t\n\t\t\t<!--Item-->\n\t\t\t<div class=\"cbp-item xpro-elementor-gallery-item ene\">\n\t\t\t\t<div class=\"cbp-caption\">\n\t\t\t\t\t<div class=\"cbp-caption-defaultWrap\">\n\t\t\t\t\t\t<img loading=\"lazy\" decoding=\"async\" width=\"2048\" height=\"1638\" src=\"https:\/\/calidad.unap.cl\/acreditacion2027\/wp-content\/uploads\/sites\/2\/2026\/01\/IMG_6429.jpg\" class=\"attachment-full size-full\" alt=\"\" srcset=\"https:\/\/calidad.unap.cl\/acreditacion2027\/wp-content\/uploads\/sites\/2\/2026\/01\/IMG_6429.jpg 2048w, https:\/\/calidad.unap.cl\/acreditacion2027\/wp-content\/uploads\/sites\/2\/2026\/01\/IMG_6429-300x240.jpg 300w, https:\/\/calidad.unap.cl\/acreditacion2027\/wp-content\/uploads\/sites\/2\/2026\/01\/IMG_6429-1024x819.jpg 1024w, https:\/\/calidad.unap.cl\/acreditacion2027\/wp-content\/uploads\/sites\/2\/2026\/01\/IMG_6429-768x614.jpg 768w, https:\/\/calidad.unap.cl\/acreditacion2027\/wp-content\/uploads\/sites\/2\/2026\/01\/IMG_6429-1536x1229.jpg 1536w\" sizes=\"(max-width: 2048px) 100vw, 2048px\" \/>\t\t\t\t\t<\/div>\n\t\t\t\t\t<div class=\"cbp-caption-activeWrap\">\n\t\t\t\t\t\t<div class=\"cbp-l-caption-alignCenter\" data-xpro-lightbox data-src=\"https:\/\/calidad.unap.cl\/acreditacion2027\/wp-content\/uploads\/sites\/2\/2026\/01\/IMG_6429.jpg\">\n\t\t\t\t\t\t\t<!-- Overlay -->\n\t\t\t\t\t\t\t<div class=\"cbp-l-caption-body\">\n\t\t\t\t\t\t\t\t\n\t\t\t\t\t\t\t\t\t\t\t\t\t\t\t\t\t<!-- Content -->\n\t\t\t\t\t\t\t\t\t<div class=\"xpro-overlay-content\">\n\t\t\t\t\t\t\t\t\t\t\t\t\t\t\t\t\t\t\t\t\t<h4 class=\"xpro-title\">Jornada de trabajo DGC | Departamento de Formaci\u00f3n T\u00e9cnica (DFT)<\/h4>\n\t\t\t\t\t\t\t\t\t\t\t\t\t\t\t\t\t\t\t\t\t\t\t\t\t\t\t\t\t<\/div>\n\t\t\t\t\t\t\t\t\t\t\t\t\t\t\t<\/div>\n\t\t\t\t\t\t<\/div>\n\t\t\t\t\t<\/div>\n\t\t\t\t<\/div>\n\t\t\t<\/div>\n\n\t\t\n\t\t\t<!--Item-->\n\t\t\t<div class=\"cbp-item xpro-elementor-gallery-item mar\">\n\t\t\t\t<div class=\"cbp-caption\">\n\t\t\t\t\t<div class=\"cbp-caption-defaultWrap\">\n\t\t\t\t\t\t<img loading=\"lazy\" decoding=\"async\" width=\"2048\" height=\"1638\" src=\"https:\/\/calidad.unap.cl\/acreditacion2027\/wp-content\/uploads\/sites\/2\/2026\/04\/IMG_6669.jpg\" class=\"attachment-full size-full\" alt=\"\" srcset=\"https:\/\/calidad.unap.cl\/acreditacion2027\/wp-content\/uploads\/sites\/2\/2026\/04\/IMG_6669.jpg 2048w, https:\/\/calidad.unap.cl\/acreditacion2027\/wp-content\/uploads\/sites\/2\/2026\/04\/IMG_6669-300x240.jpg 300w, https:\/\/calidad.unap.cl\/acreditacion2027\/wp-content\/uploads\/sites\/2\/2026\/04\/IMG_6669-1024x819.jpg 1024w, https:\/\/calidad.unap.cl\/acreditacion2027\/wp-content\/uploads\/sites\/2\/2026\/04\/IMG_6669-768x614.jpg 768w, https:\/\/calidad.unap.cl\/acreditacion2027\/wp-content\/uploads\/sites\/2\/2026\/04\/IMG_6669-1536x1229.jpg 1536w\" sizes=\"(max-width: 2048px) 100vw, 2048px\" \/>\t\t\t\t\t<\/div>\n\t\t\t\t\t<div class=\"cbp-caption-activeWrap\">\n\t\t\t\t\t\t<div class=\"cbp-l-caption-alignCenter\" data-xpro-lightbox data-src=\"https:\/\/calidad.unap.cl\/acreditacion2027\/wp-content\/uploads\/sites\/2\/2026\/04\/IMG_6669.jpg\">\n\t\t\t\t\t\t\t<!-- Overlay -->\n\t\t\t\t\t\t\t<div class=\"cbp-l-caption-body\">\n\t\t\t\t\t\t\t\t\n\t\t\t\t\t\t\t\t\t\t\t\t\t\t\t\t\t<!-- Content -->\n\t\t\t\t\t\t\t\t\t<div class=\"xpro-overlay-content\">\n\t\t\t\t\t\t\t\t\t\t\t\t\t\t\t\t\t\t\t\t\t<h4 class=\"xpro-title\">fortalece trabajo preparatorio para el proceso de acreditaci\u00f3n institucional<\/h4>\n\t\t\t\t\t\t\t\t\t\t\t\t\t\t\t\t\t\t\t\t\t\t\t\t\t\t\t\t\t<\/div>\n\t\t\t\t\t\t\t\t\t\t\t\t\t\t\t<\/div>\n\t\t\t\t\t\t<\/div>\n\t\t\t\t\t<\/div>\n\t\t\t\t<\/div>\n\t\t\t<\/div>\n\n\t\t\n\t\t\t<!--Item-->\n\t\t\t<div class=\"cbp-item xpro-elementor-gallery-item mar\">\n\t\t\t\t<div class=\"cbp-caption\">\n\t\t\t\t\t<div class=\"cbp-caption-defaultWrap\">\n\t\t\t\t\t\t<img loading=\"lazy\" decoding=\"async\" width=\"2048\" height=\"1638\" src=\"https:\/\/calidad.unap.cl\/acreditacion2027\/wp-content\/uploads\/sites\/2\/2026\/04\/IMG_6678.jpg\" class=\"attachment-full size-full\" alt=\"\" srcset=\"https:\/\/calidad.unap.cl\/acreditacion2027\/wp-content\/uploads\/sites\/2\/2026\/04\/IMG_6678.jpg 2048w, https:\/\/calidad.unap.cl\/acreditacion2027\/wp-content\/uploads\/sites\/2\/2026\/04\/IMG_6678-300x240.jpg 300w, https:\/\/calidad.unap.cl\/acreditacion2027\/wp-content\/uploads\/sites\/2\/2026\/04\/IMG_6678-1024x819.jpg 1024w, https:\/\/calidad.unap.cl\/acreditacion2027\/wp-content\/uploads\/sites\/2\/2026\/04\/IMG_6678-768x614.jpg 768w, https:\/\/calidad.unap.cl\/acreditacion2027\/wp-content\/uploads\/sites\/2\/2026\/04\/IMG_6678-1536x1229.jpg 1536w\" sizes=\"(max-width: 2048px) 100vw, 2048px\" \/>\t\t\t\t\t<\/div>\n\t\t\t\t\t<div class=\"cbp-caption-activeWrap\">\n\t\t\t\t\t\t<div class=\"cbp-l-caption-alignCenter\" data-xpro-lightbox data-src=\"https:\/\/calidad.unap.cl\/acreditacion2027\/wp-content\/uploads\/sites\/2\/2026\/04\/IMG_6678.jpg\">\n\t\t\t\t\t\t\t<!-- Overlay -->\n\t\t\t\t\t\t\t<div class=\"cbp-l-caption-body\">\n\t\t\t\t\t\t\t\t\n\t\t\t\t\t\t\t\t\t\t\t\t\t\t\t\t\t<!-- Content -->\n\t\t\t\t\t\t\t\t\t<div class=\"xpro-overlay-content\">\n\t\t\t\t\t\t\t\t\t\t\t\t\t\t\t\t\t\t\t\t\t<h4 class=\"xpro-title\">fortalece trabajo preparatorio para el proceso de acreditaci\u00f3n institucional<\/h4>\n\t\t\t\t\t\t\t\t\t\t\t\t\t\t\t\t\t\t\t\t\t\t\t\t\t\t\t\t\t<\/div>\n\t\t\t\t\t\t\t\t\t\t\t\t\t\t\t<\/div>\n\t\t\t\t\t\t<\/div>\n\t\t\t\t\t<\/div>\n\t\t\t\t<\/div>\n\t\t\t<\/div>\n\n\t\t\n\t\t\t<!--Item-->\n\t\t\t<div class=\"cbp-item xpro-elementor-gallery-item mar\">\n\t\t\t\t<div class=\"cbp-caption\">\n\t\t\t\t\t<div class=\"cbp-caption-defaultWrap\">\n\t\t\t\t\t\t<img loading=\"lazy\" decoding=\"async\" width=\"2048\" height=\"1638\" src=\"https:\/\/calidad.unap.cl\/acreditacion2027\/wp-content\/uploads\/sites\/2\/2026\/04\/IMG_6694.jpg\" class=\"attachment-full size-full\" alt=\"\" srcset=\"https:\/\/calidad.unap.cl\/acreditacion2027\/wp-content\/uploads\/sites\/2\/2026\/04\/IMG_6694.jpg 2048w, https:\/\/calidad.unap.cl\/acreditacion2027\/wp-content\/uploads\/sites\/2\/2026\/04\/IMG_6694-300x240.jpg 300w, https:\/\/calidad.unap.cl\/acreditacion2027\/wp-content\/uploads\/sites\/2\/2026\/04\/IMG_6694-1024x819.jpg 1024w, https:\/\/calidad.unap.cl\/acreditacion2027\/wp-content\/uploads\/sites\/2\/2026\/04\/IMG_6694-768x614.jpg 768w, https:\/\/calidad.unap.cl\/acreditacion2027\/wp-content\/uploads\/sites\/2\/2026\/04\/IMG_6694-1536x1229.jpg 1536w\" sizes=\"(max-width: 2048px) 100vw, 2048px\" \/>\t\t\t\t\t<\/div>\n\t\t\t\t\t<div class=\"cbp-caption-activeWrap\">\n\t\t\t\t\t\t<div class=\"cbp-l-caption-alignCenter\" data-xpro-lightbox data-src=\"https:\/\/calidad.unap.cl\/acreditacion2027\/wp-content\/uploads\/sites\/2\/2026\/04\/IMG_6694.jpg\">\n\t\t\t\t\t\t\t<!-- Overlay -->\n\t\t\t\t\t\t\t<div class=\"cbp-l-caption-body\">\n\t\t\t\t\t\t\t\t\n\t\t\t\t\t\t\t\t\t\t\t\t\t\t\t\t\t<!-- Content -->\n\t\t\t\t\t\t\t\t\t<div class=\"xpro-overlay-content\">\n\t\t\t\t\t\t\t\t\t\t\t\t\t\t\t\t\t\t\t\t\t<h4 class=\"xpro-title\">fortalece trabajo preparatorio para el proceso de acreditaci\u00f3n institucional<\/h4>\n\t\t\t\t\t\t\t\t\t\t\t\t\t\t\t\t\t\t\t\t\t\t\t\t\t\t\t\t\t<\/div>\n\t\t\t\t\t\t\t\t\t\t\t\t\t\t\t<\/div>\n\t\t\t\t\t\t<\/div>\n\t\t\t\t\t<\/div>\n\t\t\t\t<\/div>\n\t\t\t<\/div>\n\n\t\t\n\t\t\t<!--Item-->\n\t\t\t<div class=\"cbp-item xpro-elementor-gallery-item mar\">\n\t\t\t\t<div class=\"cbp-caption\">\n\t\t\t\t\t<div class=\"cbp-caption-defaultWrap\">\n\t\t\t\t\t\t<img loading=\"lazy\" decoding=\"async\" width=\"2048\" height=\"1638\" src=\"https:\/\/calidad.unap.cl\/acreditacion2027\/wp-content\/uploads\/sites\/2\/2026\/04\/IMG_6716.jpg\" class=\"attachment-full size-full\" alt=\"\" srcset=\"https:\/\/calidad.unap.cl\/acreditacion2027\/wp-content\/uploads\/sites\/2\/2026\/04\/IMG_6716.jpg 2048w, https:\/\/calidad.unap.cl\/acreditacion2027\/wp-content\/uploads\/sites\/2\/2026\/04\/IMG_6716-300x240.jpg 300w, https:\/\/calidad.unap.cl\/acreditacion2027\/wp-content\/uploads\/sites\/2\/2026\/04\/IMG_6716-1024x819.jpg 1024w, https:\/\/calidad.unap.cl\/acreditacion2027\/wp-content\/uploads\/sites\/2\/2026\/04\/IMG_6716-768x614.jpg 768w, https:\/\/calidad.unap.cl\/acreditacion2027\/wp-content\/uploads\/sites\/2\/2026\/04\/IMG_6716-1536x1229.jpg 1536w\" sizes=\"(max-width: 2048px) 100vw, 2048px\" \/>\t\t\t\t\t<\/div>\n\t\t\t\t\t<div class=\"cbp-caption-activeWrap\">\n\t\t\t\t\t\t<div class=\"cbp-l-caption-alignCenter\" data-xpro-lightbox data-src=\"https:\/\/calidad.unap.cl\/acreditacion2027\/wp-content\/uploads\/sites\/2\/2026\/04\/IMG_6716.jpg\">\n\t\t\t\t\t\t\t<!-- Overlay -->\n\t\t\t\t\t\t\t<div class=\"cbp-l-caption-body\">\n\t\t\t\t\t\t\t\t\n\t\t\t\t\t\t\t\t\t\t\t\t\t\t\t\t\t<!-- Content -->\n\t\t\t\t\t\t\t\t\t<div class=\"xpro-overlay-content\">\n\t\t\t\t\t\t\t\t\t\t\t\t\t\t\t\t\t\t\t\t\t<h4 class=\"xpro-title\">fortalece trabajo preparatorio para el proceso de acreditaci\u00f3n institucional<\/h4>\n\t\t\t\t\t\t\t\t\t\t\t\t\t\t\t\t\t\t\t\t\t\t\t\t\t\t\t\t\t<\/div>\n\t\t\t\t\t\t\t\t\t\t\t\t\t\t\t<\/div>\n\t\t\t\t\t\t<\/div>\n\t\t\t\t\t<\/div>\n\t\t\t\t<\/div>\n\t\t\t<\/div>\n\n\t\t\n\t\t\t<!--Item-->\n\t\t\t<div class=\"cbp-item xpro-elementor-gallery-item mar\">\n\t\t\t\t<div class=\"cbp-caption\">\n\t\t\t\t\t<div class=\"cbp-caption-defaultWrap\">\n\t\t\t\t\t\t<img loading=\"lazy\" decoding=\"async\" width=\"2048\" height=\"1638\" src=\"https:\/\/calidad.unap.cl\/acreditacion2027\/wp-content\/uploads\/sites\/2\/2026\/04\/IMG_6734.jpg\" class=\"attachment-full size-full\" alt=\"\" srcset=\"https:\/\/calidad.unap.cl\/acreditacion2027\/wp-content\/uploads\/sites\/2\/2026\/04\/IMG_6734.jpg 2048w, https:\/\/calidad.unap.cl\/acreditacion2027\/wp-content\/uploads\/sites\/2\/2026\/04\/IMG_6734-300x240.jpg 300w, https:\/\/calidad.unap.cl\/acreditacion2027\/wp-content\/uploads\/sites\/2\/2026\/04\/IMG_6734-1024x819.jpg 1024w, https:\/\/calidad.unap.cl\/acreditacion2027\/wp-content\/uploads\/sites\/2\/2026\/04\/IMG_6734-768x614.jpg 768w, https:\/\/calidad.unap.cl\/acreditacion2027\/wp-content\/uploads\/sites\/2\/2026\/04\/IMG_6734-1536x1229.jpg 1536w\" sizes=\"(max-width: 2048px) 100vw, 2048px\" \/>\t\t\t\t\t<\/div>\n\t\t\t\t\t<div class=\"cbp-caption-activeWrap\">\n\t\t\t\t\t\t<div class=\"cbp-l-caption-alignCenter\" data-xpro-lightbox data-src=\"https:\/\/calidad.unap.cl\/acreditacion2027\/wp-content\/uploads\/sites\/2\/2026\/04\/IMG_6734.jpg\">\n\t\t\t\t\t\t\t<!-- Overlay -->\n\t\t\t\t\t\t\t<div class=\"cbp-l-caption-body\">\n\t\t\t\t\t\t\t\t\n\t\t\t\t\t\t\t\t\t\t\t\t\t\t\t\t\t<!-- Content -->\n\t\t\t\t\t\t\t\t\t<div class=\"xpro-overlay-content\">\n\t\t\t\t\t\t\t\t\t\t\t\t\t\t\t\t\t\t\t\t\t<h4 class=\"xpro-title\">fortalece trabajo preparatorio para el proceso de acreditaci\u00f3n institucional<\/h4>\n\t\t\t\t\t\t\t\t\t\t\t\t\t\t\t\t\t\t\t\t\t\t\t\t\t\t\t\t\t<\/div>\n\t\t\t\t\t\t\t\t\t\t\t\t\t\t\t<\/div>\n\t\t\t\t\t\t<\/div>\n\t\t\t\t\t<\/div>\n\t\t\t\t<\/div>\n\t\t\t<\/div>\n\n\t\t\n\t\t\t<!--Item-->\n\t\t\t<div class=\"cbp-item xpro-elementor-gallery-item mar\">\n\t\t\t\t<div class=\"cbp-caption\">\n\t\t\t\t\t<div class=\"cbp-caption-defaultWrap\">\n\t\t\t\t\t\t<img loading=\"lazy\" decoding=\"async\" width=\"2048\" height=\"1538\" src=\"https:\/\/calidad.unap.cl\/acreditacion2027\/wp-content\/uploads\/sites\/2\/2026\/04\/IMG_6736.jpg\" class=\"attachment-full size-full\" alt=\"\" srcset=\"https:\/\/calidad.unap.cl\/acreditacion2027\/wp-content\/uploads\/sites\/2\/2026\/04\/IMG_6736.jpg 2048w, https:\/\/calidad.unap.cl\/acreditacion2027\/wp-content\/uploads\/sites\/2\/2026\/04\/IMG_6736-300x225.jpg 300w, https:\/\/calidad.unap.cl\/acreditacion2027\/wp-content\/uploads\/sites\/2\/2026\/04\/IMG_6736-1024x769.jpg 1024w, https:\/\/calidad.unap.cl\/acreditacion2027\/wp-content\/uploads\/sites\/2\/2026\/04\/IMG_6736-768x577.jpg 768w, https:\/\/calidad.unap.cl\/acreditacion2027\/wp-content\/uploads\/sites\/2\/2026\/04\/IMG_6736-1536x1154.jpg 1536w\" sizes=\"(max-width: 2048px) 100vw, 2048px\" \/>\t\t\t\t\t<\/div>\n\t\t\t\t\t<div class=\"cbp-caption-activeWrap\">\n\t\t\t\t\t\t<div class=\"cbp-l-caption-alignCenter\" data-xpro-lightbox data-src=\"https:\/\/calidad.unap.cl\/acreditacion2027\/wp-content\/uploads\/sites\/2\/2026\/04\/IMG_6736.jpg\">\n\t\t\t\t\t\t\t<!-- Overlay -->\n\t\t\t\t\t\t\t<div class=\"cbp-l-caption-body\">\n\t\t\t\t\t\t\t\t\n\t\t\t\t\t\t\t\t\t\t\t\t\t\t\t\t\t<!-- Content -->\n\t\t\t\t\t\t\t\t\t<div class=\"xpro-overlay-content\">\n\t\t\t\t\t\t\t\t\t\t\t\t\t\t\t\t\t\t\t\t\t<h4 class=\"xpro-title\">fortalece trabajo preparatorio para el proceso de acreditaci\u00f3n institucional<\/h4>\n\t\t\t\t\t\t\t\t\t\t\t\t\t\t\t\t\t\t\t\t\t\t\t\t\t\t\t\t\t<\/div>\n\t\t\t\t\t\t\t\t\t\t\t\t\t\t\t<\/div>\n\t\t\t\t\t\t<\/div>\n\t\t\t\t\t<\/div>\n\t\t\t\t<\/div>\n\t\t\t<\/div>\n\n\t\t\n\t\t\t<!--Item-->\n\t\t\t<div class=\"cbp-item xpro-elementor-gallery-item mar\">\n\t\t\t\t<div class=\"cbp-caption\">\n\t\t\t\t\t<div class=\"cbp-caption-defaultWrap\">\n\t\t\t\t\t\t<img loading=\"lazy\" decoding=\"async\" width=\"2048\" height=\"1638\" src=\"https:\/\/calidad.unap.cl\/acreditacion2027\/wp-content\/uploads\/sites\/2\/2026\/04\/IMG_6851.jpg\" class=\"attachment-full size-full\" alt=\"\" srcset=\"https:\/\/calidad.unap.cl\/acreditacion2027\/wp-content\/uploads\/sites\/2\/2026\/04\/IMG_6851.jpg 2048w, https:\/\/calidad.unap.cl\/acreditacion2027\/wp-content\/uploads\/sites\/2\/2026\/04\/IMG_6851-300x240.jpg 300w, https:\/\/calidad.unap.cl\/acreditacion2027\/wp-content\/uploads\/sites\/2\/2026\/04\/IMG_6851-1024x819.jpg 1024w, https:\/\/calidad.unap.cl\/acreditacion2027\/wp-content\/uploads\/sites\/2\/2026\/04\/IMG_6851-768x614.jpg 768w, https:\/\/calidad.unap.cl\/acreditacion2027\/wp-content\/uploads\/sites\/2\/2026\/04\/IMG_6851-1536x1229.jpg 1536w\" sizes=\"(max-width: 2048px) 100vw, 2048px\" \/>\t\t\t\t\t<\/div>\n\t\t\t\t\t<div class=\"cbp-caption-activeWrap\">\n\t\t\t\t\t\t<div class=\"cbp-l-caption-alignCenter\" data-xpro-lightbox data-src=\"https:\/\/calidad.unap.cl\/acreditacion2027\/wp-content\/uploads\/sites\/2\/2026\/04\/IMG_6851.jpg\">\n\t\t\t\t\t\t\t<!-- Overlay -->\n\t\t\t\t\t\t\t<div class=\"cbp-l-caption-body\">\n\t\t\t\t\t\t\t\t\n\t\t\t\t\t\t\t\t\t\t\t\t\t\t\t\t\t<!-- Content -->\n\t\t\t\t\t\t\t\t\t<div class=\"xpro-overlay-content\">\n\t\t\t\t\t\t\t\t\t\t\t\t\t\t\t\t\t\t\t\t\t<h4 class=\"xpro-title\">Trabajo conjunto para fortalecer el subsistema t\u00e9cnico-profesional<\/h4>\n\t\t\t\t\t\t\t\t\t\t\t\t\t\t\t\t\t\t\t\t\t\t\t\t\t\t\t\t\t<\/div>\n\t\t\t\t\t\t\t\t\t\t\t\t\t\t\t<\/div>\n\t\t\t\t\t\t<\/div>\n\t\t\t\t\t<\/div>\n\t\t\t\t<\/div>\n\t\t\t<\/div>\n\n\t\t\n\t\t\t<!--Item-->\n\t\t\t<div class=\"cbp-item xpro-elementor-gallery-item mar\">\n\t\t\t\t<div class=\"cbp-caption\">\n\t\t\t\t\t<div class=\"cbp-caption-defaultWrap\">\n\t\t\t\t\t\t<img loading=\"lazy\" decoding=\"async\" width=\"2048\" height=\"1538\" src=\"https:\/\/calidad.unap.cl\/acreditacion2027\/wp-content\/uploads\/sites\/2\/2026\/04\/IMG_6859.jpg\" class=\"attachment-full size-full\" alt=\"\" srcset=\"https:\/\/calidad.unap.cl\/acreditacion2027\/wp-content\/uploads\/sites\/2\/2026\/04\/IMG_6859.jpg 2048w, https:\/\/calidad.unap.cl\/acreditacion2027\/wp-content\/uploads\/sites\/2\/2026\/04\/IMG_6859-300x225.jpg 300w, https:\/\/calidad.unap.cl\/acreditacion2027\/wp-content\/uploads\/sites\/2\/2026\/04\/IMG_6859-1024x769.jpg 1024w, https:\/\/calidad.unap.cl\/acreditacion2027\/wp-content\/uploads\/sites\/2\/2026\/04\/IMG_6859-768x577.jpg 768w, https:\/\/calidad.unap.cl\/acreditacion2027\/wp-content\/uploads\/sites\/2\/2026\/04\/IMG_6859-1536x1154.jpg 1536w\" sizes=\"(max-width: 2048px) 100vw, 2048px\" \/>\t\t\t\t\t<\/div>\n\t\t\t\t\t<div class=\"cbp-caption-activeWrap\">\n\t\t\t\t\t\t<div class=\"cbp-l-caption-alignCenter\" data-xpro-lightbox data-src=\"https:\/\/calidad.unap.cl\/acreditacion2027\/wp-content\/uploads\/sites\/2\/2026\/04\/IMG_6859.jpg\">\n\t\t\t\t\t\t\t<!-- Overlay -->\n\t\t\t\t\t\t\t<div class=\"cbp-l-caption-body\">\n\t\t\t\t\t\t\t\t\n\t\t\t\t\t\t\t\t\t\t\t\t\t\t\t\t\t<!-- Content -->\n\t\t\t\t\t\t\t\t\t<div class=\"xpro-overlay-content\">\n\t\t\t\t\t\t\t\t\t\t\t\t\t\t\t\t\t\t\t\t\t<h4 class=\"xpro-title\">Trabajo conjunto para fortalecer el subsistema t\u00e9cnico-profesional<\/h4>\n\t\t\t\t\t\t\t\t\t\t\t\t\t\t\t\t\t\t\t\t\t\t\t\t\t\t\t\t\t<\/div>\n\t\t\t\t\t\t\t\t\t\t\t\t\t\t\t<\/div>\n\t\t\t\t\t\t<\/div>\n\t\t\t\t\t<\/div>\n\t\t\t\t<\/div>\n\t\t\t<\/div>\n\n\t\t\n\t\t\t<!--Item-->\n\t\t\t<div class=\"cbp-item xpro-elementor-gallery-item mar\">\n\t\t\t\t<div class=\"cbp-caption\">\n\t\t\t\t\t<div class=\"cbp-caption-defaultWrap\">\n\t\t\t\t\t\t<img loading=\"lazy\" decoding=\"async\" width=\"2048\" height=\"1638\" src=\"https:\/\/calidad.unap.cl\/acreditacion2027\/wp-content\/uploads\/sites\/2\/2026\/04\/IMG_6811.jpg\" class=\"attachment-full size-full\" alt=\"\" srcset=\"https:\/\/calidad.unap.cl\/acreditacion2027\/wp-content\/uploads\/sites\/2\/2026\/04\/IMG_6811.jpg 2048w, https:\/\/calidad.unap.cl\/acreditacion2027\/wp-content\/uploads\/sites\/2\/2026\/04\/IMG_6811-300x240.jpg 300w, https:\/\/calidad.unap.cl\/acreditacion2027\/wp-content\/uploads\/sites\/2\/2026\/04\/IMG_6811-1024x819.jpg 1024w, https:\/\/calidad.unap.cl\/acreditacion2027\/wp-content\/uploads\/sites\/2\/2026\/04\/IMG_6811-768x614.jpg 768w, https:\/\/calidad.unap.cl\/acreditacion2027\/wp-content\/uploads\/sites\/2\/2026\/04\/IMG_6811-1536x1229.jpg 1536w\" sizes=\"(max-width: 2048px) 100vw, 2048px\" \/>\t\t\t\t\t<\/div>\n\t\t\t\t\t<div class=\"cbp-caption-activeWrap\">\n\t\t\t\t\t\t<div class=\"cbp-l-caption-alignCenter\" data-xpro-lightbox data-src=\"https:\/\/calidad.unap.cl\/acreditacion2027\/wp-content\/uploads\/sites\/2\/2026\/04\/IMG_6811.jpg\">\n\t\t\t\t\t\t\t<!-- Overlay -->\n\t\t\t\t\t\t\t<div class=\"cbp-l-caption-body\">\n\t\t\t\t\t\t\t\t\n\t\t\t\t\t\t\t\t\t\t\t\t\t\t\t\t\t<!-- Content -->\n\t\t\t\t\t\t\t\t\t<div class=\"xpro-overlay-content\">\n\t\t\t\t\t\t\t\t\t\t\t\t\t\t\t\t\t\t\t\t\t<h4 class=\"xpro-title\">Trabajo conjunto para fortalecer el subsistema t\u00e9cnico-profesional<\/h4>\n\t\t\t\t\t\t\t\t\t\t\t\t\t\t\t\t\t\t\t\t\t\t\t\t\t\t\t\t\t<\/div>\n\t\t\t\t\t\t\t\t\t\t\t\t\t\t\t<\/div>\n\t\t\t\t\t\t<\/div>\n\t\t\t\t\t<\/div>\n\t\t\t\t<\/div>\n\t\t\t<\/div>\n\n\t\t\n\t\t\t<!--Item-->\n\t\t\t<div class=\"cbp-item xpro-elementor-gallery-item mar\">\n\t\t\t\t<div class=\"cbp-caption\">\n\t\t\t\t\t<div class=\"cbp-caption-defaultWrap\">\n\t\t\t\t\t\t<img loading=\"lazy\" decoding=\"async\" width=\"2048\" height=\"1638\" src=\"https:\/\/calidad.unap.cl\/acreditacion2027\/wp-content\/uploads\/sites\/2\/2026\/04\/IMG_6829.jpg\" class=\"attachment-full size-full\" alt=\"\" srcset=\"https:\/\/calidad.unap.cl\/acreditacion2027\/wp-content\/uploads\/sites\/2\/2026\/04\/IMG_6829.jpg 2048w, https:\/\/calidad.unap.cl\/acreditacion2027\/wp-content\/uploads\/sites\/2\/2026\/04\/IMG_6829-300x240.jpg 300w, https:\/\/calidad.unap.cl\/acreditacion2027\/wp-content\/uploads\/sites\/2\/2026\/04\/IMG_6829-1024x819.jpg 1024w, https:\/\/calidad.unap.cl\/acreditacion2027\/wp-content\/uploads\/sites\/2\/2026\/04\/IMG_6829-768x614.jpg 768w, https:\/\/calidad.unap.cl\/acreditacion2027\/wp-content\/uploads\/sites\/2\/2026\/04\/IMG_6829-1536x1229.jpg 1536w\" sizes=\"(max-width: 2048px) 100vw, 2048px\" \/>\t\t\t\t\t<\/div>\n\t\t\t\t\t<div class=\"cbp-caption-activeWrap\">\n\t\t\t\t\t\t<div class=\"cbp-l-caption-alignCenter\" data-xpro-lightbox data-src=\"https:\/\/calidad.unap.cl\/acreditacion2027\/wp-content\/uploads\/sites\/2\/2026\/04\/IMG_6829.jpg\">\n\t\t\t\t\t\t\t<!-- Overlay -->\n\t\t\t\t\t\t\t<div class=\"cbp-l-caption-body\">\n\t\t\t\t\t\t\t\t\n\t\t\t\t\t\t\t\t\t\t\t\t\t\t\t\t\t<!-- Content -->\n\t\t\t\t\t\t\t\t\t<div class=\"xpro-overlay-content\">\n\t\t\t\t\t\t\t\t\t\t\t\t\t\t\t\t\t\t\t\t\t<h4 class=\"xpro-title\">Trabajo conjunto para fortalecer el subsistema t\u00e9cnico-profesional<\/h4>\n\t\t\t\t\t\t\t\t\t\t\t\t\t\t\t\t\t\t\t\t\t\t\t\t\t\t\t\t\t<\/div>\n\t\t\t\t\t\t\t\t\t\t\t\t\t\t\t<\/div>\n\t\t\t\t\t\t<\/div>\n\t\t\t\t\t<\/div>\n\t\t\t\t<\/div>\n\t\t\t<\/div>\n\n\t\t\n\t\t\t<!--Item-->\n\t\t\t<div class=\"cbp-item xpro-elementor-gallery-item mar\">\n\t\t\t\t<div class=\"cbp-caption\">\n\t\t\t\t\t<div class=\"cbp-caption-defaultWrap\">\n\t\t\t\t\t\t<img loading=\"lazy\" decoding=\"async\" width=\"2048\" height=\"1638\" src=\"https:\/\/calidad.unap.cl\/acreditacion2027\/wp-content\/uploads\/sites\/2\/2026\/04\/IMG_6836.jpg\" class=\"attachment-full size-full\" alt=\"\" srcset=\"https:\/\/calidad.unap.cl\/acreditacion2027\/wp-content\/uploads\/sites\/2\/2026\/04\/IMG_6836.jpg 2048w, https:\/\/calidad.unap.cl\/acreditacion2027\/wp-content\/uploads\/sites\/2\/2026\/04\/IMG_6836-300x240.jpg 300w, https:\/\/calidad.unap.cl\/acreditacion2027\/wp-content\/uploads\/sites\/2\/2026\/04\/IMG_6836-1024x819.jpg 1024w, https:\/\/calidad.unap.cl\/acreditacion2027\/wp-content\/uploads\/sites\/2\/2026\/04\/IMG_6836-768x614.jpg 768w, https:\/\/calidad.unap.cl\/acreditacion2027\/wp-content\/uploads\/sites\/2\/2026\/04\/IMG_6836-1536x1229.jpg 1536w\" sizes=\"(max-width: 2048px) 100vw, 2048px\" \/>\t\t\t\t\t<\/div>\n\t\t\t\t\t<div class=\"cbp-caption-activeWrap\">\n\t\t\t\t\t\t<div class=\"cbp-l-caption-alignCenter\" data-xpro-lightbox data-src=\"https:\/\/calidad.unap.cl\/acreditacion2027\/wp-content\/uploads\/sites\/2\/2026\/04\/IMG_6836.jpg\">\n\t\t\t\t\t\t\t<!-- Overlay -->\n\t\t\t\t\t\t\t<div class=\"cbp-l-caption-body\">\n\t\t\t\t\t\t\t\t\n\t\t\t\t\t\t\t\t\t\t\t\t\t\t\t\t\t<!-- Content -->\n\t\t\t\t\t\t\t\t\t<div class=\"xpro-overlay-content\">\n\t\t\t\t\t\t\t\t\t\t\t\t\t\t\t\t\t\t\t\t\t<h4 class=\"xpro-title\">Trabajo conjunto para fortalecer el subsistema t\u00e9cnico-profesional<\/h4>\n\t\t\t\t\t\t\t\t\t\t\t\t\t\t\t\t\t\t\t\t\t\t\t\t\t\t\t\t\t<\/div>\n\t\t\t\t\t\t\t\t\t\t\t\t\t\t\t<\/div>\n\t\t\t\t\t\t<\/div>\n\t\t\t\t\t<\/div>\n\t\t\t\t<\/div>\n\t\t\t<\/div>\n\n\t\t\n\t\t\t<!--Item-->\n\t\t\t<div class=\"cbp-item xpro-elementor-gallery-item mar\">\n\t\t\t\t<div class=\"cbp-caption\">\n\t\t\t\t\t<div class=\"cbp-caption-defaultWrap\">\n\t\t\t\t\t\t<img loading=\"lazy\" decoding=\"async\" width=\"2048\" height=\"1638\" src=\"https:\/\/calidad.unap.cl\/acreditacion2027\/wp-content\/uploads\/sites\/2\/2026\/04\/IMG_6839.jpg\" class=\"attachment-full size-full\" alt=\"\" srcset=\"https:\/\/calidad.unap.cl\/acreditacion2027\/wp-content\/uploads\/sites\/2\/2026\/04\/IMG_6839.jpg 2048w, https:\/\/calidad.unap.cl\/acreditacion2027\/wp-content\/uploads\/sites\/2\/2026\/04\/IMG_6839-300x240.jpg 300w, https:\/\/calidad.unap.cl\/acreditacion2027\/wp-content\/uploads\/sites\/2\/2026\/04\/IMG_6839-1024x819.jpg 1024w, https:\/\/calidad.unap.cl\/acreditacion2027\/wp-content\/uploads\/sites\/2\/2026\/04\/IMG_6839-768x614.jpg 768w, https:\/\/calidad.unap.cl\/acreditacion2027\/wp-content\/uploads\/sites\/2\/2026\/04\/IMG_6839-1536x1229.jpg 1536w\" sizes=\"(max-width: 2048px) 100vw, 2048px\" \/>\t\t\t\t\t<\/div>\n\t\t\t\t\t<div class=\"cbp-caption-activeWrap\">\n\t\t\t\t\t\t<div class=\"cbp-l-caption-alignCenter\" data-xpro-lightbox data-src=\"https:\/\/calidad.unap.cl\/acreditacion2027\/wp-content\/uploads\/sites\/2\/2026\/04\/IMG_6839.jpg\">\n\t\t\t\t\t\t\t<!-- Overlay -->\n\t\t\t\t\t\t\t<div class=\"cbp-l-caption-body\">\n\t\t\t\t\t\t\t\t\n\t\t\t\t\t\t\t\t\t\t\t\t\t\t\t\t\t<!-- Content -->\n\t\t\t\t\t\t\t\t\t<div class=\"xpro-overlay-content\">\n\t\t\t\t\t\t\t\t\t\t\t\t\t\t\t\t\t\t\t\t\t<h4 class=\"xpro-title\">Trabajo conjunto para fortalecer el subsistema t\u00e9cnico-profesional<\/h4>\n\t\t\t\t\t\t\t\t\t\t\t\t\t\t\t\t\t\t\t\t\t\t\t\t\t\t\t\t\t<\/div>\n\t\t\t\t\t\t\t\t\t\t\t\t\t\t\t<\/div>\n\t\t\t\t\t\t<\/div>\n\t\t\t\t\t<\/div>\n\t\t\t\t<\/div>\n\t\t\t<\/div>\n\n\t\t\n\t\t\t<!--Item-->\n\t\t\t<div class=\"cbp-item xpro-elementor-gallery-item mar\">\n\t\t\t\t<div class=\"cbp-caption\">\n\t\t\t\t\t<div class=\"cbp-caption-defaultWrap\">\n\t\t\t\t\t\t<img loading=\"lazy\" decoding=\"async\" width=\"2048\" height=\"1638\" src=\"https:\/\/calidad.unap.cl\/acreditacion2027\/wp-content\/uploads\/sites\/2\/2026\/04\/IMG_6877.jpg\" class=\"attachment-full size-full\" alt=\"\" srcset=\"https:\/\/calidad.unap.cl\/acreditacion2027\/wp-content\/uploads\/sites\/2\/2026\/04\/IMG_6877.jpg 2048w, https:\/\/calidad.unap.cl\/acreditacion2027\/wp-content\/uploads\/sites\/2\/2026\/04\/IMG_6877-300x240.jpg 300w, https:\/\/calidad.unap.cl\/acreditacion2027\/wp-content\/uploads\/sites\/2\/2026\/04\/IMG_6877-1024x819.jpg 1024w, https:\/\/calidad.unap.cl\/acreditacion2027\/wp-content\/uploads\/sites\/2\/2026\/04\/IMG_6877-768x614.jpg 768w, https:\/\/calidad.unap.cl\/acreditacion2027\/wp-content\/uploads\/sites\/2\/2026\/04\/IMG_6877-1536x1229.jpg 1536w\" sizes=\"(max-width: 2048px) 100vw, 2048px\" \/>\t\t\t\t\t<\/div>\n\t\t\t\t\t<div class=\"cbp-caption-activeWrap\">\n\t\t\t\t\t\t<div class=\"cbp-l-caption-alignCenter\" data-xpro-lightbox data-src=\"https:\/\/calidad.unap.cl\/acreditacion2027\/wp-content\/uploads\/sites\/2\/2026\/04\/IMG_6877.jpg\">\n\t\t\t\t\t\t\t<!-- Overlay -->\n\t\t\t\t\t\t\t<div class=\"cbp-l-caption-body\">\n\t\t\t\t\t\t\t\t\n\t\t\t\t\t\t\t\t\t\t\t\t\t\t\t\t\t<!-- Content -->\n\t\t\t\t\t\t\t\t\t<div class=\"xpro-overlay-content\">\n\t\t\t\t\t\t\t\t\t\t\t\t\t\t\t\t\t\t\t\t\t<h4 class=\"xpro-title\"> marco del pr\u00f3ximo proceso de acreditaci\u00f3n del Doctorado en Estudios Transfronterizos<\/h4>\n\t\t\t\t\t\t\t\t\t\t\t\t\t\t\t\t\t\t\t\t\t\t\t\t\t\t\t\t\t<\/div>\n\t\t\t\t\t\t\t\t\t\t\t\t\t\t\t<\/div>\n\t\t\t\t\t\t<\/div>\n\t\t\t\t\t<\/div>\n\t\t\t\t<\/div>\n\t\t\t<\/div>\n\n\t\t\n\t\t\t<!--Item-->\n\t\t\t<div class=\"cbp-item xpro-elementor-gallery-item mar\">\n\t\t\t\t<div class=\"cbp-caption\">\n\t\t\t\t\t<div class=\"cbp-caption-defaultWrap\">\n\t\t\t\t\t\t<img loading=\"lazy\" decoding=\"async\" width=\"2048\" height=\"1639\" src=\"https:\/\/calidad.unap.cl\/acreditacion2027\/wp-content\/uploads\/sites\/2\/2026\/04\/IMG_6883.jpg\" class=\"attachment-full size-full\" alt=\"\" srcset=\"https:\/\/calidad.unap.cl\/acreditacion2027\/wp-content\/uploads\/sites\/2\/2026\/04\/IMG_6883.jpg 2048w, https:\/\/calidad.unap.cl\/acreditacion2027\/wp-content\/uploads\/sites\/2\/2026\/04\/IMG_6883-300x240.jpg 300w, https:\/\/calidad.unap.cl\/acreditacion2027\/wp-content\/uploads\/sites\/2\/2026\/04\/IMG_6883-1024x820.jpg 1024w, https:\/\/calidad.unap.cl\/acreditacion2027\/wp-content\/uploads\/sites\/2\/2026\/04\/IMG_6883-768x615.jpg 768w, https:\/\/calidad.unap.cl\/acreditacion2027\/wp-content\/uploads\/sites\/2\/2026\/04\/IMG_6883-1536x1229.jpg 1536w\" sizes=\"(max-width: 2048px) 100vw, 2048px\" \/>\t\t\t\t\t<\/div>\n\t\t\t\t\t<div class=\"cbp-caption-activeWrap\">\n\t\t\t\t\t\t<div class=\"cbp-l-caption-alignCenter\" data-xpro-lightbox data-src=\"https:\/\/calidad.unap.cl\/acreditacion2027\/wp-content\/uploads\/sites\/2\/2026\/04\/IMG_6883.jpg\">\n\t\t\t\t\t\t\t<!-- Overlay -->\n\t\t\t\t\t\t\t<div class=\"cbp-l-caption-body\">\n\t\t\t\t\t\t\t\t\n\t\t\t\t\t\t\t\t\t\t\t\t\t\t\t\t\t<!-- Content -->\n\t\t\t\t\t\t\t\t\t<div class=\"xpro-overlay-content\">\n\t\t\t\t\t\t\t\t\t\t\t\t\t\t\t\t\t\t\t\t\t<h4 class=\"xpro-title\"> marco del pr\u00f3ximo proceso de acreditaci\u00f3n del Doctorado en Estudios Transfronterizos<\/h4>\n\t\t\t\t\t\t\t\t\t\t\t\t\t\t\t\t\t\t\t\t\t\t\t\t\t\t\t\t\t<\/div>\n\t\t\t\t\t\t\t\t\t\t\t\t\t\t\t<\/div>\n\t\t\t\t\t\t<\/div>\n\t\t\t\t\t<\/div>\n\t\t\t\t<\/div>\n\t\t\t<\/div>\n\n\t\t\n\t\t\t<!--Item-->\n\t\t\t<div class=\"cbp-item xpro-elementor-gallery-item mar\">\n\t\t\t\t<div class=\"cbp-caption\">\n\t\t\t\t\t<div class=\"cbp-caption-defaultWrap\">\n\t\t\t\t\t\t<img loading=\"lazy\" decoding=\"async\" width=\"2048\" height=\"1639\" src=\"https:\/\/calidad.unap.cl\/acreditacion2027\/wp-content\/uploads\/sites\/2\/2026\/04\/IMG_6895.jpg\" class=\"attachment-full size-full\" alt=\"\" srcset=\"https:\/\/calidad.unap.cl\/acreditacion2027\/wp-content\/uploads\/sites\/2\/2026\/04\/IMG_6895.jpg 2048w, https:\/\/calidad.unap.cl\/acreditacion2027\/wp-content\/uploads\/sites\/2\/2026\/04\/IMG_6895-300x240.jpg 300w, https:\/\/calidad.unap.cl\/acreditacion2027\/wp-content\/uploads\/sites\/2\/2026\/04\/IMG_6895-1024x820.jpg 1024w, https:\/\/calidad.unap.cl\/acreditacion2027\/wp-content\/uploads\/sites\/2\/2026\/04\/IMG_6895-768x615.jpg 768w, https:\/\/calidad.unap.cl\/acreditacion2027\/wp-content\/uploads\/sites\/2\/2026\/04\/IMG_6895-1536x1229.jpg 1536w\" sizes=\"(max-width: 2048px) 100vw, 2048px\" \/>\t\t\t\t\t<\/div>\n\t\t\t\t\t<div class=\"cbp-caption-activeWrap\">\n\t\t\t\t\t\t<div class=\"cbp-l-caption-alignCenter\" data-xpro-lightbox data-src=\"https:\/\/calidad.unap.cl\/acreditacion2027\/wp-content\/uploads\/sites\/2\/2026\/04\/IMG_6895.jpg\">\n\t\t\t\t\t\t\t<!-- Overlay -->\n\t\t\t\t\t\t\t<div class=\"cbp-l-caption-body\">\n\t\t\t\t\t\t\t\t\n\t\t\t\t\t\t\t\t\t\t\t\t\t\t\t\t\t<!-- Content -->\n\t\t\t\t\t\t\t\t\t<div class=\"xpro-overlay-content\">\n\t\t\t\t\t\t\t\t\t\t\t\t\t\t\t\t\t\t\t\t\t<h4 class=\"xpro-title\"> marco del pr\u00f3ximo proceso de acreditaci\u00f3n del Doctorado en Estudios Transfronterizos<\/h4>\n\t\t\t\t\t\t\t\t\t\t\t\t\t\t\t\t\t\t\t\t\t\t\t\t\t\t\t\t\t<\/div>\n\t\t\t\t\t\t\t\t\t\t\t\t\t\t\t<\/div>\n\t\t\t\t\t\t<\/div>\n\t\t\t\t\t<\/div>\n\t\t\t\t<\/div>\n\t\t\t<\/div>\n\n\t\t\n\t\t\t<!--Item-->\n\t\t\t<div class=\"cbp-item xpro-elementor-gallery-item mar\">\n\t\t\t\t<div class=\"cbp-caption\">\n\t\t\t\t\t<div class=\"cbp-caption-defaultWrap\">\n\t\t\t\t\t\t<img loading=\"lazy\" decoding=\"async\" width=\"2048\" height=\"1639\" src=\"https:\/\/calidad.unap.cl\/acreditacion2027\/wp-content\/uploads\/sites\/2\/2026\/04\/IMG_6896.jpg\" class=\"attachment-full size-full\" alt=\"\" srcset=\"https:\/\/calidad.unap.cl\/acreditacion2027\/wp-content\/uploads\/sites\/2\/2026\/04\/IMG_6896.jpg 2048w, https:\/\/calidad.unap.cl\/acreditacion2027\/wp-content\/uploads\/sites\/2\/2026\/04\/IMG_6896-300x240.jpg 300w, https:\/\/calidad.unap.cl\/acreditacion2027\/wp-content\/uploads\/sites\/2\/2026\/04\/IMG_6896-1024x820.jpg 1024w, https:\/\/calidad.unap.cl\/acreditacion2027\/wp-content\/uploads\/sites\/2\/2026\/04\/IMG_6896-768x615.jpg 768w, https:\/\/calidad.unap.cl\/acreditacion2027\/wp-content\/uploads\/sites\/2\/2026\/04\/IMG_6896-1536x1229.jpg 1536w\" sizes=\"(max-width: 2048px) 100vw, 2048px\" \/>\t\t\t\t\t<\/div>\n\t\t\t\t\t<div class=\"cbp-caption-activeWrap\">\n\t\t\t\t\t\t<div class=\"cbp-l-caption-alignCenter\" data-xpro-lightbox data-src=\"https:\/\/calidad.unap.cl\/acreditacion2027\/wp-content\/uploads\/sites\/2\/2026\/04\/IMG_6896.jpg\">\n\t\t\t\t\t\t\t<!-- Overlay -->\n\t\t\t\t\t\t\t<div class=\"cbp-l-caption-body\">\n\t\t\t\t\t\t\t\t\n\t\t\t\t\t\t\t\t\t\t\t\t\t\t\t\t\t<!-- Content -->\n\t\t\t\t\t\t\t\t\t<div class=\"xpro-overlay-content\">\n\t\t\t\t\t\t\t\t\t\t\t\t\t\t\t\t\t\t\t\t\t<h4 class=\"xpro-title\"> marco del pr\u00f3ximo proceso de acreditaci\u00f3n del Doctorado en Estudios Transfronterizos<\/h4>\n\t\t\t\t\t\t\t\t\t\t\t\t\t\t\t\t\t\t\t\t\t\t\t\t\t\t\t\t\t<\/div>\n\t\t\t\t\t\t\t\t\t\t\t\t\t\t\t<\/div>\n\t\t\t\t\t\t<\/div>\n\t\t\t\t\t<\/div>\n\t\t\t\t<\/div>\n\t\t\t<\/div>\n\n\t\t\n\t\t\t<!--Item-->\n\t\t\t<div class=\"cbp-item xpro-elementor-gallery-item mar\">\n\t\t\t\t<div class=\"cbp-caption\">\n\t\t\t\t\t<div class=\"cbp-caption-defaultWrap\">\n\t\t\t\t\t\t<img loading=\"lazy\" decoding=\"async\" width=\"2048\" height=\"1638\" src=\"https:\/\/calidad.unap.cl\/acreditacion2027\/wp-content\/uploads\/sites\/2\/2026\/04\/IMG_6903.jpg\" class=\"attachment-full size-full\" alt=\"\" srcset=\"https:\/\/calidad.unap.cl\/acreditacion2027\/wp-content\/uploads\/sites\/2\/2026\/04\/IMG_6903.jpg 2048w, https:\/\/calidad.unap.cl\/acreditacion2027\/wp-content\/uploads\/sites\/2\/2026\/04\/IMG_6903-300x240.jpg 300w, https:\/\/calidad.unap.cl\/acreditacion2027\/wp-content\/uploads\/sites\/2\/2026\/04\/IMG_6903-1024x819.jpg 1024w, https:\/\/calidad.unap.cl\/acreditacion2027\/wp-content\/uploads\/sites\/2\/2026\/04\/IMG_6903-768x614.jpg 768w, https:\/\/calidad.unap.cl\/acreditacion2027\/wp-content\/uploads\/sites\/2\/2026\/04\/IMG_6903-1536x1229.jpg 1536w\" sizes=\"(max-width: 2048px) 100vw, 2048px\" \/>\t\t\t\t\t<\/div>\n\t\t\t\t\t<div class=\"cbp-caption-activeWrap\">\n\t\t\t\t\t\t<div class=\"cbp-l-caption-alignCenter\" data-xpro-lightbox data-src=\"https:\/\/calidad.unap.cl\/acreditacion2027\/wp-content\/uploads\/sites\/2\/2026\/04\/IMG_6903.jpg\">\n\t\t\t\t\t\t\t<!-- Overlay -->\n\t\t\t\t\t\t\t<div class=\"cbp-l-caption-body\">\n\t\t\t\t\t\t\t\t\n\t\t\t\t\t\t\t\t\t\t\t\t\t\t\t\t\t<!-- Content -->\n\t\t\t\t\t\t\t\t\t<div class=\"xpro-overlay-content\">\n\t\t\t\t\t\t\t\t\t\t\t\t\t\t\t\t\t\t\t\t\t<h4 class=\"xpro-title\"> marco del pr\u00f3ximo proceso de acreditaci\u00f3n del Doctorado en Estudios Transfronterizos<\/h4>\n\t\t\t\t\t\t\t\t\t\t\t\t\t\t\t\t\t\t\t\t\t\t\t\t\t\t\t\t\t<\/div>\n\t\t\t\t\t\t\t\t\t\t\t\t\t\t\t<\/div>\n\t\t\t\t\t\t<\/div>\n\t\t\t\t\t<\/div>\n\t\t\t\t<\/div>\n\t\t\t<\/div>\n\n\t\t\n\t\t\t<!--Item-->\n\t\t\t<div class=\"cbp-item xpro-elementor-gallery-item mar\">\n\t\t\t\t<div class=\"cbp-caption\">\n\t\t\t\t\t<div class=\"cbp-caption-defaultWrap\">\n\t\t\t\t\t\t<img loading=\"lazy\" decoding=\"async\" width=\"2048\" height=\"1538\" src=\"https:\/\/calidad.unap.cl\/acreditacion2027\/wp-content\/uploads\/sites\/2\/2026\/04\/IMG_6871.jpg\" class=\"attachment-full size-full\" alt=\"\" srcset=\"https:\/\/calidad.unap.cl\/acreditacion2027\/wp-content\/uploads\/sites\/2\/2026\/04\/IMG_6871.jpg 2048w, https:\/\/calidad.unap.cl\/acreditacion2027\/wp-content\/uploads\/sites\/2\/2026\/04\/IMG_6871-300x225.jpg 300w, https:\/\/calidad.unap.cl\/acreditacion2027\/wp-content\/uploads\/sites\/2\/2026\/04\/IMG_6871-1024x769.jpg 1024w, https:\/\/calidad.unap.cl\/acreditacion2027\/wp-content\/uploads\/sites\/2\/2026\/04\/IMG_6871-768x577.jpg 768w, https:\/\/calidad.unap.cl\/acreditacion2027\/wp-content\/uploads\/sites\/2\/2026\/04\/IMG_6871-1536x1154.jpg 1536w\" sizes=\"(max-width: 2048px) 100vw, 2048px\" \/>\t\t\t\t\t<\/div>\n\t\t\t\t\t<div class=\"cbp-caption-activeWrap\">\n\t\t\t\t\t\t<div class=\"cbp-l-caption-alignCenter\" data-xpro-lightbox data-src=\"https:\/\/calidad.unap.cl\/acreditacion2027\/wp-content\/uploads\/sites\/2\/2026\/04\/IMG_6871.jpg\">\n\t\t\t\t\t\t\t<!-- Overlay -->\n\t\t\t\t\t\t\t<div class=\"cbp-l-caption-body\">\n\t\t\t\t\t\t\t\t\n\t\t\t\t\t\t\t\t\t\t\t\t\t\t\t\t\t<!-- Content -->\n\t\t\t\t\t\t\t\t\t<div class=\"xpro-overlay-content\">\n\t\t\t\t\t\t\t\t\t\t\t\t\t\t\t\t\t\t\t\t\t<h4 class=\"xpro-title\"> visita de la encargada de Calidad de la Sede Victoria, Srta. Patricia Soto<\/h4>\n\t\t\t\t\t\t\t\t\t\t\t\t\t\t\t\t\t\t\t\t\t\t\t\t\t\t\t\t\t<\/div>\n\t\t\t\t\t\t\t\t\t\t\t\t\t\t\t<\/div>\n\t\t\t\t\t\t<\/div>\n\t\t\t\t\t<\/div>\n\t\t\t\t<\/div>\n\t\t\t<\/div>\n\n\t\t\n\t\t\t<!--Item-->\n\t\t\t<div class=\"cbp-item xpro-elementor-gallery-item mar\">\n\t\t\t\t<div class=\"cbp-caption\">\n\t\t\t\t\t<div class=\"cbp-caption-defaultWrap\">\n\t\t\t\t\t\t<img loading=\"lazy\" decoding=\"async\" width=\"2048\" height=\"1538\" src=\"https:\/\/calidad.unap.cl\/acreditacion2027\/wp-content\/uploads\/sites\/2\/2026\/04\/IMG_7042.jpg\" class=\"attachment-full size-full\" alt=\"\" srcset=\"https:\/\/calidad.unap.cl\/acreditacion2027\/wp-content\/uploads\/sites\/2\/2026\/04\/IMG_7042.jpg 2048w, https:\/\/calidad.unap.cl\/acreditacion2027\/wp-content\/uploads\/sites\/2\/2026\/04\/IMG_7042-300x225.jpg 300w, https:\/\/calidad.unap.cl\/acreditacion2027\/wp-content\/uploads\/sites\/2\/2026\/04\/IMG_7042-1024x769.jpg 1024w, https:\/\/calidad.unap.cl\/acreditacion2027\/wp-content\/uploads\/sites\/2\/2026\/04\/IMG_7042-768x577.jpg 768w, https:\/\/calidad.unap.cl\/acreditacion2027\/wp-content\/uploads\/sites\/2\/2026\/04\/IMG_7042-1536x1154.jpg 1536w\" sizes=\"(max-width: 2048px) 100vw, 2048px\" \/>\t\t\t\t\t<\/div>\n\t\t\t\t\t<div class=\"cbp-caption-activeWrap\">\n\t\t\t\t\t\t<div class=\"cbp-l-caption-alignCenter\" data-xpro-lightbox data-src=\"https:\/\/calidad.unap.cl\/acreditacion2027\/wp-content\/uploads\/sites\/2\/2026\/04\/IMG_7042.jpg\">\n\t\t\t\t\t\t\t<!-- Overlay -->\n\t\t\t\t\t\t\t<div class=\"cbp-l-caption-body\">\n\t\t\t\t\t\t\t\t\n\t\t\t\t\t\t\t\t\t\t\t\t\t\t\t\t\t<!-- Content -->\n\t\t\t\t\t\t\t\t\t<div class=\"xpro-overlay-content\">\n\t\t\t\t\t\t\t\t\t\t\t\t\t\t\t\t\t\t\t\t\t<h4 class=\"xpro-title\"> visita de la encargada de Calidad de la Sede Victoria, Srta. Patricia Soto<\/h4>\n\t\t\t\t\t\t\t\t\t\t\t\t\t\t\t\t\t\t\t\t\t\t\t\t\t\t\t\t\t<\/div>\n\t\t\t\t\t\t\t\t\t\t\t\t\t\t\t<\/div>\n\t\t\t\t\t\t<\/div>\n\t\t\t\t\t<\/div>\n\t\t\t\t<\/div>\n\t\t\t<\/div>\n\n\t\t\n\t\t\t<!--Item-->\n\t\t\t<div class=\"cbp-item xpro-elementor-gallery-item mar\">\n\t\t\t\t<div class=\"cbp-caption\">\n\t\t\t\t\t<div class=\"cbp-caption-defaultWrap\">\n\t\t\t\t\t\t<img loading=\"lazy\" decoding=\"async\" width=\"2048\" height=\"1638\" src=\"https:\/\/calidad.unap.cl\/acreditacion2027\/wp-content\/uploads\/sites\/2\/2026\/04\/IMG_7381.editada-png.jpg\" class=\"attachment-full size-full\" alt=\"\" srcset=\"https:\/\/calidad.unap.cl\/acreditacion2027\/wp-content\/uploads\/sites\/2\/2026\/04\/IMG_7381.editada-png.jpg 2048w, https:\/\/calidad.unap.cl\/acreditacion2027\/wp-content\/uploads\/sites\/2\/2026\/04\/IMG_7381.editada-png-300x240.jpg 300w, https:\/\/calidad.unap.cl\/acreditacion2027\/wp-content\/uploads\/sites\/2\/2026\/04\/IMG_7381.editada-png-1024x819.jpg 1024w, https:\/\/calidad.unap.cl\/acreditacion2027\/wp-content\/uploads\/sites\/2\/2026\/04\/IMG_7381.editada-png-768x614.jpg 768w, https:\/\/calidad.unap.cl\/acreditacion2027\/wp-content\/uploads\/sites\/2\/2026\/04\/IMG_7381.editada-png-1536x1229.jpg 1536w\" sizes=\"(max-width: 2048px) 100vw, 2048px\" \/>\t\t\t\t\t<\/div>\n\t\t\t\t\t<div class=\"cbp-caption-activeWrap\">\n\t\t\t\t\t\t<div class=\"cbp-l-caption-alignCenter\" data-xpro-lightbox data-src=\"https:\/\/calidad.unap.cl\/acreditacion2027\/wp-content\/uploads\/sites\/2\/2026\/04\/IMG_7381.editada-png.jpg\">\n\t\t\t\t\t\t\t<!-- Overlay -->\n\t\t\t\t\t\t\t<div class=\"cbp-l-caption-body\">\n\t\t\t\t\t\t\t\t\n\t\t\t\t\t\t\t\t\t\t\t\t\t\t\t\t\t<!-- Content -->\n\t\t\t\t\t\t\t\t\t<div class=\"xpro-overlay-content\">\n\t\t\t\t\t\t\t\t\t\t\t\t\t\t\t\t\t\t\t\t\t<h4 class=\"xpro-title\"> visita de la encargada de Calidad de la Sede Victoria, Srta. Patricia Soto<\/h4>\n\t\t\t\t\t\t\t\t\t\t\t\t\t\t\t\t\t\t\t\t\t\t\t\t\t\t\t\t\t<\/div>\n\t\t\t\t\t\t\t\t\t\t\t\t\t\t\t<\/div>\n\t\t\t\t\t\t<\/div>\n\t\t\t\t\t<\/div>\n\t\t\t\t<\/div>\n\t\t\t<\/div>\n\n\t\t\n\t\t\t<!--Item-->\n\t\t\t<div class=\"cbp-item xpro-elementor-gallery-item mar\">\n\t\t\t\t<div class=\"cbp-caption\">\n\t\t\t\t\t<div class=\"cbp-caption-defaultWrap\">\n\t\t\t\t\t\t<img loading=\"lazy\" decoding=\"async\" width=\"2560\" height=\"1922\" src=\"https:\/\/calidad.unap.cl\/acreditacion2027\/wp-content\/uploads\/sites\/2\/2026\/04\/IMG_7375-scaled.jpg\" class=\"attachment-full size-full\" alt=\"\" srcset=\"https:\/\/calidad.unap.cl\/acreditacion2027\/wp-content\/uploads\/sites\/2\/2026\/04\/IMG_7375-scaled.jpg 2560w, https:\/\/calidad.unap.cl\/acreditacion2027\/wp-content\/uploads\/sites\/2\/2026\/04\/IMG_7375-300x225.jpg 300w, https:\/\/calidad.unap.cl\/acreditacion2027\/wp-content\/uploads\/sites\/2\/2026\/04\/IMG_7375-1024x769.jpg 1024w, https:\/\/calidad.unap.cl\/acreditacion2027\/wp-content\/uploads\/sites\/2\/2026\/04\/IMG_7375-768x577.jpg 768w, https:\/\/calidad.unap.cl\/acreditacion2027\/wp-content\/uploads\/sites\/2\/2026\/04\/IMG_7375-1536x1153.jpg 1536w, https:\/\/calidad.unap.cl\/acreditacion2027\/wp-content\/uploads\/sites\/2\/2026\/04\/IMG_7375-2048x1538.jpg 2048w\" sizes=\"(max-width: 2560px) 100vw, 2560px\" \/>\t\t\t\t\t<\/div>\n\t\t\t\t\t<div class=\"cbp-caption-activeWrap\">\n\t\t\t\t\t\t<div class=\"cbp-l-caption-alignCenter\" data-xpro-lightbox data-src=\"https:\/\/calidad.unap.cl\/acreditacion2027\/wp-content\/uploads\/sites\/2\/2026\/04\/IMG_7375-scaled.jpg\">\n\t\t\t\t\t\t\t<!-- Overlay -->\n\t\t\t\t\t\t\t<div class=\"cbp-l-caption-body\">\n\t\t\t\t\t\t\t\t\n\t\t\t\t\t\t\t\t\t\t\t\t\t\t\t\t\t<!-- Content -->\n\t\t\t\t\t\t\t\t\t<div class=\"xpro-overlay-content\">\n\t\t\t\t\t\t\t\t\t\t\t\t\t\t\t\t\t\t\t\t\t<h4 class=\"xpro-title\">CDV Arica desarroll\u00f3 jornada de calidad<\/h4>\n\t\t\t\t\t\t\t\t\t\t\t\t\t\t\t\t\t\t\t\t\t\t\t\t\t\t\t\t\t<\/div>\n\t\t\t\t\t\t\t\t\t\t\t\t\t\t\t<\/div>\n\t\t\t\t\t\t<\/div>\n\t\t\t\t\t<\/div>\n\t\t\t\t<\/div>\n\t\t\t<\/div>\n\n\t\t\n\t\t\t<!--Item-->\n\t\t\t<div class=\"cbp-item xpro-elementor-gallery-item mar\">\n\t\t\t\t<div class=\"cbp-caption\">\n\t\t\t\t\t<div class=\"cbp-caption-defaultWrap\">\n\t\t\t\t\t\t<img loading=\"lazy\" decoding=\"async\" width=\"2560\" height=\"1922\" src=\"https:\/\/calidad.unap.cl\/acreditacion2027\/wp-content\/uploads\/sites\/2\/2026\/04\/IMG_7382-scaled.jpg\" class=\"attachment-full size-full\" alt=\"\" srcset=\"https:\/\/calidad.unap.cl\/acreditacion2027\/wp-content\/uploads\/sites\/2\/2026\/04\/IMG_7382-scaled.jpg 2560w, https:\/\/calidad.unap.cl\/acreditacion2027\/wp-content\/uploads\/sites\/2\/2026\/04\/IMG_7382-300x225.jpg 300w, https:\/\/calidad.unap.cl\/acreditacion2027\/wp-content\/uploads\/sites\/2\/2026\/04\/IMG_7382-1024x769.jpg 1024w, https:\/\/calidad.unap.cl\/acreditacion2027\/wp-content\/uploads\/sites\/2\/2026\/04\/IMG_7382-768x577.jpg 768w, https:\/\/calidad.unap.cl\/acreditacion2027\/wp-content\/uploads\/sites\/2\/2026\/04\/IMG_7382-1536x1153.jpg 1536w, https:\/\/calidad.unap.cl\/acreditacion2027\/wp-content\/uploads\/sites\/2\/2026\/04\/IMG_7382-2048x1538.jpg 2048w\" sizes=\"(max-width: 2560px) 100vw, 2560px\" \/>\t\t\t\t\t<\/div>\n\t\t\t\t\t<div class=\"cbp-caption-activeWrap\">\n\t\t\t\t\t\t<div class=\"cbp-l-caption-alignCenter\" data-xpro-lightbox data-src=\"https:\/\/calidad.unap.cl\/acreditacion2027\/wp-content\/uploads\/sites\/2\/2026\/04\/IMG_7382-scaled.jpg\">\n\t\t\t\t\t\t\t<!-- Overlay -->\n\t\t\t\t\t\t\t<div class=\"cbp-l-caption-body\">\n\t\t\t\t\t\t\t\t\n\t\t\t\t\t\t\t\t\t\t\t\t\t\t\t\t\t<!-- Content -->\n\t\t\t\t\t\t\t\t\t<div class=\"xpro-overlay-content\">\n\t\t\t\t\t\t\t\t\t\t\t\t\t\t\t\t\t\t\t\t\t<h4 class=\"xpro-title\">CDV Arica desarroll\u00f3 jornada de calidad<\/h4>\n\t\t\t\t\t\t\t\t\t\t\t\t\t\t\t\t\t\t\t\t\t\t\t\t\t\t\t\t\t<\/div>\n\t\t\t\t\t\t\t\t\t\t\t\t\t\t\t<\/div>\n\t\t\t\t\t\t<\/div>\n\t\t\t\t\t<\/div>\n\t\t\t\t<\/div>\n\t\t\t<\/div>\n\n\t\t\n\t\t\t<!--Item-->\n\t\t\t<div class=\"cbp-item xpro-elementor-gallery-item mar\">\n\t\t\t\t<div class=\"cbp-caption\">\n\t\t\t\t\t<div class=\"cbp-caption-defaultWrap\">\n\t\t\t\t\t\t<img loading=\"lazy\" decoding=\"async\" width=\"2048\" height=\"1638\" src=\"https:\/\/calidad.unap.cl\/acreditacion2027\/wp-content\/uploads\/sites\/2\/2026\/04\/IMG_7468.jpg\" class=\"attachment-full size-full\" alt=\"\" srcset=\"https:\/\/calidad.unap.cl\/acreditacion2027\/wp-content\/uploads\/sites\/2\/2026\/04\/IMG_7468.jpg 2048w, https:\/\/calidad.unap.cl\/acreditacion2027\/wp-content\/uploads\/sites\/2\/2026\/04\/IMG_7468-300x240.jpg 300w, https:\/\/calidad.unap.cl\/acreditacion2027\/wp-content\/uploads\/sites\/2\/2026\/04\/IMG_7468-1024x819.jpg 1024w, https:\/\/calidad.unap.cl\/acreditacion2027\/wp-content\/uploads\/sites\/2\/2026\/04\/IMG_7468-768x614.jpg 768w, https:\/\/calidad.unap.cl\/acreditacion2027\/wp-content\/uploads\/sites\/2\/2026\/04\/IMG_7468-1536x1229.jpg 1536w\" sizes=\"(max-width: 2048px) 100vw, 2048px\" \/>\t\t\t\t\t<\/div>\n\t\t\t\t\t<div class=\"cbp-caption-activeWrap\">\n\t\t\t\t\t\t<div class=\"cbp-l-caption-alignCenter\" data-xpro-lightbox data-src=\"https:\/\/calidad.unap.cl\/acreditacion2027\/wp-content\/uploads\/sites\/2\/2026\/04\/IMG_7468.jpg\">\n\t\t\t\t\t\t\t<!-- Overlay -->\n\t\t\t\t\t\t\t<div class=\"cbp-l-caption-body\">\n\t\t\t\t\t\t\t\t\n\t\t\t\t\t\t\t\t\t\t\t\t\t\t\t\t\t<!-- Content -->\n\t\t\t\t\t\t\t\t\t<div class=\"xpro-overlay-content\">\n\t\t\t\t\t\t\t\t\t\t\t\t\t\t\t\t\t\t\t\t\t<h4 class=\"xpro-title\">Facultad de Ciencias Humanas<\/h4>\n\t\t\t\t\t\t\t\t\t\t\t\t\t\t\t\t\t\t\t\t\t\t\t\t\t\t\t\t\t<\/div>\n\t\t\t\t\t\t\t\t\t\t\t\t\t\t\t<\/div>\n\t\t\t\t\t\t<\/div>\n\t\t\t\t\t<\/div>\n\t\t\t\t<\/div>\n\t\t\t<\/div>\n\n\t\t\n\t\t\t<!--Item-->\n\t\t\t<div class=\"cbp-item xpro-elementor-gallery-item mar\">\n\t\t\t\t<div class=\"cbp-caption\">\n\t\t\t\t\t<div class=\"cbp-caption-defaultWrap\">\n\t\t\t\t\t\t<img loading=\"lazy\" decoding=\"async\" width=\"2048\" height=\"1638\" src=\"https:\/\/calidad.unap.cl\/acreditacion2027\/wp-content\/uploads\/sites\/2\/2026\/04\/IMG_7403-1.jpg\" class=\"attachment-full size-full\" alt=\"\" srcset=\"https:\/\/calidad.unap.cl\/acreditacion2027\/wp-content\/uploads\/sites\/2\/2026\/04\/IMG_7403-1.jpg 2048w, https:\/\/calidad.unap.cl\/acreditacion2027\/wp-content\/uploads\/sites\/2\/2026\/04\/IMG_7403-1-300x240.jpg 300w, https:\/\/calidad.unap.cl\/acreditacion2027\/wp-content\/uploads\/sites\/2\/2026\/04\/IMG_7403-1-1024x819.jpg 1024w, https:\/\/calidad.unap.cl\/acreditacion2027\/wp-content\/uploads\/sites\/2\/2026\/04\/IMG_7403-1-768x614.jpg 768w, https:\/\/calidad.unap.cl\/acreditacion2027\/wp-content\/uploads\/sites\/2\/2026\/04\/IMG_7403-1-1536x1229.jpg 1536w\" sizes=\"(max-width: 2048px) 100vw, 2048px\" \/>\t\t\t\t\t<\/div>\n\t\t\t\t\t<div class=\"cbp-caption-activeWrap\">\n\t\t\t\t\t\t<div class=\"cbp-l-caption-alignCenter\" data-xpro-lightbox data-src=\"https:\/\/calidad.unap.cl\/acreditacion2027\/wp-content\/uploads\/sites\/2\/2026\/04\/IMG_7403-1.jpg\">\n\t\t\t\t\t\t\t<!-- Overlay -->\n\t\t\t\t\t\t\t<div class=\"cbp-l-caption-body\">\n\t\t\t\t\t\t\t\t\n\t\t\t\t\t\t\t\t\t\t\t\t\t\t\t\t\t<!-- Content -->\n\t\t\t\t\t\t\t\t\t<div class=\"xpro-overlay-content\">\n\t\t\t\t\t\t\t\t\t\t\t\t\t\t\t\t\t\t\t\t\t<h4 class=\"xpro-title\">Facultad de Ciencias Humanas<\/h4>\n\t\t\t\t\t\t\t\t\t\t\t\t\t\t\t\t\t\t\t\t\t\t\t\t\t\t\t\t\t<\/div>\n\t\t\t\t\t\t\t\t\t\t\t\t\t\t\t<\/div>\n\t\t\t\t\t\t<\/div>\n\t\t\t\t\t<\/div>\n\t\t\t\t<\/div>\n\t\t\t<\/div>\n\n\t\t\n\t\t\t<!--Item-->\n\t\t\t<div class=\"cbp-item xpro-elementor-gallery-item mar\">\n\t\t\t\t<div class=\"cbp-caption\">\n\t\t\t\t\t<div class=\"cbp-caption-defaultWrap\">\n\t\t\t\t\t\t<img loading=\"lazy\" decoding=\"async\" width=\"2048\" height=\"1638\" src=\"https:\/\/calidad.unap.cl\/acreditacion2027\/wp-content\/uploads\/sites\/2\/2026\/04\/IMG_7426-1.jpg\" class=\"attachment-full size-full\" alt=\"\" srcset=\"https:\/\/calidad.unap.cl\/acreditacion2027\/wp-content\/uploads\/sites\/2\/2026\/04\/IMG_7426-1.jpg 2048w, https:\/\/calidad.unap.cl\/acreditacion2027\/wp-content\/uploads\/sites\/2\/2026\/04\/IMG_7426-1-300x240.jpg 300w, https:\/\/calidad.unap.cl\/acreditacion2027\/wp-content\/uploads\/sites\/2\/2026\/04\/IMG_7426-1-1024x819.jpg 1024w, https:\/\/calidad.unap.cl\/acreditacion2027\/wp-content\/uploads\/sites\/2\/2026\/04\/IMG_7426-1-768x614.jpg 768w, https:\/\/calidad.unap.cl\/acreditacion2027\/wp-content\/uploads\/sites\/2\/2026\/04\/IMG_7426-1-1536x1229.jpg 1536w\" sizes=\"(max-width: 2048px) 100vw, 2048px\" \/>\t\t\t\t\t<\/div>\n\t\t\t\t\t<div class=\"cbp-caption-activeWrap\">\n\t\t\t\t\t\t<div class=\"cbp-l-caption-alignCenter\" data-xpro-lightbox data-src=\"https:\/\/calidad.unap.cl\/acreditacion2027\/wp-content\/uploads\/sites\/2\/2026\/04\/IMG_7426-1.jpg\">\n\t\t\t\t\t\t\t<!-- Overlay -->\n\t\t\t\t\t\t\t<div class=\"cbp-l-caption-body\">\n\t\t\t\t\t\t\t\t\n\t\t\t\t\t\t\t\t\t\t\t\t\t\t\t\t\t<!-- Content -->\n\t\t\t\t\t\t\t\t\t<div class=\"xpro-overlay-content\">\n\t\t\t\t\t\t\t\t\t\t\t\t\t\t\t\t\t\t\t\t\t<h4 class=\"xpro-title\">Facultad de Ciencias Humanas<\/h4>\n\t\t\t\t\t\t\t\t\t\t\t\t\t\t\t\t\t\t\t\t\t\t\t\t\t\t\t\t\t<\/div>\n\t\t\t\t\t\t\t\t\t\t\t\t\t\t\t<\/div>\n\t\t\t\t\t\t<\/div>\n\t\t\t\t\t<\/div>\n\t\t\t\t<\/div>\n\t\t\t<\/div>\n\n\t\t\n\t\t\t<!--Item-->\n\t\t\t<div class=\"cbp-item xpro-elementor-gallery-item mar\">\n\t\t\t\t<div class=\"cbp-caption\">\n\t\t\t\t\t<div class=\"cbp-caption-defaultWrap\">\n\t\t\t\t\t\t<img loading=\"lazy\" decoding=\"async\" width=\"2048\" height=\"1638\" src=\"https:\/\/calidad.unap.cl\/acreditacion2027\/wp-content\/uploads\/sites\/2\/2026\/04\/IMG_7434-1.jpg\" class=\"attachment-full size-full\" alt=\"\" srcset=\"https:\/\/calidad.unap.cl\/acreditacion2027\/wp-content\/uploads\/sites\/2\/2026\/04\/IMG_7434-1.jpg 2048w, https:\/\/calidad.unap.cl\/acreditacion2027\/wp-content\/uploads\/sites\/2\/2026\/04\/IMG_7434-1-300x240.jpg 300w, https:\/\/calidad.unap.cl\/acreditacion2027\/wp-content\/uploads\/sites\/2\/2026\/04\/IMG_7434-1-1024x819.jpg 1024w, https:\/\/calidad.unap.cl\/acreditacion2027\/wp-content\/uploads\/sites\/2\/2026\/04\/IMG_7434-1-768x614.jpg 768w, https:\/\/calidad.unap.cl\/acreditacion2027\/wp-content\/uploads\/sites\/2\/2026\/04\/IMG_7434-1-1536x1229.jpg 1536w\" sizes=\"(max-width: 2048px) 100vw, 2048px\" \/>\t\t\t\t\t<\/div>\n\t\t\t\t\t<div class=\"cbp-caption-activeWrap\">\n\t\t\t\t\t\t<div class=\"cbp-l-caption-alignCenter\" data-xpro-lightbox data-src=\"https:\/\/calidad.unap.cl\/acreditacion2027\/wp-content\/uploads\/sites\/2\/2026\/04\/IMG_7434-1.jpg\">\n\t\t\t\t\t\t\t<!-- Overlay -->\n\t\t\t\t\t\t\t<div class=\"cbp-l-caption-body\">\n\t\t\t\t\t\t\t\t\n\t\t\t\t\t\t\t\t\t\t\t\t\t\t\t\t\t<!-- Content -->\n\t\t\t\t\t\t\t\t\t<div class=\"xpro-overlay-content\">\n\t\t\t\t\t\t\t\t\t\t\t\t\t\t\t\t\t\t\t\t\t<h4 class=\"xpro-title\">Facultad de Ciencias Humanas<\/h4>\n\t\t\t\t\t\t\t\t\t\t\t\t\t\t\t\t\t\t\t\t\t\t\t\t\t\t\t\t\t<\/div>\n\t\t\t\t\t\t\t\t\t\t\t\t\t\t\t<\/div>\n\t\t\t\t\t\t<\/div>\n\t\t\t\t\t<\/div>\n\t\t\t\t<\/div>\n\t\t\t<\/div>\n\n\t\t\n\t\t\t<!--Item-->\n\t\t\t<div class=\"cbp-item xpro-elementor-gallery-item mar\">\n\t\t\t\t<div class=\"cbp-caption\">\n\t\t\t\t\t<div class=\"cbp-caption-defaultWrap\">\n\t\t\t\t\t\t<img loading=\"lazy\" decoding=\"async\" width=\"2048\" height=\"1638\" src=\"https:\/\/calidad.unap.cl\/acreditacion2027\/wp-content\/uploads\/sites\/2\/2026\/04\/IMG_7450-1.jpg\" class=\"attachment-full size-full\" alt=\"\" srcset=\"https:\/\/calidad.unap.cl\/acreditacion2027\/wp-content\/uploads\/sites\/2\/2026\/04\/IMG_7450-1.jpg 2048w, https:\/\/calidad.unap.cl\/acreditacion2027\/wp-content\/uploads\/sites\/2\/2026\/04\/IMG_7450-1-300x240.jpg 300w, https:\/\/calidad.unap.cl\/acreditacion2027\/wp-content\/uploads\/sites\/2\/2026\/04\/IMG_7450-1-1024x819.jpg 1024w, https:\/\/calidad.unap.cl\/acreditacion2027\/wp-content\/uploads\/sites\/2\/2026\/04\/IMG_7450-1-768x614.jpg 768w, https:\/\/calidad.unap.cl\/acreditacion2027\/wp-content\/uploads\/sites\/2\/2026\/04\/IMG_7450-1-1536x1229.jpg 1536w\" sizes=\"(max-width: 2048px) 100vw, 2048px\" \/>\t\t\t\t\t<\/div>\n\t\t\t\t\t<div class=\"cbp-caption-activeWrap\">\n\t\t\t\t\t\t<div class=\"cbp-l-caption-alignCenter\" data-xpro-lightbox data-src=\"https:\/\/calidad.unap.cl\/acreditacion2027\/wp-content\/uploads\/sites\/2\/2026\/04\/IMG_7450-1.jpg\">\n\t\t\t\t\t\t\t<!-- Overlay -->\n\t\t\t\t\t\t\t<div class=\"cbp-l-caption-body\">\n\t\t\t\t\t\t\t\t\n\t\t\t\t\t\t\t\t\t\t\t\t\t\t\t\t\t<!-- Content -->\n\t\t\t\t\t\t\t\t\t<div class=\"xpro-overlay-content\">\n\t\t\t\t\t\t\t\t\t\t\t\t\t\t\t\t\t\t\t\t\t<h4 class=\"xpro-title\">Facultad de Ciencias Humanas<\/h4>\n\t\t\t\t\t\t\t\t\t\t\t\t\t\t\t\t\t\t\t\t\t\t\t\t\t\t\t\t\t<\/div>\n\t\t\t\t\t\t\t\t\t\t\t\t\t\t\t<\/div>\n\t\t\t\t\t\t<\/div>\n\t\t\t\t\t<\/div>\n\t\t\t\t<\/div>\n\t\t\t<\/div>\n\n\t\t\n\t\t\t<!--Item-->\n\t\t\t<div class=\"cbp-item xpro-elementor-gallery-item mar\">\n\t\t\t\t<div class=\"cbp-caption\">\n\t\t\t\t\t<div class=\"cbp-caption-defaultWrap\">\n\t\t\t\t\t\t<img loading=\"lazy\" decoding=\"async\" width=\"2048\" height=\"1638\" src=\"https:\/\/calidad.unap.cl\/acreditacion2027\/wp-content\/uploads\/sites\/2\/2026\/04\/IMG_7468-1.jpg\" class=\"attachment-full size-full\" alt=\"\" srcset=\"https:\/\/calidad.unap.cl\/acreditacion2027\/wp-content\/uploads\/sites\/2\/2026\/04\/IMG_7468-1.jpg 2048w, https:\/\/calidad.unap.cl\/acreditacion2027\/wp-content\/uploads\/sites\/2\/2026\/04\/IMG_7468-1-300x240.jpg 300w, https:\/\/calidad.unap.cl\/acreditacion2027\/wp-content\/uploads\/sites\/2\/2026\/04\/IMG_7468-1-1024x819.jpg 1024w, https:\/\/calidad.unap.cl\/acreditacion2027\/wp-content\/uploads\/sites\/2\/2026\/04\/IMG_7468-1-768x614.jpg 768w, https:\/\/calidad.unap.cl\/acreditacion2027\/wp-content\/uploads\/sites\/2\/2026\/04\/IMG_7468-1-1536x1229.jpg 1536w\" sizes=\"(max-width: 2048px) 100vw, 2048px\" \/>\t\t\t\t\t<\/div>\n\t\t\t\t\t<div class=\"cbp-caption-activeWrap\">\n\t\t\t\t\t\t<div class=\"cbp-l-caption-alignCenter\" data-xpro-lightbox data-src=\"https:\/\/calidad.unap.cl\/acreditacion2027\/wp-content\/uploads\/sites\/2\/2026\/04\/IMG_7468-1.jpg\">\n\t\t\t\t\t\t\t<!-- Overlay -->\n\t\t\t\t\t\t\t<div class=\"cbp-l-caption-body\">\n\t\t\t\t\t\t\t\t\n\t\t\t\t\t\t\t\t\t\t\t\t\t\t\t\t\t<!-- Content -->\n\t\t\t\t\t\t\t\t\t<div class=\"xpro-overlay-content\">\n\t\t\t\t\t\t\t\t\t\t\t\t\t\t\t\t\t\t\t\t\t<h4 class=\"xpro-title\">Facultad de Ciencias Humanas<\/h4>\n\t\t\t\t\t\t\t\t\t\t\t\t\t\t\t\t\t\t\t\t\t\t\t\t\t\t\t\t\t<\/div>\n\t\t\t\t\t\t\t\t\t\t\t\t\t\t\t<\/div>\n\t\t\t\t\t\t<\/div>\n\t\t\t\t\t<\/div>\n\t\t\t\t<\/div>\n\t\t\t<\/div>\n\n\t\t\n\t\t\t<!--Item-->\n\t\t\t<div class=\"cbp-item xpro-elementor-gallery-item mar\">\n\t\t\t\t<div class=\"cbp-caption\">\n\t\t\t\t\t<div class=\"cbp-caption-defaultWrap\">\n\t\t\t\t\t\t<img loading=\"lazy\" decoding=\"async\" width=\"2048\" height=\"1638\" src=\"https:\/\/calidad.unap.cl\/acreditacion2027\/wp-content\/uploads\/sites\/2\/2026\/04\/IMG_7478.jpg\" class=\"attachment-full size-full\" alt=\"\" srcset=\"https:\/\/calidad.unap.cl\/acreditacion2027\/wp-content\/uploads\/sites\/2\/2026\/04\/IMG_7478.jpg 2048w, https:\/\/calidad.unap.cl\/acreditacion2027\/wp-content\/uploads\/sites\/2\/2026\/04\/IMG_7478-300x240.jpg 300w, https:\/\/calidad.unap.cl\/acreditacion2027\/wp-content\/uploads\/sites\/2\/2026\/04\/IMG_7478-1024x819.jpg 1024w, https:\/\/calidad.unap.cl\/acreditacion2027\/wp-content\/uploads\/sites\/2\/2026\/04\/IMG_7478-768x614.jpg 768w, https:\/\/calidad.unap.cl\/acreditacion2027\/wp-content\/uploads\/sites\/2\/2026\/04\/IMG_7478-1536x1229.jpg 1536w\" sizes=\"(max-width: 2048px) 100vw, 2048px\" \/>\t\t\t\t\t<\/div>\n\t\t\t\t\t<div class=\"cbp-caption-activeWrap\">\n\t\t\t\t\t\t<div class=\"cbp-l-caption-alignCenter\" data-xpro-lightbox data-src=\"https:\/\/calidad.unap.cl\/acreditacion2027\/wp-content\/uploads\/sites\/2\/2026\/04\/IMG_7478.jpg\">\n\t\t\t\t\t\t\t<!-- Overlay -->\n\t\t\t\t\t\t\t<div class=\"cbp-l-caption-body\">\n\t\t\t\t\t\t\t\t\n\t\t\t\t\t\t\t\t\t\t\t\t\t\t\t\t\t<!-- Content -->\n\t\t\t\t\t\t\t\t\t<div class=\"xpro-overlay-content\">\n\t\t\t\t\t\t\t\t\t\t\t\t\t\t\t\t\t\t\t\t\t<h4 class=\"xpro-title\">Facultad de Ciencias de la Salud<\/h4>\n\t\t\t\t\t\t\t\t\t\t\t\t\t\t\t\t\t\t\t\t\t\t\t\t\t\t\t\t\t<\/div>\n\t\t\t\t\t\t\t\t\t\t\t\t\t\t\t<\/div>\n\t\t\t\t\t\t<\/div>\n\t\t\t\t\t<\/div>\n\t\t\t\t<\/div>\n\t\t\t<\/div>\n\n\t\t\n\t\t\t<!--Item-->\n\t\t\t<div class=\"cbp-item xpro-elementor-gallery-item mar\">\n\t\t\t\t<div class=\"cbp-caption\">\n\t\t\t\t\t<div class=\"cbp-caption-defaultWrap\">\n\t\t\t\t\t\t<img loading=\"lazy\" decoding=\"async\" width=\"2048\" height=\"1538\" src=\"https:\/\/calidad.unap.cl\/acreditacion2027\/wp-content\/uploads\/sites\/2\/2026\/04\/IMG_7480.jpg\" class=\"attachment-full size-full\" alt=\"\" srcset=\"https:\/\/calidad.unap.cl\/acreditacion2027\/wp-content\/uploads\/sites\/2\/2026\/04\/IMG_7480.jpg 2048w, https:\/\/calidad.unap.cl\/acreditacion2027\/wp-content\/uploads\/sites\/2\/2026\/04\/IMG_7480-300x225.jpg 300w, https:\/\/calidad.unap.cl\/acreditacion2027\/wp-content\/uploads\/sites\/2\/2026\/04\/IMG_7480-1024x769.jpg 1024w, https:\/\/calidad.unap.cl\/acreditacion2027\/wp-content\/uploads\/sites\/2\/2026\/04\/IMG_7480-768x577.jpg 768w, https:\/\/calidad.unap.cl\/acreditacion2027\/wp-content\/uploads\/sites\/2\/2026\/04\/IMG_7480-1536x1154.jpg 1536w\" sizes=\"(max-width: 2048px) 100vw, 2048px\" \/>\t\t\t\t\t<\/div>\n\t\t\t\t\t<div class=\"cbp-caption-activeWrap\">\n\t\t\t\t\t\t<div class=\"cbp-l-caption-alignCenter\" data-xpro-lightbox data-src=\"https:\/\/calidad.unap.cl\/acreditacion2027\/wp-content\/uploads\/sites\/2\/2026\/04\/IMG_7480.jpg\">\n\t\t\t\t\t\t\t<!-- Overlay -->\n\t\t\t\t\t\t\t<div class=\"cbp-l-caption-body\">\n\t\t\t\t\t\t\t\t\n\t\t\t\t\t\t\t\t\t\t\t\t\t\t\t\t\t<!-- Content -->\n\t\t\t\t\t\t\t\t\t<div class=\"xpro-overlay-content\">\n\t\t\t\t\t\t\t\t\t\t\t\t\t\t\t\t\t\t\t\t\t<h4 class=\"xpro-title\">Facultad de Ciencias de la Salud<\/h4>\n\t\t\t\t\t\t\t\t\t\t\t\t\t\t\t\t\t\t\t\t\t\t\t\t\t\t\t\t\t<\/div>\n\t\t\t\t\t\t\t\t\t\t\t\t\t\t\t<\/div>\n\t\t\t\t\t\t<\/div>\n\t\t\t\t\t<\/div>\n\t\t\t\t<\/div>\n\t\t\t<\/div>\n\n\t\t\n\t\t\t<!--Item-->\n\t\t\t<div class=\"cbp-item xpro-elementor-gallery-item mar\">\n\t\t\t\t<div class=\"cbp-caption\">\n\t\t\t\t\t<div class=\"cbp-caption-defaultWrap\">\n\t\t\t\t\t\t<img loading=\"lazy\" decoding=\"async\" width=\"2048\" height=\"1638\" src=\"https:\/\/calidad.unap.cl\/acreditacion2027\/wp-content\/uploads\/sites\/2\/2026\/04\/IMG_7485.jpg\" class=\"attachment-full size-full\" alt=\"\" srcset=\"https:\/\/calidad.unap.cl\/acreditacion2027\/wp-content\/uploads\/sites\/2\/2026\/04\/IMG_7485.jpg 2048w, https:\/\/calidad.unap.cl\/acreditacion2027\/wp-content\/uploads\/sites\/2\/2026\/04\/IMG_7485-300x240.jpg 300w, https:\/\/calidad.unap.cl\/acreditacion2027\/wp-content\/uploads\/sites\/2\/2026\/04\/IMG_7485-1024x819.jpg 1024w, https:\/\/calidad.unap.cl\/acreditacion2027\/wp-content\/uploads\/sites\/2\/2026\/04\/IMG_7485-768x614.jpg 768w, https:\/\/calidad.unap.cl\/acreditacion2027\/wp-content\/uploads\/sites\/2\/2026\/04\/IMG_7485-1536x1229.jpg 1536w\" sizes=\"(max-width: 2048px) 100vw, 2048px\" \/>\t\t\t\t\t<\/div>\n\t\t\t\t\t<div class=\"cbp-caption-activeWrap\">\n\t\t\t\t\t\t<div class=\"cbp-l-caption-alignCenter\" data-xpro-lightbox data-src=\"https:\/\/calidad.unap.cl\/acreditacion2027\/wp-content\/uploads\/sites\/2\/2026\/04\/IMG_7485.jpg\">\n\t\t\t\t\t\t\t<!-- Overlay -->\n\t\t\t\t\t\t\t<div class=\"cbp-l-caption-body\">\n\t\t\t\t\t\t\t\t\n\t\t\t\t\t\t\t\t\t\t\t\t\t\t\t\t\t<!-- Content -->\n\t\t\t\t\t\t\t\t\t<div class=\"xpro-overlay-content\">\n\t\t\t\t\t\t\t\t\t\t\t\t\t\t\t\t\t\t\t\t\t<h4 class=\"xpro-title\">Facultad de Ciencias de la Salud<\/h4>\n\t\t\t\t\t\t\t\t\t\t\t\t\t\t\t\t\t\t\t\t\t\t\t\t\t\t\t\t\t<\/div>\n\t\t\t\t\t\t\t\t\t\t\t\t\t\t\t<\/div>\n\t\t\t\t\t\t<\/div>\n\t\t\t\t\t<\/div>\n\t\t\t\t<\/div>\n\t\t\t<\/div>\n\n\t\t\n\t\t\t<!--Item-->\n\t\t\t<div class=\"cbp-item xpro-elementor-gallery-item mar\">\n\t\t\t\t<div class=\"cbp-caption\">\n\t\t\t\t\t<div class=\"cbp-caption-defaultWrap\">\n\t\t\t\t\t\t<img loading=\"lazy\" decoding=\"async\" width=\"2048\" height=\"1638\" src=\"https:\/\/calidad.unap.cl\/acreditacion2027\/wp-content\/uploads\/sites\/2\/2026\/04\/IMG_7547-copia.jpg\" class=\"attachment-full size-full\" alt=\"\" srcset=\"https:\/\/calidad.unap.cl\/acreditacion2027\/wp-content\/uploads\/sites\/2\/2026\/04\/IMG_7547-copia.jpg 2048w, https:\/\/calidad.unap.cl\/acreditacion2027\/wp-content\/uploads\/sites\/2\/2026\/04\/IMG_7547-copia-300x240.jpg 300w, https:\/\/calidad.unap.cl\/acreditacion2027\/wp-content\/uploads\/sites\/2\/2026\/04\/IMG_7547-copia-1024x819.jpg 1024w, https:\/\/calidad.unap.cl\/acreditacion2027\/wp-content\/uploads\/sites\/2\/2026\/04\/IMG_7547-copia-768x614.jpg 768w, https:\/\/calidad.unap.cl\/acreditacion2027\/wp-content\/uploads\/sites\/2\/2026\/04\/IMG_7547-copia-1536x1229.jpg 1536w\" sizes=\"(max-width: 2048px) 100vw, 2048px\" \/>\t\t\t\t\t<\/div>\n\t\t\t\t\t<div class=\"cbp-caption-activeWrap\">\n\t\t\t\t\t\t<div class=\"cbp-l-caption-alignCenter\" data-xpro-lightbox data-src=\"https:\/\/calidad.unap.cl\/acreditacion2027\/wp-content\/uploads\/sites\/2\/2026\/04\/IMG_7547-copia.jpg\">\n\t\t\t\t\t\t\t<!-- Overlay -->\n\t\t\t\t\t\t\t<div class=\"cbp-l-caption-body\">\n\t\t\t\t\t\t\t\t\n\t\t\t\t\t\t\t\t\t\t\t\t\t\t\t\t\t<!-- Content -->\n\t\t\t\t\t\t\t\t\t<div class=\"xpro-overlay-content\">\n\t\t\t\t\t\t\t\t\t\t\t\t\t\t\t\t\t\t\t\t\t<h4 class=\"xpro-title\">marco del pr\u00f3ximo proceso de acreditaci\u00f3n del Doctorado en Estudios Transfronterizos<\/h4>\n\t\t\t\t\t\t\t\t\t\t\t\t\t\t\t\t\t\t\t\t\t\t\t\t\t\t\t\t\t<\/div>\n\t\t\t\t\t\t\t\t\t\t\t\t\t\t\t<\/div>\n\t\t\t\t\t\t<\/div>\n\t\t\t\t\t<\/div>\n\t\t\t\t<\/div>\n\t\t\t<\/div>\n\n\t\t\n\t\t\t<!--Item-->\n\t\t\t<div class=\"cbp-item xpro-elementor-gallery-item mar\">\n\t\t\t\t<div class=\"cbp-caption\">\n\t\t\t\t\t<div class=\"cbp-caption-defaultWrap\">\n\t\t\t\t\t\t<img loading=\"lazy\" decoding=\"async\" width=\"2048\" height=\"1638\" src=\"https:\/\/calidad.unap.cl\/acreditacion2027\/wp-content\/uploads\/sites\/2\/2026\/04\/IMG_7552-copia.jpg\" class=\"attachment-full size-full\" alt=\"\" srcset=\"https:\/\/calidad.unap.cl\/acreditacion2027\/wp-content\/uploads\/sites\/2\/2026\/04\/IMG_7552-copia.jpg 2048w, https:\/\/calidad.unap.cl\/acreditacion2027\/wp-content\/uploads\/sites\/2\/2026\/04\/IMG_7552-copia-300x240.jpg 300w, https:\/\/calidad.unap.cl\/acreditacion2027\/wp-content\/uploads\/sites\/2\/2026\/04\/IMG_7552-copia-1024x819.jpg 1024w, https:\/\/calidad.unap.cl\/acreditacion2027\/wp-content\/uploads\/sites\/2\/2026\/04\/IMG_7552-copia-768x614.jpg 768w, https:\/\/calidad.unap.cl\/acreditacion2027\/wp-content\/uploads\/sites\/2\/2026\/04\/IMG_7552-copia-1536x1229.jpg 1536w\" sizes=\"(max-width: 2048px) 100vw, 2048px\" \/>\t\t\t\t\t<\/div>\n\t\t\t\t\t<div class=\"cbp-caption-activeWrap\">\n\t\t\t\t\t\t<div class=\"cbp-l-caption-alignCenter\" data-xpro-lightbox data-src=\"https:\/\/calidad.unap.cl\/acreditacion2027\/wp-content\/uploads\/sites\/2\/2026\/04\/IMG_7552-copia.jpg\">\n\t\t\t\t\t\t\t<!-- Overlay -->\n\t\t\t\t\t\t\t<div class=\"cbp-l-caption-body\">\n\t\t\t\t\t\t\t\t\n\t\t\t\t\t\t\t\t\t\t\t\t\t\t\t\t\t<!-- Content -->\n\t\t\t\t\t\t\t\t\t<div class=\"xpro-overlay-content\">\n\t\t\t\t\t\t\t\t\t\t\t\t\t\t\t\t\t\t\t\t\t<h4 class=\"xpro-title\">marco del pr\u00f3ximo proceso de acreditaci\u00f3n del Doctorado en Estudios Transfronterizos<\/h4>\n\t\t\t\t\t\t\t\t\t\t\t\t\t\t\t\t\t\t\t\t\t\t\t\t\t\t\t\t\t<\/div>\n\t\t\t\t\t\t\t\t\t\t\t\t\t\t\t<\/div>\n\t\t\t\t\t\t<\/div>\n\t\t\t\t\t<\/div>\n\t\t\t\t<\/div>\n\t\t\t<\/div>\n\n\t\t\n\t\t\t<!--Item-->\n\t\t\t<div class=\"cbp-item xpro-elementor-gallery-item mar\">\n\t\t\t\t<div class=\"cbp-caption\">\n\t\t\t\t\t<div class=\"cbp-caption-defaultWrap\">\n\t\t\t\t\t\t<img loading=\"lazy\" decoding=\"async\" width=\"2048\" height=\"1638\" src=\"https:\/\/calidad.unap.cl\/acreditacion2027\/wp-content\/uploads\/sites\/2\/2026\/04\/IMG_7571.jpg\" class=\"attachment-full size-full\" alt=\"\" srcset=\"https:\/\/calidad.unap.cl\/acreditacion2027\/wp-content\/uploads\/sites\/2\/2026\/04\/IMG_7571.jpg 2048w, https:\/\/calidad.unap.cl\/acreditacion2027\/wp-content\/uploads\/sites\/2\/2026\/04\/IMG_7571-300x240.jpg 300w, https:\/\/calidad.unap.cl\/acreditacion2027\/wp-content\/uploads\/sites\/2\/2026\/04\/IMG_7571-1024x819.jpg 1024w, https:\/\/calidad.unap.cl\/acreditacion2027\/wp-content\/uploads\/sites\/2\/2026\/04\/IMG_7571-768x614.jpg 768w, https:\/\/calidad.unap.cl\/acreditacion2027\/wp-content\/uploads\/sites\/2\/2026\/04\/IMG_7571-1536x1229.jpg 1536w\" sizes=\"(max-width: 2048px) 100vw, 2048px\" \/>\t\t\t\t\t<\/div>\n\t\t\t\t\t<div class=\"cbp-caption-activeWrap\">\n\t\t\t\t\t\t<div class=\"cbp-l-caption-alignCenter\" data-xpro-lightbox data-src=\"https:\/\/calidad.unap.cl\/acreditacion2027\/wp-content\/uploads\/sites\/2\/2026\/04\/IMG_7571.jpg\">\n\t\t\t\t\t\t\t<!-- Overlay -->\n\t\t\t\t\t\t\t<div class=\"cbp-l-caption-body\">\n\t\t\t\t\t\t\t\t\n\t\t\t\t\t\t\t\t\t\t\t\t\t\t\t\t\t<!-- Content -->\n\t\t\t\t\t\t\t\t\t<div class=\"xpro-overlay-content\">\n\t\t\t\t\t\t\t\t\t\t\t\t\t\t\t\t\t\t\t\t\t<h4 class=\"xpro-title\">marco del pr\u00f3ximo proceso de acreditaci\u00f3n del Doctorado en Estudios Transfronterizos<\/h4>\n\t\t\t\t\t\t\t\t\t\t\t\t\t\t\t\t\t\t\t\t\t\t\t\t\t\t\t\t\t<\/div>\n\t\t\t\t\t\t\t\t\t\t\t\t\t\t\t<\/div>\n\t\t\t\t\t\t<\/div>\n\t\t\t\t\t<\/div>\n\t\t\t\t<\/div>\n\t\t\t<\/div>\n\n\t\t\n\t\t\t<!--Item-->\n\t\t\t<div class=\"cbp-item xpro-elementor-gallery-item mar\">\n\t\t\t\t<div class=\"cbp-caption\">\n\t\t\t\t\t<div class=\"cbp-caption-defaultWrap\">\n\t\t\t\t\t\t<img loading=\"lazy\" decoding=\"async\" width=\"2048\" height=\"1638\" src=\"https:\/\/calidad.unap.cl\/acreditacion2027\/wp-content\/uploads\/sites\/2\/2026\/04\/IMG_7593-copia.jpg\" class=\"attachment-full size-full\" alt=\"\" srcset=\"https:\/\/calidad.unap.cl\/acreditacion2027\/wp-content\/uploads\/sites\/2\/2026\/04\/IMG_7593-copia.jpg 2048w, https:\/\/calidad.unap.cl\/acreditacion2027\/wp-content\/uploads\/sites\/2\/2026\/04\/IMG_7593-copia-300x240.jpg 300w, https:\/\/calidad.unap.cl\/acreditacion2027\/wp-content\/uploads\/sites\/2\/2026\/04\/IMG_7593-copia-1024x819.jpg 1024w, https:\/\/calidad.unap.cl\/acreditacion2027\/wp-content\/uploads\/sites\/2\/2026\/04\/IMG_7593-copia-768x614.jpg 768w, https:\/\/calidad.unap.cl\/acreditacion2027\/wp-content\/uploads\/sites\/2\/2026\/04\/IMG_7593-copia-1536x1229.jpg 1536w\" sizes=\"(max-width: 2048px) 100vw, 2048px\" \/>\t\t\t\t\t<\/div>\n\t\t\t\t\t<div class=\"cbp-caption-activeWrap\">\n\t\t\t\t\t\t<div class=\"cbp-l-caption-alignCenter\" data-xpro-lightbox data-src=\"https:\/\/calidad.unap.cl\/acreditacion2027\/wp-content\/uploads\/sites\/2\/2026\/04\/IMG_7593-copia.jpg\">\n\t\t\t\t\t\t\t<!-- Overlay -->\n\t\t\t\t\t\t\t<div class=\"cbp-l-caption-body\">\n\t\t\t\t\t\t\t\t\n\t\t\t\t\t\t\t\t\t\t\t\t\t\t\t\t\t<!-- Content -->\n\t\t\t\t\t\t\t\t\t<div class=\"xpro-overlay-content\">\n\t\t\t\t\t\t\t\t\t\t\t\t\t\t\t\t\t\t\t\t\t<h4 class=\"xpro-title\">marco del pr\u00f3ximo proceso de acreditaci\u00f3n del Doctorado en Estudios Transfronterizos<\/h4>\n\t\t\t\t\t\t\t\t\t\t\t\t\t\t\t\t\t\t\t\t\t\t\t\t\t\t\t\t\t<\/div>\n\t\t\t\t\t\t\t\t\t\t\t\t\t\t\t<\/div>\n\t\t\t\t\t\t<\/div>\n\t\t\t\t\t<\/div>\n\t\t\t\t<\/div>\n\t\t\t<\/div>\n\n\t\t\n\t\t\t<!--Item-->\n\t\t\t<div class=\"cbp-item xpro-elementor-gallery-item mar\">\n\t\t\t\t<div class=\"cbp-caption\">\n\t\t\t\t\t<div class=\"cbp-caption-defaultWrap\">\n\t\t\t\t\t\t<img loading=\"lazy\" decoding=\"async\" width=\"2048\" height=\"1638\" src=\"https:\/\/calidad.unap.cl\/acreditacion2027\/wp-content\/uploads\/sites\/2\/2026\/04\/IMG_7501.jpg\" class=\"attachment-full size-full\" alt=\"\" srcset=\"https:\/\/calidad.unap.cl\/acreditacion2027\/wp-content\/uploads\/sites\/2\/2026\/04\/IMG_7501.jpg 2048w, https:\/\/calidad.unap.cl\/acreditacion2027\/wp-content\/uploads\/sites\/2\/2026\/04\/IMG_7501-300x240.jpg 300w, https:\/\/calidad.unap.cl\/acreditacion2027\/wp-content\/uploads\/sites\/2\/2026\/04\/IMG_7501-1024x819.jpg 1024w, https:\/\/calidad.unap.cl\/acreditacion2027\/wp-content\/uploads\/sites\/2\/2026\/04\/IMG_7501-768x614.jpg 768w, https:\/\/calidad.unap.cl\/acreditacion2027\/wp-content\/uploads\/sites\/2\/2026\/04\/IMG_7501-1536x1229.jpg 1536w\" sizes=\"(max-width: 2048px) 100vw, 2048px\" \/>\t\t\t\t\t<\/div>\n\t\t\t\t\t<div class=\"cbp-caption-activeWrap\">\n\t\t\t\t\t\t<div class=\"cbp-l-caption-alignCenter\" data-xpro-lightbox data-src=\"https:\/\/calidad.unap.cl\/acreditacion2027\/wp-content\/uploads\/sites\/2\/2026\/04\/IMG_7501.jpg\">\n\t\t\t\t\t\t\t<!-- Overlay -->\n\t\t\t\t\t\t\t<div class=\"cbp-l-caption-body\">\n\t\t\t\t\t\t\t\t\n\t\t\t\t\t\t\t\t\t\t\t\t\t\t\t\t\t<!-- Content -->\n\t\t\t\t\t\t\t\t\t<div class=\"xpro-overlay-content\">\n\t\t\t\t\t\t\t\t\t\t\t\t\t\t\t\t\t\t\t\t\t<h4 class=\"xpro-title\">marco del pr\u00f3ximo proceso de acreditaci\u00f3n del Doctorado en Estudios Transfronterizos<\/h4>\n\t\t\t\t\t\t\t\t\t\t\t\t\t\t\t\t\t\t\t\t\t\t\t\t\t\t\t\t\t<\/div>\n\t\t\t\t\t\t\t\t\t\t\t\t\t\t\t<\/div>\n\t\t\t\t\t\t<\/div>\n\t\t\t\t\t<\/div>\n\t\t\t\t<\/div>\n\t\t\t<\/div>\n\n\t\t\n\t\t\t<!--Item-->\n\t\t\t<div class=\"cbp-item xpro-elementor-gallery-item mar\">\n\t\t\t\t<div class=\"cbp-caption\">\n\t\t\t\t\t<div class=\"cbp-caption-defaultWrap\">\n\t\t\t\t\t\t<img loading=\"lazy\" decoding=\"async\" width=\"2048\" height=\"1638\" src=\"https:\/\/calidad.unap.cl\/acreditacion2027\/wp-content\/uploads\/sites\/2\/2026\/04\/IMG_7511.jpg\" class=\"attachment-full size-full\" alt=\"\" srcset=\"https:\/\/calidad.unap.cl\/acreditacion2027\/wp-content\/uploads\/sites\/2\/2026\/04\/IMG_7511.jpg 2048w, https:\/\/calidad.unap.cl\/acreditacion2027\/wp-content\/uploads\/sites\/2\/2026\/04\/IMG_7511-300x240.jpg 300w, https:\/\/calidad.unap.cl\/acreditacion2027\/wp-content\/uploads\/sites\/2\/2026\/04\/IMG_7511-1024x819.jpg 1024w, https:\/\/calidad.unap.cl\/acreditacion2027\/wp-content\/uploads\/sites\/2\/2026\/04\/IMG_7511-768x614.jpg 768w, https:\/\/calidad.unap.cl\/acreditacion2027\/wp-content\/uploads\/sites\/2\/2026\/04\/IMG_7511-1536x1229.jpg 1536w\" sizes=\"(max-width: 2048px) 100vw, 2048px\" \/>\t\t\t\t\t<\/div>\n\t\t\t\t\t<div class=\"cbp-caption-activeWrap\">\n\t\t\t\t\t\t<div class=\"cbp-l-caption-alignCenter\" data-xpro-lightbox data-src=\"https:\/\/calidad.unap.cl\/acreditacion2027\/wp-content\/uploads\/sites\/2\/2026\/04\/IMG_7511.jpg\">\n\t\t\t\t\t\t\t<!-- Overlay -->\n\t\t\t\t\t\t\t<div class=\"cbp-l-caption-body\">\n\t\t\t\t\t\t\t\t\n\t\t\t\t\t\t\t\t\t\t\t\t\t\t\t\t\t<!-- Content -->\n\t\t\t\t\t\t\t\t\t<div class=\"xpro-overlay-content\">\n\t\t\t\t\t\t\t\t\t\t\t\t\t\t\t\t\t\t\t\t\t<h4 class=\"xpro-title\">marco del pr\u00f3ximo proceso de acreditaci\u00f3n del Doctorado en Estudios Transfronterizos<\/h4>\n\t\t\t\t\t\t\t\t\t\t\t\t\t\t\t\t\t\t\t\t\t\t\t\t\t\t\t\t\t<\/div>\n\t\t\t\t\t\t\t\t\t\t\t\t\t\t\t<\/div>\n\t\t\t\t\t\t<\/div>\n\t\t\t\t\t<\/div>\n\t\t\t\t<\/div>\n\t\t\t<\/div>\n\n\t\t\n\t\t\t<!--Item-->\n\t\t\t<div class=\"cbp-item xpro-elementor-gallery-item mar\">\n\t\t\t\t<div class=\"cbp-caption\">\n\t\t\t\t\t<div class=\"cbp-caption-defaultWrap\">\n\t\t\t\t\t\t<img loading=\"lazy\" decoding=\"async\" width=\"2048\" height=\"1638\" src=\"https:\/\/calidad.unap.cl\/acreditacion2027\/wp-content\/uploads\/sites\/2\/2026\/04\/IMG_7600.jpg\" class=\"attachment-full size-full\" alt=\"\" srcset=\"https:\/\/calidad.unap.cl\/acreditacion2027\/wp-content\/uploads\/sites\/2\/2026\/04\/IMG_7600.jpg 2048w, https:\/\/calidad.unap.cl\/acreditacion2027\/wp-content\/uploads\/sites\/2\/2026\/04\/IMG_7600-300x240.jpg 300w, https:\/\/calidad.unap.cl\/acreditacion2027\/wp-content\/uploads\/sites\/2\/2026\/04\/IMG_7600-1024x819.jpg 1024w, https:\/\/calidad.unap.cl\/acreditacion2027\/wp-content\/uploads\/sites\/2\/2026\/04\/IMG_7600-768x614.jpg 768w, https:\/\/calidad.unap.cl\/acreditacion2027\/wp-content\/uploads\/sites\/2\/2026\/04\/IMG_7600-1536x1229.jpg 1536w\" sizes=\"(max-width: 2048px) 100vw, 2048px\" \/>\t\t\t\t\t<\/div>\n\t\t\t\t\t<div class=\"cbp-caption-activeWrap\">\n\t\t\t\t\t\t<div class=\"cbp-l-caption-alignCenter\" data-xpro-lightbox data-src=\"https:\/\/calidad.unap.cl\/acreditacion2027\/wp-content\/uploads\/sites\/2\/2026\/04\/IMG_7600.jpg\">\n\t\t\t\t\t\t\t<!-- Overlay -->\n\t\t\t\t\t\t\t<div class=\"cbp-l-caption-body\">\n\t\t\t\t\t\t\t\t\n\t\t\t\t\t\t\t\t\t\t\t\t\t\t\t\t\t<!-- Content -->\n\t\t\t\t\t\t\t\t\t<div class=\"xpro-overlay-content\">\n\t\t\t\t\t\t\t\t\t\t\t\t\t\t\t\t\t\t\t\t\t<h4 class=\"xpro-title\">jornadas de coordinaci\u00f3n entre la DGC con la DAE<\/h4>\n\t\t\t\t\t\t\t\t\t\t\t\t\t\t\t\t\t\t\t\t\t\t\t\t\t\t\t\t\t<\/div>\n\t\t\t\t\t\t\t\t\t\t\t\t\t\t\t<\/div>\n\t\t\t\t\t\t<\/div>\n\t\t\t\t\t<\/div>\n\t\t\t\t<\/div>\n\t\t\t<\/div>\n\n\t\t\n\t\t\t<!--Item-->\n\t\t\t<div class=\"cbp-item xpro-elementor-gallery-item mar\">\n\t\t\t\t<div class=\"cbp-caption\">\n\t\t\t\t\t<div class=\"cbp-caption-defaultWrap\">\n\t\t\t\t\t\t<img loading=\"lazy\" decoding=\"async\" width=\"2048\" height=\"1538\" src=\"https:\/\/calidad.unap.cl\/acreditacion2027\/wp-content\/uploads\/sites\/2\/2026\/04\/IMG_7613-copia.jpg\" class=\"attachment-full size-full\" alt=\"\" srcset=\"https:\/\/calidad.unap.cl\/acreditacion2027\/wp-content\/uploads\/sites\/2\/2026\/04\/IMG_7613-copia.jpg 2048w, https:\/\/calidad.unap.cl\/acreditacion2027\/wp-content\/uploads\/sites\/2\/2026\/04\/IMG_7613-copia-300x225.jpg 300w, https:\/\/calidad.unap.cl\/acreditacion2027\/wp-content\/uploads\/sites\/2\/2026\/04\/IMG_7613-copia-1024x769.jpg 1024w, https:\/\/calidad.unap.cl\/acreditacion2027\/wp-content\/uploads\/sites\/2\/2026\/04\/IMG_7613-copia-768x577.jpg 768w, https:\/\/calidad.unap.cl\/acreditacion2027\/wp-content\/uploads\/sites\/2\/2026\/04\/IMG_7613-copia-1536x1154.jpg 1536w\" sizes=\"(max-width: 2048px) 100vw, 2048px\" \/>\t\t\t\t\t<\/div>\n\t\t\t\t\t<div class=\"cbp-caption-activeWrap\">\n\t\t\t\t\t\t<div class=\"cbp-l-caption-alignCenter\" data-xpro-lightbox data-src=\"https:\/\/calidad.unap.cl\/acreditacion2027\/wp-content\/uploads\/sites\/2\/2026\/04\/IMG_7613-copia.jpg\">\n\t\t\t\t\t\t\t<!-- Overlay -->\n\t\t\t\t\t\t\t<div class=\"cbp-l-caption-body\">\n\t\t\t\t\t\t\t\t\n\t\t\t\t\t\t\t\t\t\t\t\t\t\t\t\t\t<!-- Content -->\n\t\t\t\t\t\t\t\t\t<div class=\"xpro-overlay-content\">\n\t\t\t\t\t\t\t\t\t\t\t\t\t\t\t\t\t\t\t\t\t<h4 class=\"xpro-title\">jornadas de coordinaci\u00f3n entre la DGC con la DAE<\/h4>\n\t\t\t\t\t\t\t\t\t\t\t\t\t\t\t\t\t\t\t\t\t\t\t\t\t\t\t\t\t<\/div>\n\t\t\t\t\t\t\t\t\t\t\t\t\t\t\t<\/div>\n\t\t\t\t\t\t<\/div>\n\t\t\t\t\t<\/div>\n\t\t\t\t<\/div>\n\t\t\t<\/div>\n\n\t\t\n\t\t\t<!--Item-->\n\t\t\t<div class=\"cbp-item xpro-elementor-gallery-item mar\">\n\t\t\t\t<div class=\"cbp-caption\">\n\t\t\t\t\t<div class=\"cbp-caption-defaultWrap\">\n\t\t\t\t\t\t<img loading=\"lazy\" decoding=\"async\" width=\"2048\" height=\"1638\" src=\"https:\/\/calidad.unap.cl\/acreditacion2027\/wp-content\/uploads\/sites\/2\/2026\/04\/IMG_7615.jpg\" class=\"attachment-full size-full\" alt=\"\" srcset=\"https:\/\/calidad.unap.cl\/acreditacion2027\/wp-content\/uploads\/sites\/2\/2026\/04\/IMG_7615.jpg 2048w, https:\/\/calidad.unap.cl\/acreditacion2027\/wp-content\/uploads\/sites\/2\/2026\/04\/IMG_7615-300x240.jpg 300w, https:\/\/calidad.unap.cl\/acreditacion2027\/wp-content\/uploads\/sites\/2\/2026\/04\/IMG_7615-1024x819.jpg 1024w, https:\/\/calidad.unap.cl\/acreditacion2027\/wp-content\/uploads\/sites\/2\/2026\/04\/IMG_7615-768x614.jpg 768w, https:\/\/calidad.unap.cl\/acreditacion2027\/wp-content\/uploads\/sites\/2\/2026\/04\/IMG_7615-1536x1229.jpg 1536w\" sizes=\"(max-width: 2048px) 100vw, 2048px\" \/>\t\t\t\t\t<\/div>\n\t\t\t\t\t<div class=\"cbp-caption-activeWrap\">\n\t\t\t\t\t\t<div class=\"cbp-l-caption-alignCenter\" data-xpro-lightbox data-src=\"https:\/\/calidad.unap.cl\/acreditacion2027\/wp-content\/uploads\/sites\/2\/2026\/04\/IMG_7615.jpg\">\n\t\t\t\t\t\t\t<!-- Overlay -->\n\t\t\t\t\t\t\t<div class=\"cbp-l-caption-body\">\n\t\t\t\t\t\t\t\t\n\t\t\t\t\t\t\t\t\t\t\t\t\t\t\t\t\t<!-- Content -->\n\t\t\t\t\t\t\t\t\t<div class=\"xpro-overlay-content\">\n\t\t\t\t\t\t\t\t\t\t\t\t\t\t\t\t\t\t\t\t\t<h4 class=\"xpro-title\">jornadas de coordinaci\u00f3n entre la DGC con la DAE<\/h4>\n\t\t\t\t\t\t\t\t\t\t\t\t\t\t\t\t\t\t\t\t\t\t\t\t\t\t\t\t\t<\/div>\n\t\t\t\t\t\t\t\t\t\t\t\t\t\t\t<\/div>\n\t\t\t\t\t\t<\/div>\n\t\t\t\t\t<\/div>\n\t\t\t\t<\/div>\n\t\t\t<\/div>\n\n\t\t\n\t\t\t<!--Item-->\n\t\t\t<div class=\"cbp-item xpro-elementor-gallery-item mar\">\n\t\t\t\t<div class=\"cbp-caption\">\n\t\t\t\t\t<div class=\"cbp-caption-defaultWrap\">\n\t\t\t\t\t\t<img loading=\"lazy\" decoding=\"async\" width=\"2048\" height=\"1638\" src=\"https:\/\/calidad.unap.cl\/acreditacion2027\/wp-content\/uploads\/sites\/2\/2026\/04\/IMG_7651.jpg\" class=\"attachment-full size-full\" alt=\"\" srcset=\"https:\/\/calidad.unap.cl\/acreditacion2027\/wp-content\/uploads\/sites\/2\/2026\/04\/IMG_7651.jpg 2048w, https:\/\/calidad.unap.cl\/acreditacion2027\/wp-content\/uploads\/sites\/2\/2026\/04\/IMG_7651-300x240.jpg 300w, https:\/\/calidad.unap.cl\/acreditacion2027\/wp-content\/uploads\/sites\/2\/2026\/04\/IMG_7651-1024x819.jpg 1024w, https:\/\/calidad.unap.cl\/acreditacion2027\/wp-content\/uploads\/sites\/2\/2026\/04\/IMG_7651-768x614.jpg 768w, https:\/\/calidad.unap.cl\/acreditacion2027\/wp-content\/uploads\/sites\/2\/2026\/04\/IMG_7651-1536x1229.jpg 1536w\" sizes=\"(max-width: 2048px) 100vw, 2048px\" \/>\t\t\t\t\t<\/div>\n\t\t\t\t\t<div class=\"cbp-caption-activeWrap\">\n\t\t\t\t\t\t<div class=\"cbp-l-caption-alignCenter\" data-xpro-lightbox data-src=\"https:\/\/calidad.unap.cl\/acreditacion2027\/wp-content\/uploads\/sites\/2\/2026\/04\/IMG_7651.jpg\">\n\t\t\t\t\t\t\t<!-- Overlay -->\n\t\t\t\t\t\t\t<div class=\"cbp-l-caption-body\">\n\t\t\t\t\t\t\t\t\n\t\t\t\t\t\t\t\t\t\t\t\t\t\t\t\t\t<!-- Content -->\n\t\t\t\t\t\t\t\t\t<div class=\"xpro-overlay-content\">\n\t\t\t\t\t\t\t\t\t\t\t\t\t\t\t\t\t\t\t\t\t<h4 class=\"xpro-title\">Facultad de Ciencias Empresariales<\/h4>\n\t\t\t\t\t\t\t\t\t\t\t\t\t\t\t\t\t\t\t\t\t\t\t\t\t\t\t\t\t<\/div>\n\t\t\t\t\t\t\t\t\t\t\t\t\t\t\t<\/div>\n\t\t\t\t\t\t<\/div>\n\t\t\t\t\t<\/div>\n\t\t\t\t<\/div>\n\t\t\t<\/div>\n\n\t\t\n\t\t\t<!--Item-->\n\t\t\t<div class=\"cbp-item xpro-elementor-gallery-item mar\">\n\t\t\t\t<div class=\"cbp-caption\">\n\t\t\t\t\t<div class=\"cbp-caption-defaultWrap\">\n\t\t\t\t\t\t<img loading=\"lazy\" decoding=\"async\" width=\"2048\" height=\"1638\" src=\"https:\/\/calidad.unap.cl\/acreditacion2027\/wp-content\/uploads\/sites\/2\/2026\/04\/IMG_7656.jpg\" class=\"attachment-full size-full\" alt=\"\" srcset=\"https:\/\/calidad.unap.cl\/acreditacion2027\/wp-content\/uploads\/sites\/2\/2026\/04\/IMG_7656.jpg 2048w, https:\/\/calidad.unap.cl\/acreditacion2027\/wp-content\/uploads\/sites\/2\/2026\/04\/IMG_7656-300x240.jpg 300w, https:\/\/calidad.unap.cl\/acreditacion2027\/wp-content\/uploads\/sites\/2\/2026\/04\/IMG_7656-1024x819.jpg 1024w, https:\/\/calidad.unap.cl\/acreditacion2027\/wp-content\/uploads\/sites\/2\/2026\/04\/IMG_7656-768x614.jpg 768w, https:\/\/calidad.unap.cl\/acreditacion2027\/wp-content\/uploads\/sites\/2\/2026\/04\/IMG_7656-1536x1229.jpg 1536w\" sizes=\"(max-width: 2048px) 100vw, 2048px\" \/>\t\t\t\t\t<\/div>\n\t\t\t\t\t<div class=\"cbp-caption-activeWrap\">\n\t\t\t\t\t\t<div class=\"cbp-l-caption-alignCenter\" data-xpro-lightbox data-src=\"https:\/\/calidad.unap.cl\/acreditacion2027\/wp-content\/uploads\/sites\/2\/2026\/04\/IMG_7656.jpg\">\n\t\t\t\t\t\t\t<!-- Overlay -->\n\t\t\t\t\t\t\t<div class=\"cbp-l-caption-body\">\n\t\t\t\t\t\t\t\t\n\t\t\t\t\t\t\t\t\t\t\t\t\t\t\t\t\t<!-- Content -->\n\t\t\t\t\t\t\t\t\t<div class=\"xpro-overlay-content\">\n\t\t\t\t\t\t\t\t\t\t\t\t\t\t\t\t\t\t\t\t\t<h4 class=\"xpro-title\">Facultad de Ciencias Empresariales<\/h4>\n\t\t\t\t\t\t\t\t\t\t\t\t\t\t\t\t\t\t\t\t\t\t\t\t\t\t\t\t\t<\/div>\n\t\t\t\t\t\t\t\t\t\t\t\t\t\t\t<\/div>\n\t\t\t\t\t\t<\/div>\n\t\t\t\t\t<\/div>\n\t\t\t\t<\/div>\n\t\t\t<\/div>\n\n\t\t\n\t\t\t<!--Item-->\n\t\t\t<div class=\"cbp-item xpro-elementor-gallery-item mar\">\n\t\t\t\t<div class=\"cbp-caption\">\n\t\t\t\t\t<div class=\"cbp-caption-defaultWrap\">\n\t\t\t\t\t\t<img loading=\"lazy\" decoding=\"async\" width=\"1647\" height=\"1407\" src=\"https:\/\/calidad.unap.cl\/acreditacion2027\/wp-content\/uploads\/sites\/2\/2026\/04\/IMG_7662.jpg\" class=\"attachment-full size-full\" alt=\"\" srcset=\"https:\/\/calidad.unap.cl\/acreditacion2027\/wp-content\/uploads\/sites\/2\/2026\/04\/IMG_7662.jpg 1647w, https:\/\/calidad.unap.cl\/acreditacion2027\/wp-content\/uploads\/sites\/2\/2026\/04\/IMG_7662-300x256.jpg 300w, https:\/\/calidad.unap.cl\/acreditacion2027\/wp-content\/uploads\/sites\/2\/2026\/04\/IMG_7662-1024x875.jpg 1024w, https:\/\/calidad.unap.cl\/acreditacion2027\/wp-content\/uploads\/sites\/2\/2026\/04\/IMG_7662-768x656.jpg 768w, https:\/\/calidad.unap.cl\/acreditacion2027\/wp-content\/uploads\/sites\/2\/2026\/04\/IMG_7662-1536x1312.jpg 1536w\" sizes=\"(max-width: 1647px) 100vw, 1647px\" \/>\t\t\t\t\t<\/div>\n\t\t\t\t\t<div class=\"cbp-caption-activeWrap\">\n\t\t\t\t\t\t<div class=\"cbp-l-caption-alignCenter\" data-xpro-lightbox data-src=\"https:\/\/calidad.unap.cl\/acreditacion2027\/wp-content\/uploads\/sites\/2\/2026\/04\/IMG_7662.jpg\">\n\t\t\t\t\t\t\t<!-- Overlay -->\n\t\t\t\t\t\t\t<div class=\"cbp-l-caption-body\">\n\t\t\t\t\t\t\t\t\n\t\t\t\t\t\t\t\t\t\t\t\t\t\t\t\t\t<!-- Content -->\n\t\t\t\t\t\t\t\t\t<div class=\"xpro-overlay-content\">\n\t\t\t\t\t\t\t\t\t\t\t\t\t\t\t\t\t\t\t\t\t<h4 class=\"xpro-title\">Facultad de Ciencias Empresariales<\/h4>\n\t\t\t\t\t\t\t\t\t\t\t\t\t\t\t\t\t\t\t\t\t\t\t\t\t\t\t\t\t<\/div>\n\t\t\t\t\t\t\t\t\t\t\t\t\t\t\t<\/div>\n\t\t\t\t\t\t<\/div>\n\t\t\t\t\t<\/div>\n\t\t\t\t<\/div>\n\t\t\t<\/div>\n\n\t\t\n\t\t\t<!--Item-->\n\t\t\t<div class=\"cbp-item xpro-elementor-gallery-item mar\">\n\t\t\t\t<div class=\"cbp-caption\">\n\t\t\t\t\t<div class=\"cbp-caption-defaultWrap\">\n\t\t\t\t\t\t<img loading=\"lazy\" decoding=\"async\" width=\"2048\" height=\"1638\" src=\"https:\/\/calidad.unap.cl\/acreditacion2027\/wp-content\/uploads\/sites\/2\/2026\/04\/IMG_7664.jpg\" class=\"attachment-full size-full\" alt=\"\" srcset=\"https:\/\/calidad.unap.cl\/acreditacion2027\/wp-content\/uploads\/sites\/2\/2026\/04\/IMG_7664.jpg 2048w, https:\/\/calidad.unap.cl\/acreditacion2027\/wp-content\/uploads\/sites\/2\/2026\/04\/IMG_7664-300x240.jpg 300w, https:\/\/calidad.unap.cl\/acreditacion2027\/wp-content\/uploads\/sites\/2\/2026\/04\/IMG_7664-1024x819.jpg 1024w, https:\/\/calidad.unap.cl\/acreditacion2027\/wp-content\/uploads\/sites\/2\/2026\/04\/IMG_7664-768x614.jpg 768w, https:\/\/calidad.unap.cl\/acreditacion2027\/wp-content\/uploads\/sites\/2\/2026\/04\/IMG_7664-1536x1229.jpg 1536w\" sizes=\"(max-width: 2048px) 100vw, 2048px\" \/>\t\t\t\t\t<\/div>\n\t\t\t\t\t<div class=\"cbp-caption-activeWrap\">\n\t\t\t\t\t\t<div class=\"cbp-l-caption-alignCenter\" data-xpro-lightbox data-src=\"https:\/\/calidad.unap.cl\/acreditacion2027\/wp-content\/uploads\/sites\/2\/2026\/04\/IMG_7664.jpg\">\n\t\t\t\t\t\t\t<!-- Overlay -->\n\t\t\t\t\t\t\t<div class=\"cbp-l-caption-body\">\n\t\t\t\t\t\t\t\t\n\t\t\t\t\t\t\t\t\t\t\t\t\t\t\t\t\t<!-- Content -->\n\t\t\t\t\t\t\t\t\t<div class=\"xpro-overlay-content\">\n\t\t\t\t\t\t\t\t\t\t\t\t\t\t\t\t\t\t\t\t\t<h4 class=\"xpro-title\">Facultad de Ciencias Empresariales<\/h4>\n\t\t\t\t\t\t\t\t\t\t\t\t\t\t\t\t\t\t\t\t\t\t\t\t\t\t\t\t\t<\/div>\n\t\t\t\t\t\t\t\t\t\t\t\t\t\t\t<\/div>\n\t\t\t\t\t\t<\/div>\n\t\t\t\t\t<\/div>\n\t\t\t\t<\/div>\n\t\t\t<\/div>\n\n\t\t\n\t\t\t<!--Item-->\n\t\t\t<div class=\"cbp-item xpro-elementor-gallery-item mar\">\n\t\t\t\t<div class=\"cbp-caption\">\n\t\t\t\t\t<div class=\"cbp-caption-defaultWrap\">\n\t\t\t\t\t\t<img loading=\"lazy\" decoding=\"async\" width=\"2048\" height=\"1638\" src=\"https:\/\/calidad.unap.cl\/acreditacion2027\/wp-content\/uploads\/sites\/2\/2026\/04\/IMG_7709.jpg\" class=\"attachment-full size-full\" alt=\"\" srcset=\"https:\/\/calidad.unap.cl\/acreditacion2027\/wp-content\/uploads\/sites\/2\/2026\/04\/IMG_7709.jpg 2048w, https:\/\/calidad.unap.cl\/acreditacion2027\/wp-content\/uploads\/sites\/2\/2026\/04\/IMG_7709-300x240.jpg 300w, https:\/\/calidad.unap.cl\/acreditacion2027\/wp-content\/uploads\/sites\/2\/2026\/04\/IMG_7709-1024x819.jpg 1024w, https:\/\/calidad.unap.cl\/acreditacion2027\/wp-content\/uploads\/sites\/2\/2026\/04\/IMG_7709-768x614.jpg 768w, https:\/\/calidad.unap.cl\/acreditacion2027\/wp-content\/uploads\/sites\/2\/2026\/04\/IMG_7709-1536x1229.jpg 1536w\" sizes=\"(max-width: 2048px) 100vw, 2048px\" \/>\t\t\t\t\t<\/div>\n\t\t\t\t\t<div class=\"cbp-caption-activeWrap\">\n\t\t\t\t\t\t<div class=\"cbp-l-caption-alignCenter\" data-xpro-lightbox data-src=\"https:\/\/calidad.unap.cl\/acreditacion2027\/wp-content\/uploads\/sites\/2\/2026\/04\/IMG_7709.jpg\">\n\t\t\t\t\t\t\t<!-- Overlay -->\n\t\t\t\t\t\t\t<div class=\"cbp-l-caption-body\">\n\t\t\t\t\t\t\t\t\n\t\t\t\t\t\t\t\t\t\t\t\t\t\t\t\t\t<!-- Content -->\n\t\t\t\t\t\t\t\t\t<div class=\"xpro-overlay-content\">\n\t\t\t\t\t\t\t\t\t\t\t\t\t\t\t\t\t\t\t\t\t<h4 class=\"xpro-title\">Facultad de Ciencias Empresariales<\/h4>\n\t\t\t\t\t\t\t\t\t\t\t\t\t\t\t\t\t\t\t\t\t\t\t\t\t\t\t\t\t<\/div>\n\t\t\t\t\t\t\t\t\t\t\t\t\t\t\t<\/div>\n\t\t\t\t\t\t<\/div>\n\t\t\t\t\t<\/div>\n\t\t\t\t<\/div>\n\t\t\t<\/div>\n\n\t\t\n\t\t\t<!--Item-->\n\t\t\t<div class=\"cbp-item xpro-elementor-gallery-item mar\">\n\t\t\t\t<div class=\"cbp-caption\">\n\t\t\t\t\t<div class=\"cbp-caption-defaultWrap\">\n\t\t\t\t\t\t<img loading=\"lazy\" decoding=\"async\" width=\"2048\" height=\"1638\" src=\"https:\/\/calidad.unap.cl\/acreditacion2027\/wp-content\/uploads\/sites\/2\/2026\/04\/IMG_7721.jpg\" class=\"attachment-full size-full\" alt=\"\" srcset=\"https:\/\/calidad.unap.cl\/acreditacion2027\/wp-content\/uploads\/sites\/2\/2026\/04\/IMG_7721.jpg 2048w, https:\/\/calidad.unap.cl\/acreditacion2027\/wp-content\/uploads\/sites\/2\/2026\/04\/IMG_7721-300x240.jpg 300w, https:\/\/calidad.unap.cl\/acreditacion2027\/wp-content\/uploads\/sites\/2\/2026\/04\/IMG_7721-1024x819.jpg 1024w, https:\/\/calidad.unap.cl\/acreditacion2027\/wp-content\/uploads\/sites\/2\/2026\/04\/IMG_7721-768x614.jpg 768w, https:\/\/calidad.unap.cl\/acreditacion2027\/wp-content\/uploads\/sites\/2\/2026\/04\/IMG_7721-1536x1229.jpg 1536w\" sizes=\"(max-width: 2048px) 100vw, 2048px\" \/>\t\t\t\t\t<\/div>\n\t\t\t\t\t<div class=\"cbp-caption-activeWrap\">\n\t\t\t\t\t\t<div class=\"cbp-l-caption-alignCenter\" data-xpro-lightbox data-src=\"https:\/\/calidad.unap.cl\/acreditacion2027\/wp-content\/uploads\/sites\/2\/2026\/04\/IMG_7721.jpg\">\n\t\t\t\t\t\t\t<!-- Overlay -->\n\t\t\t\t\t\t\t<div class=\"cbp-l-caption-body\">\n\t\t\t\t\t\t\t\t\n\t\t\t\t\t\t\t\t\t\t\t\t\t\t\t\t\t<!-- Content -->\n\t\t\t\t\t\t\t\t\t<div class=\"xpro-overlay-content\">\n\t\t\t\t\t\t\t\t\t\t\t\t\t\t\t\t\t\t\t\t\t<h4 class=\"xpro-title\">Facultad de Ciencias Empresariales<\/h4>\n\t\t\t\t\t\t\t\t\t\t\t\t\t\t\t\t\t\t\t\t\t\t\t\t\t\t\t\t\t<\/div>\n\t\t\t\t\t\t\t\t\t\t\t\t\t\t\t<\/div>\n\t\t\t\t\t\t<\/div>\n\t\t\t\t\t<\/div>\n\t\t\t\t<\/div>\n\t\t\t<\/div>\n\n\t\t\n\t\t\t<!--Item-->\n\t\t\t<div class=\"cbp-item xpro-elementor-gallery-item mar\">\n\t\t\t\t<div class=\"cbp-caption\">\n\t\t\t\t\t<div class=\"cbp-caption-defaultWrap\">\n\t\t\t\t\t\t<img loading=\"lazy\" decoding=\"async\" width=\"2048\" height=\"1638\" src=\"https:\/\/calidad.unap.cl\/acreditacion2027\/wp-content\/uploads\/sites\/2\/2026\/04\/IMG_7782.jpg\" class=\"attachment-full size-full\" alt=\"\" srcset=\"https:\/\/calidad.unap.cl\/acreditacion2027\/wp-content\/uploads\/sites\/2\/2026\/04\/IMG_7782.jpg 2048w, https:\/\/calidad.unap.cl\/acreditacion2027\/wp-content\/uploads\/sites\/2\/2026\/04\/IMG_7782-300x240.jpg 300w, https:\/\/calidad.unap.cl\/acreditacion2027\/wp-content\/uploads\/sites\/2\/2026\/04\/IMG_7782-1024x819.jpg 1024w, https:\/\/calidad.unap.cl\/acreditacion2027\/wp-content\/uploads\/sites\/2\/2026\/04\/IMG_7782-768x614.jpg 768w, https:\/\/calidad.unap.cl\/acreditacion2027\/wp-content\/uploads\/sites\/2\/2026\/04\/IMG_7782-1536x1229.jpg 1536w\" sizes=\"(max-width: 2048px) 100vw, 2048px\" \/>\t\t\t\t\t<\/div>\n\t\t\t\t\t<div class=\"cbp-caption-activeWrap\">\n\t\t\t\t\t\t<div class=\"cbp-l-caption-alignCenter\" data-xpro-lightbox data-src=\"https:\/\/calidad.unap.cl\/acreditacion2027\/wp-content\/uploads\/sites\/2\/2026\/04\/IMG_7782.jpg\">\n\t\t\t\t\t\t\t<!-- Overlay -->\n\t\t\t\t\t\t\t<div class=\"cbp-l-caption-body\">\n\t\t\t\t\t\t\t\t\n\t\t\t\t\t\t\t\t\t\t\t\t\t\t\t\t\t<!-- Content -->\n\t\t\t\t\t\t\t\t\t<div class=\"xpro-overlay-content\">\n\t\t\t\t\t\t\t\t\t\t\t\t\t\t\t\t\t\t\t\t\t<h4 class=\"xpro-title\">Facultad de Ciencias Jur\u00eddicas y Pol\u00edticas<\/h4>\n\t\t\t\t\t\t\t\t\t\t\t\t\t\t\t\t\t\t\t\t\t\t\t\t\t\t\t\t\t<\/div>\n\t\t\t\t\t\t\t\t\t\t\t\t\t\t\t<\/div>\n\t\t\t\t\t\t<\/div>\n\t\t\t\t\t<\/div>\n\t\t\t\t<\/div>\n\t\t\t<\/div>\n\n\t\t\n\t\t\t<!--Item-->\n\t\t\t<div class=\"cbp-item xpro-elementor-gallery-item mar\">\n\t\t\t\t<div class=\"cbp-caption\">\n\t\t\t\t\t<div class=\"cbp-caption-defaultWrap\">\n\t\t\t\t\t\t<img loading=\"lazy\" decoding=\"async\" width=\"2048\" height=\"1638\" src=\"https:\/\/calidad.unap.cl\/acreditacion2027\/wp-content\/uploads\/sites\/2\/2026\/04\/IMG_7786.jpg\" class=\"attachment-full size-full\" alt=\"\" srcset=\"https:\/\/calidad.unap.cl\/acreditacion2027\/wp-content\/uploads\/sites\/2\/2026\/04\/IMG_7786.jpg 2048w, https:\/\/calidad.unap.cl\/acreditacion2027\/wp-content\/uploads\/sites\/2\/2026\/04\/IMG_7786-300x240.jpg 300w, https:\/\/calidad.unap.cl\/acreditacion2027\/wp-content\/uploads\/sites\/2\/2026\/04\/IMG_7786-1024x819.jpg 1024w, https:\/\/calidad.unap.cl\/acreditacion2027\/wp-content\/uploads\/sites\/2\/2026\/04\/IMG_7786-768x614.jpg 768w, https:\/\/calidad.unap.cl\/acreditacion2027\/wp-content\/uploads\/sites\/2\/2026\/04\/IMG_7786-1536x1229.jpg 1536w\" sizes=\"(max-width: 2048px) 100vw, 2048px\" \/>\t\t\t\t\t<\/div>\n\t\t\t\t\t<div class=\"cbp-caption-activeWrap\">\n\t\t\t\t\t\t<div class=\"cbp-l-caption-alignCenter\" data-xpro-lightbox data-src=\"https:\/\/calidad.unap.cl\/acreditacion2027\/wp-content\/uploads\/sites\/2\/2026\/04\/IMG_7786.jpg\">\n\t\t\t\t\t\t\t<!-- Overlay -->\n\t\t\t\t\t\t\t<div class=\"cbp-l-caption-body\">\n\t\t\t\t\t\t\t\t\n\t\t\t\t\t\t\t\t\t\t\t\t\t\t\t\t\t<!-- Content -->\n\t\t\t\t\t\t\t\t\t<div class=\"xpro-overlay-content\">\n\t\t\t\t\t\t\t\t\t\t\t\t\t\t\t\t\t\t\t\t\t<h4 class=\"xpro-title\">Facultad de Ciencias Jur\u00eddicas y Pol\u00edticas<\/h4>\n\t\t\t\t\t\t\t\t\t\t\t\t\t\t\t\t\t\t\t\t\t\t\t\t\t\t\t\t\t<\/div>\n\t\t\t\t\t\t\t\t\t\t\t\t\t\t\t<\/div>\n\t\t\t\t\t\t<\/div>\n\t\t\t\t\t<\/div>\n\t\t\t\t<\/div>\n\t\t\t<\/div>\n\n\t\t\n\t\t\t<!--Item-->\n\t\t\t<div class=\"cbp-item xpro-elementor-gallery-item mar\">\n\t\t\t\t<div class=\"cbp-caption\">\n\t\t\t\t\t<div class=\"cbp-caption-defaultWrap\">\n\t\t\t\t\t\t<img loading=\"lazy\" decoding=\"async\" width=\"2048\" height=\"1638\" src=\"https:\/\/calidad.unap.cl\/acreditacion2027\/wp-content\/uploads\/sites\/2\/2026\/04\/IMG_7808.jpg\" class=\"attachment-full size-full\" alt=\"\" srcset=\"https:\/\/calidad.unap.cl\/acreditacion2027\/wp-content\/uploads\/sites\/2\/2026\/04\/IMG_7808.jpg 2048w, https:\/\/calidad.unap.cl\/acreditacion2027\/wp-content\/uploads\/sites\/2\/2026\/04\/IMG_7808-300x240.jpg 300w, https:\/\/calidad.unap.cl\/acreditacion2027\/wp-content\/uploads\/sites\/2\/2026\/04\/IMG_7808-1024x819.jpg 1024w, https:\/\/calidad.unap.cl\/acreditacion2027\/wp-content\/uploads\/sites\/2\/2026\/04\/IMG_7808-768x614.jpg 768w, https:\/\/calidad.unap.cl\/acreditacion2027\/wp-content\/uploads\/sites\/2\/2026\/04\/IMG_7808-1536x1229.jpg 1536w\" sizes=\"(max-width: 2048px) 100vw, 2048px\" \/>\t\t\t\t\t<\/div>\n\t\t\t\t\t<div class=\"cbp-caption-activeWrap\">\n\t\t\t\t\t\t<div class=\"cbp-l-caption-alignCenter\" data-xpro-lightbox data-src=\"https:\/\/calidad.unap.cl\/acreditacion2027\/wp-content\/uploads\/sites\/2\/2026\/04\/IMG_7808.jpg\">\n\t\t\t\t\t\t\t<!-- Overlay -->\n\t\t\t\t\t\t\t<div class=\"cbp-l-caption-body\">\n\t\t\t\t\t\t\t\t\n\t\t\t\t\t\t\t\t\t\t\t\t\t\t\t\t\t<!-- Content -->\n\t\t\t\t\t\t\t\t\t<div class=\"xpro-overlay-content\">\n\t\t\t\t\t\t\t\t\t\t\t\t\t\t\t\t\t\t\t\t\t<h4 class=\"xpro-title\">Facultad de Ciencias Jur\u00eddicas y Pol\u00edticas<\/h4>\n\t\t\t\t\t\t\t\t\t\t\t\t\t\t\t\t\t\t\t\t\t\t\t\t\t\t\t\t\t<\/div>\n\t\t\t\t\t\t\t\t\t\t\t\t\t\t\t<\/div>\n\t\t\t\t\t\t<\/div>\n\t\t\t\t\t<\/div>\n\t\t\t\t<\/div>\n\t\t\t<\/div>\n\n\t\t\n\t\t\t<!--Item-->\n\t\t\t<div class=\"cbp-item xpro-elementor-gallery-item mar\">\n\t\t\t\t<div class=\"cbp-caption\">\n\t\t\t\t\t<div class=\"cbp-caption-defaultWrap\">\n\t\t\t\t\t\t<img loading=\"lazy\" decoding=\"async\" width=\"2048\" height=\"1638\" src=\"https:\/\/calidad.unap.cl\/acreditacion2027\/wp-content\/uploads\/sites\/2\/2026\/04\/IMG_7848.jpg\" class=\"attachment-full size-full\" alt=\"\" srcset=\"https:\/\/calidad.unap.cl\/acreditacion2027\/wp-content\/uploads\/sites\/2\/2026\/04\/IMG_7848.jpg 2048w, https:\/\/calidad.unap.cl\/acreditacion2027\/wp-content\/uploads\/sites\/2\/2026\/04\/IMG_7848-300x240.jpg 300w, https:\/\/calidad.unap.cl\/acreditacion2027\/wp-content\/uploads\/sites\/2\/2026\/04\/IMG_7848-1024x819.jpg 1024w, https:\/\/calidad.unap.cl\/acreditacion2027\/wp-content\/uploads\/sites\/2\/2026\/04\/IMG_7848-768x614.jpg 768w, https:\/\/calidad.unap.cl\/acreditacion2027\/wp-content\/uploads\/sites\/2\/2026\/04\/IMG_7848-1536x1229.jpg 1536w\" sizes=\"(max-width: 2048px) 100vw, 2048px\" \/>\t\t\t\t\t<\/div>\n\t\t\t\t\t<div class=\"cbp-caption-activeWrap\">\n\t\t\t\t\t\t<div class=\"cbp-l-caption-alignCenter\" data-xpro-lightbox data-src=\"https:\/\/calidad.unap.cl\/acreditacion2027\/wp-content\/uploads\/sites\/2\/2026\/04\/IMG_7848.jpg\">\n\t\t\t\t\t\t\t<!-- Overlay -->\n\t\t\t\t\t\t\t<div class=\"cbp-l-caption-body\">\n\t\t\t\t\t\t\t\t\n\t\t\t\t\t\t\t\t\t\t\t\t\t\t\t\t\t<!-- Content -->\n\t\t\t\t\t\t\t\t\t<div class=\"xpro-overlay-content\">\n\t\t\t\t\t\t\t\t\t\t\t\t\t\t\t\t\t\t\t\t\t<h4 class=\"xpro-title\">Facultad de Ingenier\u00eda y Arquitectura<\/h4>\n\t\t\t\t\t\t\t\t\t\t\t\t\t\t\t\t\t\t\t\t\t\t\t\t\t\t\t\t\t<\/div>\n\t\t\t\t\t\t\t\t\t\t\t\t\t\t\t<\/div>\n\t\t\t\t\t\t<\/div>\n\t\t\t\t\t<\/div>\n\t\t\t\t<\/div>\n\t\t\t<\/div>\n\n\t\t\n\t\t\t<!--Item-->\n\t\t\t<div class=\"cbp-item xpro-elementor-gallery-item mar\">\n\t\t\t\t<div class=\"cbp-caption\">\n\t\t\t\t\t<div class=\"cbp-caption-defaultWrap\">\n\t\t\t\t\t\t<img loading=\"lazy\" decoding=\"async\" width=\"2048\" height=\"1638\" src=\"https:\/\/calidad.unap.cl\/acreditacion2027\/wp-content\/uploads\/sites\/2\/2026\/04\/IMG_7855.jpg\" class=\"attachment-full size-full\" alt=\"\" srcset=\"https:\/\/calidad.unap.cl\/acreditacion2027\/wp-content\/uploads\/sites\/2\/2026\/04\/IMG_7855.jpg 2048w, https:\/\/calidad.unap.cl\/acreditacion2027\/wp-content\/uploads\/sites\/2\/2026\/04\/IMG_7855-300x240.jpg 300w, https:\/\/calidad.unap.cl\/acreditacion2027\/wp-content\/uploads\/sites\/2\/2026\/04\/IMG_7855-1024x819.jpg 1024w, https:\/\/calidad.unap.cl\/acreditacion2027\/wp-content\/uploads\/sites\/2\/2026\/04\/IMG_7855-768x614.jpg 768w, https:\/\/calidad.unap.cl\/acreditacion2027\/wp-content\/uploads\/sites\/2\/2026\/04\/IMG_7855-1536x1229.jpg 1536w\" sizes=\"(max-width: 2048px) 100vw, 2048px\" \/>\t\t\t\t\t<\/div>\n\t\t\t\t\t<div class=\"cbp-caption-activeWrap\">\n\t\t\t\t\t\t<div class=\"cbp-l-caption-alignCenter\" data-xpro-lightbox data-src=\"https:\/\/calidad.unap.cl\/acreditacion2027\/wp-content\/uploads\/sites\/2\/2026\/04\/IMG_7855.jpg\">\n\t\t\t\t\t\t\t<!-- Overlay -->\n\t\t\t\t\t\t\t<div class=\"cbp-l-caption-body\">\n\t\t\t\t\t\t\t\t\n\t\t\t\t\t\t\t\t\t\t\t\t\t\t\t\t\t<!-- Content -->\n\t\t\t\t\t\t\t\t\t<div class=\"xpro-overlay-content\">\n\t\t\t\t\t\t\t\t\t\t\t\t\t\t\t\t\t\t\t\t\t<h4 class=\"xpro-title\">Facultad de Ingenier\u00eda y Arquitectura<\/h4>\n\t\t\t\t\t\t\t\t\t\t\t\t\t\t\t\t\t\t\t\t\t\t\t\t\t\t\t\t\t<\/div>\n\t\t\t\t\t\t\t\t\t\t\t\t\t\t\t<\/div>\n\t\t\t\t\t\t<\/div>\n\t\t\t\t\t<\/div>\n\t\t\t\t<\/div>\n\t\t\t<\/div>\n\n\t\t\n\t\t\t<!--Item-->\n\t\t\t<div class=\"cbp-item xpro-elementor-gallery-item mar\">\n\t\t\t\t<div class=\"cbp-caption\">\n\t\t\t\t\t<div class=\"cbp-caption-defaultWrap\">\n\t\t\t\t\t\t<img loading=\"lazy\" decoding=\"async\" width=\"2048\" height=\"1638\" src=\"https:\/\/calidad.unap.cl\/acreditacion2027\/wp-content\/uploads\/sites\/2\/2026\/04\/IMG_7866.jpg\" class=\"attachment-full size-full\" alt=\"\" srcset=\"https:\/\/calidad.unap.cl\/acreditacion2027\/wp-content\/uploads\/sites\/2\/2026\/04\/IMG_7866.jpg 2048w, https:\/\/calidad.unap.cl\/acreditacion2027\/wp-content\/uploads\/sites\/2\/2026\/04\/IMG_7866-300x240.jpg 300w, https:\/\/calidad.unap.cl\/acreditacion2027\/wp-content\/uploads\/sites\/2\/2026\/04\/IMG_7866-1024x819.jpg 1024w, https:\/\/calidad.unap.cl\/acreditacion2027\/wp-content\/uploads\/sites\/2\/2026\/04\/IMG_7866-768x614.jpg 768w, https:\/\/calidad.unap.cl\/acreditacion2027\/wp-content\/uploads\/sites\/2\/2026\/04\/IMG_7866-1536x1229.jpg 1536w\" sizes=\"(max-width: 2048px) 100vw, 2048px\" \/>\t\t\t\t\t<\/div>\n\t\t\t\t\t<div class=\"cbp-caption-activeWrap\">\n\t\t\t\t\t\t<div class=\"cbp-l-caption-alignCenter\" data-xpro-lightbox data-src=\"https:\/\/calidad.unap.cl\/acreditacion2027\/wp-content\/uploads\/sites\/2\/2026\/04\/IMG_7866.jpg\">\n\t\t\t\t\t\t\t<!-- Overlay -->\n\t\t\t\t\t\t\t<div class=\"cbp-l-caption-body\">\n\t\t\t\t\t\t\t\t\n\t\t\t\t\t\t\t\t\t\t\t\t\t\t\t\t\t<!-- Content -->\n\t\t\t\t\t\t\t\t\t<div class=\"xpro-overlay-content\">\n\t\t\t\t\t\t\t\t\t\t\t\t\t\t\t\t\t\t\t\t\t<h4 class=\"xpro-title\">Facultad de Ingenier\u00eda y Arquitectura<\/h4>\n\t\t\t\t\t\t\t\t\t\t\t\t\t\t\t\t\t\t\t\t\t\t\t\t\t\t\t\t\t<\/div>\n\t\t\t\t\t\t\t\t\t\t\t\t\t\t\t<\/div>\n\t\t\t\t\t\t<\/div>\n\t\t\t\t\t<\/div>\n\t\t\t\t<\/div>\n\t\t\t<\/div>\n\n\t\t\n\t\t\t<!--Item-->\n\t\t\t<div class=\"cbp-item xpro-elementor-gallery-item mar\">\n\t\t\t\t<div class=\"cbp-caption\">\n\t\t\t\t\t<div class=\"cbp-caption-defaultWrap\">\n\t\t\t\t\t\t<img loading=\"lazy\" decoding=\"async\" width=\"2048\" height=\"1638\" src=\"https:\/\/calidad.unap.cl\/acreditacion2027\/wp-content\/uploads\/sites\/2\/2026\/04\/IMG_7881.jpg\" class=\"attachment-full size-full\" alt=\"\" srcset=\"https:\/\/calidad.unap.cl\/acreditacion2027\/wp-content\/uploads\/sites\/2\/2026\/04\/IMG_7881.jpg 2048w, https:\/\/calidad.unap.cl\/acreditacion2027\/wp-content\/uploads\/sites\/2\/2026\/04\/IMG_7881-300x240.jpg 300w, https:\/\/calidad.unap.cl\/acreditacion2027\/wp-content\/uploads\/sites\/2\/2026\/04\/IMG_7881-1024x819.jpg 1024w, https:\/\/calidad.unap.cl\/acreditacion2027\/wp-content\/uploads\/sites\/2\/2026\/04\/IMG_7881-768x614.jpg 768w, https:\/\/calidad.unap.cl\/acreditacion2027\/wp-content\/uploads\/sites\/2\/2026\/04\/IMG_7881-1536x1229.jpg 1536w\" sizes=\"(max-width: 2048px) 100vw, 2048px\" \/>\t\t\t\t\t<\/div>\n\t\t\t\t\t<div class=\"cbp-caption-activeWrap\">\n\t\t\t\t\t\t<div class=\"cbp-l-caption-alignCenter\" data-xpro-lightbox data-src=\"https:\/\/calidad.unap.cl\/acreditacion2027\/wp-content\/uploads\/sites\/2\/2026\/04\/IMG_7881.jpg\">\n\t\t\t\t\t\t\t<!-- Overlay -->\n\t\t\t\t\t\t\t<div class=\"cbp-l-caption-body\">\n\t\t\t\t\t\t\t\t\n\t\t\t\t\t\t\t\t\t\t\t\t\t\t\t\t\t<!-- Content -->\n\t\t\t\t\t\t\t\t\t<div class=\"xpro-overlay-content\">\n\t\t\t\t\t\t\t\t\t\t\t\t\t\t\t\t\t\t\t\t\t<h4 class=\"xpro-title\">Facultad de Ingenier\u00eda y Arquitectura<\/h4>\n\t\t\t\t\t\t\t\t\t\t\t\t\t\t\t\t\t\t\t\t\t\t\t\t\t\t\t\t\t<\/div>\n\t\t\t\t\t\t\t\t\t\t\t\t\t\t\t<\/div>\n\t\t\t\t\t\t<\/div>\n\t\t\t\t\t<\/div>\n\t\t\t\t<\/div>\n\t\t\t<\/div>\n\n\t\t\n\t\t\t<!--Item-->\n\t\t\t<div class=\"cbp-item xpro-elementor-gallery-item mar\">\n\t\t\t\t<div class=\"cbp-caption\">\n\t\t\t\t\t<div class=\"cbp-caption-defaultWrap\">\n\t\t\t\t\t\t<img loading=\"lazy\" decoding=\"async\" width=\"2048\" height=\"1638\" src=\"https:\/\/calidad.unap.cl\/acreditacion2027\/wp-content\/uploads\/sites\/2\/2026\/04\/IMG_7907.jpg\" class=\"attachment-full size-full\" alt=\"\" srcset=\"https:\/\/calidad.unap.cl\/acreditacion2027\/wp-content\/uploads\/sites\/2\/2026\/04\/IMG_7907.jpg 2048w, https:\/\/calidad.unap.cl\/acreditacion2027\/wp-content\/uploads\/sites\/2\/2026\/04\/IMG_7907-300x240.jpg 300w, https:\/\/calidad.unap.cl\/acreditacion2027\/wp-content\/uploads\/sites\/2\/2026\/04\/IMG_7907-1024x819.jpg 1024w, https:\/\/calidad.unap.cl\/acreditacion2027\/wp-content\/uploads\/sites\/2\/2026\/04\/IMG_7907-768x614.jpg 768w, https:\/\/calidad.unap.cl\/acreditacion2027\/wp-content\/uploads\/sites\/2\/2026\/04\/IMG_7907-1536x1229.jpg 1536w\" sizes=\"(max-width: 2048px) 100vw, 2048px\" \/>\t\t\t\t\t<\/div>\n\t\t\t\t\t<div class=\"cbp-caption-activeWrap\">\n\t\t\t\t\t\t<div class=\"cbp-l-caption-alignCenter\" data-xpro-lightbox data-src=\"https:\/\/calidad.unap.cl\/acreditacion2027\/wp-content\/uploads\/sites\/2\/2026\/04\/IMG_7907.jpg\">\n\t\t\t\t\t\t\t<!-- Overlay -->\n\t\t\t\t\t\t\t<div class=\"cbp-l-caption-body\">\n\t\t\t\t\t\t\t\t\n\t\t\t\t\t\t\t\t\t\t\t\t\t\t\t\t\t<!-- Content -->\n\t\t\t\t\t\t\t\t\t<div class=\"xpro-overlay-content\">\n\t\t\t\t\t\t\t\t\t\t\t\t\t\t\t\t\t\t\t\t\t<h4 class=\"xpro-title\">Facultad de Ingenier\u00eda y Arquitectura<\/h4>\n\t\t\t\t\t\t\t\t\t\t\t\t\t\t\t\t\t\t\t\t\t\t\t\t\t\t\t\t\t<\/div>\n\t\t\t\t\t\t\t\t\t\t\t\t\t\t\t<\/div>\n\t\t\t\t\t\t<\/div>\n\t\t\t\t\t<\/div>\n\t\t\t\t<\/div>\n\t\t\t<\/div>\n\n\t\t\n\t\t\t<!--Item-->\n\t\t\t<div class=\"cbp-item xpro-elementor-gallery-item mar\">\n\t\t\t\t<div class=\"cbp-caption\">\n\t\t\t\t\t<div class=\"cbp-caption-defaultWrap\">\n\t\t\t\t\t\t<img loading=\"lazy\" decoding=\"async\" width=\"2048\" height=\"1638\" src=\"https:\/\/calidad.unap.cl\/acreditacion2027\/wp-content\/uploads\/sites\/2\/2026\/04\/IMG_7929.jpg\" class=\"attachment-full size-full\" alt=\"\" srcset=\"https:\/\/calidad.unap.cl\/acreditacion2027\/wp-content\/uploads\/sites\/2\/2026\/04\/IMG_7929.jpg 2048w, https:\/\/calidad.unap.cl\/acreditacion2027\/wp-content\/uploads\/sites\/2\/2026\/04\/IMG_7929-300x240.jpg 300w, https:\/\/calidad.unap.cl\/acreditacion2027\/wp-content\/uploads\/sites\/2\/2026\/04\/IMG_7929-1024x819.jpg 1024w, https:\/\/calidad.unap.cl\/acreditacion2027\/wp-content\/uploads\/sites\/2\/2026\/04\/IMG_7929-768x614.jpg 768w, https:\/\/calidad.unap.cl\/acreditacion2027\/wp-content\/uploads\/sites\/2\/2026\/04\/IMG_7929-1536x1229.jpg 1536w\" sizes=\"(max-width: 2048px) 100vw, 2048px\" \/>\t\t\t\t\t<\/div>\n\t\t\t\t\t<div class=\"cbp-caption-activeWrap\">\n\t\t\t\t\t\t<div class=\"cbp-l-caption-alignCenter\" data-xpro-lightbox data-src=\"https:\/\/calidad.unap.cl\/acreditacion2027\/wp-content\/uploads\/sites\/2\/2026\/04\/IMG_7929.jpg\">\n\t\t\t\t\t\t\t<!-- Overlay -->\n\t\t\t\t\t\t\t<div class=\"cbp-l-caption-body\">\n\t\t\t\t\t\t\t\t\n\t\t\t\t\t\t\t\t\t\t\t\t\t\t\t\t\t<!-- Content -->\n\t\t\t\t\t\t\t\t\t<div class=\"xpro-overlay-content\">\n\t\t\t\t\t\t\t\t\t\t\t\t\t\t\t\t\t\t\t\t\t<h4 class=\"xpro-title\">Facultad de Ingenier\u00eda y Arquitectura<\/h4>\n\t\t\t\t\t\t\t\t\t\t\t\t\t\t\t\t\t\t\t\t\t\t\t\t\t\t\t\t\t<\/div>\n\t\t\t\t\t\t\t\t\t\t\t\t\t\t\t<\/div>\n\t\t\t\t\t\t<\/div>\n\t\t\t\t\t<\/div>\n\t\t\t\t<\/div>\n\t\t\t<\/div>\n\n\t\t\n\t<\/div>\n\n<\/div>\n\t\t\t\t<\/div>\n\t\t\t\t<\/div>\n\t\t\t\t<div class=\"elementor-element elementor-element-d480e3d elementor-widget elementor-widget-xpro-simple-gallery\" data-id=\"d480e3d\" data-element_type=\"widget\" data-e-type=\"widget\" data-settings=\"{&quot;item_height&quot;:{&quot;unit&quot;:&quot;px&quot;,&quot;size&quot;:237,&quot;sizes&quot;:[]},&quot;margin&quot;:{&quot;unit&quot;:&quot;px&quot;,&quot;size&quot;:20,&quot;sizes&quot;:[]},&quot;filter_animation&quot;:&quot;fadeOut&quot;,&quot;hover_effect&quot;:&quot;fadeIn&quot;,&quot;item_per_row&quot;:3,&quot;item_per_row_tablet&quot;:2,&quot;item_per_row_mobile&quot;:1,&quot;item_height_tablet&quot;:{&quot;unit&quot;:&quot;px&quot;,&quot;size&quot;:&quot;&quot;,&quot;sizes&quot;:[]},&quot;item_height_mobile&quot;:{&quot;unit&quot;:&quot;px&quot;,&quot;size&quot;:&quot;&quot;,&quot;sizes&quot;:[]},&quot;margin_tablet&quot;:{&quot;unit&quot;:&quot;px&quot;,&quot;size&quot;:15,&quot;sizes&quot;:[]},&quot;margin_mobile&quot;:{&quot;unit&quot;:&quot;px&quot;,&quot;size&quot;:15,&quot;sizes&quot;:[]},&quot;popup&quot;:&quot;1&quot;,&quot;thumbnail&quot;:&quot;yes&quot;,&quot;thumbnail_by_default&quot;:&quot;yes&quot;,&quot;share&quot;:&quot;yes&quot;,&quot;download&quot;:&quot;yes&quot;}\" data-widget_type=\"xpro-simple-gallery.default\">\n\t\t\t\t<div class=\"elementor-widget-container\">\n\t\t\t\t\t<div class=\"xpro-elementor-gallery xpro-elementor-gallery-layout-grid\">\n\n\t\t\t<div class=\"xpro-elementor-gallery-filter xpro-filter-dropdown-mobile\">\n\n\t\t\t<!-- select content dropdown -->\n\t\t\t<div class=\"xpro-select-option\">\n\t\t\t\t<span class=\"xpro-select-content\">2025<\/span>\n\t\t\t\t<i class=\"xpro-select-icon fas fa-chevron-down\"><\/i>\n\t\t\t<\/div>\n\n\t\t\t<!-- Filters List -->\n\t\t\t<ul class=\"cbp-l-filters-button\" data-default-filter=\"*\">\n\n\t\t\t\t\t\t\t\t\t<li class=\"cbp-filter-item-active cbp-filter-item\" data-filter=\"*\">2025<\/li>\n\t\t\t\t\n\t\t\t\t<li class=\"cbp-filter-item\" data-filter=\".ene\">Ene<\/li><li class=\"cbp-filter-item\" data-filter=\".mar\">Mar<\/li><li class=\"cbp-filter-item\" data-filter=\".abr\">Abr<\/li><li class=\"cbp-filter-item\" data-filter=\".may\">May<\/li><li class=\"cbp-filter-item\" data-filter=\".jun\">Jun<\/li><li class=\"cbp-filter-item\" data-filter=\".jul\">Jul<\/li><li class=\"cbp-filter-item\" data-filter=\".ago\">Ago<\/li><li class=\"cbp-filter-item\" data-filter=\".sep\">Sep<\/li><li class=\"cbp-filter-item\" data-filter=\".oct\">Oct<\/li><li class=\"cbp-filter-item\" data-filter=\".nov\">Nov<\/li><li class=\"cbp-filter-item\" data-filter=\".dic\">Dic<\/li>\n\t\t\t<\/ul>\n\n\t\t<\/div>\n\t\n\t<!-- Main Gallery -->\n\t<div class=\"pluginResize xpro-elementor-gallery-wrapper cbp\">\n\n\t\t\n\t\t\t<!--Item-->\n\t\t\t<div class=\"cbp-item xpro-elementor-gallery-item ene\">\n\t\t\t\t<div class=\"cbp-caption\">\n\t\t\t\t\t<div class=\"cbp-caption-defaultWrap\">\n\t\t\t\t\t\t<img loading=\"lazy\" decoding=\"async\" width=\"2048\" height=\"1536\" src=\"https:\/\/calidad.unap.cl\/acreditacion2027\/wp-content\/uploads\/sites\/2\/2025\/09\/IMG_8044-1.jpg\" class=\"attachment-full size-full\" alt=\"\" srcset=\"https:\/\/calidad.unap.cl\/acreditacion2027\/wp-content\/uploads\/sites\/2\/2025\/09\/IMG_8044-1.jpg 2048w, https:\/\/calidad.unap.cl\/acreditacion2027\/wp-content\/uploads\/sites\/2\/2025\/09\/IMG_8044-1-300x225.jpg 300w, https:\/\/calidad.unap.cl\/acreditacion2027\/wp-content\/uploads\/sites\/2\/2025\/09\/IMG_8044-1-1024x768.jpg 1024w, https:\/\/calidad.unap.cl\/acreditacion2027\/wp-content\/uploads\/sites\/2\/2025\/09\/IMG_8044-1-768x576.jpg 768w, https:\/\/calidad.unap.cl\/acreditacion2027\/wp-content\/uploads\/sites\/2\/2025\/09\/IMG_8044-1-1536x1152.jpg 1536w\" sizes=\"(max-width: 2048px) 100vw, 2048px\" \/>\t\t\t\t\t<\/div>\n\t\t\t\t\t<div class=\"cbp-caption-activeWrap\">\n\t\t\t\t\t\t<div class=\"cbp-l-caption-alignCenter\" data-xpro-lightbox data-src=\"https:\/\/calidad.unap.cl\/acreditacion2027\/wp-content\/uploads\/sites\/2\/2025\/09\/IMG_8044-1.jpg\">\n\t\t\t\t\t\t\t<!-- Overlay -->\n\t\t\t\t\t\t\t<div class=\"cbp-l-caption-body\">\n\t\t\t\t\t\t\t\t\n\t\t\t\t\t\t\t\t\t\t\t\t\t\t\t\t\t<!-- Content -->\n\t\t\t\t\t\t\t\t\t<div class=\"xpro-overlay-content\">\n\t\t\t\t\t\t\t\t\t\t\t\t\t\t\t\t\t\t\t\t\t<h4 class=\"xpro-title\">Reuni\u00f3n<\/h4>\n\t\t\t\t\t\t\t\t\t\t\t\t\t\t\t\t\t\t\t\t\t\t\t\t\t\t\t\t\t<\/div>\n\t\t\t\t\t\t\t\t\t\t\t\t\t\t\t<\/div>\n\t\t\t\t\t\t<\/div>\n\t\t\t\t\t<\/div>\n\t\t\t\t<\/div>\n\t\t\t<\/div>\n\n\t\t\n\t\t\t<!--Item-->\n\t\t\t<div class=\"cbp-item xpro-elementor-gallery-item ene\">\n\t\t\t\t<div class=\"cbp-caption\">\n\t\t\t\t\t<div class=\"cbp-caption-defaultWrap\">\n\t\t\t\t\t\t<img loading=\"lazy\" decoding=\"async\" width=\"2048\" height=\"1536\" src=\"https:\/\/calidad.unap.cl\/acreditacion2027\/wp-content\/uploads\/sites\/2\/2025\/09\/IMG_8071.jpg\" class=\"attachment-full size-full\" alt=\"\" srcset=\"https:\/\/calidad.unap.cl\/acreditacion2027\/wp-content\/uploads\/sites\/2\/2025\/09\/IMG_8071.jpg 2048w, https:\/\/calidad.unap.cl\/acreditacion2027\/wp-content\/uploads\/sites\/2\/2025\/09\/IMG_8071-300x225.jpg 300w, https:\/\/calidad.unap.cl\/acreditacion2027\/wp-content\/uploads\/sites\/2\/2025\/09\/IMG_8071-1024x768.jpg 1024w, https:\/\/calidad.unap.cl\/acreditacion2027\/wp-content\/uploads\/sites\/2\/2025\/09\/IMG_8071-768x576.jpg 768w, https:\/\/calidad.unap.cl\/acreditacion2027\/wp-content\/uploads\/sites\/2\/2025\/09\/IMG_8071-1536x1152.jpg 1536w\" sizes=\"(max-width: 2048px) 100vw, 2048px\" \/>\t\t\t\t\t<\/div>\n\t\t\t\t\t<div class=\"cbp-caption-activeWrap\">\n\t\t\t\t\t\t<div class=\"cbp-l-caption-alignCenter\" data-xpro-lightbox data-src=\"https:\/\/calidad.unap.cl\/acreditacion2027\/wp-content\/uploads\/sites\/2\/2025\/09\/IMG_8071.jpg\">\n\t\t\t\t\t\t\t<!-- Overlay -->\n\t\t\t\t\t\t\t<div class=\"cbp-l-caption-body\">\n\t\t\t\t\t\t\t\t\n\t\t\t\t\t\t\t\t\t\t\t\t\t\t\t\t\t<!-- Content -->\n\t\t\t\t\t\t\t\t\t<div class=\"xpro-overlay-content\">\n\t\t\t\t\t\t\t\t\t\t\t\t\t\t\t\t\t\t\t\t\t<h4 class=\"xpro-title\">Reuni\u00f3n<\/h4>\n\t\t\t\t\t\t\t\t\t\t\t\t\t\t\t\t\t\t\t\t\t\t\t\t\t\t\t\t\t<\/div>\n\t\t\t\t\t\t\t\t\t\t\t\t\t\t\t<\/div>\n\t\t\t\t\t\t<\/div>\n\t\t\t\t\t<\/div>\n\t\t\t\t<\/div>\n\t\t\t<\/div>\n\n\t\t\n\t\t\t<!--Item-->\n\t\t\t<div class=\"cbp-item xpro-elementor-gallery-item ene\">\n\t\t\t\t<div class=\"cbp-caption\">\n\t\t\t\t\t<div class=\"cbp-caption-defaultWrap\">\n\t\t\t\t\t\t<img loading=\"lazy\" decoding=\"async\" width=\"2048\" height=\"1536\" src=\"https:\/\/calidad.unap.cl\/acreditacion2027\/wp-content\/uploads\/sites\/2\/2025\/09\/IMG_8059.jpg\" class=\"attachment-full size-full\" alt=\"\" srcset=\"https:\/\/calidad.unap.cl\/acreditacion2027\/wp-content\/uploads\/sites\/2\/2025\/09\/IMG_8059.jpg 2048w, https:\/\/calidad.unap.cl\/acreditacion2027\/wp-content\/uploads\/sites\/2\/2025\/09\/IMG_8059-300x225.jpg 300w, https:\/\/calidad.unap.cl\/acreditacion2027\/wp-content\/uploads\/sites\/2\/2025\/09\/IMG_8059-1024x768.jpg 1024w, https:\/\/calidad.unap.cl\/acreditacion2027\/wp-content\/uploads\/sites\/2\/2025\/09\/IMG_8059-768x576.jpg 768w, https:\/\/calidad.unap.cl\/acreditacion2027\/wp-content\/uploads\/sites\/2\/2025\/09\/IMG_8059-1536x1152.jpg 1536w\" sizes=\"(max-width: 2048px) 100vw, 2048px\" \/>\t\t\t\t\t<\/div>\n\t\t\t\t\t<div class=\"cbp-caption-activeWrap\">\n\t\t\t\t\t\t<div class=\"cbp-l-caption-alignCenter\" data-xpro-lightbox data-src=\"https:\/\/calidad.unap.cl\/acreditacion2027\/wp-content\/uploads\/sites\/2\/2025\/09\/IMG_8059.jpg\">\n\t\t\t\t\t\t\t<!-- Overlay -->\n\t\t\t\t\t\t\t<div class=\"cbp-l-caption-body\">\n\t\t\t\t\t\t\t\t\n\t\t\t\t\t\t\t\t\t\t\t\t\t\t\t\t\t<!-- Content -->\n\t\t\t\t\t\t\t\t\t<div class=\"xpro-overlay-content\">\n\t\t\t\t\t\t\t\t\t\t\t\t\t\t\t\t\t\t\t\t\t<h4 class=\"xpro-title\">Reuni\u00f3n<\/h4>\n\t\t\t\t\t\t\t\t\t\t\t\t\t\t\t\t\t\t\t\t\t\t\t\t\t\t\t\t\t<\/div>\n\t\t\t\t\t\t\t\t\t\t\t\t\t\t\t<\/div>\n\t\t\t\t\t\t<\/div>\n\t\t\t\t\t<\/div>\n\t\t\t\t<\/div>\n\t\t\t<\/div>\n\n\t\t\n\t\t\t<!--Item-->\n\t\t\t<div class=\"cbp-item xpro-elementor-gallery-item ene\">\n\t\t\t\t<div class=\"cbp-caption\">\n\t\t\t\t\t<div class=\"cbp-caption-defaultWrap\">\n\t\t\t\t\t\t<img loading=\"lazy\" decoding=\"async\" width=\"2048\" height=\"1536\" src=\"https:\/\/calidad.unap.cl\/acreditacion2027\/wp-content\/uploads\/sites\/2\/2025\/09\/IMG_8057-1.jpg\" class=\"attachment-full size-full\" alt=\"\" srcset=\"https:\/\/calidad.unap.cl\/acreditacion2027\/wp-content\/uploads\/sites\/2\/2025\/09\/IMG_8057-1.jpg 2048w, https:\/\/calidad.unap.cl\/acreditacion2027\/wp-content\/uploads\/sites\/2\/2025\/09\/IMG_8057-1-300x225.jpg 300w, https:\/\/calidad.unap.cl\/acreditacion2027\/wp-content\/uploads\/sites\/2\/2025\/09\/IMG_8057-1-1024x768.jpg 1024w, https:\/\/calidad.unap.cl\/acreditacion2027\/wp-content\/uploads\/sites\/2\/2025\/09\/IMG_8057-1-768x576.jpg 768w, https:\/\/calidad.unap.cl\/acreditacion2027\/wp-content\/uploads\/sites\/2\/2025\/09\/IMG_8057-1-1536x1152.jpg 1536w\" sizes=\"(max-width: 2048px) 100vw, 2048px\" \/>\t\t\t\t\t<\/div>\n\t\t\t\t\t<div class=\"cbp-caption-activeWrap\">\n\t\t\t\t\t\t<div class=\"cbp-l-caption-alignCenter\" data-xpro-lightbox data-src=\"https:\/\/calidad.unap.cl\/acreditacion2027\/wp-content\/uploads\/sites\/2\/2025\/09\/IMG_8057-1.jpg\">\n\t\t\t\t\t\t\t<!-- Overlay -->\n\t\t\t\t\t\t\t<div class=\"cbp-l-caption-body\">\n\t\t\t\t\t\t\t\t\n\t\t\t\t\t\t\t\t\t\t\t\t\t\t\t\t\t<!-- Content -->\n\t\t\t\t\t\t\t\t\t<div class=\"xpro-overlay-content\">\n\t\t\t\t\t\t\t\t\t\t\t\t\t\t\t\t\t\t\t\t\t<h4 class=\"xpro-title\">Reuni\u00f3n<\/h4>\n\t\t\t\t\t\t\t\t\t\t\t\t\t\t\t\t\t\t\t\t\t\t\t\t\t\t\t\t\t<\/div>\n\t\t\t\t\t\t\t\t\t\t\t\t\t\t\t<\/div>\n\t\t\t\t\t\t<\/div>\n\t\t\t\t\t<\/div>\n\t\t\t\t<\/div>\n\t\t\t<\/div>\n\n\t\t\n\t\t\t<!--Item-->\n\t\t\t<div class=\"cbp-item xpro-elementor-gallery-item ene\">\n\t\t\t\t<div class=\"cbp-caption\">\n\t\t\t\t\t<div class=\"cbp-caption-defaultWrap\">\n\t\t\t\t\t\t<img loading=\"lazy\" decoding=\"async\" width=\"2048\" height=\"1536\" src=\"https:\/\/calidad.unap.cl\/acreditacion2027\/wp-content\/uploads\/sites\/2\/2025\/09\/IMG_8053.jpg\" class=\"attachment-full size-full\" alt=\"\" srcset=\"https:\/\/calidad.unap.cl\/acreditacion2027\/wp-content\/uploads\/sites\/2\/2025\/09\/IMG_8053.jpg 2048w, https:\/\/calidad.unap.cl\/acreditacion2027\/wp-content\/uploads\/sites\/2\/2025\/09\/IMG_8053-300x225.jpg 300w, https:\/\/calidad.unap.cl\/acreditacion2027\/wp-content\/uploads\/sites\/2\/2025\/09\/IMG_8053-1024x768.jpg 1024w, https:\/\/calidad.unap.cl\/acreditacion2027\/wp-content\/uploads\/sites\/2\/2025\/09\/IMG_8053-768x576.jpg 768w, https:\/\/calidad.unap.cl\/acreditacion2027\/wp-content\/uploads\/sites\/2\/2025\/09\/IMG_8053-1536x1152.jpg 1536w\" sizes=\"(max-width: 2048px) 100vw, 2048px\" \/>\t\t\t\t\t<\/div>\n\t\t\t\t\t<div class=\"cbp-caption-activeWrap\">\n\t\t\t\t\t\t<div class=\"cbp-l-caption-alignCenter\" data-xpro-lightbox data-src=\"https:\/\/calidad.unap.cl\/acreditacion2027\/wp-content\/uploads\/sites\/2\/2025\/09\/IMG_8053.jpg\">\n\t\t\t\t\t\t\t<!-- Overlay -->\n\t\t\t\t\t\t\t<div class=\"cbp-l-caption-body\">\n\t\t\t\t\t\t\t\t\n\t\t\t\t\t\t\t\t\t\t\t\t\t\t\t\t\t<!-- Content -->\n\t\t\t\t\t\t\t\t\t<div class=\"xpro-overlay-content\">\n\t\t\t\t\t\t\t\t\t\t\t\t\t\t\t\t\t\t\t\t\t<h4 class=\"xpro-title\">Reuni\u00f3n<\/h4>\n\t\t\t\t\t\t\t\t\t\t\t\t\t\t\t\t\t\t\t\t\t\t\t\t\t\t\t\t\t<\/div>\n\t\t\t\t\t\t\t\t\t\t\t\t\t\t\t<\/div>\n\t\t\t\t\t\t<\/div>\n\t\t\t\t\t<\/div>\n\t\t\t\t<\/div>\n\t\t\t<\/div>\n\n\t\t\n\t\t\t<!--Item-->\n\t\t\t<div class=\"cbp-item xpro-elementor-gallery-item ene\">\n\t\t\t\t<div class=\"cbp-caption\">\n\t\t\t\t\t<div class=\"cbp-caption-defaultWrap\">\n\t\t\t\t\t\t<img loading=\"lazy\" decoding=\"async\" width=\"2048\" height=\"1536\" src=\"https:\/\/calidad.unap.cl\/acreditacion2027\/wp-content\/uploads\/sites\/2\/2025\/09\/IMG_8048.jpg\" class=\"attachment-full size-full\" alt=\"\" srcset=\"https:\/\/calidad.unap.cl\/acreditacion2027\/wp-content\/uploads\/sites\/2\/2025\/09\/IMG_8048.jpg 2048w, https:\/\/calidad.unap.cl\/acreditacion2027\/wp-content\/uploads\/sites\/2\/2025\/09\/IMG_8048-300x225.jpg 300w, https:\/\/calidad.unap.cl\/acreditacion2027\/wp-content\/uploads\/sites\/2\/2025\/09\/IMG_8048-1024x768.jpg 1024w, https:\/\/calidad.unap.cl\/acreditacion2027\/wp-content\/uploads\/sites\/2\/2025\/09\/IMG_8048-768x576.jpg 768w, https:\/\/calidad.unap.cl\/acreditacion2027\/wp-content\/uploads\/sites\/2\/2025\/09\/IMG_8048-1536x1152.jpg 1536w\" sizes=\"(max-width: 2048px) 100vw, 2048px\" \/>\t\t\t\t\t<\/div>\n\t\t\t\t\t<div class=\"cbp-caption-activeWrap\">\n\t\t\t\t\t\t<div class=\"cbp-l-caption-alignCenter\" data-xpro-lightbox data-src=\"https:\/\/calidad.unap.cl\/acreditacion2027\/wp-content\/uploads\/sites\/2\/2025\/09\/IMG_8048.jpg\">\n\t\t\t\t\t\t\t<!-- Overlay -->\n\t\t\t\t\t\t\t<div class=\"cbp-l-caption-body\">\n\t\t\t\t\t\t\t\t\n\t\t\t\t\t\t\t\t\t\t\t\t\t\t\t\t\t<!-- Content -->\n\t\t\t\t\t\t\t\t\t<div class=\"xpro-overlay-content\">\n\t\t\t\t\t\t\t\t\t\t\t\t\t\t\t\t\t\t\t\t\t<h4 class=\"xpro-title\">Reuni\u00f3n<\/h4>\n\t\t\t\t\t\t\t\t\t\t\t\t\t\t\t\t\t\t\t\t\t\t\t\t\t\t\t\t\t<\/div>\n\t\t\t\t\t\t\t\t\t\t\t\t\t\t\t<\/div>\n\t\t\t\t\t\t<\/div>\n\t\t\t\t\t<\/div>\n\t\t\t\t<\/div>\n\t\t\t<\/div>\n\n\t\t\n\t\t\t<!--Item-->\n\t\t\t<div class=\"cbp-item xpro-elementor-gallery-item ene\">\n\t\t\t\t<div class=\"cbp-caption\">\n\t\t\t\t\t<div class=\"cbp-caption-defaultWrap\">\n\t\t\t\t\t\t<img loading=\"lazy\" decoding=\"async\" width=\"2048\" height=\"1536\" src=\"https:\/\/calidad.unap.cl\/acreditacion2027\/wp-content\/uploads\/sites\/2\/2025\/09\/IMG_8046.jpg\" class=\"attachment-full size-full\" alt=\"\" srcset=\"https:\/\/calidad.unap.cl\/acreditacion2027\/wp-content\/uploads\/sites\/2\/2025\/09\/IMG_8046.jpg 2048w, https:\/\/calidad.unap.cl\/acreditacion2027\/wp-content\/uploads\/sites\/2\/2025\/09\/IMG_8046-300x225.jpg 300w, https:\/\/calidad.unap.cl\/acreditacion2027\/wp-content\/uploads\/sites\/2\/2025\/09\/IMG_8046-1024x768.jpg 1024w, https:\/\/calidad.unap.cl\/acreditacion2027\/wp-content\/uploads\/sites\/2\/2025\/09\/IMG_8046-768x576.jpg 768w, https:\/\/calidad.unap.cl\/acreditacion2027\/wp-content\/uploads\/sites\/2\/2025\/09\/IMG_8046-1536x1152.jpg 1536w\" sizes=\"(max-width: 2048px) 100vw, 2048px\" \/>\t\t\t\t\t<\/div>\n\t\t\t\t\t<div class=\"cbp-caption-activeWrap\">\n\t\t\t\t\t\t<div class=\"cbp-l-caption-alignCenter\" data-xpro-lightbox data-src=\"https:\/\/calidad.unap.cl\/acreditacion2027\/wp-content\/uploads\/sites\/2\/2025\/09\/IMG_8046.jpg\">\n\t\t\t\t\t\t\t<!-- Overlay -->\n\t\t\t\t\t\t\t<div class=\"cbp-l-caption-body\">\n\t\t\t\t\t\t\t\t\n\t\t\t\t\t\t\t\t\t\t\t\t\t\t\t\t\t<!-- Content -->\n\t\t\t\t\t\t\t\t\t<div class=\"xpro-overlay-content\">\n\t\t\t\t\t\t\t\t\t\t\t\t\t\t\t\t\t\t\t\t\t<h4 class=\"xpro-title\">Reuni\u00f3n<\/h4>\n\t\t\t\t\t\t\t\t\t\t\t\t\t\t\t\t\t\t\t\t\t\t\t\t\t\t\t\t\t<\/div>\n\t\t\t\t\t\t\t\t\t\t\t\t\t\t\t<\/div>\n\t\t\t\t\t\t<\/div>\n\t\t\t\t\t<\/div>\n\t\t\t\t<\/div>\n\t\t\t<\/div>\n\n\t\t\n\t\t\t<!--Item-->\n\t\t\t<div class=\"cbp-item xpro-elementor-gallery-item ene\">\n\t\t\t\t<div class=\"cbp-caption\">\n\t\t\t\t\t<div class=\"cbp-caption-defaultWrap\">\n\t\t\t\t\t\t<img loading=\"lazy\" decoding=\"async\" width=\"2048\" height=\"1536\" src=\"https:\/\/calidad.unap.cl\/acreditacion2027\/wp-content\/uploads\/sites\/2\/2025\/09\/IMG_8079.jpg\" class=\"attachment-full size-full\" alt=\"\" srcset=\"https:\/\/calidad.unap.cl\/acreditacion2027\/wp-content\/uploads\/sites\/2\/2025\/09\/IMG_8079.jpg 2048w, https:\/\/calidad.unap.cl\/acreditacion2027\/wp-content\/uploads\/sites\/2\/2025\/09\/IMG_8079-300x225.jpg 300w, https:\/\/calidad.unap.cl\/acreditacion2027\/wp-content\/uploads\/sites\/2\/2025\/09\/IMG_8079-1024x768.jpg 1024w, https:\/\/calidad.unap.cl\/acreditacion2027\/wp-content\/uploads\/sites\/2\/2025\/09\/IMG_8079-768x576.jpg 768w, https:\/\/calidad.unap.cl\/acreditacion2027\/wp-content\/uploads\/sites\/2\/2025\/09\/IMG_8079-1536x1152.jpg 1536w\" sizes=\"(max-width: 2048px) 100vw, 2048px\" \/>\t\t\t\t\t<\/div>\n\t\t\t\t\t<div class=\"cbp-caption-activeWrap\">\n\t\t\t\t\t\t<div class=\"cbp-l-caption-alignCenter\" data-xpro-lightbox data-src=\"https:\/\/calidad.unap.cl\/acreditacion2027\/wp-content\/uploads\/sites\/2\/2025\/09\/IMG_8079.jpg\">\n\t\t\t\t\t\t\t<!-- Overlay -->\n\t\t\t\t\t\t\t<div class=\"cbp-l-caption-body\">\n\t\t\t\t\t\t\t\t\n\t\t\t\t\t\t\t\t\t\t\t\t\t\t\t\t\t<!-- Content -->\n\t\t\t\t\t\t\t\t\t<div class=\"xpro-overlay-content\">\n\t\t\t\t\t\t\t\t\t\t\t\t\t\t\t\t\t\t\t\t\t<h4 class=\"xpro-title\">Reuni\u00f3n<\/h4>\n\t\t\t\t\t\t\t\t\t\t\t\t\t\t\t\t\t\t\t\t\t\t\t\t\t\t\t\t\t<\/div>\n\t\t\t\t\t\t\t\t\t\t\t\t\t\t\t<\/div>\n\t\t\t\t\t\t<\/div>\n\t\t\t\t\t<\/div>\n\t\t\t\t<\/div>\n\t\t\t<\/div>\n\n\t\t\n\t\t\t<!--Item-->\n\t\t\t<div class=\"cbp-item xpro-elementor-gallery-item ene\">\n\t\t\t\t<div class=\"cbp-caption\">\n\t\t\t\t\t<div class=\"cbp-caption-defaultWrap\">\n\t\t\t\t\t\t<img loading=\"lazy\" decoding=\"async\" width=\"2048\" height=\"1536\" src=\"https:\/\/calidad.unap.cl\/acreditacion2027\/wp-content\/uploads\/sites\/2\/2025\/09\/IMG_8091.jpg\" class=\"attachment-full size-full\" alt=\"\" srcset=\"https:\/\/calidad.unap.cl\/acreditacion2027\/wp-content\/uploads\/sites\/2\/2025\/09\/IMG_8091.jpg 2048w, https:\/\/calidad.unap.cl\/acreditacion2027\/wp-content\/uploads\/sites\/2\/2025\/09\/IMG_8091-300x225.jpg 300w, https:\/\/calidad.unap.cl\/acreditacion2027\/wp-content\/uploads\/sites\/2\/2025\/09\/IMG_8091-1024x768.jpg 1024w, https:\/\/calidad.unap.cl\/acreditacion2027\/wp-content\/uploads\/sites\/2\/2025\/09\/IMG_8091-768x576.jpg 768w, https:\/\/calidad.unap.cl\/acreditacion2027\/wp-content\/uploads\/sites\/2\/2025\/09\/IMG_8091-1536x1152.jpg 1536w\" sizes=\"(max-width: 2048px) 100vw, 2048px\" \/>\t\t\t\t\t<\/div>\n\t\t\t\t\t<div class=\"cbp-caption-activeWrap\">\n\t\t\t\t\t\t<div class=\"cbp-l-caption-alignCenter\" data-xpro-lightbox data-src=\"https:\/\/calidad.unap.cl\/acreditacion2027\/wp-content\/uploads\/sites\/2\/2025\/09\/IMG_8091.jpg\">\n\t\t\t\t\t\t\t<!-- Overlay -->\n\t\t\t\t\t\t\t<div class=\"cbp-l-caption-body\">\n\t\t\t\t\t\t\t\t\n\t\t\t\t\t\t\t\t\t\t\t\t\t\t\t\t\t<!-- Content -->\n\t\t\t\t\t\t\t\t\t<div class=\"xpro-overlay-content\">\n\t\t\t\t\t\t\t\t\t\t\t\t\t\t\t\t\t\t\t\t\t<h4 class=\"xpro-title\">Reuni\u00f3n<\/h4>\n\t\t\t\t\t\t\t\t\t\t\t\t\t\t\t\t\t\t\t\t\t\t\t\t\t\t\t\t\t<\/div>\n\t\t\t\t\t\t\t\t\t\t\t\t\t\t\t<\/div>\n\t\t\t\t\t\t<\/div>\n\t\t\t\t\t<\/div>\n\t\t\t\t<\/div>\n\t\t\t<\/div>\n\n\t\t\n\t\t\t<!--Item-->\n\t\t\t<div class=\"cbp-item xpro-elementor-gallery-item ene\">\n\t\t\t\t<div class=\"cbp-caption\">\n\t\t\t\t\t<div class=\"cbp-caption-defaultWrap\">\n\t\t\t\t\t\t<img loading=\"lazy\" decoding=\"async\" width=\"2048\" height=\"1150\" src=\"https:\/\/calidad.unap.cl\/acreditacion2027\/wp-content\/uploads\/sites\/2\/2025\/09\/IMG_8096.jpg\" class=\"attachment-full size-full\" alt=\"\" srcset=\"https:\/\/calidad.unap.cl\/acreditacion2027\/wp-content\/uploads\/sites\/2\/2025\/09\/IMG_8096.jpg 2048w, https:\/\/calidad.unap.cl\/acreditacion2027\/wp-content\/uploads\/sites\/2\/2025\/09\/IMG_8096-300x168.jpg 300w, https:\/\/calidad.unap.cl\/acreditacion2027\/wp-content\/uploads\/sites\/2\/2025\/09\/IMG_8096-1024x575.jpg 1024w, https:\/\/calidad.unap.cl\/acreditacion2027\/wp-content\/uploads\/sites\/2\/2025\/09\/IMG_8096-768x431.jpg 768w, https:\/\/calidad.unap.cl\/acreditacion2027\/wp-content\/uploads\/sites\/2\/2025\/09\/IMG_8096-1536x863.jpg 1536w\" sizes=\"(max-width: 2048px) 100vw, 2048px\" \/>\t\t\t\t\t<\/div>\n\t\t\t\t\t<div class=\"cbp-caption-activeWrap\">\n\t\t\t\t\t\t<div class=\"cbp-l-caption-alignCenter\" data-xpro-lightbox data-src=\"https:\/\/calidad.unap.cl\/acreditacion2027\/wp-content\/uploads\/sites\/2\/2025\/09\/IMG_8096.jpg\">\n\t\t\t\t\t\t\t<!-- Overlay -->\n\t\t\t\t\t\t\t<div class=\"cbp-l-caption-body\">\n\t\t\t\t\t\t\t\t\n\t\t\t\t\t\t\t\t\t\t\t\t\t\t\t\t\t<!-- Content -->\n\t\t\t\t\t\t\t\t\t<div class=\"xpro-overlay-content\">\n\t\t\t\t\t\t\t\t\t\t\t\t\t\t\t\t\t\t\t\t\t<h4 class=\"xpro-title\">Reuni\u00f3n<\/h4>\n\t\t\t\t\t\t\t\t\t\t\t\t\t\t\t\t\t\t\t\t\t\t\t\t\t\t\t\t\t<\/div>\n\t\t\t\t\t\t\t\t\t\t\t\t\t\t\t<\/div>\n\t\t\t\t\t\t<\/div>\n\t\t\t\t\t<\/div>\n\t\t\t\t<\/div>\n\t\t\t<\/div>\n\n\t\t\n\t\t\t<!--Item-->\n\t\t\t<div class=\"cbp-item xpro-elementor-gallery-item ene\">\n\t\t\t\t<div class=\"cbp-caption\">\n\t\t\t\t\t<div class=\"cbp-caption-defaultWrap\">\n\t\t\t\t\t\t<img loading=\"lazy\" decoding=\"async\" width=\"2048\" height=\"1536\" src=\"https:\/\/calidad.unap.cl\/acreditacion2027\/wp-content\/uploads\/sites\/2\/2025\/09\/IMG_8102.jpg\" class=\"attachment-full size-full\" alt=\"\" srcset=\"https:\/\/calidad.unap.cl\/acreditacion2027\/wp-content\/uploads\/sites\/2\/2025\/09\/IMG_8102.jpg 2048w, https:\/\/calidad.unap.cl\/acreditacion2027\/wp-content\/uploads\/sites\/2\/2025\/09\/IMG_8102-300x225.jpg 300w, https:\/\/calidad.unap.cl\/acreditacion2027\/wp-content\/uploads\/sites\/2\/2025\/09\/IMG_8102-1024x768.jpg 1024w, https:\/\/calidad.unap.cl\/acreditacion2027\/wp-content\/uploads\/sites\/2\/2025\/09\/IMG_8102-768x576.jpg 768w, https:\/\/calidad.unap.cl\/acreditacion2027\/wp-content\/uploads\/sites\/2\/2025\/09\/IMG_8102-1536x1152.jpg 1536w\" sizes=\"(max-width: 2048px) 100vw, 2048px\" \/>\t\t\t\t\t<\/div>\n\t\t\t\t\t<div class=\"cbp-caption-activeWrap\">\n\t\t\t\t\t\t<div class=\"cbp-l-caption-alignCenter\" data-xpro-lightbox data-src=\"https:\/\/calidad.unap.cl\/acreditacion2027\/wp-content\/uploads\/sites\/2\/2025\/09\/IMG_8102.jpg\">\n\t\t\t\t\t\t\t<!-- Overlay -->\n\t\t\t\t\t\t\t<div class=\"cbp-l-caption-body\">\n\t\t\t\t\t\t\t\t\n\t\t\t\t\t\t\t\t\t\t\t\t\t\t\t\t\t<!-- Content -->\n\t\t\t\t\t\t\t\t\t<div class=\"xpro-overlay-content\">\n\t\t\t\t\t\t\t\t\t\t\t\t\t\t\t\t\t\t\t\t\t<h4 class=\"xpro-title\">Reuni\u00f3n<\/h4>\n\t\t\t\t\t\t\t\t\t\t\t\t\t\t\t\t\t\t\t\t\t\t\t\t\t\t\t\t\t<\/div>\n\t\t\t\t\t\t\t\t\t\t\t\t\t\t\t<\/div>\n\t\t\t\t\t\t<\/div>\n\t\t\t\t\t<\/div>\n\t\t\t\t<\/div>\n\t\t\t<\/div>\n\n\t\t\n\t\t\t<!--Item-->\n\t\t\t<div class=\"cbp-item xpro-elementor-gallery-item ene\">\n\t\t\t\t<div class=\"cbp-caption\">\n\t\t\t\t\t<div class=\"cbp-caption-defaultWrap\">\n\t\t\t\t\t\t<img loading=\"lazy\" decoding=\"async\" width=\"2048\" height=\"1536\" src=\"https:\/\/calidad.unap.cl\/acreditacion2027\/wp-content\/uploads\/sites\/2\/2025\/09\/IMG_8113.jpg\" class=\"attachment-full size-full\" alt=\"\" srcset=\"https:\/\/calidad.unap.cl\/acreditacion2027\/wp-content\/uploads\/sites\/2\/2025\/09\/IMG_8113.jpg 2048w, https:\/\/calidad.unap.cl\/acreditacion2027\/wp-content\/uploads\/sites\/2\/2025\/09\/IMG_8113-300x225.jpg 300w, https:\/\/calidad.unap.cl\/acreditacion2027\/wp-content\/uploads\/sites\/2\/2025\/09\/IMG_8113-1024x768.jpg 1024w, https:\/\/calidad.unap.cl\/acreditacion2027\/wp-content\/uploads\/sites\/2\/2025\/09\/IMG_8113-768x576.jpg 768w, https:\/\/calidad.unap.cl\/acreditacion2027\/wp-content\/uploads\/sites\/2\/2025\/09\/IMG_8113-1536x1152.jpg 1536w\" sizes=\"(max-width: 2048px) 100vw, 2048px\" \/>\t\t\t\t\t<\/div>\n\t\t\t\t\t<div class=\"cbp-caption-activeWrap\">\n\t\t\t\t\t\t<div class=\"cbp-l-caption-alignCenter\" data-xpro-lightbox data-src=\"https:\/\/calidad.unap.cl\/acreditacion2027\/wp-content\/uploads\/sites\/2\/2025\/09\/IMG_8113.jpg\">\n\t\t\t\t\t\t\t<!-- Overlay -->\n\t\t\t\t\t\t\t<div class=\"cbp-l-caption-body\">\n\t\t\t\t\t\t\t\t\n\t\t\t\t\t\t\t\t\t\t\t\t\t\t\t\t\t<!-- Content -->\n\t\t\t\t\t\t\t\t\t<div class=\"xpro-overlay-content\">\n\t\t\t\t\t\t\t\t\t\t\t\t\t\t\t\t\t\t\t\t\t<h4 class=\"xpro-title\">Reuni\u00f3n<\/h4>\n\t\t\t\t\t\t\t\t\t\t\t\t\t\t\t\t\t\t\t\t\t\t\t\t\t\t\t\t\t<\/div>\n\t\t\t\t\t\t\t\t\t\t\t\t\t\t\t<\/div>\n\t\t\t\t\t\t<\/div>\n\t\t\t\t\t<\/div>\n\t\t\t\t<\/div>\n\t\t\t<\/div>\n\n\t\t\n\t\t\t<!--Item-->\n\t\t\t<div class=\"cbp-item xpro-elementor-gallery-item ene\">\n\t\t\t\t<div class=\"cbp-caption\">\n\t\t\t\t\t<div class=\"cbp-caption-defaultWrap\">\n\t\t\t\t\t\t<img loading=\"lazy\" decoding=\"async\" width=\"2048\" height=\"1538\" src=\"https:\/\/calidad.unap.cl\/acreditacion2027\/wp-content\/uploads\/sites\/2\/2025\/09\/IMG_8136-1.jpg\" class=\"attachment-full size-full\" alt=\"\" srcset=\"https:\/\/calidad.unap.cl\/acreditacion2027\/wp-content\/uploads\/sites\/2\/2025\/09\/IMG_8136-1.jpg 2048w, https:\/\/calidad.unap.cl\/acreditacion2027\/wp-content\/uploads\/sites\/2\/2025\/09\/IMG_8136-1-300x225.jpg 300w, https:\/\/calidad.unap.cl\/acreditacion2027\/wp-content\/uploads\/sites\/2\/2025\/09\/IMG_8136-1-1024x769.jpg 1024w, https:\/\/calidad.unap.cl\/acreditacion2027\/wp-content\/uploads\/sites\/2\/2025\/09\/IMG_8136-1-768x577.jpg 768w, https:\/\/calidad.unap.cl\/acreditacion2027\/wp-content\/uploads\/sites\/2\/2025\/09\/IMG_8136-1-1536x1154.jpg 1536w\" sizes=\"(max-width: 2048px) 100vw, 2048px\" \/>\t\t\t\t\t<\/div>\n\t\t\t\t\t<div class=\"cbp-caption-activeWrap\">\n\t\t\t\t\t\t<div class=\"cbp-l-caption-alignCenter\" data-xpro-lightbox data-src=\"https:\/\/calidad.unap.cl\/acreditacion2027\/wp-content\/uploads\/sites\/2\/2025\/09\/IMG_8136-1.jpg\">\n\t\t\t\t\t\t\t<!-- Overlay -->\n\t\t\t\t\t\t\t<div class=\"cbp-l-caption-body\">\n\t\t\t\t\t\t\t\t\n\t\t\t\t\t\t\t\t\t\t\t\t\t\t\t\t\t<!-- Content -->\n\t\t\t\t\t\t\t\t\t<div class=\"xpro-overlay-content\">\n\t\t\t\t\t\t\t\t\t\t\t\t\t\t\t\t\t\t\t\t\t<h4 class=\"xpro-title\">Reuni\u00f3n FCH<\/h4>\n\t\t\t\t\t\t\t\t\t\t\t\t\t\t\t\t\t\t\t\t\t\t\t\t\t\t\t\t\t<\/div>\n\t\t\t\t\t\t\t\t\t\t\t\t\t\t\t<\/div>\n\t\t\t\t\t\t<\/div>\n\t\t\t\t\t<\/div>\n\t\t\t\t<\/div>\n\t\t\t<\/div>\n\n\t\t\n\t\t\t<!--Item-->\n\t\t\t<div class=\"cbp-item xpro-elementor-gallery-item ene\">\n\t\t\t\t<div class=\"cbp-caption\">\n\t\t\t\t\t<div class=\"cbp-caption-defaultWrap\">\n\t\t\t\t\t\t<img loading=\"lazy\" decoding=\"async\" width=\"2048\" height=\"1538\" src=\"https:\/\/calidad.unap.cl\/acreditacion2027\/wp-content\/uploads\/sites\/2\/2025\/09\/IMG_8139.jpg\" class=\"attachment-full size-full\" alt=\"\" srcset=\"https:\/\/calidad.unap.cl\/acreditacion2027\/wp-content\/uploads\/sites\/2\/2025\/09\/IMG_8139.jpg 2048w, https:\/\/calidad.unap.cl\/acreditacion2027\/wp-content\/uploads\/sites\/2\/2025\/09\/IMG_8139-300x225.jpg 300w, https:\/\/calidad.unap.cl\/acreditacion2027\/wp-content\/uploads\/sites\/2\/2025\/09\/IMG_8139-1024x769.jpg 1024w, https:\/\/calidad.unap.cl\/acreditacion2027\/wp-content\/uploads\/sites\/2\/2025\/09\/IMG_8139-768x577.jpg 768w, https:\/\/calidad.unap.cl\/acreditacion2027\/wp-content\/uploads\/sites\/2\/2025\/09\/IMG_8139-1536x1154.jpg 1536w\" sizes=\"(max-width: 2048px) 100vw, 2048px\" \/>\t\t\t\t\t<\/div>\n\t\t\t\t\t<div class=\"cbp-caption-activeWrap\">\n\t\t\t\t\t\t<div class=\"cbp-l-caption-alignCenter\" data-xpro-lightbox data-src=\"https:\/\/calidad.unap.cl\/acreditacion2027\/wp-content\/uploads\/sites\/2\/2025\/09\/IMG_8139.jpg\">\n\t\t\t\t\t\t\t<!-- Overlay -->\n\t\t\t\t\t\t\t<div class=\"cbp-l-caption-body\">\n\t\t\t\t\t\t\t\t\n\t\t\t\t\t\t\t\t\t\t\t\t\t\t\t\t\t<!-- Content -->\n\t\t\t\t\t\t\t\t\t<div class=\"xpro-overlay-content\">\n\t\t\t\t\t\t\t\t\t\t\t\t\t\t\t\t\t\t\t\t\t<h4 class=\"xpro-title\">Reuni\u00f3n FCH<\/h4>\n\t\t\t\t\t\t\t\t\t\t\t\t\t\t\t\t\t\t\t\t\t\t\t\t\t\t\t\t\t<\/div>\n\t\t\t\t\t\t\t\t\t\t\t\t\t\t\t<\/div>\n\t\t\t\t\t\t<\/div>\n\t\t\t\t\t<\/div>\n\t\t\t\t<\/div>\n\t\t\t<\/div>\n\n\t\t\n\t\t\t<!--Item-->\n\t\t\t<div class=\"cbp-item xpro-elementor-gallery-item ene\">\n\t\t\t\t<div class=\"cbp-caption\">\n\t\t\t\t\t<div class=\"cbp-caption-defaultWrap\">\n\t\t\t\t\t\t<img loading=\"lazy\" decoding=\"async\" width=\"2048\" height=\"1536\" src=\"https:\/\/calidad.unap.cl\/acreditacion2027\/wp-content\/uploads\/sites\/2\/2025\/09\/IMG_8143.jpg\" class=\"attachment-full size-full\" alt=\"\" srcset=\"https:\/\/calidad.unap.cl\/acreditacion2027\/wp-content\/uploads\/sites\/2\/2025\/09\/IMG_8143.jpg 2048w, https:\/\/calidad.unap.cl\/acreditacion2027\/wp-content\/uploads\/sites\/2\/2025\/09\/IMG_8143-300x225.jpg 300w, https:\/\/calidad.unap.cl\/acreditacion2027\/wp-content\/uploads\/sites\/2\/2025\/09\/IMG_8143-1024x768.jpg 1024w, https:\/\/calidad.unap.cl\/acreditacion2027\/wp-content\/uploads\/sites\/2\/2025\/09\/IMG_8143-768x576.jpg 768w, https:\/\/calidad.unap.cl\/acreditacion2027\/wp-content\/uploads\/sites\/2\/2025\/09\/IMG_8143-1536x1152.jpg 1536w\" sizes=\"(max-width: 2048px) 100vw, 2048px\" \/>\t\t\t\t\t<\/div>\n\t\t\t\t\t<div class=\"cbp-caption-activeWrap\">\n\t\t\t\t\t\t<div class=\"cbp-l-caption-alignCenter\" data-xpro-lightbox data-src=\"https:\/\/calidad.unap.cl\/acreditacion2027\/wp-content\/uploads\/sites\/2\/2025\/09\/IMG_8143.jpg\">\n\t\t\t\t\t\t\t<!-- Overlay -->\n\t\t\t\t\t\t\t<div class=\"cbp-l-caption-body\">\n\t\t\t\t\t\t\t\t\n\t\t\t\t\t\t\t\t\t\t\t\t\t\t\t\t\t<!-- Content -->\n\t\t\t\t\t\t\t\t\t<div class=\"xpro-overlay-content\">\n\t\t\t\t\t\t\t\t\t\t\t\t\t\t\t\t\t\t\t\t\t<h4 class=\"xpro-title\">Reuni\u00f3n FCH<\/h4>\n\t\t\t\t\t\t\t\t\t\t\t\t\t\t\t\t\t\t\t\t\t\t\t\t\t\t\t\t\t<\/div>\n\t\t\t\t\t\t\t\t\t\t\t\t\t\t\t<\/div>\n\t\t\t\t\t\t<\/div>\n\t\t\t\t\t<\/div>\n\t\t\t\t<\/div>\n\t\t\t<\/div>\n\n\t\t\n\t\t\t<!--Item-->\n\t\t\t<div class=\"cbp-item xpro-elementor-gallery-item ene\">\n\t\t\t\t<div class=\"cbp-caption\">\n\t\t\t\t\t<div class=\"cbp-caption-defaultWrap\">\n\t\t\t\t\t\t<img loading=\"lazy\" decoding=\"async\" width=\"2048\" height=\"1536\" src=\"https:\/\/calidad.unap.cl\/acreditacion2027\/wp-content\/uploads\/sites\/2\/2025\/09\/IMG_8148.jpg\" class=\"attachment-full size-full\" alt=\"\" srcset=\"https:\/\/calidad.unap.cl\/acreditacion2027\/wp-content\/uploads\/sites\/2\/2025\/09\/IMG_8148.jpg 2048w, https:\/\/calidad.unap.cl\/acreditacion2027\/wp-content\/uploads\/sites\/2\/2025\/09\/IMG_8148-300x225.jpg 300w, https:\/\/calidad.unap.cl\/acreditacion2027\/wp-content\/uploads\/sites\/2\/2025\/09\/IMG_8148-1024x768.jpg 1024w, https:\/\/calidad.unap.cl\/acreditacion2027\/wp-content\/uploads\/sites\/2\/2025\/09\/IMG_8148-768x576.jpg 768w, https:\/\/calidad.unap.cl\/acreditacion2027\/wp-content\/uploads\/sites\/2\/2025\/09\/IMG_8148-1536x1152.jpg 1536w\" sizes=\"(max-width: 2048px) 100vw, 2048px\" \/>\t\t\t\t\t<\/div>\n\t\t\t\t\t<div class=\"cbp-caption-activeWrap\">\n\t\t\t\t\t\t<div class=\"cbp-l-caption-alignCenter\" data-xpro-lightbox data-src=\"https:\/\/calidad.unap.cl\/acreditacion2027\/wp-content\/uploads\/sites\/2\/2025\/09\/IMG_8148.jpg\">\n\t\t\t\t\t\t\t<!-- Overlay -->\n\t\t\t\t\t\t\t<div class=\"cbp-l-caption-body\">\n\t\t\t\t\t\t\t\t\n\t\t\t\t\t\t\t\t\t\t\t\t\t\t\t\t\t<!-- Content -->\n\t\t\t\t\t\t\t\t\t<div class=\"xpro-overlay-content\">\n\t\t\t\t\t\t\t\t\t\t\t\t\t\t\t\t\t\t\t\t\t<h4 class=\"xpro-title\">Reuni\u00f3n FCH<\/h4>\n\t\t\t\t\t\t\t\t\t\t\t\t\t\t\t\t\t\t\t\t\t\t\t\t\t\t\t\t\t<\/div>\n\t\t\t\t\t\t\t\t\t\t\t\t\t\t\t<\/div>\n\t\t\t\t\t\t<\/div>\n\t\t\t\t\t<\/div>\n\t\t\t\t<\/div>\n\t\t\t<\/div>\n\n\t\t\n\t\t\t<!--Item-->\n\t\t\t<div class=\"cbp-item xpro-elementor-gallery-item mar\">\n\t\t\t\t<div class=\"cbp-caption\">\n\t\t\t\t\t<div class=\"cbp-caption-defaultWrap\">\n\t\t\t\t\t\t<img loading=\"lazy\" decoding=\"async\" width=\"2560\" height=\"1922\" src=\"https:\/\/calidad.unap.cl\/acreditacion2027\/wp-content\/uploads\/sites\/2\/2025\/10\/IMG_8234-scaled.jpg\" class=\"attachment-full size-full\" alt=\"\" srcset=\"https:\/\/calidad.unap.cl\/acreditacion2027\/wp-content\/uploads\/sites\/2\/2025\/10\/IMG_8234-scaled.jpg 2560w, https:\/\/calidad.unap.cl\/acreditacion2027\/wp-content\/uploads\/sites\/2\/2025\/10\/IMG_8234-300x225.jpg 300w, https:\/\/calidad.unap.cl\/acreditacion2027\/wp-content\/uploads\/sites\/2\/2025\/10\/IMG_8234-1024x769.jpg 1024w, https:\/\/calidad.unap.cl\/acreditacion2027\/wp-content\/uploads\/sites\/2\/2025\/10\/IMG_8234-768x577.jpg 768w, https:\/\/calidad.unap.cl\/acreditacion2027\/wp-content\/uploads\/sites\/2\/2025\/10\/IMG_8234-1536x1153.jpg 1536w, https:\/\/calidad.unap.cl\/acreditacion2027\/wp-content\/uploads\/sites\/2\/2025\/10\/IMG_8234-2048x1538.jpg 2048w\" sizes=\"(max-width: 2560px) 100vw, 2560px\" \/>\t\t\t\t\t<\/div>\n\t\t\t\t\t<div class=\"cbp-caption-activeWrap\">\n\t\t\t\t\t\t<div class=\"cbp-l-caption-alignCenter\" data-xpro-lightbox data-src=\"https:\/\/calidad.unap.cl\/acreditacion2027\/wp-content\/uploads\/sites\/2\/2025\/10\/IMG_8234-scaled.jpg\">\n\t\t\t\t\t\t\t<!-- Overlay -->\n\t\t\t\t\t\t\t<div class=\"cbp-l-caption-body\">\n\t\t\t\t\t\t\t\t\n\t\t\t\t\t\t\t\t\t\t\t\t\t\t\t\t\t<!-- Content -->\n\t\t\t\t\t\t\t\t\t<div class=\"xpro-overlay-content\">\n\t\t\t\t\t\t\t\t\t\t\t\t\t\t\t\t\t\t\t\t\t<h4 class=\"xpro-title\">Reuni\u00f3n Comisi\u00f3n Docencia<\/h4>\n\t\t\t\t\t\t\t\t\t\t\t\t\t\t\t\t\t\t\t\t\t\t\t\t\t\t\t\t\t<\/div>\n\t\t\t\t\t\t\t\t\t\t\t\t\t\t\t<\/div>\n\t\t\t\t\t\t<\/div>\n\t\t\t\t\t<\/div>\n\t\t\t\t<\/div>\n\t\t\t<\/div>\n\n\t\t\n\t\t\t<!--Item-->\n\t\t\t<div class=\"cbp-item xpro-elementor-gallery-item mar\">\n\t\t\t\t<div class=\"cbp-caption\">\n\t\t\t\t\t<div class=\"cbp-caption-defaultWrap\">\n\t\t\t\t\t\t<img loading=\"lazy\" decoding=\"async\" width=\"2048\" height=\"1538\" src=\"https:\/\/calidad.unap.cl\/acreditacion2027\/wp-content\/uploads\/sites\/2\/2025\/10\/IMG_8231-2.jpg\" class=\"attachment-full size-full\" alt=\"\" srcset=\"https:\/\/calidad.unap.cl\/acreditacion2027\/wp-content\/uploads\/sites\/2\/2025\/10\/IMG_8231-2.jpg 2048w, https:\/\/calidad.unap.cl\/acreditacion2027\/wp-content\/uploads\/sites\/2\/2025\/10\/IMG_8231-2-300x225.jpg 300w, https:\/\/calidad.unap.cl\/acreditacion2027\/wp-content\/uploads\/sites\/2\/2025\/10\/IMG_8231-2-1024x769.jpg 1024w, https:\/\/calidad.unap.cl\/acreditacion2027\/wp-content\/uploads\/sites\/2\/2025\/10\/IMG_8231-2-768x577.jpg 768w, https:\/\/calidad.unap.cl\/acreditacion2027\/wp-content\/uploads\/sites\/2\/2025\/10\/IMG_8231-2-1536x1154.jpg 1536w\" sizes=\"(max-width: 2048px) 100vw, 2048px\" \/>\t\t\t\t\t<\/div>\n\t\t\t\t\t<div class=\"cbp-caption-activeWrap\">\n\t\t\t\t\t\t<div class=\"cbp-l-caption-alignCenter\" data-xpro-lightbox data-src=\"https:\/\/calidad.unap.cl\/acreditacion2027\/wp-content\/uploads\/sites\/2\/2025\/10\/IMG_8231-2.jpg\">\n\t\t\t\t\t\t\t<!-- Overlay -->\n\t\t\t\t\t\t\t<div class=\"cbp-l-caption-body\">\n\t\t\t\t\t\t\t\t\n\t\t\t\t\t\t\t\t\t\t\t\t\t\t\t\t\t<!-- Content -->\n\t\t\t\t\t\t\t\t\t<div class=\"xpro-overlay-content\">\n\t\t\t\t\t\t\t\t\t\t\t\t\t\t\t\t\t\t\t\t\t<h4 class=\"xpro-title\">Reuni\u00f3n Comisi\u00f3n Docencia<\/h4>\n\t\t\t\t\t\t\t\t\t\t\t\t\t\t\t\t\t\t\t\t\t\t\t\t\t\t\t\t\t<\/div>\n\t\t\t\t\t\t\t\t\t\t\t\t\t\t\t<\/div>\n\t\t\t\t\t\t<\/div>\n\t\t\t\t\t<\/div>\n\t\t\t\t<\/div>\n\t\t\t<\/div>\n\n\t\t\n\t\t\t<!--Item-->\n\t\t\t<div class=\"cbp-item xpro-elementor-gallery-item mar\">\n\t\t\t\t<div class=\"cbp-caption\">\n\t\t\t\t\t<div class=\"cbp-caption-defaultWrap\">\n\t\t\t\t\t\t<img loading=\"lazy\" decoding=\"async\" width=\"2048\" height=\"1536\" src=\"https:\/\/calidad.unap.cl\/acreditacion2027\/wp-content\/uploads\/sites\/2\/2025\/10\/IMG_8230-2.jpg\" class=\"attachment-full size-full\" alt=\"\" srcset=\"https:\/\/calidad.unap.cl\/acreditacion2027\/wp-content\/uploads\/sites\/2\/2025\/10\/IMG_8230-2.jpg 2048w, https:\/\/calidad.unap.cl\/acreditacion2027\/wp-content\/uploads\/sites\/2\/2025\/10\/IMG_8230-2-300x225.jpg 300w, https:\/\/calidad.unap.cl\/acreditacion2027\/wp-content\/uploads\/sites\/2\/2025\/10\/IMG_8230-2-1024x768.jpg 1024w, https:\/\/calidad.unap.cl\/acreditacion2027\/wp-content\/uploads\/sites\/2\/2025\/10\/IMG_8230-2-768x576.jpg 768w, https:\/\/calidad.unap.cl\/acreditacion2027\/wp-content\/uploads\/sites\/2\/2025\/10\/IMG_8230-2-1536x1152.jpg 1536w\" sizes=\"(max-width: 2048px) 100vw, 2048px\" \/>\t\t\t\t\t<\/div>\n\t\t\t\t\t<div class=\"cbp-caption-activeWrap\">\n\t\t\t\t\t\t<div class=\"cbp-l-caption-alignCenter\" data-xpro-lightbox data-src=\"https:\/\/calidad.unap.cl\/acreditacion2027\/wp-content\/uploads\/sites\/2\/2025\/10\/IMG_8230-2.jpg\">\n\t\t\t\t\t\t\t<!-- Overlay -->\n\t\t\t\t\t\t\t<div class=\"cbp-l-caption-body\">\n\t\t\t\t\t\t\t\t\n\t\t\t\t\t\t\t\t\t\t\t\t\t\t\t\t\t<!-- Content -->\n\t\t\t\t\t\t\t\t\t<div class=\"xpro-overlay-content\">\n\t\t\t\t\t\t\t\t\t\t\t\t\t\t\t\t\t\t\t\t\t<h4 class=\"xpro-title\">Reuni\u00f3n Comisi\u00f3n Docencia<\/h4>\n\t\t\t\t\t\t\t\t\t\t\t\t\t\t\t\t\t\t\t\t\t\t\t\t\t\t\t\t\t<\/div>\n\t\t\t\t\t\t\t\t\t\t\t\t\t\t\t<\/div>\n\t\t\t\t\t\t<\/div>\n\t\t\t\t\t<\/div>\n\t\t\t\t<\/div>\n\t\t\t<\/div>\n\n\t\t\n\t\t\t<!--Item-->\n\t\t\t<div class=\"cbp-item xpro-elementor-gallery-item mar\">\n\t\t\t\t<div class=\"cbp-caption\">\n\t\t\t\t\t<div class=\"cbp-caption-defaultWrap\">\n\t\t\t\t\t\t<img loading=\"lazy\" decoding=\"async\" width=\"2048\" height=\"1536\" src=\"https:\/\/calidad.unap.cl\/acreditacion2027\/wp-content\/uploads\/sites\/2\/2025\/10\/IMG_8225-2.jpg\" class=\"attachment-full size-full\" alt=\"\" srcset=\"https:\/\/calidad.unap.cl\/acreditacion2027\/wp-content\/uploads\/sites\/2\/2025\/10\/IMG_8225-2.jpg 2048w, https:\/\/calidad.unap.cl\/acreditacion2027\/wp-content\/uploads\/sites\/2\/2025\/10\/IMG_8225-2-300x225.jpg 300w, https:\/\/calidad.unap.cl\/acreditacion2027\/wp-content\/uploads\/sites\/2\/2025\/10\/IMG_8225-2-1024x768.jpg 1024w, https:\/\/calidad.unap.cl\/acreditacion2027\/wp-content\/uploads\/sites\/2\/2025\/10\/IMG_8225-2-768x576.jpg 768w, https:\/\/calidad.unap.cl\/acreditacion2027\/wp-content\/uploads\/sites\/2\/2025\/10\/IMG_8225-2-1536x1152.jpg 1536w\" sizes=\"(max-width: 2048px) 100vw, 2048px\" \/>\t\t\t\t\t<\/div>\n\t\t\t\t\t<div class=\"cbp-caption-activeWrap\">\n\t\t\t\t\t\t<div class=\"cbp-l-caption-alignCenter\" data-xpro-lightbox data-src=\"https:\/\/calidad.unap.cl\/acreditacion2027\/wp-content\/uploads\/sites\/2\/2025\/10\/IMG_8225-2.jpg\">\n\t\t\t\t\t\t\t<!-- Overlay -->\n\t\t\t\t\t\t\t<div class=\"cbp-l-caption-body\">\n\t\t\t\t\t\t\t\t\n\t\t\t\t\t\t\t\t\t\t\t\t\t\t\t\t\t<!-- Content -->\n\t\t\t\t\t\t\t\t\t<div class=\"xpro-overlay-content\">\n\t\t\t\t\t\t\t\t\t\t\t\t\t\t\t\t\t\t\t\t\t<h4 class=\"xpro-title\">Reuni\u00f3n Comisi\u00f3n Docencia<\/h4>\n\t\t\t\t\t\t\t\t\t\t\t\t\t\t\t\t\t\t\t\t\t\t\t\t\t\t\t\t\t<\/div>\n\t\t\t\t\t\t\t\t\t\t\t\t\t\t\t<\/div>\n\t\t\t\t\t\t<\/div>\n\t\t\t\t\t<\/div>\n\t\t\t\t<\/div>\n\t\t\t<\/div>\n\n\t\t\n\t\t\t<!--Item-->\n\t\t\t<div class=\"cbp-item xpro-elementor-gallery-item mar\">\n\t\t\t\t<div class=\"cbp-caption\">\n\t\t\t\t\t<div class=\"cbp-caption-defaultWrap\">\n\t\t\t\t\t\t<img loading=\"lazy\" decoding=\"async\" width=\"2048\" height=\"1536\" src=\"https:\/\/calidad.unap.cl\/acreditacion2027\/wp-content\/uploads\/sites\/2\/2025\/10\/IMG_8224-2.jpg\" class=\"attachment-full size-full\" alt=\"\" srcset=\"https:\/\/calidad.unap.cl\/acreditacion2027\/wp-content\/uploads\/sites\/2\/2025\/10\/IMG_8224-2.jpg 2048w, https:\/\/calidad.unap.cl\/acreditacion2027\/wp-content\/uploads\/sites\/2\/2025\/10\/IMG_8224-2-300x225.jpg 300w, https:\/\/calidad.unap.cl\/acreditacion2027\/wp-content\/uploads\/sites\/2\/2025\/10\/IMG_8224-2-1024x768.jpg 1024w, https:\/\/calidad.unap.cl\/acreditacion2027\/wp-content\/uploads\/sites\/2\/2025\/10\/IMG_8224-2-768x576.jpg 768w, https:\/\/calidad.unap.cl\/acreditacion2027\/wp-content\/uploads\/sites\/2\/2025\/10\/IMG_8224-2-1536x1152.jpg 1536w\" sizes=\"(max-width: 2048px) 100vw, 2048px\" \/>\t\t\t\t\t<\/div>\n\t\t\t\t\t<div class=\"cbp-caption-activeWrap\">\n\t\t\t\t\t\t<div class=\"cbp-l-caption-alignCenter\" data-xpro-lightbox data-src=\"https:\/\/calidad.unap.cl\/acreditacion2027\/wp-content\/uploads\/sites\/2\/2025\/10\/IMG_8224-2.jpg\">\n\t\t\t\t\t\t\t<!-- Overlay -->\n\t\t\t\t\t\t\t<div class=\"cbp-l-caption-body\">\n\t\t\t\t\t\t\t\t\n\t\t\t\t\t\t\t\t\t\t\t\t\t\t\t\t\t<!-- Content -->\n\t\t\t\t\t\t\t\t\t<div class=\"xpro-overlay-content\">\n\t\t\t\t\t\t\t\t\t\t\t\t\t\t\t\t\t\t\t\t\t<h4 class=\"xpro-title\">Reuni\u00f3n Comisi\u00f3n Docencia<\/h4>\n\t\t\t\t\t\t\t\t\t\t\t\t\t\t\t\t\t\t\t\t\t\t\t\t\t\t\t\t\t<\/div>\n\t\t\t\t\t\t\t\t\t\t\t\t\t\t\t<\/div>\n\t\t\t\t\t\t<\/div>\n\t\t\t\t\t<\/div>\n\t\t\t\t<\/div>\n\t\t\t<\/div>\n\n\t\t\n\t\t\t<!--Item-->\n\t\t\t<div class=\"cbp-item xpro-elementor-gallery-item mar\">\n\t\t\t\t<div class=\"cbp-caption\">\n\t\t\t\t\t<div class=\"cbp-caption-defaultWrap\">\n\t\t\t\t\t\t<img loading=\"lazy\" decoding=\"async\" width=\"2048\" height=\"1538\" src=\"https:\/\/calidad.unap.cl\/acreditacion2027\/wp-content\/uploads\/sites\/2\/2025\/10\/IMG_8222-2.jpg\" class=\"attachment-full size-full\" alt=\"\" srcset=\"https:\/\/calidad.unap.cl\/acreditacion2027\/wp-content\/uploads\/sites\/2\/2025\/10\/IMG_8222-2.jpg 2048w, https:\/\/calidad.unap.cl\/acreditacion2027\/wp-content\/uploads\/sites\/2\/2025\/10\/IMG_8222-2-300x225.jpg 300w, https:\/\/calidad.unap.cl\/acreditacion2027\/wp-content\/uploads\/sites\/2\/2025\/10\/IMG_8222-2-1024x769.jpg 1024w, https:\/\/calidad.unap.cl\/acreditacion2027\/wp-content\/uploads\/sites\/2\/2025\/10\/IMG_8222-2-768x577.jpg 768w, https:\/\/calidad.unap.cl\/acreditacion2027\/wp-content\/uploads\/sites\/2\/2025\/10\/IMG_8222-2-1536x1154.jpg 1536w\" sizes=\"(max-width: 2048px) 100vw, 2048px\" \/>\t\t\t\t\t<\/div>\n\t\t\t\t\t<div class=\"cbp-caption-activeWrap\">\n\t\t\t\t\t\t<div class=\"cbp-l-caption-alignCenter\" data-xpro-lightbox data-src=\"https:\/\/calidad.unap.cl\/acreditacion2027\/wp-content\/uploads\/sites\/2\/2025\/10\/IMG_8222-2.jpg\">\n\t\t\t\t\t\t\t<!-- Overlay -->\n\t\t\t\t\t\t\t<div class=\"cbp-l-caption-body\">\n\t\t\t\t\t\t\t\t\n\t\t\t\t\t\t\t\t\t\t\t\t\t\t\t\t\t<!-- Content -->\n\t\t\t\t\t\t\t\t\t<div class=\"xpro-overlay-content\">\n\t\t\t\t\t\t\t\t\t\t\t\t\t\t\t\t\t\t\t\t\t<h4 class=\"xpro-title\">Reuni\u00f3n Comisi\u00f3n Docencia<\/h4>\n\t\t\t\t\t\t\t\t\t\t\t\t\t\t\t\t\t\t\t\t\t\t\t\t\t\t\t\t\t<\/div>\n\t\t\t\t\t\t\t\t\t\t\t\t\t\t\t<\/div>\n\t\t\t\t\t\t<\/div>\n\t\t\t\t\t<\/div>\n\t\t\t\t<\/div>\n\t\t\t<\/div>\n\n\t\t\n\t\t\t<!--Item-->\n\t\t\t<div class=\"cbp-item xpro-elementor-gallery-item mar\">\n\t\t\t\t<div class=\"cbp-caption\">\n\t\t\t\t\t<div class=\"cbp-caption-defaultWrap\">\n\t\t\t\t\t\t<img loading=\"lazy\" decoding=\"async\" width=\"2048\" height=\"1536\" src=\"https:\/\/calidad.unap.cl\/acreditacion2027\/wp-content\/uploads\/sites\/2\/2025\/10\/IMG_8260-2.jpg\" class=\"attachment-full size-full\" alt=\"\" srcset=\"https:\/\/calidad.unap.cl\/acreditacion2027\/wp-content\/uploads\/sites\/2\/2025\/10\/IMG_8260-2.jpg 2048w, https:\/\/calidad.unap.cl\/acreditacion2027\/wp-content\/uploads\/sites\/2\/2025\/10\/IMG_8260-2-300x225.jpg 300w, https:\/\/calidad.unap.cl\/acreditacion2027\/wp-content\/uploads\/sites\/2\/2025\/10\/IMG_8260-2-1024x768.jpg 1024w, https:\/\/calidad.unap.cl\/acreditacion2027\/wp-content\/uploads\/sites\/2\/2025\/10\/IMG_8260-2-768x576.jpg 768w, https:\/\/calidad.unap.cl\/acreditacion2027\/wp-content\/uploads\/sites\/2\/2025\/10\/IMG_8260-2-1536x1152.jpg 1536w\" sizes=\"(max-width: 2048px) 100vw, 2048px\" \/>\t\t\t\t\t<\/div>\n\t\t\t\t\t<div class=\"cbp-caption-activeWrap\">\n\t\t\t\t\t\t<div class=\"cbp-l-caption-alignCenter\" data-xpro-lightbox data-src=\"https:\/\/calidad.unap.cl\/acreditacion2027\/wp-content\/uploads\/sites\/2\/2025\/10\/IMG_8260-2.jpg\">\n\t\t\t\t\t\t\t<!-- Overlay -->\n\t\t\t\t\t\t\t<div class=\"cbp-l-caption-body\">\n\t\t\t\t\t\t\t\t\n\t\t\t\t\t\t\t\t\t\t\t\t\t\t\t\t\t<!-- Content -->\n\t\t\t\t\t\t\t\t\t<div class=\"xpro-overlay-content\">\n\t\t\t\t\t\t\t\t\t\t\t\t\t\t\t\t\t\t\t\t\t<h4 class=\"xpro-title\">Reuni\u00f3n FACE<\/h4>\n\t\t\t\t\t\t\t\t\t\t\t\t\t\t\t\t\t\t\t\t\t\t\t\t\t\t\t\t\t<\/div>\n\t\t\t\t\t\t\t\t\t\t\t\t\t\t\t<\/div>\n\t\t\t\t\t\t<\/div>\n\t\t\t\t\t<\/div>\n\t\t\t\t<\/div>\n\t\t\t<\/div>\n\n\t\t\n\t\t\t<!--Item-->\n\t\t\t<div class=\"cbp-item xpro-elementor-gallery-item mar\">\n\t\t\t\t<div class=\"cbp-caption\">\n\t\t\t\t\t<div class=\"cbp-caption-defaultWrap\">\n\t\t\t\t\t\t<img loading=\"lazy\" decoding=\"async\" width=\"2048\" height=\"1536\" src=\"https:\/\/calidad.unap.cl\/acreditacion2027\/wp-content\/uploads\/sites\/2\/2025\/10\/IMG_8259-2.jpg\" class=\"attachment-full size-full\" alt=\"\" srcset=\"https:\/\/calidad.unap.cl\/acreditacion2027\/wp-content\/uploads\/sites\/2\/2025\/10\/IMG_8259-2.jpg 2048w, https:\/\/calidad.unap.cl\/acreditacion2027\/wp-content\/uploads\/sites\/2\/2025\/10\/IMG_8259-2-300x225.jpg 300w, https:\/\/calidad.unap.cl\/acreditacion2027\/wp-content\/uploads\/sites\/2\/2025\/10\/IMG_8259-2-1024x768.jpg 1024w, https:\/\/calidad.unap.cl\/acreditacion2027\/wp-content\/uploads\/sites\/2\/2025\/10\/IMG_8259-2-768x576.jpg 768w, https:\/\/calidad.unap.cl\/acreditacion2027\/wp-content\/uploads\/sites\/2\/2025\/10\/IMG_8259-2-1536x1152.jpg 1536w\" sizes=\"(max-width: 2048px) 100vw, 2048px\" \/>\t\t\t\t\t<\/div>\n\t\t\t\t\t<div class=\"cbp-caption-activeWrap\">\n\t\t\t\t\t\t<div class=\"cbp-l-caption-alignCenter\" data-xpro-lightbox data-src=\"https:\/\/calidad.unap.cl\/acreditacion2027\/wp-content\/uploads\/sites\/2\/2025\/10\/IMG_8259-2.jpg\">\n\t\t\t\t\t\t\t<!-- Overlay -->\n\t\t\t\t\t\t\t<div class=\"cbp-l-caption-body\">\n\t\t\t\t\t\t\t\t\n\t\t\t\t\t\t\t\t\t\t\t\t\t\t\t\t\t<!-- Content -->\n\t\t\t\t\t\t\t\t\t<div class=\"xpro-overlay-content\">\n\t\t\t\t\t\t\t\t\t\t\t\t\t\t\t\t\t\t\t\t\t<h4 class=\"xpro-title\">Reuni\u00f3n FACE<\/h4>\n\t\t\t\t\t\t\t\t\t\t\t\t\t\t\t\t\t\t\t\t\t\t\t\t\t\t\t\t\t<\/div>\n\t\t\t\t\t\t\t\t\t\t\t\t\t\t\t<\/div>\n\t\t\t\t\t\t<\/div>\n\t\t\t\t\t<\/div>\n\t\t\t\t<\/div>\n\t\t\t<\/div>\n\n\t\t\n\t\t\t<!--Item-->\n\t\t\t<div class=\"cbp-item xpro-elementor-gallery-item mar\">\n\t\t\t\t<div class=\"cbp-caption\">\n\t\t\t\t\t<div class=\"cbp-caption-defaultWrap\">\n\t\t\t\t\t\t<img loading=\"lazy\" decoding=\"async\" width=\"2048\" height=\"1536\" src=\"https:\/\/calidad.unap.cl\/acreditacion2027\/wp-content\/uploads\/sites\/2\/2025\/10\/IMG_8258-2.jpg\" class=\"attachment-full size-full\" alt=\"\" srcset=\"https:\/\/calidad.unap.cl\/acreditacion2027\/wp-content\/uploads\/sites\/2\/2025\/10\/IMG_8258-2.jpg 2048w, https:\/\/calidad.unap.cl\/acreditacion2027\/wp-content\/uploads\/sites\/2\/2025\/10\/IMG_8258-2-300x225.jpg 300w, https:\/\/calidad.unap.cl\/acreditacion2027\/wp-content\/uploads\/sites\/2\/2025\/10\/IMG_8258-2-1024x768.jpg 1024w, https:\/\/calidad.unap.cl\/acreditacion2027\/wp-content\/uploads\/sites\/2\/2025\/10\/IMG_8258-2-768x576.jpg 768w, https:\/\/calidad.unap.cl\/acreditacion2027\/wp-content\/uploads\/sites\/2\/2025\/10\/IMG_8258-2-1536x1152.jpg 1536w\" sizes=\"(max-width: 2048px) 100vw, 2048px\" \/>\t\t\t\t\t<\/div>\n\t\t\t\t\t<div class=\"cbp-caption-activeWrap\">\n\t\t\t\t\t\t<div class=\"cbp-l-caption-alignCenter\" data-xpro-lightbox data-src=\"https:\/\/calidad.unap.cl\/acreditacion2027\/wp-content\/uploads\/sites\/2\/2025\/10\/IMG_8258-2.jpg\">\n\t\t\t\t\t\t\t<!-- Overlay -->\n\t\t\t\t\t\t\t<div class=\"cbp-l-caption-body\">\n\t\t\t\t\t\t\t\t\n\t\t\t\t\t\t\t\t\t\t\t\t\t\t\t\t\t<!-- Content -->\n\t\t\t\t\t\t\t\t\t<div class=\"xpro-overlay-content\">\n\t\t\t\t\t\t\t\t\t\t\t\t\t\t\t\t\t\t\t\t\t<h4 class=\"xpro-title\">Reuni\u00f3n FACE<\/h4>\n\t\t\t\t\t\t\t\t\t\t\t\t\t\t\t\t\t\t\t\t\t\t\t\t\t\t\t\t\t<\/div>\n\t\t\t\t\t\t\t\t\t\t\t\t\t\t\t<\/div>\n\t\t\t\t\t\t<\/div>\n\t\t\t\t\t<\/div>\n\t\t\t\t<\/div>\n\t\t\t<\/div>\n\n\t\t\n\t\t\t<!--Item-->\n\t\t\t<div class=\"cbp-item xpro-elementor-gallery-item mar\">\n\t\t\t\t<div class=\"cbp-caption\">\n\t\t\t\t\t<div class=\"cbp-caption-defaultWrap\">\n\t\t\t\t\t\t<img loading=\"lazy\" decoding=\"async\" width=\"2048\" height=\"1638\" src=\"https:\/\/calidad.unap.cl\/acreditacion2027\/wp-content\/uploads\/sites\/2\/2025\/10\/IMG_8256-2.jpg\" class=\"attachment-full size-full\" alt=\"\" srcset=\"https:\/\/calidad.unap.cl\/acreditacion2027\/wp-content\/uploads\/sites\/2\/2025\/10\/IMG_8256-2.jpg 2048w, https:\/\/calidad.unap.cl\/acreditacion2027\/wp-content\/uploads\/sites\/2\/2025\/10\/IMG_8256-2-300x240.jpg 300w, https:\/\/calidad.unap.cl\/acreditacion2027\/wp-content\/uploads\/sites\/2\/2025\/10\/IMG_8256-2-1024x819.jpg 1024w, https:\/\/calidad.unap.cl\/acreditacion2027\/wp-content\/uploads\/sites\/2\/2025\/10\/IMG_8256-2-768x614.jpg 768w, https:\/\/calidad.unap.cl\/acreditacion2027\/wp-content\/uploads\/sites\/2\/2025\/10\/IMG_8256-2-1536x1229.jpg 1536w\" sizes=\"(max-width: 2048px) 100vw, 2048px\" \/>\t\t\t\t\t<\/div>\n\t\t\t\t\t<div class=\"cbp-caption-activeWrap\">\n\t\t\t\t\t\t<div class=\"cbp-l-caption-alignCenter\" data-xpro-lightbox data-src=\"https:\/\/calidad.unap.cl\/acreditacion2027\/wp-content\/uploads\/sites\/2\/2025\/10\/IMG_8256-2.jpg\">\n\t\t\t\t\t\t\t<!-- Overlay -->\n\t\t\t\t\t\t\t<div class=\"cbp-l-caption-body\">\n\t\t\t\t\t\t\t\t\n\t\t\t\t\t\t\t\t\t\t\t\t\t\t\t\t\t<!-- Content -->\n\t\t\t\t\t\t\t\t\t<div class=\"xpro-overlay-content\">\n\t\t\t\t\t\t\t\t\t\t\t\t\t\t\t\t\t\t\t\t\t<h4 class=\"xpro-title\">Reuni\u00f3n FACE<\/h4>\n\t\t\t\t\t\t\t\t\t\t\t\t\t\t\t\t\t\t\t\t\t\t\t\t\t\t\t\t\t<\/div>\n\t\t\t\t\t\t\t\t\t\t\t\t\t\t\t<\/div>\n\t\t\t\t\t\t<\/div>\n\t\t\t\t\t<\/div>\n\t\t\t\t<\/div>\n\t\t\t<\/div>\n\n\t\t\n\t\t\t<!--Item-->\n\t\t\t<div class=\"cbp-item xpro-elementor-gallery-item mar\">\n\t\t\t\t<div class=\"cbp-caption\">\n\t\t\t\t\t<div class=\"cbp-caption-defaultWrap\">\n\t\t\t\t\t\t<img loading=\"lazy\" decoding=\"async\" width=\"2048\" height=\"1536\" src=\"https:\/\/calidad.unap.cl\/acreditacion2027\/wp-content\/uploads\/sites\/2\/2025\/10\/IMG_8255-2.jpg\" class=\"attachment-full size-full\" alt=\"\" srcset=\"https:\/\/calidad.unap.cl\/acreditacion2027\/wp-content\/uploads\/sites\/2\/2025\/10\/IMG_8255-2.jpg 2048w, https:\/\/calidad.unap.cl\/acreditacion2027\/wp-content\/uploads\/sites\/2\/2025\/10\/IMG_8255-2-300x225.jpg 300w, https:\/\/calidad.unap.cl\/acreditacion2027\/wp-content\/uploads\/sites\/2\/2025\/10\/IMG_8255-2-1024x768.jpg 1024w, https:\/\/calidad.unap.cl\/acreditacion2027\/wp-content\/uploads\/sites\/2\/2025\/10\/IMG_8255-2-768x576.jpg 768w, https:\/\/calidad.unap.cl\/acreditacion2027\/wp-content\/uploads\/sites\/2\/2025\/10\/IMG_8255-2-1536x1152.jpg 1536w\" sizes=\"(max-width: 2048px) 100vw, 2048px\" \/>\t\t\t\t\t<\/div>\n\t\t\t\t\t<div class=\"cbp-caption-activeWrap\">\n\t\t\t\t\t\t<div class=\"cbp-l-caption-alignCenter\" data-xpro-lightbox data-src=\"https:\/\/calidad.unap.cl\/acreditacion2027\/wp-content\/uploads\/sites\/2\/2025\/10\/IMG_8255-2.jpg\">\n\t\t\t\t\t\t\t<!-- Overlay -->\n\t\t\t\t\t\t\t<div class=\"cbp-l-caption-body\">\n\t\t\t\t\t\t\t\t\n\t\t\t\t\t\t\t\t\t\t\t\t\t\t\t\t\t<!-- Content -->\n\t\t\t\t\t\t\t\t\t<div class=\"xpro-overlay-content\">\n\t\t\t\t\t\t\t\t\t\t\t\t\t\t\t\t\t\t\t\t\t<h4 class=\"xpro-title\">Reuni\u00f3n FACE<\/h4>\n\t\t\t\t\t\t\t\t\t\t\t\t\t\t\t\t\t\t\t\t\t\t\t\t\t\t\t\t\t<\/div>\n\t\t\t\t\t\t\t\t\t\t\t\t\t\t\t<\/div>\n\t\t\t\t\t\t<\/div>\n\t\t\t\t\t<\/div>\n\t\t\t\t<\/div>\n\t\t\t<\/div>\n\n\t\t\n\t\t\t<!--Item-->\n\t\t\t<div class=\"cbp-item xpro-elementor-gallery-item mar\">\n\t\t\t\t<div class=\"cbp-caption\">\n\t\t\t\t\t<div class=\"cbp-caption-defaultWrap\">\n\t\t\t\t\t\t<img loading=\"lazy\" decoding=\"async\" width=\"2048\" height=\"1536\" src=\"https:\/\/calidad.unap.cl\/acreditacion2027\/wp-content\/uploads\/sites\/2\/2025\/10\/IMG_8254-2.jpg\" class=\"attachment-full size-full\" alt=\"\" srcset=\"https:\/\/calidad.unap.cl\/acreditacion2027\/wp-content\/uploads\/sites\/2\/2025\/10\/IMG_8254-2.jpg 2048w, https:\/\/calidad.unap.cl\/acreditacion2027\/wp-content\/uploads\/sites\/2\/2025\/10\/IMG_8254-2-300x225.jpg 300w, https:\/\/calidad.unap.cl\/acreditacion2027\/wp-content\/uploads\/sites\/2\/2025\/10\/IMG_8254-2-1024x768.jpg 1024w, https:\/\/calidad.unap.cl\/acreditacion2027\/wp-content\/uploads\/sites\/2\/2025\/10\/IMG_8254-2-768x576.jpg 768w, https:\/\/calidad.unap.cl\/acreditacion2027\/wp-content\/uploads\/sites\/2\/2025\/10\/IMG_8254-2-1536x1152.jpg 1536w\" sizes=\"(max-width: 2048px) 100vw, 2048px\" \/>\t\t\t\t\t<\/div>\n\t\t\t\t\t<div class=\"cbp-caption-activeWrap\">\n\t\t\t\t\t\t<div class=\"cbp-l-caption-alignCenter\" data-xpro-lightbox data-src=\"https:\/\/calidad.unap.cl\/acreditacion2027\/wp-content\/uploads\/sites\/2\/2025\/10\/IMG_8254-2.jpg\">\n\t\t\t\t\t\t\t<!-- Overlay -->\n\t\t\t\t\t\t\t<div class=\"cbp-l-caption-body\">\n\t\t\t\t\t\t\t\t\n\t\t\t\t\t\t\t\t\t\t\t\t\t\t\t\t\t<!-- Content -->\n\t\t\t\t\t\t\t\t\t<div class=\"xpro-overlay-content\">\n\t\t\t\t\t\t\t\t\t\t\t\t\t\t\t\t\t\t\t\t\t<h4 class=\"xpro-title\">Reuni\u00f3n FACE<\/h4>\n\t\t\t\t\t\t\t\t\t\t\t\t\t\t\t\t\t\t\t\t\t\t\t\t\t\t\t\t\t<\/div>\n\t\t\t\t\t\t\t\t\t\t\t\t\t\t\t<\/div>\n\t\t\t\t\t\t<\/div>\n\t\t\t\t\t<\/div>\n\t\t\t\t<\/div>\n\t\t\t<\/div>\n\n\t\t\n\t\t\t<!--Item-->\n\t\t\t<div class=\"cbp-item xpro-elementor-gallery-item mar\">\n\t\t\t\t<div class=\"cbp-caption\">\n\t\t\t\t\t<div class=\"cbp-caption-defaultWrap\">\n\t\t\t\t\t\t<img loading=\"lazy\" decoding=\"async\" width=\"2048\" height=\"1536\" src=\"https:\/\/calidad.unap.cl\/acreditacion2027\/wp-content\/uploads\/sites\/2\/2025\/10\/IMG_8292-2.jpg\" class=\"attachment-full size-full\" alt=\"\" srcset=\"https:\/\/calidad.unap.cl\/acreditacion2027\/wp-content\/uploads\/sites\/2\/2025\/10\/IMG_8292-2.jpg 2048w, https:\/\/calidad.unap.cl\/acreditacion2027\/wp-content\/uploads\/sites\/2\/2025\/10\/IMG_8292-2-300x225.jpg 300w, https:\/\/calidad.unap.cl\/acreditacion2027\/wp-content\/uploads\/sites\/2\/2025\/10\/IMG_8292-2-1024x768.jpg 1024w, https:\/\/calidad.unap.cl\/acreditacion2027\/wp-content\/uploads\/sites\/2\/2025\/10\/IMG_8292-2-768x576.jpg 768w, https:\/\/calidad.unap.cl\/acreditacion2027\/wp-content\/uploads\/sites\/2\/2025\/10\/IMG_8292-2-1536x1152.jpg 1536w\" sizes=\"(max-width: 2048px) 100vw, 2048px\" \/>\t\t\t\t\t<\/div>\n\t\t\t\t\t<div class=\"cbp-caption-activeWrap\">\n\t\t\t\t\t\t<div class=\"cbp-l-caption-alignCenter\" data-xpro-lightbox data-src=\"https:\/\/calidad.unap.cl\/acreditacion2027\/wp-content\/uploads\/sites\/2\/2025\/10\/IMG_8292-2.jpg\">\n\t\t\t\t\t\t\t<!-- Overlay -->\n\t\t\t\t\t\t\t<div class=\"cbp-l-caption-body\">\n\t\t\t\t\t\t\t\t\n\t\t\t\t\t\t\t\t\t\t\t\t\t\t\t\t\t<!-- Content -->\n\t\t\t\t\t\t\t\t\t<div class=\"xpro-overlay-content\">\n\t\t\t\t\t\t\t\t\t\t\t\t\t\t\t\t\t\t\t\t\t<h4 class=\"xpro-title\">Reuni\u00f3n<\/h4>\n\t\t\t\t\t\t\t\t\t\t\t\t\t\t\t\t\t\t\t\t\t\t\t\t\t\t\t\t\t<\/div>\n\t\t\t\t\t\t\t\t\t\t\t\t\t\t\t<\/div>\n\t\t\t\t\t\t<\/div>\n\t\t\t\t\t<\/div>\n\t\t\t\t<\/div>\n\t\t\t<\/div>\n\n\t\t\n\t\t\t<!--Item-->\n\t\t\t<div class=\"cbp-item xpro-elementor-gallery-item mar\">\n\t\t\t\t<div class=\"cbp-caption\">\n\t\t\t\t\t<div class=\"cbp-caption-defaultWrap\">\n\t\t\t\t\t\t<img loading=\"lazy\" decoding=\"async\" width=\"2048\" height=\"1536\" src=\"https:\/\/calidad.unap.cl\/acreditacion2027\/wp-content\/uploads\/sites\/2\/2025\/10\/IMG_8302-2.jpg\" class=\"attachment-full size-full\" alt=\"\" srcset=\"https:\/\/calidad.unap.cl\/acreditacion2027\/wp-content\/uploads\/sites\/2\/2025\/10\/IMG_8302-2.jpg 2048w, https:\/\/calidad.unap.cl\/acreditacion2027\/wp-content\/uploads\/sites\/2\/2025\/10\/IMG_8302-2-300x225.jpg 300w, https:\/\/calidad.unap.cl\/acreditacion2027\/wp-content\/uploads\/sites\/2\/2025\/10\/IMG_8302-2-1024x768.jpg 1024w, https:\/\/calidad.unap.cl\/acreditacion2027\/wp-content\/uploads\/sites\/2\/2025\/10\/IMG_8302-2-768x576.jpg 768w, https:\/\/calidad.unap.cl\/acreditacion2027\/wp-content\/uploads\/sites\/2\/2025\/10\/IMG_8302-2-1536x1152.jpg 1536w\" sizes=\"(max-width: 2048px) 100vw, 2048px\" \/>\t\t\t\t\t<\/div>\n\t\t\t\t\t<div class=\"cbp-caption-activeWrap\">\n\t\t\t\t\t\t<div class=\"cbp-l-caption-alignCenter\" data-xpro-lightbox data-src=\"https:\/\/calidad.unap.cl\/acreditacion2027\/wp-content\/uploads\/sites\/2\/2025\/10\/IMG_8302-2.jpg\">\n\t\t\t\t\t\t\t<!-- Overlay -->\n\t\t\t\t\t\t\t<div class=\"cbp-l-caption-body\">\n\t\t\t\t\t\t\t\t\n\t\t\t\t\t\t\t\t\t\t\t\t\t\t\t\t\t<!-- Content -->\n\t\t\t\t\t\t\t\t\t<div class=\"xpro-overlay-content\">\n\t\t\t\t\t\t\t\t\t\t\t\t\t\t\t\t\t\t\t\t\t<h4 class=\"xpro-title\">Reuni\u00f3n<\/h4>\n\t\t\t\t\t\t\t\t\t\t\t\t\t\t\t\t\t\t\t\t\t\t\t\t\t\t\t\t\t<\/div>\n\t\t\t\t\t\t\t\t\t\t\t\t\t\t\t<\/div>\n\t\t\t\t\t\t<\/div>\n\t\t\t\t\t<\/div>\n\t\t\t\t<\/div>\n\t\t\t<\/div>\n\n\t\t\n\t\t\t<!--Item-->\n\t\t\t<div class=\"cbp-item xpro-elementor-gallery-item mar\">\n\t\t\t\t<div class=\"cbp-caption\">\n\t\t\t\t\t<div class=\"cbp-caption-defaultWrap\">\n\t\t\t\t\t\t<img loading=\"lazy\" decoding=\"async\" width=\"2048\" height=\"1536\" src=\"https:\/\/calidad.unap.cl\/acreditacion2027\/wp-content\/uploads\/sites\/2\/2025\/10\/IMG_8299-2.jpg\" class=\"attachment-full size-full\" alt=\"\" srcset=\"https:\/\/calidad.unap.cl\/acreditacion2027\/wp-content\/uploads\/sites\/2\/2025\/10\/IMG_8299-2.jpg 2048w, https:\/\/calidad.unap.cl\/acreditacion2027\/wp-content\/uploads\/sites\/2\/2025\/10\/IMG_8299-2-300x225.jpg 300w, https:\/\/calidad.unap.cl\/acreditacion2027\/wp-content\/uploads\/sites\/2\/2025\/10\/IMG_8299-2-1024x768.jpg 1024w, https:\/\/calidad.unap.cl\/acreditacion2027\/wp-content\/uploads\/sites\/2\/2025\/10\/IMG_8299-2-768x576.jpg 768w, https:\/\/calidad.unap.cl\/acreditacion2027\/wp-content\/uploads\/sites\/2\/2025\/10\/IMG_8299-2-1536x1152.jpg 1536w\" sizes=\"(max-width: 2048px) 100vw, 2048px\" \/>\t\t\t\t\t<\/div>\n\t\t\t\t\t<div class=\"cbp-caption-activeWrap\">\n\t\t\t\t\t\t<div class=\"cbp-l-caption-alignCenter\" data-xpro-lightbox data-src=\"https:\/\/calidad.unap.cl\/acreditacion2027\/wp-content\/uploads\/sites\/2\/2025\/10\/IMG_8299-2.jpg\">\n\t\t\t\t\t\t\t<!-- Overlay -->\n\t\t\t\t\t\t\t<div class=\"cbp-l-caption-body\">\n\t\t\t\t\t\t\t\t\n\t\t\t\t\t\t\t\t\t\t\t\t\t\t\t\t\t<!-- Content -->\n\t\t\t\t\t\t\t\t\t<div class=\"xpro-overlay-content\">\n\t\t\t\t\t\t\t\t\t\t\t\t\t\t\t\t\t\t\t\t\t<h4 class=\"xpro-title\">Reuni\u00f3n<\/h4>\n\t\t\t\t\t\t\t\t\t\t\t\t\t\t\t\t\t\t\t\t\t\t\t\t\t\t\t\t\t<\/div>\n\t\t\t\t\t\t\t\t\t\t\t\t\t\t\t<\/div>\n\t\t\t\t\t\t<\/div>\n\t\t\t\t\t<\/div>\n\t\t\t\t<\/div>\n\t\t\t<\/div>\n\n\t\t\n\t\t\t<!--Item-->\n\t\t\t<div class=\"cbp-item xpro-elementor-gallery-item mar\">\n\t\t\t\t<div class=\"cbp-caption\">\n\t\t\t\t\t<div class=\"cbp-caption-defaultWrap\">\n\t\t\t\t\t\t<img loading=\"lazy\" decoding=\"async\" width=\"2048\" height=\"1536\" src=\"https:\/\/calidad.unap.cl\/acreditacion2027\/wp-content\/uploads\/sites\/2\/2025\/10\/IMG_8296-2.jpg\" class=\"attachment-full size-full\" alt=\"\" srcset=\"https:\/\/calidad.unap.cl\/acreditacion2027\/wp-content\/uploads\/sites\/2\/2025\/10\/IMG_8296-2.jpg 2048w, https:\/\/calidad.unap.cl\/acreditacion2027\/wp-content\/uploads\/sites\/2\/2025\/10\/IMG_8296-2-300x225.jpg 300w, https:\/\/calidad.unap.cl\/acreditacion2027\/wp-content\/uploads\/sites\/2\/2025\/10\/IMG_8296-2-1024x768.jpg 1024w, https:\/\/calidad.unap.cl\/acreditacion2027\/wp-content\/uploads\/sites\/2\/2025\/10\/IMG_8296-2-768x576.jpg 768w, https:\/\/calidad.unap.cl\/acreditacion2027\/wp-content\/uploads\/sites\/2\/2025\/10\/IMG_8296-2-1536x1152.jpg 1536w\" sizes=\"(max-width: 2048px) 100vw, 2048px\" \/>\t\t\t\t\t<\/div>\n\t\t\t\t\t<div class=\"cbp-caption-activeWrap\">\n\t\t\t\t\t\t<div class=\"cbp-l-caption-alignCenter\" data-xpro-lightbox data-src=\"https:\/\/calidad.unap.cl\/acreditacion2027\/wp-content\/uploads\/sites\/2\/2025\/10\/IMG_8296-2.jpg\">\n\t\t\t\t\t\t\t<!-- Overlay -->\n\t\t\t\t\t\t\t<div class=\"cbp-l-caption-body\">\n\t\t\t\t\t\t\t\t\n\t\t\t\t\t\t\t\t\t\t\t\t\t\t\t\t\t<!-- Content -->\n\t\t\t\t\t\t\t\t\t<div class=\"xpro-overlay-content\">\n\t\t\t\t\t\t\t\t\t\t\t\t\t\t\t\t\t\t\t\t\t<h4 class=\"xpro-title\">Reuni\u00f3n<\/h4>\n\t\t\t\t\t\t\t\t\t\t\t\t\t\t\t\t\t\t\t\t\t\t\t\t\t\t\t\t\t<\/div>\n\t\t\t\t\t\t\t\t\t\t\t\t\t\t\t<\/div>\n\t\t\t\t\t\t<\/div>\n\t\t\t\t\t<\/div>\n\t\t\t\t<\/div>\n\t\t\t<\/div>\n\n\t\t\n\t\t\t<!--Item-->\n\t\t\t<div class=\"cbp-item xpro-elementor-gallery-item mar\">\n\t\t\t\t<div class=\"cbp-caption\">\n\t\t\t\t\t<div class=\"cbp-caption-defaultWrap\">\n\t\t\t\t\t\t<img loading=\"lazy\" decoding=\"async\" width=\"2048\" height=\"1536\" src=\"https:\/\/calidad.unap.cl\/acreditacion2027\/wp-content\/uploads\/sites\/2\/2025\/10\/IMG_8295-2.jpg\" class=\"attachment-full size-full\" alt=\"\" srcset=\"https:\/\/calidad.unap.cl\/acreditacion2027\/wp-content\/uploads\/sites\/2\/2025\/10\/IMG_8295-2.jpg 2048w, https:\/\/calidad.unap.cl\/acreditacion2027\/wp-content\/uploads\/sites\/2\/2025\/10\/IMG_8295-2-300x225.jpg 300w, https:\/\/calidad.unap.cl\/acreditacion2027\/wp-content\/uploads\/sites\/2\/2025\/10\/IMG_8295-2-1024x768.jpg 1024w, https:\/\/calidad.unap.cl\/acreditacion2027\/wp-content\/uploads\/sites\/2\/2025\/10\/IMG_8295-2-768x576.jpg 768w, https:\/\/calidad.unap.cl\/acreditacion2027\/wp-content\/uploads\/sites\/2\/2025\/10\/IMG_8295-2-1536x1152.jpg 1536w\" sizes=\"(max-width: 2048px) 100vw, 2048px\" \/>\t\t\t\t\t<\/div>\n\t\t\t\t\t<div class=\"cbp-caption-activeWrap\">\n\t\t\t\t\t\t<div class=\"cbp-l-caption-alignCenter\" data-xpro-lightbox data-src=\"https:\/\/calidad.unap.cl\/acreditacion2027\/wp-content\/uploads\/sites\/2\/2025\/10\/IMG_8295-2.jpg\">\n\t\t\t\t\t\t\t<!-- Overlay -->\n\t\t\t\t\t\t\t<div class=\"cbp-l-caption-body\">\n\t\t\t\t\t\t\t\t\n\t\t\t\t\t\t\t\t\t\t\t\t\t\t\t\t\t<!-- Content -->\n\t\t\t\t\t\t\t\t\t<div class=\"xpro-overlay-content\">\n\t\t\t\t\t\t\t\t\t\t\t\t\t\t\t\t\t\t\t\t\t<h4 class=\"xpro-title\">Reuni\u00f3n<\/h4>\n\t\t\t\t\t\t\t\t\t\t\t\t\t\t\t\t\t\t\t\t\t\t\t\t\t\t\t\t\t<\/div>\n\t\t\t\t\t\t\t\t\t\t\t\t\t\t\t<\/div>\n\t\t\t\t\t\t<\/div>\n\t\t\t\t\t<\/div>\n\t\t\t\t<\/div>\n\t\t\t<\/div>\n\n\t\t\n\t\t\t<!--Item-->\n\t\t\t<div class=\"cbp-item xpro-elementor-gallery-item mar\">\n\t\t\t\t<div class=\"cbp-caption\">\n\t\t\t\t\t<div class=\"cbp-caption-defaultWrap\">\n\t\t\t\t\t\t<img loading=\"lazy\" decoding=\"async\" width=\"2048\" height=\"1536\" src=\"https:\/\/calidad.unap.cl\/acreditacion2027\/wp-content\/uploads\/sites\/2\/2025\/10\/IMG_8293-2.jpg\" class=\"attachment-full size-full\" alt=\"\" srcset=\"https:\/\/calidad.unap.cl\/acreditacion2027\/wp-content\/uploads\/sites\/2\/2025\/10\/IMG_8293-2.jpg 2048w, https:\/\/calidad.unap.cl\/acreditacion2027\/wp-content\/uploads\/sites\/2\/2025\/10\/IMG_8293-2-300x225.jpg 300w, https:\/\/calidad.unap.cl\/acreditacion2027\/wp-content\/uploads\/sites\/2\/2025\/10\/IMG_8293-2-1024x768.jpg 1024w, https:\/\/calidad.unap.cl\/acreditacion2027\/wp-content\/uploads\/sites\/2\/2025\/10\/IMG_8293-2-768x576.jpg 768w, https:\/\/calidad.unap.cl\/acreditacion2027\/wp-content\/uploads\/sites\/2\/2025\/10\/IMG_8293-2-1536x1152.jpg 1536w\" sizes=\"(max-width: 2048px) 100vw, 2048px\" \/>\t\t\t\t\t<\/div>\n\t\t\t\t\t<div class=\"cbp-caption-activeWrap\">\n\t\t\t\t\t\t<div class=\"cbp-l-caption-alignCenter\" data-xpro-lightbox data-src=\"https:\/\/calidad.unap.cl\/acreditacion2027\/wp-content\/uploads\/sites\/2\/2025\/10\/IMG_8293-2.jpg\">\n\t\t\t\t\t\t\t<!-- Overlay -->\n\t\t\t\t\t\t\t<div class=\"cbp-l-caption-body\">\n\t\t\t\t\t\t\t\t\n\t\t\t\t\t\t\t\t\t\t\t\t\t\t\t\t\t<!-- Content -->\n\t\t\t\t\t\t\t\t\t<div class=\"xpro-overlay-content\">\n\t\t\t\t\t\t\t\t\t\t\t\t\t\t\t\t\t\t\t\t\t<h4 class=\"xpro-title\">Reuni\u00f3n<\/h4>\n\t\t\t\t\t\t\t\t\t\t\t\t\t\t\t\t\t\t\t\t\t\t\t\t\t\t\t\t\t<\/div>\n\t\t\t\t\t\t\t\t\t\t\t\t\t\t\t<\/div>\n\t\t\t\t\t\t<\/div>\n\t\t\t\t\t<\/div>\n\t\t\t\t<\/div>\n\t\t\t<\/div>\n\n\t\t\n\t\t\t<!--Item-->\n\t\t\t<div class=\"cbp-item xpro-elementor-gallery-item mar\">\n\t\t\t\t<div class=\"cbp-caption\">\n\t\t\t\t\t<div class=\"cbp-caption-defaultWrap\">\n\t\t\t\t\t\t<img loading=\"lazy\" decoding=\"async\" width=\"2048\" height=\"1536\" src=\"https:\/\/calidad.unap.cl\/acreditacion2027\/wp-content\/uploads\/sites\/2\/2025\/10\/IMG_8307-2.jpg\" class=\"attachment-full size-full\" alt=\"\" srcset=\"https:\/\/calidad.unap.cl\/acreditacion2027\/wp-content\/uploads\/sites\/2\/2025\/10\/IMG_8307-2.jpg 2048w, https:\/\/calidad.unap.cl\/acreditacion2027\/wp-content\/uploads\/sites\/2\/2025\/10\/IMG_8307-2-300x225.jpg 300w, https:\/\/calidad.unap.cl\/acreditacion2027\/wp-content\/uploads\/sites\/2\/2025\/10\/IMG_8307-2-1024x768.jpg 1024w, https:\/\/calidad.unap.cl\/acreditacion2027\/wp-content\/uploads\/sites\/2\/2025\/10\/IMG_8307-2-768x576.jpg 768w, https:\/\/calidad.unap.cl\/acreditacion2027\/wp-content\/uploads\/sites\/2\/2025\/10\/IMG_8307-2-1536x1152.jpg 1536w\" sizes=\"(max-width: 2048px) 100vw, 2048px\" \/>\t\t\t\t\t<\/div>\n\t\t\t\t\t<div class=\"cbp-caption-activeWrap\">\n\t\t\t\t\t\t<div class=\"cbp-l-caption-alignCenter\" data-xpro-lightbox data-src=\"https:\/\/calidad.unap.cl\/acreditacion2027\/wp-content\/uploads\/sites\/2\/2025\/10\/IMG_8307-2.jpg\">\n\t\t\t\t\t\t\t<!-- Overlay -->\n\t\t\t\t\t\t\t<div class=\"cbp-l-caption-body\">\n\t\t\t\t\t\t\t\t\n\t\t\t\t\t\t\t\t\t\t\t\t\t\t\t\t\t<!-- Content -->\n\t\t\t\t\t\t\t\t\t<div class=\"xpro-overlay-content\">\n\t\t\t\t\t\t\t\t\t\t\t\t\t\t\t\t\t\t\t\t\t<h4 class=\"xpro-title\">Reuni\u00f3n Vinculaci\u00f3n<\/h4>\n\t\t\t\t\t\t\t\t\t\t\t\t\t\t\t\t\t\t\t\t\t\t\t\t\t\t\t\t\t<\/div>\n\t\t\t\t\t\t\t\t\t\t\t\t\t\t\t<\/div>\n\t\t\t\t\t\t<\/div>\n\t\t\t\t\t<\/div>\n\t\t\t\t<\/div>\n\t\t\t<\/div>\n\n\t\t\n\t\t\t<!--Item-->\n\t\t\t<div class=\"cbp-item xpro-elementor-gallery-item mar\">\n\t\t\t\t<div class=\"cbp-caption\">\n\t\t\t\t\t<div class=\"cbp-caption-defaultWrap\">\n\t\t\t\t\t\t<img loading=\"lazy\" decoding=\"async\" width=\"2048\" height=\"1536\" src=\"https:\/\/calidad.unap.cl\/acreditacion2027\/wp-content\/uploads\/sites\/2\/2025\/10\/IMG_8318-2.jpg\" class=\"attachment-full size-full\" alt=\"\" srcset=\"https:\/\/calidad.unap.cl\/acreditacion2027\/wp-content\/uploads\/sites\/2\/2025\/10\/IMG_8318-2.jpg 2048w, https:\/\/calidad.unap.cl\/acreditacion2027\/wp-content\/uploads\/sites\/2\/2025\/10\/IMG_8318-2-300x225.jpg 300w, https:\/\/calidad.unap.cl\/acreditacion2027\/wp-content\/uploads\/sites\/2\/2025\/10\/IMG_8318-2-1024x768.jpg 1024w, https:\/\/calidad.unap.cl\/acreditacion2027\/wp-content\/uploads\/sites\/2\/2025\/10\/IMG_8318-2-768x576.jpg 768w, https:\/\/calidad.unap.cl\/acreditacion2027\/wp-content\/uploads\/sites\/2\/2025\/10\/IMG_8318-2-1536x1152.jpg 1536w\" sizes=\"(max-width: 2048px) 100vw, 2048px\" \/>\t\t\t\t\t<\/div>\n\t\t\t\t\t<div class=\"cbp-caption-activeWrap\">\n\t\t\t\t\t\t<div class=\"cbp-l-caption-alignCenter\" data-xpro-lightbox data-src=\"https:\/\/calidad.unap.cl\/acreditacion2027\/wp-content\/uploads\/sites\/2\/2025\/10\/IMG_8318-2.jpg\">\n\t\t\t\t\t\t\t<!-- Overlay -->\n\t\t\t\t\t\t\t<div class=\"cbp-l-caption-body\">\n\t\t\t\t\t\t\t\t\n\t\t\t\t\t\t\t\t\t\t\t\t\t\t\t\t\t<!-- Content -->\n\t\t\t\t\t\t\t\t\t<div class=\"xpro-overlay-content\">\n\t\t\t\t\t\t\t\t\t\t\t\t\t\t\t\t\t\t\t\t\t<h4 class=\"xpro-title\">Reuni\u00f3n Vinculaci\u00f3n<\/h4>\n\t\t\t\t\t\t\t\t\t\t\t\t\t\t\t\t\t\t\t\t\t\t\t\t\t\t\t\t\t<\/div>\n\t\t\t\t\t\t\t\t\t\t\t\t\t\t\t<\/div>\n\t\t\t\t\t\t<\/div>\n\t\t\t\t\t<\/div>\n\t\t\t\t<\/div>\n\t\t\t<\/div>\n\n\t\t\n\t\t\t<!--Item-->\n\t\t\t<div class=\"cbp-item xpro-elementor-gallery-item mar\">\n\t\t\t\t<div class=\"cbp-caption\">\n\t\t\t\t\t<div class=\"cbp-caption-defaultWrap\">\n\t\t\t\t\t\t<img loading=\"lazy\" decoding=\"async\" width=\"2048\" height=\"1536\" src=\"https:\/\/calidad.unap.cl\/acreditacion2027\/wp-content\/uploads\/sites\/2\/2025\/10\/IMG_8317-2.jpg\" class=\"attachment-full size-full\" alt=\"\" srcset=\"https:\/\/calidad.unap.cl\/acreditacion2027\/wp-content\/uploads\/sites\/2\/2025\/10\/IMG_8317-2.jpg 2048w, https:\/\/calidad.unap.cl\/acreditacion2027\/wp-content\/uploads\/sites\/2\/2025\/10\/IMG_8317-2-300x225.jpg 300w, https:\/\/calidad.unap.cl\/acreditacion2027\/wp-content\/uploads\/sites\/2\/2025\/10\/IMG_8317-2-1024x768.jpg 1024w, https:\/\/calidad.unap.cl\/acreditacion2027\/wp-content\/uploads\/sites\/2\/2025\/10\/IMG_8317-2-768x576.jpg 768w, https:\/\/calidad.unap.cl\/acreditacion2027\/wp-content\/uploads\/sites\/2\/2025\/10\/IMG_8317-2-1536x1152.jpg 1536w\" sizes=\"(max-width: 2048px) 100vw, 2048px\" \/>\t\t\t\t\t<\/div>\n\t\t\t\t\t<div class=\"cbp-caption-activeWrap\">\n\t\t\t\t\t\t<div class=\"cbp-l-caption-alignCenter\" data-xpro-lightbox data-src=\"https:\/\/calidad.unap.cl\/acreditacion2027\/wp-content\/uploads\/sites\/2\/2025\/10\/IMG_8317-2.jpg\">\n\t\t\t\t\t\t\t<!-- Overlay -->\n\t\t\t\t\t\t\t<div class=\"cbp-l-caption-body\">\n\t\t\t\t\t\t\t\t\n\t\t\t\t\t\t\t\t\t\t\t\t\t\t\t\t\t<!-- Content -->\n\t\t\t\t\t\t\t\t\t<div class=\"xpro-overlay-content\">\n\t\t\t\t\t\t\t\t\t\t\t\t\t\t\t\t\t\t\t\t\t<h4 class=\"xpro-title\">Reuni\u00f3n Vinculaci\u00f3n<\/h4>\n\t\t\t\t\t\t\t\t\t\t\t\t\t\t\t\t\t\t\t\t\t\t\t\t\t\t\t\t\t<\/div>\n\t\t\t\t\t\t\t\t\t\t\t\t\t\t\t<\/div>\n\t\t\t\t\t\t<\/div>\n\t\t\t\t\t<\/div>\n\t\t\t\t<\/div>\n\t\t\t<\/div>\n\n\t\t\n\t\t\t<!--Item-->\n\t\t\t<div class=\"cbp-item xpro-elementor-gallery-item mar\">\n\t\t\t\t<div class=\"cbp-caption\">\n\t\t\t\t\t<div class=\"cbp-caption-defaultWrap\">\n\t\t\t\t\t\t<img loading=\"lazy\" decoding=\"async\" width=\"2048\" height=\"1536\" src=\"https:\/\/calidad.unap.cl\/acreditacion2027\/wp-content\/uploads\/sites\/2\/2025\/10\/IMG_8312-2.jpg\" class=\"attachment-full size-full\" alt=\"\" srcset=\"https:\/\/calidad.unap.cl\/acreditacion2027\/wp-content\/uploads\/sites\/2\/2025\/10\/IMG_8312-2.jpg 2048w, https:\/\/calidad.unap.cl\/acreditacion2027\/wp-content\/uploads\/sites\/2\/2025\/10\/IMG_8312-2-300x225.jpg 300w, https:\/\/calidad.unap.cl\/acreditacion2027\/wp-content\/uploads\/sites\/2\/2025\/10\/IMG_8312-2-1024x768.jpg 1024w, https:\/\/calidad.unap.cl\/acreditacion2027\/wp-content\/uploads\/sites\/2\/2025\/10\/IMG_8312-2-768x576.jpg 768w, https:\/\/calidad.unap.cl\/acreditacion2027\/wp-content\/uploads\/sites\/2\/2025\/10\/IMG_8312-2-1536x1152.jpg 1536w\" sizes=\"(max-width: 2048px) 100vw, 2048px\" \/>\t\t\t\t\t<\/div>\n\t\t\t\t\t<div class=\"cbp-caption-activeWrap\">\n\t\t\t\t\t\t<div class=\"cbp-l-caption-alignCenter\" data-xpro-lightbox data-src=\"https:\/\/calidad.unap.cl\/acreditacion2027\/wp-content\/uploads\/sites\/2\/2025\/10\/IMG_8312-2.jpg\">\n\t\t\t\t\t\t\t<!-- Overlay -->\n\t\t\t\t\t\t\t<div class=\"cbp-l-caption-body\">\n\t\t\t\t\t\t\t\t\n\t\t\t\t\t\t\t\t\t\t\t\t\t\t\t\t\t<!-- Content -->\n\t\t\t\t\t\t\t\t\t<div class=\"xpro-overlay-content\">\n\t\t\t\t\t\t\t\t\t\t\t\t\t\t\t\t\t\t\t\t\t<h4 class=\"xpro-title\">Reuni\u00f3n Vinculaci\u00f3n<\/h4>\n\t\t\t\t\t\t\t\t\t\t\t\t\t\t\t\t\t\t\t\t\t\t\t\t\t\t\t\t\t<\/div>\n\t\t\t\t\t\t\t\t\t\t\t\t\t\t\t<\/div>\n\t\t\t\t\t\t<\/div>\n\t\t\t\t\t<\/div>\n\t\t\t\t<\/div>\n\t\t\t<\/div>\n\n\t\t\n\t\t\t<!--Item-->\n\t\t\t<div class=\"cbp-item xpro-elementor-gallery-item mar\">\n\t\t\t\t<div class=\"cbp-caption\">\n\t\t\t\t\t<div class=\"cbp-caption-defaultWrap\">\n\t\t\t\t\t\t<img loading=\"lazy\" decoding=\"async\" width=\"2048\" height=\"1536\" src=\"https:\/\/calidad.unap.cl\/acreditacion2027\/wp-content\/uploads\/sites\/2\/2025\/10\/IMG_8310-2.jpg\" class=\"attachment-full size-full\" alt=\"\" srcset=\"https:\/\/calidad.unap.cl\/acreditacion2027\/wp-content\/uploads\/sites\/2\/2025\/10\/IMG_8310-2.jpg 2048w, https:\/\/calidad.unap.cl\/acreditacion2027\/wp-content\/uploads\/sites\/2\/2025\/10\/IMG_8310-2-300x225.jpg 300w, https:\/\/calidad.unap.cl\/acreditacion2027\/wp-content\/uploads\/sites\/2\/2025\/10\/IMG_8310-2-1024x768.jpg 1024w, https:\/\/calidad.unap.cl\/acreditacion2027\/wp-content\/uploads\/sites\/2\/2025\/10\/IMG_8310-2-768x576.jpg 768w, https:\/\/calidad.unap.cl\/acreditacion2027\/wp-content\/uploads\/sites\/2\/2025\/10\/IMG_8310-2-1536x1152.jpg 1536w\" sizes=\"(max-width: 2048px) 100vw, 2048px\" \/>\t\t\t\t\t<\/div>\n\t\t\t\t\t<div class=\"cbp-caption-activeWrap\">\n\t\t\t\t\t\t<div class=\"cbp-l-caption-alignCenter\" data-xpro-lightbox data-src=\"https:\/\/calidad.unap.cl\/acreditacion2027\/wp-content\/uploads\/sites\/2\/2025\/10\/IMG_8310-2.jpg\">\n\t\t\t\t\t\t\t<!-- Overlay -->\n\t\t\t\t\t\t\t<div class=\"cbp-l-caption-body\">\n\t\t\t\t\t\t\t\t\n\t\t\t\t\t\t\t\t\t\t\t\t\t\t\t\t\t<!-- Content -->\n\t\t\t\t\t\t\t\t\t<div class=\"xpro-overlay-content\">\n\t\t\t\t\t\t\t\t\t\t\t\t\t\t\t\t\t\t\t\t\t<h4 class=\"xpro-title\">Reuni\u00f3n Vinculaci\u00f3n<\/h4>\n\t\t\t\t\t\t\t\t\t\t\t\t\t\t\t\t\t\t\t\t\t\t\t\t\t\t\t\t\t<\/div>\n\t\t\t\t\t\t\t\t\t\t\t\t\t\t\t<\/div>\n\t\t\t\t\t\t<\/div>\n\t\t\t\t\t<\/div>\n\t\t\t\t<\/div>\n\t\t\t<\/div>\n\n\t\t\n\t\t\t<!--Item-->\n\t\t\t<div class=\"cbp-item xpro-elementor-gallery-item abr\">\n\t\t\t\t<div class=\"cbp-caption\">\n\t\t\t\t\t<div class=\"cbp-caption-defaultWrap\">\n\t\t\t\t\t\t<img loading=\"lazy\" decoding=\"async\" width=\"2048\" height=\"1073\" src=\"https:\/\/calidad.unap.cl\/acreditacion2027\/wp-content\/uploads\/sites\/2\/2025\/09\/IMG_8552.jpg\" class=\"attachment-full size-full\" alt=\"\" srcset=\"https:\/\/calidad.unap.cl\/acreditacion2027\/wp-content\/uploads\/sites\/2\/2025\/09\/IMG_8552.jpg 2048w, https:\/\/calidad.unap.cl\/acreditacion2027\/wp-content\/uploads\/sites\/2\/2025\/09\/IMG_8552-300x157.jpg 300w, https:\/\/calidad.unap.cl\/acreditacion2027\/wp-content\/uploads\/sites\/2\/2025\/09\/IMG_8552-1024x537.jpg 1024w, https:\/\/calidad.unap.cl\/acreditacion2027\/wp-content\/uploads\/sites\/2\/2025\/09\/IMG_8552-768x402.jpg 768w, https:\/\/calidad.unap.cl\/acreditacion2027\/wp-content\/uploads\/sites\/2\/2025\/09\/IMG_8552-1536x805.jpg 1536w\" sizes=\"(max-width: 2048px) 100vw, 2048px\" \/>\t\t\t\t\t<\/div>\n\t\t\t\t\t<div class=\"cbp-caption-activeWrap\">\n\t\t\t\t\t\t<div class=\"cbp-l-caption-alignCenter\" data-xpro-lightbox data-src=\"https:\/\/calidad.unap.cl\/acreditacion2027\/wp-content\/uploads\/sites\/2\/2025\/09\/IMG_8552.jpg\">\n\t\t\t\t\t\t\t<!-- Overlay -->\n\t\t\t\t\t\t\t<div class=\"cbp-l-caption-body\">\n\t\t\t\t\t\t\t\t\n\t\t\t\t\t\t\t\t\t\t\t\t\t\t\t\t\t<!-- Content -->\n\t\t\t\t\t\t\t\t\t<div class=\"xpro-overlay-content\">\n\t\t\t\t\t\t\t\t\t\t\t\t\t\t\t\t\t\t\t\t\t<h4 class=\"xpro-title\">Visita de pares evaluadores carrera Pedagog\u00eda en Educaci\u00f3n Diferencial menci\u00f3n Dificultades de Aprendizaje<\/h4>\n\t\t\t\t\t\t\t\t\t\t\t\t\t\t\t\t\t\t\t\t\t\t\t\t\t\t\t\t\t<\/div>\n\t\t\t\t\t\t\t\t\t\t\t\t\t\t\t<\/div>\n\t\t\t\t\t\t<\/div>\n\t\t\t\t\t<\/div>\n\t\t\t\t<\/div>\n\t\t\t<\/div>\n\n\t\t\n\t\t\t<!--Item-->\n\t\t\t<div class=\"cbp-item xpro-elementor-gallery-item abr\">\n\t\t\t\t<div class=\"cbp-caption\">\n\t\t\t\t\t<div class=\"cbp-caption-defaultWrap\">\n\t\t\t\t\t\t<img loading=\"lazy\" decoding=\"async\" width=\"2048\" height=\"1073\" src=\"https:\/\/calidad.unap.cl\/acreditacion2027\/wp-content\/uploads\/sites\/2\/2025\/09\/IMG_8517.jpg\" class=\"attachment-full size-full\" alt=\"\" srcset=\"https:\/\/calidad.unap.cl\/acreditacion2027\/wp-content\/uploads\/sites\/2\/2025\/09\/IMG_8517.jpg 2048w, https:\/\/calidad.unap.cl\/acreditacion2027\/wp-content\/uploads\/sites\/2\/2025\/09\/IMG_8517-300x157.jpg 300w, https:\/\/calidad.unap.cl\/acreditacion2027\/wp-content\/uploads\/sites\/2\/2025\/09\/IMG_8517-1024x537.jpg 1024w, https:\/\/calidad.unap.cl\/acreditacion2027\/wp-content\/uploads\/sites\/2\/2025\/09\/IMG_8517-768x402.jpg 768w, https:\/\/calidad.unap.cl\/acreditacion2027\/wp-content\/uploads\/sites\/2\/2025\/09\/IMG_8517-1536x805.jpg 1536w\" sizes=\"(max-width: 2048px) 100vw, 2048px\" \/>\t\t\t\t\t<\/div>\n\t\t\t\t\t<div class=\"cbp-caption-activeWrap\">\n\t\t\t\t\t\t<div class=\"cbp-l-caption-alignCenter\" data-xpro-lightbox data-src=\"https:\/\/calidad.unap.cl\/acreditacion2027\/wp-content\/uploads\/sites\/2\/2025\/09\/IMG_8517.jpg\">\n\t\t\t\t\t\t\t<!-- Overlay -->\n\t\t\t\t\t\t\t<div class=\"cbp-l-caption-body\">\n\t\t\t\t\t\t\t\t\n\t\t\t\t\t\t\t\t\t\t\t\t\t\t\t\t\t<!-- Content -->\n\t\t\t\t\t\t\t\t\t<div class=\"xpro-overlay-content\">\n\t\t\t\t\t\t\t\t\t\t\t\t\t\t\t\t\t\t\t\t\t<h4 class=\"xpro-title\">Visita de pares evaluadores carrera Pedagog\u00eda en Educaci\u00f3n Diferencial menci\u00f3n Dificultades de Aprendizaje<\/h4>\n\t\t\t\t\t\t\t\t\t\t\t\t\t\t\t\t\t\t\t\t\t\t\t\t\t\t\t\t\t<\/div>\n\t\t\t\t\t\t\t\t\t\t\t\t\t\t\t<\/div>\n\t\t\t\t\t\t<\/div>\n\t\t\t\t\t<\/div>\n\t\t\t\t<\/div>\n\t\t\t<\/div>\n\n\t\t\n\t\t\t<!--Item-->\n\t\t\t<div class=\"cbp-item xpro-elementor-gallery-item abr\">\n\t\t\t\t<div class=\"cbp-caption\">\n\t\t\t\t\t<div class=\"cbp-caption-defaultWrap\">\n\t\t\t\t\t\t<img loading=\"lazy\" decoding=\"async\" width=\"2048\" height=\"1073\" src=\"https:\/\/calidad.unap.cl\/acreditacion2027\/wp-content\/uploads\/sites\/2\/2025\/09\/IMG_8518.jpg\" class=\"attachment-full size-full\" alt=\"\" srcset=\"https:\/\/calidad.unap.cl\/acreditacion2027\/wp-content\/uploads\/sites\/2\/2025\/09\/IMG_8518.jpg 2048w, https:\/\/calidad.unap.cl\/acreditacion2027\/wp-content\/uploads\/sites\/2\/2025\/09\/IMG_8518-300x157.jpg 300w, https:\/\/calidad.unap.cl\/acreditacion2027\/wp-content\/uploads\/sites\/2\/2025\/09\/IMG_8518-1024x537.jpg 1024w, https:\/\/calidad.unap.cl\/acreditacion2027\/wp-content\/uploads\/sites\/2\/2025\/09\/IMG_8518-768x402.jpg 768w, https:\/\/calidad.unap.cl\/acreditacion2027\/wp-content\/uploads\/sites\/2\/2025\/09\/IMG_8518-1536x805.jpg 1536w\" sizes=\"(max-width: 2048px) 100vw, 2048px\" \/>\t\t\t\t\t<\/div>\n\t\t\t\t\t<div class=\"cbp-caption-activeWrap\">\n\t\t\t\t\t\t<div class=\"cbp-l-caption-alignCenter\" data-xpro-lightbox data-src=\"https:\/\/calidad.unap.cl\/acreditacion2027\/wp-content\/uploads\/sites\/2\/2025\/09\/IMG_8518.jpg\">\n\t\t\t\t\t\t\t<!-- Overlay -->\n\t\t\t\t\t\t\t<div class=\"cbp-l-caption-body\">\n\t\t\t\t\t\t\t\t\n\t\t\t\t\t\t\t\t\t\t\t\t\t\t\t\t\t<!-- Content -->\n\t\t\t\t\t\t\t\t\t<div class=\"xpro-overlay-content\">\n\t\t\t\t\t\t\t\t\t\t\t\t\t\t\t\t\t\t\t\t\t<h4 class=\"xpro-title\">Visita de pares evaluadores carrera Pedagog\u00eda en Educaci\u00f3n Diferencial menci\u00f3n Dificultades de Aprendizaje<\/h4>\n\t\t\t\t\t\t\t\t\t\t\t\t\t\t\t\t\t\t\t\t\t\t\t\t\t\t\t\t\t<\/div>\n\t\t\t\t\t\t\t\t\t\t\t\t\t\t\t<\/div>\n\t\t\t\t\t\t<\/div>\n\t\t\t\t\t<\/div>\n\t\t\t\t<\/div>\n\t\t\t<\/div>\n\n\t\t\n\t\t\t<!--Item-->\n\t\t\t<div class=\"cbp-item xpro-elementor-gallery-item abr\">\n\t\t\t\t<div class=\"cbp-caption\">\n\t\t\t\t\t<div class=\"cbp-caption-defaultWrap\">\n\t\t\t\t\t\t<img loading=\"lazy\" decoding=\"async\" width=\"2048\" height=\"1073\" src=\"https:\/\/calidad.unap.cl\/acreditacion2027\/wp-content\/uploads\/sites\/2\/2025\/09\/IMG_8519.jpg\" class=\"attachment-full size-full\" alt=\"\" srcset=\"https:\/\/calidad.unap.cl\/acreditacion2027\/wp-content\/uploads\/sites\/2\/2025\/09\/IMG_8519.jpg 2048w, https:\/\/calidad.unap.cl\/acreditacion2027\/wp-content\/uploads\/sites\/2\/2025\/09\/IMG_8519-300x157.jpg 300w, https:\/\/calidad.unap.cl\/acreditacion2027\/wp-content\/uploads\/sites\/2\/2025\/09\/IMG_8519-1024x537.jpg 1024w, https:\/\/calidad.unap.cl\/acreditacion2027\/wp-content\/uploads\/sites\/2\/2025\/09\/IMG_8519-768x402.jpg 768w, https:\/\/calidad.unap.cl\/acreditacion2027\/wp-content\/uploads\/sites\/2\/2025\/09\/IMG_8519-1536x805.jpg 1536w\" sizes=\"(max-width: 2048px) 100vw, 2048px\" \/>\t\t\t\t\t<\/div>\n\t\t\t\t\t<div class=\"cbp-caption-activeWrap\">\n\t\t\t\t\t\t<div class=\"cbp-l-caption-alignCenter\" data-xpro-lightbox data-src=\"https:\/\/calidad.unap.cl\/acreditacion2027\/wp-content\/uploads\/sites\/2\/2025\/09\/IMG_8519.jpg\">\n\t\t\t\t\t\t\t<!-- Overlay -->\n\t\t\t\t\t\t\t<div class=\"cbp-l-caption-body\">\n\t\t\t\t\t\t\t\t\n\t\t\t\t\t\t\t\t\t\t\t\t\t\t\t\t\t<!-- Content -->\n\t\t\t\t\t\t\t\t\t<div class=\"xpro-overlay-content\">\n\t\t\t\t\t\t\t\t\t\t\t\t\t\t\t\t\t\t\t\t\t<h4 class=\"xpro-title\">Visita de pares evaluadores carrera Pedagog\u00eda en Educaci\u00f3n Diferencial menci\u00f3n Dificultades de Aprendizaje<\/h4>\n\t\t\t\t\t\t\t\t\t\t\t\t\t\t\t\t\t\t\t\t\t\t\t\t\t\t\t\t\t<\/div>\n\t\t\t\t\t\t\t\t\t\t\t\t\t\t\t<\/div>\n\t\t\t\t\t\t<\/div>\n\t\t\t\t\t<\/div>\n\t\t\t\t<\/div>\n\t\t\t<\/div>\n\n\t\t\n\t\t\t<!--Item-->\n\t\t\t<div class=\"cbp-item xpro-elementor-gallery-item abr\">\n\t\t\t\t<div class=\"cbp-caption\">\n\t\t\t\t\t<div class=\"cbp-caption-defaultWrap\">\n\t\t\t\t\t\t<img loading=\"lazy\" decoding=\"async\" width=\"2048\" height=\"1073\" src=\"https:\/\/calidad.unap.cl\/acreditacion2027\/wp-content\/uploads\/sites\/2\/2025\/09\/IMG_8543.jpg\" class=\"attachment-full size-full\" alt=\"\" srcset=\"https:\/\/calidad.unap.cl\/acreditacion2027\/wp-content\/uploads\/sites\/2\/2025\/09\/IMG_8543.jpg 2048w, https:\/\/calidad.unap.cl\/acreditacion2027\/wp-content\/uploads\/sites\/2\/2025\/09\/IMG_8543-300x157.jpg 300w, https:\/\/calidad.unap.cl\/acreditacion2027\/wp-content\/uploads\/sites\/2\/2025\/09\/IMG_8543-1024x537.jpg 1024w, https:\/\/calidad.unap.cl\/acreditacion2027\/wp-content\/uploads\/sites\/2\/2025\/09\/IMG_8543-768x402.jpg 768w, https:\/\/calidad.unap.cl\/acreditacion2027\/wp-content\/uploads\/sites\/2\/2025\/09\/IMG_8543-1536x805.jpg 1536w\" sizes=\"(max-width: 2048px) 100vw, 2048px\" \/>\t\t\t\t\t<\/div>\n\t\t\t\t\t<div class=\"cbp-caption-activeWrap\">\n\t\t\t\t\t\t<div class=\"cbp-l-caption-alignCenter\" data-xpro-lightbox data-src=\"https:\/\/calidad.unap.cl\/acreditacion2027\/wp-content\/uploads\/sites\/2\/2025\/09\/IMG_8543.jpg\">\n\t\t\t\t\t\t\t<!-- Overlay -->\n\t\t\t\t\t\t\t<div class=\"cbp-l-caption-body\">\n\t\t\t\t\t\t\t\t\n\t\t\t\t\t\t\t\t\t\t\t\t\t\t\t\t\t<!-- Content -->\n\t\t\t\t\t\t\t\t\t<div class=\"xpro-overlay-content\">\n\t\t\t\t\t\t\t\t\t\t\t\t\t\t\t\t\t\t\t\t\t<h4 class=\"xpro-title\">Visita de pares evaluadores carrera Pedagog\u00eda en Educaci\u00f3n Diferencial menci\u00f3n Dificultades de Aprendizaje<\/h4>\n\t\t\t\t\t\t\t\t\t\t\t\t\t\t\t\t\t\t\t\t\t\t\t\t\t\t\t\t\t<\/div>\n\t\t\t\t\t\t\t\t\t\t\t\t\t\t\t<\/div>\n\t\t\t\t\t\t<\/div>\n\t\t\t\t\t<\/div>\n\t\t\t\t<\/div>\n\t\t\t<\/div>\n\n\t\t\n\t\t\t<!--Item-->\n\t\t\t<div class=\"cbp-item xpro-elementor-gallery-item abr\">\n\t\t\t\t<div class=\"cbp-caption\">\n\t\t\t\t\t<div class=\"cbp-caption-defaultWrap\">\n\t\t\t\t\t\t<img loading=\"lazy\" decoding=\"async\" width=\"2048\" height=\"1073\" src=\"https:\/\/calidad.unap.cl\/acreditacion2027\/wp-content\/uploads\/sites\/2\/2025\/09\/IMG_8548.jpg\" class=\"attachment-full size-full\" alt=\"\" srcset=\"https:\/\/calidad.unap.cl\/acreditacion2027\/wp-content\/uploads\/sites\/2\/2025\/09\/IMG_8548.jpg 2048w, https:\/\/calidad.unap.cl\/acreditacion2027\/wp-content\/uploads\/sites\/2\/2025\/09\/IMG_8548-300x157.jpg 300w, https:\/\/calidad.unap.cl\/acreditacion2027\/wp-content\/uploads\/sites\/2\/2025\/09\/IMG_8548-1024x537.jpg 1024w, https:\/\/calidad.unap.cl\/acreditacion2027\/wp-content\/uploads\/sites\/2\/2025\/09\/IMG_8548-768x402.jpg 768w, https:\/\/calidad.unap.cl\/acreditacion2027\/wp-content\/uploads\/sites\/2\/2025\/09\/IMG_8548-1536x805.jpg 1536w\" sizes=\"(max-width: 2048px) 100vw, 2048px\" \/>\t\t\t\t\t<\/div>\n\t\t\t\t\t<div class=\"cbp-caption-activeWrap\">\n\t\t\t\t\t\t<div class=\"cbp-l-caption-alignCenter\" data-xpro-lightbox data-src=\"https:\/\/calidad.unap.cl\/acreditacion2027\/wp-content\/uploads\/sites\/2\/2025\/09\/IMG_8548.jpg\">\n\t\t\t\t\t\t\t<!-- Overlay -->\n\t\t\t\t\t\t\t<div class=\"cbp-l-caption-body\">\n\t\t\t\t\t\t\t\t\n\t\t\t\t\t\t\t\t\t\t\t\t\t\t\t\t\t<!-- Content -->\n\t\t\t\t\t\t\t\t\t<div class=\"xpro-overlay-content\">\n\t\t\t\t\t\t\t\t\t\t\t\t\t\t\t\t\t\t\t\t\t<h4 class=\"xpro-title\">Visita de pares evaluadores carrera Pedagog\u00eda en Educaci\u00f3n Diferencial menci\u00f3n Dificultades de Aprendizaje<\/h4>\n\t\t\t\t\t\t\t\t\t\t\t\t\t\t\t\t\t\t\t\t\t\t\t\t\t\t\t\t\t<\/div>\n\t\t\t\t\t\t\t\t\t\t\t\t\t\t\t<\/div>\n\t\t\t\t\t\t<\/div>\n\t\t\t\t\t<\/div>\n\t\t\t\t<\/div>\n\t\t\t<\/div>\n\n\t\t\n\t\t\t<!--Item-->\n\t\t\t<div class=\"cbp-item xpro-elementor-gallery-item abr\">\n\t\t\t\t<div class=\"cbp-caption\">\n\t\t\t\t\t<div class=\"cbp-caption-defaultWrap\">\n\t\t\t\t\t\t<img loading=\"lazy\" decoding=\"async\" width=\"2048\" height=\"1536\" src=\"https:\/\/calidad.unap.cl\/acreditacion2027\/wp-content\/uploads\/sites\/2\/2025\/09\/IMG_8617-2.jpg\" class=\"attachment-full size-full\" alt=\"\" srcset=\"https:\/\/calidad.unap.cl\/acreditacion2027\/wp-content\/uploads\/sites\/2\/2025\/09\/IMG_8617-2.jpg 2048w, https:\/\/calidad.unap.cl\/acreditacion2027\/wp-content\/uploads\/sites\/2\/2025\/09\/IMG_8617-2-300x225.jpg 300w, https:\/\/calidad.unap.cl\/acreditacion2027\/wp-content\/uploads\/sites\/2\/2025\/09\/IMG_8617-2-1024x768.jpg 1024w, https:\/\/calidad.unap.cl\/acreditacion2027\/wp-content\/uploads\/sites\/2\/2025\/09\/IMG_8617-2-768x576.jpg 768w, https:\/\/calidad.unap.cl\/acreditacion2027\/wp-content\/uploads\/sites\/2\/2025\/09\/IMG_8617-2-1536x1152.jpg 1536w\" sizes=\"(max-width: 2048px) 100vw, 2048px\" \/>\t\t\t\t\t<\/div>\n\t\t\t\t\t<div class=\"cbp-caption-activeWrap\">\n\t\t\t\t\t\t<div class=\"cbp-l-caption-alignCenter\" data-xpro-lightbox data-src=\"https:\/\/calidad.unap.cl\/acreditacion2027\/wp-content\/uploads\/sites\/2\/2025\/09\/IMG_8617-2.jpg\">\n\t\t\t\t\t\t\t<!-- Overlay -->\n\t\t\t\t\t\t\t<div class=\"cbp-l-caption-body\">\n\t\t\t\t\t\t\t\t\n\t\t\t\t\t\t\t\t\t\t\t\t\t\t\t\t\t<!-- Content -->\n\t\t\t\t\t\t\t\t\t<div class=\"xpro-overlay-content\">\n\t\t\t\t\t\t\t\t\t\t\t\t\t\t\t\t\t\t\t\t\t<h4 class=\"xpro-title\">Reuni\u00f3n Comisi\u00f3n Docencia<\/h4>\n\t\t\t\t\t\t\t\t\t\t\t\t\t\t\t\t\t\t\t\t\t\t\t\t\t\t\t\t\t<\/div>\n\t\t\t\t\t\t\t\t\t\t\t\t\t\t\t<\/div>\n\t\t\t\t\t\t<\/div>\n\t\t\t\t\t<\/div>\n\t\t\t\t<\/div>\n\t\t\t<\/div>\n\n\t\t\n\t\t\t<!--Item-->\n\t\t\t<div class=\"cbp-item xpro-elementor-gallery-item abr\">\n\t\t\t\t<div class=\"cbp-caption\">\n\t\t\t\t\t<div class=\"cbp-caption-defaultWrap\">\n\t\t\t\t\t\t<img loading=\"lazy\" decoding=\"async\" width=\"2048\" height=\"1536\" src=\"https:\/\/calidad.unap.cl\/acreditacion2027\/wp-content\/uploads\/sites\/2\/2025\/09\/IMG_8619-2.jpg\" class=\"attachment-full size-full\" alt=\"\" srcset=\"https:\/\/calidad.unap.cl\/acreditacion2027\/wp-content\/uploads\/sites\/2\/2025\/09\/IMG_8619-2.jpg 2048w, https:\/\/calidad.unap.cl\/acreditacion2027\/wp-content\/uploads\/sites\/2\/2025\/09\/IMG_8619-2-300x225.jpg 300w, https:\/\/calidad.unap.cl\/acreditacion2027\/wp-content\/uploads\/sites\/2\/2025\/09\/IMG_8619-2-1024x768.jpg 1024w, https:\/\/calidad.unap.cl\/acreditacion2027\/wp-content\/uploads\/sites\/2\/2025\/09\/IMG_8619-2-768x576.jpg 768w, https:\/\/calidad.unap.cl\/acreditacion2027\/wp-content\/uploads\/sites\/2\/2025\/09\/IMG_8619-2-1536x1152.jpg 1536w\" sizes=\"(max-width: 2048px) 100vw, 2048px\" \/>\t\t\t\t\t<\/div>\n\t\t\t\t\t<div class=\"cbp-caption-activeWrap\">\n\t\t\t\t\t\t<div class=\"cbp-l-caption-alignCenter\" data-xpro-lightbox data-src=\"https:\/\/calidad.unap.cl\/acreditacion2027\/wp-content\/uploads\/sites\/2\/2025\/09\/IMG_8619-2.jpg\">\n\t\t\t\t\t\t\t<!-- Overlay -->\n\t\t\t\t\t\t\t<div class=\"cbp-l-caption-body\">\n\t\t\t\t\t\t\t\t\n\t\t\t\t\t\t\t\t\t\t\t\t\t\t\t\t\t<!-- Content -->\n\t\t\t\t\t\t\t\t\t<div class=\"xpro-overlay-content\">\n\t\t\t\t\t\t\t\t\t\t\t\t\t\t\t\t\t\t\t\t\t<h4 class=\"xpro-title\">Reuni\u00f3n Comisi\u00f3n Docencia<\/h4>\n\t\t\t\t\t\t\t\t\t\t\t\t\t\t\t\t\t\t\t\t\t\t\t\t\t\t\t\t\t<\/div>\n\t\t\t\t\t\t\t\t\t\t\t\t\t\t\t<\/div>\n\t\t\t\t\t\t<\/div>\n\t\t\t\t\t<\/div>\n\t\t\t\t<\/div>\n\t\t\t<\/div>\n\n\t\t\n\t\t\t<!--Item-->\n\t\t\t<div class=\"cbp-item xpro-elementor-gallery-item abr\">\n\t\t\t\t<div class=\"cbp-caption\">\n\t\t\t\t\t<div class=\"cbp-caption-defaultWrap\">\n\t\t\t\t\t\t<img loading=\"lazy\" decoding=\"async\" width=\"2048\" height=\"1538\" src=\"https:\/\/calidad.unap.cl\/acreditacion2027\/wp-content\/uploads\/sites\/2\/2025\/09\/IMG_8621-2.jpg\" class=\"attachment-full size-full\" alt=\"\" srcset=\"https:\/\/calidad.unap.cl\/acreditacion2027\/wp-content\/uploads\/sites\/2\/2025\/09\/IMG_8621-2.jpg 2048w, https:\/\/calidad.unap.cl\/acreditacion2027\/wp-content\/uploads\/sites\/2\/2025\/09\/IMG_8621-2-300x225.jpg 300w, https:\/\/calidad.unap.cl\/acreditacion2027\/wp-content\/uploads\/sites\/2\/2025\/09\/IMG_8621-2-1024x769.jpg 1024w, https:\/\/calidad.unap.cl\/acreditacion2027\/wp-content\/uploads\/sites\/2\/2025\/09\/IMG_8621-2-768x577.jpg 768w, https:\/\/calidad.unap.cl\/acreditacion2027\/wp-content\/uploads\/sites\/2\/2025\/09\/IMG_8621-2-1536x1154.jpg 1536w\" sizes=\"(max-width: 2048px) 100vw, 2048px\" \/>\t\t\t\t\t<\/div>\n\t\t\t\t\t<div class=\"cbp-caption-activeWrap\">\n\t\t\t\t\t\t<div class=\"cbp-l-caption-alignCenter\" data-xpro-lightbox data-src=\"https:\/\/calidad.unap.cl\/acreditacion2027\/wp-content\/uploads\/sites\/2\/2025\/09\/IMG_8621-2.jpg\">\n\t\t\t\t\t\t\t<!-- Overlay -->\n\t\t\t\t\t\t\t<div class=\"cbp-l-caption-body\">\n\t\t\t\t\t\t\t\t\n\t\t\t\t\t\t\t\t\t\t\t\t\t\t\t\t\t<!-- Content -->\n\t\t\t\t\t\t\t\t\t<div class=\"xpro-overlay-content\">\n\t\t\t\t\t\t\t\t\t\t\t\t\t\t\t\t\t\t\t\t\t<h4 class=\"xpro-title\">Reuni\u00f3n Comisi\u00f3n Docencia<\/h4>\n\t\t\t\t\t\t\t\t\t\t\t\t\t\t\t\t\t\t\t\t\t\t\t\t\t\t\t\t\t<\/div>\n\t\t\t\t\t\t\t\t\t\t\t\t\t\t\t<\/div>\n\t\t\t\t\t\t<\/div>\n\t\t\t\t\t<\/div>\n\t\t\t\t<\/div>\n\t\t\t<\/div>\n\n\t\t\n\t\t\t<!--Item-->\n\t\t\t<div class=\"cbp-item xpro-elementor-gallery-item abr\">\n\t\t\t\t<div class=\"cbp-caption\">\n\t\t\t\t\t<div class=\"cbp-caption-defaultWrap\">\n\t\t\t\t\t\t<img loading=\"lazy\" decoding=\"async\" width=\"2048\" height=\"1536\" src=\"https:\/\/calidad.unap.cl\/acreditacion2027\/wp-content\/uploads\/sites\/2\/2025\/09\/IMG_8622-2.jpg\" class=\"attachment-full size-full\" alt=\"\" srcset=\"https:\/\/calidad.unap.cl\/acreditacion2027\/wp-content\/uploads\/sites\/2\/2025\/09\/IMG_8622-2.jpg 2048w, https:\/\/calidad.unap.cl\/acreditacion2027\/wp-content\/uploads\/sites\/2\/2025\/09\/IMG_8622-2-300x225.jpg 300w, https:\/\/calidad.unap.cl\/acreditacion2027\/wp-content\/uploads\/sites\/2\/2025\/09\/IMG_8622-2-1024x768.jpg 1024w, https:\/\/calidad.unap.cl\/acreditacion2027\/wp-content\/uploads\/sites\/2\/2025\/09\/IMG_8622-2-768x576.jpg 768w, https:\/\/calidad.unap.cl\/acreditacion2027\/wp-content\/uploads\/sites\/2\/2025\/09\/IMG_8622-2-1536x1152.jpg 1536w\" sizes=\"(max-width: 2048px) 100vw, 2048px\" \/>\t\t\t\t\t<\/div>\n\t\t\t\t\t<div class=\"cbp-caption-activeWrap\">\n\t\t\t\t\t\t<div class=\"cbp-l-caption-alignCenter\" data-xpro-lightbox data-src=\"https:\/\/calidad.unap.cl\/acreditacion2027\/wp-content\/uploads\/sites\/2\/2025\/09\/IMG_8622-2.jpg\">\n\t\t\t\t\t\t\t<!-- Overlay -->\n\t\t\t\t\t\t\t<div class=\"cbp-l-caption-body\">\n\t\t\t\t\t\t\t\t\n\t\t\t\t\t\t\t\t\t\t\t\t\t\t\t\t\t<!-- Content -->\n\t\t\t\t\t\t\t\t\t<div class=\"xpro-overlay-content\">\n\t\t\t\t\t\t\t\t\t\t\t\t\t\t\t\t\t\t\t\t\t<h4 class=\"xpro-title\">Reuni\u00f3n Comisi\u00f3n Docencia<\/h4>\n\t\t\t\t\t\t\t\t\t\t\t\t\t\t\t\t\t\t\t\t\t\t\t\t\t\t\t\t\t<\/div>\n\t\t\t\t\t\t\t\t\t\t\t\t\t\t\t<\/div>\n\t\t\t\t\t\t<\/div>\n\t\t\t\t\t<\/div>\n\t\t\t\t<\/div>\n\t\t\t<\/div>\n\n\t\t\n\t\t\t<!--Item-->\n\t\t\t<div class=\"cbp-item xpro-elementor-gallery-item abr\">\n\t\t\t\t<div class=\"cbp-caption\">\n\t\t\t\t\t<div class=\"cbp-caption-defaultWrap\">\n\t\t\t\t\t\t<img loading=\"lazy\" decoding=\"async\" width=\"2048\" height=\"1536\" src=\"https:\/\/calidad.unap.cl\/acreditacion2027\/wp-content\/uploads\/sites\/2\/2025\/09\/IMG_8623-2.jpg\" class=\"attachment-full size-full\" alt=\"\" srcset=\"https:\/\/calidad.unap.cl\/acreditacion2027\/wp-content\/uploads\/sites\/2\/2025\/09\/IMG_8623-2.jpg 2048w, https:\/\/calidad.unap.cl\/acreditacion2027\/wp-content\/uploads\/sites\/2\/2025\/09\/IMG_8623-2-300x225.jpg 300w, https:\/\/calidad.unap.cl\/acreditacion2027\/wp-content\/uploads\/sites\/2\/2025\/09\/IMG_8623-2-1024x768.jpg 1024w, https:\/\/calidad.unap.cl\/acreditacion2027\/wp-content\/uploads\/sites\/2\/2025\/09\/IMG_8623-2-768x576.jpg 768w, https:\/\/calidad.unap.cl\/acreditacion2027\/wp-content\/uploads\/sites\/2\/2025\/09\/IMG_8623-2-1536x1152.jpg 1536w\" sizes=\"(max-width: 2048px) 100vw, 2048px\" \/>\t\t\t\t\t<\/div>\n\t\t\t\t\t<div class=\"cbp-caption-activeWrap\">\n\t\t\t\t\t\t<div class=\"cbp-l-caption-alignCenter\" data-xpro-lightbox data-src=\"https:\/\/calidad.unap.cl\/acreditacion2027\/wp-content\/uploads\/sites\/2\/2025\/09\/IMG_8623-2.jpg\">\n\t\t\t\t\t\t\t<!-- Overlay -->\n\t\t\t\t\t\t\t<div class=\"cbp-l-caption-body\">\n\t\t\t\t\t\t\t\t\n\t\t\t\t\t\t\t\t\t\t\t\t\t\t\t\t\t<!-- Content -->\n\t\t\t\t\t\t\t\t\t<div class=\"xpro-overlay-content\">\n\t\t\t\t\t\t\t\t\t\t\t\t\t\t\t\t\t\t\t\t\t<h4 class=\"xpro-title\">Reuni\u00f3n Comisi\u00f3n Docencia<\/h4>\n\t\t\t\t\t\t\t\t\t\t\t\t\t\t\t\t\t\t\t\t\t\t\t\t\t\t\t\t\t<\/div>\n\t\t\t\t\t\t\t\t\t\t\t\t\t\t\t<\/div>\n\t\t\t\t\t\t<\/div>\n\t\t\t\t\t<\/div>\n\t\t\t\t<\/div>\n\t\t\t<\/div>\n\n\t\t\n\t\t\t<!--Item-->\n\t\t\t<div class=\"cbp-item xpro-elementor-gallery-item abr\">\n\t\t\t\t<div class=\"cbp-caption\">\n\t\t\t\t\t<div class=\"cbp-caption-defaultWrap\">\n\t\t\t\t\t\t<img loading=\"lazy\" decoding=\"async\" width=\"2048\" height=\"1638\" src=\"https:\/\/calidad.unap.cl\/acreditacion2027\/wp-content\/uploads\/sites\/2\/2025\/09\/IMG_8627.jpg\" class=\"attachment-full size-full\" alt=\"\" srcset=\"https:\/\/calidad.unap.cl\/acreditacion2027\/wp-content\/uploads\/sites\/2\/2025\/09\/IMG_8627.jpg 2048w, https:\/\/calidad.unap.cl\/acreditacion2027\/wp-content\/uploads\/sites\/2\/2025\/09\/IMG_8627-300x240.jpg 300w, https:\/\/calidad.unap.cl\/acreditacion2027\/wp-content\/uploads\/sites\/2\/2025\/09\/IMG_8627-1024x819.jpg 1024w, https:\/\/calidad.unap.cl\/acreditacion2027\/wp-content\/uploads\/sites\/2\/2025\/09\/IMG_8627-768x614.jpg 768w, https:\/\/calidad.unap.cl\/acreditacion2027\/wp-content\/uploads\/sites\/2\/2025\/09\/IMG_8627-1536x1229.jpg 1536w\" sizes=\"(max-width: 2048px) 100vw, 2048px\" \/>\t\t\t\t\t<\/div>\n\t\t\t\t\t<div class=\"cbp-caption-activeWrap\">\n\t\t\t\t\t\t<div class=\"cbp-l-caption-alignCenter\" data-xpro-lightbox data-src=\"https:\/\/calidad.unap.cl\/acreditacion2027\/wp-content\/uploads\/sites\/2\/2025\/09\/IMG_8627.jpg\">\n\t\t\t\t\t\t\t<!-- Overlay -->\n\t\t\t\t\t\t\t<div class=\"cbp-l-caption-body\">\n\t\t\t\t\t\t\t\t\n\t\t\t\t\t\t\t\t\t\t\t\t\t\t\t\t\t<!-- Content -->\n\t\t\t\t\t\t\t\t\t<div class=\"xpro-overlay-content\">\n\t\t\t\t\t\t\t\t\t\t\t\t\t\t\t\t\t\t\t\t\t<h4 class=\"xpro-title\">1era Reuni\u00f3n con los Embajadores de Acreditaci\u00f3n<\/h4>\n\t\t\t\t\t\t\t\t\t\t\t\t\t\t\t\t\t\t\t\t\t\t\t\t\t\t\t\t\t<\/div>\n\t\t\t\t\t\t\t\t\t\t\t\t\t\t\t<\/div>\n\t\t\t\t\t\t<\/div>\n\t\t\t\t\t<\/div>\n\t\t\t\t<\/div>\n\t\t\t<\/div>\n\n\t\t\n\t\t\t<!--Item-->\n\t\t\t<div class=\"cbp-item xpro-elementor-gallery-item abr\">\n\t\t\t\t<div class=\"cbp-caption\">\n\t\t\t\t\t<div class=\"cbp-caption-defaultWrap\">\n\t\t\t\t\t\t<img loading=\"lazy\" decoding=\"async\" width=\"2048\" height=\"1638\" src=\"https:\/\/calidad.unap.cl\/acreditacion2027\/wp-content\/uploads\/sites\/2\/2025\/09\/IMG_8629.jpg\" class=\"attachment-full size-full\" alt=\"\" srcset=\"https:\/\/calidad.unap.cl\/acreditacion2027\/wp-content\/uploads\/sites\/2\/2025\/09\/IMG_8629.jpg 2048w, https:\/\/calidad.unap.cl\/acreditacion2027\/wp-content\/uploads\/sites\/2\/2025\/09\/IMG_8629-300x240.jpg 300w, https:\/\/calidad.unap.cl\/acreditacion2027\/wp-content\/uploads\/sites\/2\/2025\/09\/IMG_8629-1024x819.jpg 1024w, https:\/\/calidad.unap.cl\/acreditacion2027\/wp-content\/uploads\/sites\/2\/2025\/09\/IMG_8629-768x614.jpg 768w, https:\/\/calidad.unap.cl\/acreditacion2027\/wp-content\/uploads\/sites\/2\/2025\/09\/IMG_8629-1536x1229.jpg 1536w\" sizes=\"(max-width: 2048px) 100vw, 2048px\" \/>\t\t\t\t\t<\/div>\n\t\t\t\t\t<div class=\"cbp-caption-activeWrap\">\n\t\t\t\t\t\t<div class=\"cbp-l-caption-alignCenter\" data-xpro-lightbox data-src=\"https:\/\/calidad.unap.cl\/acreditacion2027\/wp-content\/uploads\/sites\/2\/2025\/09\/IMG_8629.jpg\">\n\t\t\t\t\t\t\t<!-- Overlay -->\n\t\t\t\t\t\t\t<div class=\"cbp-l-caption-body\">\n\t\t\t\t\t\t\t\t\n\t\t\t\t\t\t\t\t\t\t\t\t\t\t\t\t\t<!-- Content -->\n\t\t\t\t\t\t\t\t\t<div class=\"xpro-overlay-content\">\n\t\t\t\t\t\t\t\t\t\t\t\t\t\t\t\t\t\t\t\t\t<h4 class=\"xpro-title\">1era Reuni\u00f3n con los Embajadores de Acreditaci\u00f3n<\/h4>\n\t\t\t\t\t\t\t\t\t\t\t\t\t\t\t\t\t\t\t\t\t\t\t\t\t\t\t\t\t<\/div>\n\t\t\t\t\t\t\t\t\t\t\t\t\t\t\t<\/div>\n\t\t\t\t\t\t<\/div>\n\t\t\t\t\t<\/div>\n\t\t\t\t<\/div>\n\t\t\t<\/div>\n\n\t\t\n\t\t\t<!--Item-->\n\t\t\t<div class=\"cbp-item xpro-elementor-gallery-item abr\">\n\t\t\t\t<div class=\"cbp-caption\">\n\t\t\t\t\t<div class=\"cbp-caption-defaultWrap\">\n\t\t\t\t\t\t<img loading=\"lazy\" decoding=\"async\" width=\"2048\" height=\"1638\" src=\"https:\/\/calidad.unap.cl\/acreditacion2027\/wp-content\/uploads\/sites\/2\/2025\/09\/IMG_8631.jpg\" class=\"attachment-full size-full\" alt=\"\" srcset=\"https:\/\/calidad.unap.cl\/acreditacion2027\/wp-content\/uploads\/sites\/2\/2025\/09\/IMG_8631.jpg 2048w, https:\/\/calidad.unap.cl\/acreditacion2027\/wp-content\/uploads\/sites\/2\/2025\/09\/IMG_8631-300x240.jpg 300w, https:\/\/calidad.unap.cl\/acreditacion2027\/wp-content\/uploads\/sites\/2\/2025\/09\/IMG_8631-1024x819.jpg 1024w, https:\/\/calidad.unap.cl\/acreditacion2027\/wp-content\/uploads\/sites\/2\/2025\/09\/IMG_8631-768x614.jpg 768w, https:\/\/calidad.unap.cl\/acreditacion2027\/wp-content\/uploads\/sites\/2\/2025\/09\/IMG_8631-1536x1229.jpg 1536w\" sizes=\"(max-width: 2048px) 100vw, 2048px\" \/>\t\t\t\t\t<\/div>\n\t\t\t\t\t<div class=\"cbp-caption-activeWrap\">\n\t\t\t\t\t\t<div class=\"cbp-l-caption-alignCenter\" data-xpro-lightbox data-src=\"https:\/\/calidad.unap.cl\/acreditacion2027\/wp-content\/uploads\/sites\/2\/2025\/09\/IMG_8631.jpg\">\n\t\t\t\t\t\t\t<!-- Overlay -->\n\t\t\t\t\t\t\t<div class=\"cbp-l-caption-body\">\n\t\t\t\t\t\t\t\t\n\t\t\t\t\t\t\t\t\t\t\t\t\t\t\t\t\t<!-- Content -->\n\t\t\t\t\t\t\t\t\t<div class=\"xpro-overlay-content\">\n\t\t\t\t\t\t\t\t\t\t\t\t\t\t\t\t\t\t\t\t\t<h4 class=\"xpro-title\">1era Reuni\u00f3n con los Embajadores de Acreditaci\u00f3n<\/h4>\n\t\t\t\t\t\t\t\t\t\t\t\t\t\t\t\t\t\t\t\t\t\t\t\t\t\t\t\t\t<\/div>\n\t\t\t\t\t\t\t\t\t\t\t\t\t\t\t<\/div>\n\t\t\t\t\t\t<\/div>\n\t\t\t\t\t<\/div>\n\t\t\t\t<\/div>\n\t\t\t<\/div>\n\n\t\t\n\t\t\t<!--Item-->\n\t\t\t<div class=\"cbp-item xpro-elementor-gallery-item abr\">\n\t\t\t\t<div class=\"cbp-caption\">\n\t\t\t\t\t<div class=\"cbp-caption-defaultWrap\">\n\t\t\t\t\t\t<img loading=\"lazy\" decoding=\"async\" width=\"2048\" height=\"1638\" src=\"https:\/\/calidad.unap.cl\/acreditacion2027\/wp-content\/uploads\/sites\/2\/2025\/09\/IMG_8637.jpg\" class=\"attachment-full size-full\" alt=\"\" srcset=\"https:\/\/calidad.unap.cl\/acreditacion2027\/wp-content\/uploads\/sites\/2\/2025\/09\/IMG_8637.jpg 2048w, https:\/\/calidad.unap.cl\/acreditacion2027\/wp-content\/uploads\/sites\/2\/2025\/09\/IMG_8637-300x240.jpg 300w, https:\/\/calidad.unap.cl\/acreditacion2027\/wp-content\/uploads\/sites\/2\/2025\/09\/IMG_8637-1024x819.jpg 1024w, https:\/\/calidad.unap.cl\/acreditacion2027\/wp-content\/uploads\/sites\/2\/2025\/09\/IMG_8637-768x614.jpg 768w, https:\/\/calidad.unap.cl\/acreditacion2027\/wp-content\/uploads\/sites\/2\/2025\/09\/IMG_8637-1536x1229.jpg 1536w\" sizes=\"(max-width: 2048px) 100vw, 2048px\" \/>\t\t\t\t\t<\/div>\n\t\t\t\t\t<div class=\"cbp-caption-activeWrap\">\n\t\t\t\t\t\t<div class=\"cbp-l-caption-alignCenter\" data-xpro-lightbox data-src=\"https:\/\/calidad.unap.cl\/acreditacion2027\/wp-content\/uploads\/sites\/2\/2025\/09\/IMG_8637.jpg\">\n\t\t\t\t\t\t\t<!-- Overlay -->\n\t\t\t\t\t\t\t<div class=\"cbp-l-caption-body\">\n\t\t\t\t\t\t\t\t\n\t\t\t\t\t\t\t\t\t\t\t\t\t\t\t\t\t<!-- Content -->\n\t\t\t\t\t\t\t\t\t<div class=\"xpro-overlay-content\">\n\t\t\t\t\t\t\t\t\t\t\t\t\t\t\t\t\t\t\t\t\t<h4 class=\"xpro-title\">1era Reuni\u00f3n con los Embajadores de Acreditaci\u00f3n<\/h4>\n\t\t\t\t\t\t\t\t\t\t\t\t\t\t\t\t\t\t\t\t\t\t\t\t\t\t\t\t\t<\/div>\n\t\t\t\t\t\t\t\t\t\t\t\t\t\t\t<\/div>\n\t\t\t\t\t\t<\/div>\n\t\t\t\t\t<\/div>\n\t\t\t\t<\/div>\n\t\t\t<\/div>\n\n\t\t\n\t\t\t<!--Item-->\n\t\t\t<div class=\"cbp-item xpro-elementor-gallery-item abr\">\n\t\t\t\t<div class=\"cbp-caption\">\n\t\t\t\t\t<div class=\"cbp-caption-defaultWrap\">\n\t\t\t\t\t\t<img loading=\"lazy\" decoding=\"async\" width=\"2048\" height=\"1638\" src=\"https:\/\/calidad.unap.cl\/acreditacion2027\/wp-content\/uploads\/sites\/2\/2025\/09\/IMG_8646.jpg\" class=\"attachment-full size-full\" alt=\"\" srcset=\"https:\/\/calidad.unap.cl\/acreditacion2027\/wp-content\/uploads\/sites\/2\/2025\/09\/IMG_8646.jpg 2048w, https:\/\/calidad.unap.cl\/acreditacion2027\/wp-content\/uploads\/sites\/2\/2025\/09\/IMG_8646-300x240.jpg 300w, https:\/\/calidad.unap.cl\/acreditacion2027\/wp-content\/uploads\/sites\/2\/2025\/09\/IMG_8646-1024x819.jpg 1024w, https:\/\/calidad.unap.cl\/acreditacion2027\/wp-content\/uploads\/sites\/2\/2025\/09\/IMG_8646-768x614.jpg 768w, https:\/\/calidad.unap.cl\/acreditacion2027\/wp-content\/uploads\/sites\/2\/2025\/09\/IMG_8646-1536x1229.jpg 1536w\" sizes=\"(max-width: 2048px) 100vw, 2048px\" \/>\t\t\t\t\t<\/div>\n\t\t\t\t\t<div class=\"cbp-caption-activeWrap\">\n\t\t\t\t\t\t<div class=\"cbp-l-caption-alignCenter\" data-xpro-lightbox data-src=\"https:\/\/calidad.unap.cl\/acreditacion2027\/wp-content\/uploads\/sites\/2\/2025\/09\/IMG_8646.jpg\">\n\t\t\t\t\t\t\t<!-- Overlay -->\n\t\t\t\t\t\t\t<div class=\"cbp-l-caption-body\">\n\t\t\t\t\t\t\t\t\n\t\t\t\t\t\t\t\t\t\t\t\t\t\t\t\t\t<!-- Content -->\n\t\t\t\t\t\t\t\t\t<div class=\"xpro-overlay-content\">\n\t\t\t\t\t\t\t\t\t\t\t\t\t\t\t\t\t\t\t\t\t<h4 class=\"xpro-title\">1era Reuni\u00f3n con los Embajadores de Acreditaci\u00f3n<\/h4>\n\t\t\t\t\t\t\t\t\t\t\t\t\t\t\t\t\t\t\t\t\t\t\t\t\t\t\t\t\t<\/div>\n\t\t\t\t\t\t\t\t\t\t\t\t\t\t\t<\/div>\n\t\t\t\t\t\t<\/div>\n\t\t\t\t\t<\/div>\n\t\t\t\t<\/div>\n\t\t\t<\/div>\n\n\t\t\n\t\t\t<!--Item-->\n\t\t\t<div class=\"cbp-item xpro-elementor-gallery-item abr\">\n\t\t\t\t<div class=\"cbp-caption\">\n\t\t\t\t\t<div class=\"cbp-caption-defaultWrap\">\n\t\t\t\t\t\t<img loading=\"lazy\" decoding=\"async\" width=\"2048\" height=\"1538\" src=\"https:\/\/calidad.unap.cl\/acreditacion2027\/wp-content\/uploads\/sites\/2\/2025\/09\/IMG_8664.jpg\" class=\"attachment-full size-full\" alt=\"\" srcset=\"https:\/\/calidad.unap.cl\/acreditacion2027\/wp-content\/uploads\/sites\/2\/2025\/09\/IMG_8664.jpg 2048w, https:\/\/calidad.unap.cl\/acreditacion2027\/wp-content\/uploads\/sites\/2\/2025\/09\/IMG_8664-300x225.jpg 300w, https:\/\/calidad.unap.cl\/acreditacion2027\/wp-content\/uploads\/sites\/2\/2025\/09\/IMG_8664-1024x769.jpg 1024w, https:\/\/calidad.unap.cl\/acreditacion2027\/wp-content\/uploads\/sites\/2\/2025\/09\/IMG_8664-768x577.jpg 768w, https:\/\/calidad.unap.cl\/acreditacion2027\/wp-content\/uploads\/sites\/2\/2025\/09\/IMG_8664-1536x1154.jpg 1536w\" sizes=\"(max-width: 2048px) 100vw, 2048px\" \/>\t\t\t\t\t<\/div>\n\t\t\t\t\t<div class=\"cbp-caption-activeWrap\">\n\t\t\t\t\t\t<div class=\"cbp-l-caption-alignCenter\" data-xpro-lightbox data-src=\"https:\/\/calidad.unap.cl\/acreditacion2027\/wp-content\/uploads\/sites\/2\/2025\/09\/IMG_8664.jpg\">\n\t\t\t\t\t\t\t<!-- Overlay -->\n\t\t\t\t\t\t\t<div class=\"cbp-l-caption-body\">\n\t\t\t\t\t\t\t\t\n\t\t\t\t\t\t\t\t\t\t\t\t\t\t\t\t\t<!-- Content -->\n\t\t\t\t\t\t\t\t\t<div class=\"xpro-overlay-content\">\n\t\t\t\t\t\t\t\t\t\t\t\t\t\t\t\t\t\t\t\t\t<h4 class=\"xpro-title\">1era Reuni\u00f3n con los Embajadores de Acreditaci\u00f3n<\/h4>\n\t\t\t\t\t\t\t\t\t\t\t\t\t\t\t\t\t\t\t\t\t\t\t\t\t\t\t\t\t<\/div>\n\t\t\t\t\t\t\t\t\t\t\t\t\t\t\t<\/div>\n\t\t\t\t\t\t<\/div>\n\t\t\t\t\t<\/div>\n\t\t\t\t<\/div>\n\t\t\t<\/div>\n\n\t\t\n\t\t\t<!--Item-->\n\t\t\t<div class=\"cbp-item xpro-elementor-gallery-item abr\">\n\t\t\t\t<div class=\"cbp-caption\">\n\t\t\t\t\t<div class=\"cbp-caption-defaultWrap\">\n\t\t\t\t\t\t<img loading=\"lazy\" decoding=\"async\" width=\"2048\" height=\"1538\" src=\"https:\/\/calidad.unap.cl\/acreditacion2027\/wp-content\/uploads\/sites\/2\/2025\/09\/IMG_8711.jpg\" class=\"attachment-full size-full\" alt=\"\" srcset=\"https:\/\/calidad.unap.cl\/acreditacion2027\/wp-content\/uploads\/sites\/2\/2025\/09\/IMG_8711.jpg 2048w, https:\/\/calidad.unap.cl\/acreditacion2027\/wp-content\/uploads\/sites\/2\/2025\/09\/IMG_8711-300x225.jpg 300w, https:\/\/calidad.unap.cl\/acreditacion2027\/wp-content\/uploads\/sites\/2\/2025\/09\/IMG_8711-1024x769.jpg 1024w, https:\/\/calidad.unap.cl\/acreditacion2027\/wp-content\/uploads\/sites\/2\/2025\/09\/IMG_8711-768x577.jpg 768w, https:\/\/calidad.unap.cl\/acreditacion2027\/wp-content\/uploads\/sites\/2\/2025\/09\/IMG_8711-1536x1154.jpg 1536w\" sizes=\"(max-width: 2048px) 100vw, 2048px\" \/>\t\t\t\t\t<\/div>\n\t\t\t\t\t<div class=\"cbp-caption-activeWrap\">\n\t\t\t\t\t\t<div class=\"cbp-l-caption-alignCenter\" data-xpro-lightbox data-src=\"https:\/\/calidad.unap.cl\/acreditacion2027\/wp-content\/uploads\/sites\/2\/2025\/09\/IMG_8711.jpg\">\n\t\t\t\t\t\t\t<!-- Overlay -->\n\t\t\t\t\t\t\t<div class=\"cbp-l-caption-body\">\n\t\t\t\t\t\t\t\t\n\t\t\t\t\t\t\t\t\t\t\t\t\t\t\t\t\t<!-- Content -->\n\t\t\t\t\t\t\t\t\t<div class=\"xpro-overlay-content\">\n\t\t\t\t\t\t\t\t\t\t\t\t\t\t\t\t\t\t\t\t\t<h4 class=\"xpro-title\">1era Reuni\u00f3n con los Embajadores de Acreditaci\u00f3n<\/h4>\n\t\t\t\t\t\t\t\t\t\t\t\t\t\t\t\t\t\t\t\t\t\t\t\t\t\t\t\t\t<\/div>\n\t\t\t\t\t\t\t\t\t\t\t\t\t\t\t<\/div>\n\t\t\t\t\t\t<\/div>\n\t\t\t\t\t<\/div>\n\t\t\t\t<\/div>\n\t\t\t<\/div>\n\n\t\t\n\t\t\t<!--Item-->\n\t\t\t<div class=\"cbp-item xpro-elementor-gallery-item abr\">\n\t\t\t\t<div class=\"cbp-caption\">\n\t\t\t\t\t<div class=\"cbp-caption-defaultWrap\">\n\t\t\t\t\t\t<img loading=\"lazy\" decoding=\"async\" width=\"2048\" height=\"1638\" src=\"https:\/\/calidad.unap.cl\/acreditacion2027\/wp-content\/uploads\/sites\/2\/2025\/09\/IMG_8461.jpg\" class=\"attachment-full size-full\" alt=\"\" srcset=\"https:\/\/calidad.unap.cl\/acreditacion2027\/wp-content\/uploads\/sites\/2\/2025\/09\/IMG_8461.jpg 2048w, https:\/\/calidad.unap.cl\/acreditacion2027\/wp-content\/uploads\/sites\/2\/2025\/09\/IMG_8461-300x240.jpg 300w, https:\/\/calidad.unap.cl\/acreditacion2027\/wp-content\/uploads\/sites\/2\/2025\/09\/IMG_8461-1024x819.jpg 1024w, https:\/\/calidad.unap.cl\/acreditacion2027\/wp-content\/uploads\/sites\/2\/2025\/09\/IMG_8461-768x614.jpg 768w, https:\/\/calidad.unap.cl\/acreditacion2027\/wp-content\/uploads\/sites\/2\/2025\/09\/IMG_8461-1536x1229.jpg 1536w\" sizes=\"(max-width: 2048px) 100vw, 2048px\" \/>\t\t\t\t\t<\/div>\n\t\t\t\t\t<div class=\"cbp-caption-activeWrap\">\n\t\t\t\t\t\t<div class=\"cbp-l-caption-alignCenter\" data-xpro-lightbox data-src=\"https:\/\/calidad.unap.cl\/acreditacion2027\/wp-content\/uploads\/sites\/2\/2025\/09\/IMG_8461.jpg\">\n\t\t\t\t\t\t\t<!-- Overlay -->\n\t\t\t\t\t\t\t<div class=\"cbp-l-caption-body\">\n\t\t\t\t\t\t\t\t\n\t\t\t\t\t\t\t\t\t\t\t\t\t\t\t\t\t<!-- Content -->\n\t\t\t\t\t\t\t\t\t<div class=\"xpro-overlay-content\">\n\t\t\t\t\t\t\t\t\t\t\t\t\t\t\t\t\t\t\t\t\t<h4 class=\"xpro-title\">Socializaci\u00f3n de Acreditaci\u00f3n de la carrera Pedagog\u00eda en Educaci\u00f3n Diferencial menci\u00f3n Dificultades de Aprendizaje<\/h4>\n\t\t\t\t\t\t\t\t\t\t\t\t\t\t\t\t\t\t\t\t\t\t\t\t\t\t\t\t\t<\/div>\n\t\t\t\t\t\t\t\t\t\t\t\t\t\t\t<\/div>\n\t\t\t\t\t\t<\/div>\n\t\t\t\t\t<\/div>\n\t\t\t\t<\/div>\n\t\t\t<\/div>\n\n\t\t\n\t\t\t<!--Item-->\n\t\t\t<div class=\"cbp-item xpro-elementor-gallery-item abr\">\n\t\t\t\t<div class=\"cbp-caption\">\n\t\t\t\t\t<div class=\"cbp-caption-defaultWrap\">\n\t\t\t\t\t\t<img loading=\"lazy\" decoding=\"async\" width=\"2048\" height=\"1638\" src=\"https:\/\/calidad.unap.cl\/acreditacion2027\/wp-content\/uploads\/sites\/2\/2025\/09\/IMG_8468.jpg\" class=\"attachment-full size-full\" alt=\"\" srcset=\"https:\/\/calidad.unap.cl\/acreditacion2027\/wp-content\/uploads\/sites\/2\/2025\/09\/IMG_8468.jpg 2048w, https:\/\/calidad.unap.cl\/acreditacion2027\/wp-content\/uploads\/sites\/2\/2025\/09\/IMG_8468-300x240.jpg 300w, https:\/\/calidad.unap.cl\/acreditacion2027\/wp-content\/uploads\/sites\/2\/2025\/09\/IMG_8468-1024x819.jpg 1024w, https:\/\/calidad.unap.cl\/acreditacion2027\/wp-content\/uploads\/sites\/2\/2025\/09\/IMG_8468-768x614.jpg 768w, https:\/\/calidad.unap.cl\/acreditacion2027\/wp-content\/uploads\/sites\/2\/2025\/09\/IMG_8468-1536x1229.jpg 1536w\" sizes=\"(max-width: 2048px) 100vw, 2048px\" \/>\t\t\t\t\t<\/div>\n\t\t\t\t\t<div class=\"cbp-caption-activeWrap\">\n\t\t\t\t\t\t<div class=\"cbp-l-caption-alignCenter\" data-xpro-lightbox data-src=\"https:\/\/calidad.unap.cl\/acreditacion2027\/wp-content\/uploads\/sites\/2\/2025\/09\/IMG_8468.jpg\">\n\t\t\t\t\t\t\t<!-- Overlay -->\n\t\t\t\t\t\t\t<div class=\"cbp-l-caption-body\">\n\t\t\t\t\t\t\t\t\n\t\t\t\t\t\t\t\t\t\t\t\t\t\t\t\t\t<!-- Content -->\n\t\t\t\t\t\t\t\t\t<div class=\"xpro-overlay-content\">\n\t\t\t\t\t\t\t\t\t\t\t\t\t\t\t\t\t\t\t\t\t<h4 class=\"xpro-title\">Socializaci\u00f3n de Acreditaci\u00f3n de la carrera Pedagog\u00eda en Educaci\u00f3n Diferencial menci\u00f3n Dificultades de Aprendizaje<\/h4>\n\t\t\t\t\t\t\t\t\t\t\t\t\t\t\t\t\t\t\t\t\t\t\t\t\t\t\t\t\t<\/div>\n\t\t\t\t\t\t\t\t\t\t\t\t\t\t\t<\/div>\n\t\t\t\t\t\t<\/div>\n\t\t\t\t\t<\/div>\n\t\t\t\t<\/div>\n\t\t\t<\/div>\n\n\t\t\n\t\t\t<!--Item-->\n\t\t\t<div class=\"cbp-item xpro-elementor-gallery-item abr\">\n\t\t\t\t<div class=\"cbp-caption\">\n\t\t\t\t\t<div class=\"cbp-caption-defaultWrap\">\n\t\t\t\t\t\t<img loading=\"lazy\" decoding=\"async\" width=\"2048\" height=\"1638\" src=\"https:\/\/calidad.unap.cl\/acreditacion2027\/wp-content\/uploads\/sites\/2\/2025\/09\/IMG_8471.jpg\" class=\"attachment-full size-full\" alt=\"\" srcset=\"https:\/\/calidad.unap.cl\/acreditacion2027\/wp-content\/uploads\/sites\/2\/2025\/09\/IMG_8471.jpg 2048w, https:\/\/calidad.unap.cl\/acreditacion2027\/wp-content\/uploads\/sites\/2\/2025\/09\/IMG_8471-300x240.jpg 300w, https:\/\/calidad.unap.cl\/acreditacion2027\/wp-content\/uploads\/sites\/2\/2025\/09\/IMG_8471-1024x819.jpg 1024w, https:\/\/calidad.unap.cl\/acreditacion2027\/wp-content\/uploads\/sites\/2\/2025\/09\/IMG_8471-768x614.jpg 768w, https:\/\/calidad.unap.cl\/acreditacion2027\/wp-content\/uploads\/sites\/2\/2025\/09\/IMG_8471-1536x1229.jpg 1536w\" sizes=\"(max-width: 2048px) 100vw, 2048px\" \/>\t\t\t\t\t<\/div>\n\t\t\t\t\t<div class=\"cbp-caption-activeWrap\">\n\t\t\t\t\t\t<div class=\"cbp-l-caption-alignCenter\" data-xpro-lightbox data-src=\"https:\/\/calidad.unap.cl\/acreditacion2027\/wp-content\/uploads\/sites\/2\/2025\/09\/IMG_8471.jpg\">\n\t\t\t\t\t\t\t<!-- Overlay -->\n\t\t\t\t\t\t\t<div class=\"cbp-l-caption-body\">\n\t\t\t\t\t\t\t\t\n\t\t\t\t\t\t\t\t\t\t\t\t\t\t\t\t\t<!-- Content -->\n\t\t\t\t\t\t\t\t\t<div class=\"xpro-overlay-content\">\n\t\t\t\t\t\t\t\t\t\t\t\t\t\t\t\t\t\t\t\t\t<h4 class=\"xpro-title\">Socializaci\u00f3n de Acreditaci\u00f3n de la carrera Pedagog\u00eda en Educaci\u00f3n Diferencial menci\u00f3n Dificultades de Aprendizaje<\/h4>\n\t\t\t\t\t\t\t\t\t\t\t\t\t\t\t\t\t\t\t\t\t\t\t\t\t\t\t\t\t<\/div>\n\t\t\t\t\t\t\t\t\t\t\t\t\t\t\t<\/div>\n\t\t\t\t\t\t<\/div>\n\t\t\t\t\t<\/div>\n\t\t\t\t<\/div>\n\t\t\t<\/div>\n\n\t\t\n\t\t\t<!--Item-->\n\t\t\t<div class=\"cbp-item xpro-elementor-gallery-item abr\">\n\t\t\t\t<div class=\"cbp-caption\">\n\t\t\t\t\t<div class=\"cbp-caption-defaultWrap\">\n\t\t\t\t\t\t<img loading=\"lazy\" decoding=\"async\" width=\"2048\" height=\"1638\" src=\"https:\/\/calidad.unap.cl\/acreditacion2027\/wp-content\/uploads\/sites\/2\/2025\/09\/IMG_8477.jpg\" class=\"attachment-full size-full\" alt=\"\" srcset=\"https:\/\/calidad.unap.cl\/acreditacion2027\/wp-content\/uploads\/sites\/2\/2025\/09\/IMG_8477.jpg 2048w, https:\/\/calidad.unap.cl\/acreditacion2027\/wp-content\/uploads\/sites\/2\/2025\/09\/IMG_8477-300x240.jpg 300w, https:\/\/calidad.unap.cl\/acreditacion2027\/wp-content\/uploads\/sites\/2\/2025\/09\/IMG_8477-1024x819.jpg 1024w, https:\/\/calidad.unap.cl\/acreditacion2027\/wp-content\/uploads\/sites\/2\/2025\/09\/IMG_8477-768x614.jpg 768w, https:\/\/calidad.unap.cl\/acreditacion2027\/wp-content\/uploads\/sites\/2\/2025\/09\/IMG_8477-1536x1229.jpg 1536w\" sizes=\"(max-width: 2048px) 100vw, 2048px\" \/>\t\t\t\t\t<\/div>\n\t\t\t\t\t<div class=\"cbp-caption-activeWrap\">\n\t\t\t\t\t\t<div class=\"cbp-l-caption-alignCenter\" data-xpro-lightbox data-src=\"https:\/\/calidad.unap.cl\/acreditacion2027\/wp-content\/uploads\/sites\/2\/2025\/09\/IMG_8477.jpg\">\n\t\t\t\t\t\t\t<!-- Overlay -->\n\t\t\t\t\t\t\t<div class=\"cbp-l-caption-body\">\n\t\t\t\t\t\t\t\t\n\t\t\t\t\t\t\t\t\t\t\t\t\t\t\t\t\t<!-- Content -->\n\t\t\t\t\t\t\t\t\t<div class=\"xpro-overlay-content\">\n\t\t\t\t\t\t\t\t\t\t\t\t\t\t\t\t\t\t\t\t\t<h4 class=\"xpro-title\">Socializaci\u00f3n de Acreditaci\u00f3n de la carrera Pedagog\u00eda en Educaci\u00f3n Diferencial menci\u00f3n Dificultades de Aprendizaje<\/h4>\n\t\t\t\t\t\t\t\t\t\t\t\t\t\t\t\t\t\t\t\t\t\t\t\t\t\t\t\t\t<\/div>\n\t\t\t\t\t\t\t\t\t\t\t\t\t\t\t<\/div>\n\t\t\t\t\t\t<\/div>\n\t\t\t\t\t<\/div>\n\t\t\t\t<\/div>\n\t\t\t<\/div>\n\n\t\t\n\t\t\t<!--Item-->\n\t\t\t<div class=\"cbp-item xpro-elementor-gallery-item abr\">\n\t\t\t\t<div class=\"cbp-caption\">\n\t\t\t\t\t<div class=\"cbp-caption-defaultWrap\">\n\t\t\t\t\t\t<img loading=\"lazy\" decoding=\"async\" width=\"2048\" height=\"1638\" src=\"https:\/\/calidad.unap.cl\/acreditacion2027\/wp-content\/uploads\/sites\/2\/2025\/09\/IMG_8486.jpg\" class=\"attachment-full size-full\" alt=\"\" srcset=\"https:\/\/calidad.unap.cl\/acreditacion2027\/wp-content\/uploads\/sites\/2\/2025\/09\/IMG_8486.jpg 2048w, https:\/\/calidad.unap.cl\/acreditacion2027\/wp-content\/uploads\/sites\/2\/2025\/09\/IMG_8486-300x240.jpg 300w, https:\/\/calidad.unap.cl\/acreditacion2027\/wp-content\/uploads\/sites\/2\/2025\/09\/IMG_8486-1024x819.jpg 1024w, https:\/\/calidad.unap.cl\/acreditacion2027\/wp-content\/uploads\/sites\/2\/2025\/09\/IMG_8486-768x614.jpg 768w, https:\/\/calidad.unap.cl\/acreditacion2027\/wp-content\/uploads\/sites\/2\/2025\/09\/IMG_8486-1536x1229.jpg 1536w\" sizes=\"(max-width: 2048px) 100vw, 2048px\" \/>\t\t\t\t\t<\/div>\n\t\t\t\t\t<div class=\"cbp-caption-activeWrap\">\n\t\t\t\t\t\t<div class=\"cbp-l-caption-alignCenter\" data-xpro-lightbox data-src=\"https:\/\/calidad.unap.cl\/acreditacion2027\/wp-content\/uploads\/sites\/2\/2025\/09\/IMG_8486.jpg\">\n\t\t\t\t\t\t\t<!-- Overlay -->\n\t\t\t\t\t\t\t<div class=\"cbp-l-caption-body\">\n\t\t\t\t\t\t\t\t\n\t\t\t\t\t\t\t\t\t\t\t\t\t\t\t\t\t<!-- Content -->\n\t\t\t\t\t\t\t\t\t<div class=\"xpro-overlay-content\">\n\t\t\t\t\t\t\t\t\t\t\t\t\t\t\t\t\t\t\t\t\t<h4 class=\"xpro-title\">Socializaci\u00f3n de Acreditaci\u00f3n de la carrera Pedagog\u00eda en Educaci\u00f3n Diferencial menci\u00f3n Dificultades de Aprendizaje<\/h4>\n\t\t\t\t\t\t\t\t\t\t\t\t\t\t\t\t\t\t\t\t\t\t\t\t\t\t\t\t\t<\/div>\n\t\t\t\t\t\t\t\t\t\t\t\t\t\t\t<\/div>\n\t\t\t\t\t\t<\/div>\n\t\t\t\t\t<\/div>\n\t\t\t\t<\/div>\n\t\t\t<\/div>\n\n\t\t\n\t\t\t<!--Item-->\n\t\t\t<div class=\"cbp-item xpro-elementor-gallery-item abr\">\n\t\t\t\t<div class=\"cbp-caption\">\n\t\t\t\t\t<div class=\"cbp-caption-defaultWrap\">\n\t\t\t\t\t\t<img loading=\"lazy\" decoding=\"async\" width=\"2048\" height=\"1638\" src=\"https:\/\/calidad.unap.cl\/acreditacion2027\/wp-content\/uploads\/sites\/2\/2025\/09\/IMG_8501.jpg\" class=\"attachment-full size-full\" alt=\"\" srcset=\"https:\/\/calidad.unap.cl\/acreditacion2027\/wp-content\/uploads\/sites\/2\/2025\/09\/IMG_8501.jpg 2048w, https:\/\/calidad.unap.cl\/acreditacion2027\/wp-content\/uploads\/sites\/2\/2025\/09\/IMG_8501-300x240.jpg 300w, https:\/\/calidad.unap.cl\/acreditacion2027\/wp-content\/uploads\/sites\/2\/2025\/09\/IMG_8501-1024x819.jpg 1024w, https:\/\/calidad.unap.cl\/acreditacion2027\/wp-content\/uploads\/sites\/2\/2025\/09\/IMG_8501-768x614.jpg 768w, https:\/\/calidad.unap.cl\/acreditacion2027\/wp-content\/uploads\/sites\/2\/2025\/09\/IMG_8501-1536x1229.jpg 1536w\" sizes=\"(max-width: 2048px) 100vw, 2048px\" \/>\t\t\t\t\t<\/div>\n\t\t\t\t\t<div class=\"cbp-caption-activeWrap\">\n\t\t\t\t\t\t<div class=\"cbp-l-caption-alignCenter\" data-xpro-lightbox data-src=\"https:\/\/calidad.unap.cl\/acreditacion2027\/wp-content\/uploads\/sites\/2\/2025\/09\/IMG_8501.jpg\">\n\t\t\t\t\t\t\t<!-- Overlay -->\n\t\t\t\t\t\t\t<div class=\"cbp-l-caption-body\">\n\t\t\t\t\t\t\t\t\n\t\t\t\t\t\t\t\t\t\t\t\t\t\t\t\t\t<!-- Content -->\n\t\t\t\t\t\t\t\t\t<div class=\"xpro-overlay-content\">\n\t\t\t\t\t\t\t\t\t\t\t\t\t\t\t\t\t\t\t\t\t<h4 class=\"xpro-title\">Socializaci\u00f3n de Acreditaci\u00f3n de la carrera Pedagog\u00eda en Educaci\u00f3n Diferencial menci\u00f3n Dificultades de Aprendizaje<\/h4>\n\t\t\t\t\t\t\t\t\t\t\t\t\t\t\t\t\t\t\t\t\t\t\t\t\t\t\t\t\t<\/div>\n\t\t\t\t\t\t\t\t\t\t\t\t\t\t\t<\/div>\n\t\t\t\t\t\t<\/div>\n\t\t\t\t\t<\/div>\n\t\t\t\t<\/div>\n\t\t\t<\/div>\n\n\t\t\n\t\t\t<!--Item-->\n\t\t\t<div class=\"cbp-item xpro-elementor-gallery-item may\">\n\t\t\t\t<div class=\"cbp-caption\">\n\t\t\t\t\t<div class=\"cbp-caption-defaultWrap\">\n\t\t\t\t\t\t<img loading=\"lazy\" decoding=\"async\" width=\"2048\" height=\"1638\" src=\"https:\/\/calidad.unap.cl\/acreditacion2027\/wp-content\/uploads\/sites\/2\/2025\/09\/IMG_8845.jpg\" class=\"attachment-full size-full\" alt=\"\" srcset=\"https:\/\/calidad.unap.cl\/acreditacion2027\/wp-content\/uploads\/sites\/2\/2025\/09\/IMG_8845.jpg 2048w, https:\/\/calidad.unap.cl\/acreditacion2027\/wp-content\/uploads\/sites\/2\/2025\/09\/IMG_8845-300x240.jpg 300w, https:\/\/calidad.unap.cl\/acreditacion2027\/wp-content\/uploads\/sites\/2\/2025\/09\/IMG_8845-1024x819.jpg 1024w, https:\/\/calidad.unap.cl\/acreditacion2027\/wp-content\/uploads\/sites\/2\/2025\/09\/IMG_8845-768x614.jpg 768w, https:\/\/calidad.unap.cl\/acreditacion2027\/wp-content\/uploads\/sites\/2\/2025\/09\/IMG_8845-1536x1229.jpg 1536w\" sizes=\"(max-width: 2048px) 100vw, 2048px\" \/>\t\t\t\t\t<\/div>\n\t\t\t\t\t<div class=\"cbp-caption-activeWrap\">\n\t\t\t\t\t\t<div class=\"cbp-l-caption-alignCenter\" data-xpro-lightbox data-src=\"https:\/\/calidad.unap.cl\/acreditacion2027\/wp-content\/uploads\/sites\/2\/2025\/09\/IMG_8845.jpg\">\n\t\t\t\t\t\t\t<!-- Overlay -->\n\t\t\t\t\t\t\t<div class=\"cbp-l-caption-body\">\n\t\t\t\t\t\t\t\t\n\t\t\t\t\t\t\t\t\t\t\t\t\t\t\t\t\t<!-- Content -->\n\t\t\t\t\t\t\t\t\t<div class=\"xpro-overlay-content\">\n\t\t\t\t\t\t\t\t\t\t\t\t\t\t\t\t\t\t\t\t\t<h4 class=\"xpro-title\">Reuni\u00f3n con CFT<\/h4>\n\t\t\t\t\t\t\t\t\t\t\t\t\t\t\t\t\t\t\t\t\t\t\t\t\t\t\t\t\t<\/div>\n\t\t\t\t\t\t\t\t\t\t\t\t\t\t\t<\/div>\n\t\t\t\t\t\t<\/div>\n\t\t\t\t\t<\/div>\n\t\t\t\t<\/div>\n\t\t\t<\/div>\n\n\t\t\n\t\t\t<!--Item-->\n\t\t\t<div class=\"cbp-item xpro-elementor-gallery-item may\">\n\t\t\t\t<div class=\"cbp-caption\">\n\t\t\t\t\t<div class=\"cbp-caption-defaultWrap\">\n\t\t\t\t\t\t<img loading=\"lazy\" decoding=\"async\" width=\"2048\" height=\"1638\" src=\"https:\/\/calidad.unap.cl\/acreditacion2027\/wp-content\/uploads\/sites\/2\/2025\/09\/IMG_8833-Enhanced-NR.jpg\" class=\"attachment-full size-full\" alt=\"\" srcset=\"https:\/\/calidad.unap.cl\/acreditacion2027\/wp-content\/uploads\/sites\/2\/2025\/09\/IMG_8833-Enhanced-NR.jpg 2048w, https:\/\/calidad.unap.cl\/acreditacion2027\/wp-content\/uploads\/sites\/2\/2025\/09\/IMG_8833-Enhanced-NR-300x240.jpg 300w, https:\/\/calidad.unap.cl\/acreditacion2027\/wp-content\/uploads\/sites\/2\/2025\/09\/IMG_8833-Enhanced-NR-1024x819.jpg 1024w, https:\/\/calidad.unap.cl\/acreditacion2027\/wp-content\/uploads\/sites\/2\/2025\/09\/IMG_8833-Enhanced-NR-768x614.jpg 768w, https:\/\/calidad.unap.cl\/acreditacion2027\/wp-content\/uploads\/sites\/2\/2025\/09\/IMG_8833-Enhanced-NR-1536x1229.jpg 1536w\" sizes=\"(max-width: 2048px) 100vw, 2048px\" \/>\t\t\t\t\t<\/div>\n\t\t\t\t\t<div class=\"cbp-caption-activeWrap\">\n\t\t\t\t\t\t<div class=\"cbp-l-caption-alignCenter\" data-xpro-lightbox data-src=\"https:\/\/calidad.unap.cl\/acreditacion2027\/wp-content\/uploads\/sites\/2\/2025\/09\/IMG_8833-Enhanced-NR.jpg\">\n\t\t\t\t\t\t\t<!-- Overlay -->\n\t\t\t\t\t\t\t<div class=\"cbp-l-caption-body\">\n\t\t\t\t\t\t\t\t\n\t\t\t\t\t\t\t\t\t\t\t\t\t\t\t\t\t<!-- Content -->\n\t\t\t\t\t\t\t\t\t<div class=\"xpro-overlay-content\">\n\t\t\t\t\t\t\t\t\t\t\t\t\t\t\t\t\t\t\t\t\t<h4 class=\"xpro-title\">Reuni\u00f3n con CFT<\/h4>\n\t\t\t\t\t\t\t\t\t\t\t\t\t\t\t\t\t\t\t\t\t\t\t\t\t\t\t\t\t<\/div>\n\t\t\t\t\t\t\t\t\t\t\t\t\t\t\t<\/div>\n\t\t\t\t\t\t<\/div>\n\t\t\t\t\t<\/div>\n\t\t\t\t<\/div>\n\t\t\t<\/div>\n\n\t\t\n\t\t\t<!--Item-->\n\t\t\t<div class=\"cbp-item xpro-elementor-gallery-item may\">\n\t\t\t\t<div class=\"cbp-caption\">\n\t\t\t\t\t<div class=\"cbp-caption-defaultWrap\">\n\t\t\t\t\t\t<img loading=\"lazy\" decoding=\"async\" width=\"2048\" height=\"1638\" src=\"https:\/\/calidad.unap.cl\/acreditacion2027\/wp-content\/uploads\/sites\/2\/2025\/09\/IMG_8835.jpg\" class=\"attachment-full size-full\" alt=\"\" srcset=\"https:\/\/calidad.unap.cl\/acreditacion2027\/wp-content\/uploads\/sites\/2\/2025\/09\/IMG_8835.jpg 2048w, https:\/\/calidad.unap.cl\/acreditacion2027\/wp-content\/uploads\/sites\/2\/2025\/09\/IMG_8835-300x240.jpg 300w, https:\/\/calidad.unap.cl\/acreditacion2027\/wp-content\/uploads\/sites\/2\/2025\/09\/IMG_8835-1024x819.jpg 1024w, https:\/\/calidad.unap.cl\/acreditacion2027\/wp-content\/uploads\/sites\/2\/2025\/09\/IMG_8835-768x614.jpg 768w, https:\/\/calidad.unap.cl\/acreditacion2027\/wp-content\/uploads\/sites\/2\/2025\/09\/IMG_8835-1536x1229.jpg 1536w\" sizes=\"(max-width: 2048px) 100vw, 2048px\" \/>\t\t\t\t\t<\/div>\n\t\t\t\t\t<div class=\"cbp-caption-activeWrap\">\n\t\t\t\t\t\t<div class=\"cbp-l-caption-alignCenter\" data-xpro-lightbox data-src=\"https:\/\/calidad.unap.cl\/acreditacion2027\/wp-content\/uploads\/sites\/2\/2025\/09\/IMG_8835.jpg\">\n\t\t\t\t\t\t\t<!-- Overlay -->\n\t\t\t\t\t\t\t<div class=\"cbp-l-caption-body\">\n\t\t\t\t\t\t\t\t\n\t\t\t\t\t\t\t\t\t\t\t\t\t\t\t\t\t<!-- Content -->\n\t\t\t\t\t\t\t\t\t<div class=\"xpro-overlay-content\">\n\t\t\t\t\t\t\t\t\t\t\t\t\t\t\t\t\t\t\t\t\t<h4 class=\"xpro-title\">Reuni\u00f3n con CFT<\/h4>\n\t\t\t\t\t\t\t\t\t\t\t\t\t\t\t\t\t\t\t\t\t\t\t\t\t\t\t\t\t<\/div>\n\t\t\t\t\t\t\t\t\t\t\t\t\t\t\t<\/div>\n\t\t\t\t\t\t<\/div>\n\t\t\t\t\t<\/div>\n\t\t\t\t<\/div>\n\t\t\t<\/div>\n\n\t\t\n\t\t\t<!--Item-->\n\t\t\t<div class=\"cbp-item xpro-elementor-gallery-item may\">\n\t\t\t\t<div class=\"cbp-caption\">\n\t\t\t\t\t<div class=\"cbp-caption-defaultWrap\">\n\t\t\t\t\t\t<img loading=\"lazy\" decoding=\"async\" width=\"2048\" height=\"1638\" src=\"https:\/\/calidad.unap.cl\/acreditacion2027\/wp-content\/uploads\/sites\/2\/2025\/09\/IMG_8844-Enhanced-NR.jpg\" class=\"attachment-full size-full\" alt=\"\" srcset=\"https:\/\/calidad.unap.cl\/acreditacion2027\/wp-content\/uploads\/sites\/2\/2025\/09\/IMG_8844-Enhanced-NR.jpg 2048w, https:\/\/calidad.unap.cl\/acreditacion2027\/wp-content\/uploads\/sites\/2\/2025\/09\/IMG_8844-Enhanced-NR-300x240.jpg 300w, https:\/\/calidad.unap.cl\/acreditacion2027\/wp-content\/uploads\/sites\/2\/2025\/09\/IMG_8844-Enhanced-NR-1024x819.jpg 1024w, https:\/\/calidad.unap.cl\/acreditacion2027\/wp-content\/uploads\/sites\/2\/2025\/09\/IMG_8844-Enhanced-NR-768x614.jpg 768w, https:\/\/calidad.unap.cl\/acreditacion2027\/wp-content\/uploads\/sites\/2\/2025\/09\/IMG_8844-Enhanced-NR-1536x1229.jpg 1536w\" sizes=\"(max-width: 2048px) 100vw, 2048px\" \/>\t\t\t\t\t<\/div>\n\t\t\t\t\t<div class=\"cbp-caption-activeWrap\">\n\t\t\t\t\t\t<div class=\"cbp-l-caption-alignCenter\" data-xpro-lightbox data-src=\"https:\/\/calidad.unap.cl\/acreditacion2027\/wp-content\/uploads\/sites\/2\/2025\/09\/IMG_8844-Enhanced-NR.jpg\">\n\t\t\t\t\t\t\t<!-- Overlay -->\n\t\t\t\t\t\t\t<div class=\"cbp-l-caption-body\">\n\t\t\t\t\t\t\t\t\n\t\t\t\t\t\t\t\t\t\t\t\t\t\t\t\t\t<!-- Content -->\n\t\t\t\t\t\t\t\t\t<div class=\"xpro-overlay-content\">\n\t\t\t\t\t\t\t\t\t\t\t\t\t\t\t\t\t\t\t\t\t<h4 class=\"xpro-title\">Reuni\u00f3n con CFT<\/h4>\n\t\t\t\t\t\t\t\t\t\t\t\t\t\t\t\t\t\t\t\t\t\t\t\t\t\t\t\t\t<\/div>\n\t\t\t\t\t\t\t\t\t\t\t\t\t\t\t<\/div>\n\t\t\t\t\t\t<\/div>\n\t\t\t\t\t<\/div>\n\t\t\t\t<\/div>\n\t\t\t<\/div>\n\n\t\t\n\t\t\t<!--Item-->\n\t\t\t<div class=\"cbp-item xpro-elementor-gallery-item may\">\n\t\t\t\t<div class=\"cbp-caption\">\n\t\t\t\t\t<div class=\"cbp-caption-defaultWrap\">\n\t\t\t\t\t\t<img loading=\"lazy\" decoding=\"async\" width=\"2048\" height=\"1536\" src=\"https:\/\/calidad.unap.cl\/acreditacion2027\/wp-content\/uploads\/sites\/2\/2025\/09\/IMG_8848.jpg\" class=\"attachment-full size-full\" alt=\"\" srcset=\"https:\/\/calidad.unap.cl\/acreditacion2027\/wp-content\/uploads\/sites\/2\/2025\/09\/IMG_8848.jpg 2048w, https:\/\/calidad.unap.cl\/acreditacion2027\/wp-content\/uploads\/sites\/2\/2025\/09\/IMG_8848-300x225.jpg 300w, https:\/\/calidad.unap.cl\/acreditacion2027\/wp-content\/uploads\/sites\/2\/2025\/09\/IMG_8848-1024x768.jpg 1024w, https:\/\/calidad.unap.cl\/acreditacion2027\/wp-content\/uploads\/sites\/2\/2025\/09\/IMG_8848-768x576.jpg 768w, https:\/\/calidad.unap.cl\/acreditacion2027\/wp-content\/uploads\/sites\/2\/2025\/09\/IMG_8848-1536x1152.jpg 1536w\" sizes=\"(max-width: 2048px) 100vw, 2048px\" \/>\t\t\t\t\t<\/div>\n\t\t\t\t\t<div class=\"cbp-caption-activeWrap\">\n\t\t\t\t\t\t<div class=\"cbp-l-caption-alignCenter\" data-xpro-lightbox data-src=\"https:\/\/calidad.unap.cl\/acreditacion2027\/wp-content\/uploads\/sites\/2\/2025\/09\/IMG_8848.jpg\">\n\t\t\t\t\t\t\t<!-- Overlay -->\n\t\t\t\t\t\t\t<div class=\"cbp-l-caption-body\">\n\t\t\t\t\t\t\t\t\n\t\t\t\t\t\t\t\t\t\t\t\t\t\t\t\t\t<!-- Content -->\n\t\t\t\t\t\t\t\t\t<div class=\"xpro-overlay-content\">\n\t\t\t\t\t\t\t\t\t\t\t\t\t\t\t\t\t\t\t\t\t<h4 class=\"xpro-title\">Reuni\u00f3n Comisi\u00f3n DFT<\/h4>\n\t\t\t\t\t\t\t\t\t\t\t\t\t\t\t\t\t\t\t\t\t\t\t\t\t\t\t\t\t<\/div>\n\t\t\t\t\t\t\t\t\t\t\t\t\t\t\t<\/div>\n\t\t\t\t\t\t<\/div>\n\t\t\t\t\t<\/div>\n\t\t\t\t<\/div>\n\t\t\t<\/div>\n\n\t\t\n\t\t\t<!--Item-->\n\t\t\t<div class=\"cbp-item xpro-elementor-gallery-item may\">\n\t\t\t\t<div class=\"cbp-caption\">\n\t\t\t\t\t<div class=\"cbp-caption-defaultWrap\">\n\t\t\t\t\t\t<img loading=\"lazy\" decoding=\"async\" width=\"2048\" height=\"1536\" src=\"https:\/\/calidad.unap.cl\/acreditacion2027\/wp-content\/uploads\/sites\/2\/2025\/09\/IMG_8852.jpg\" class=\"attachment-full size-full\" alt=\"\" srcset=\"https:\/\/calidad.unap.cl\/acreditacion2027\/wp-content\/uploads\/sites\/2\/2025\/09\/IMG_8852.jpg 2048w, https:\/\/calidad.unap.cl\/acreditacion2027\/wp-content\/uploads\/sites\/2\/2025\/09\/IMG_8852-300x225.jpg 300w, https:\/\/calidad.unap.cl\/acreditacion2027\/wp-content\/uploads\/sites\/2\/2025\/09\/IMG_8852-1024x768.jpg 1024w, https:\/\/calidad.unap.cl\/acreditacion2027\/wp-content\/uploads\/sites\/2\/2025\/09\/IMG_8852-768x576.jpg 768w, https:\/\/calidad.unap.cl\/acreditacion2027\/wp-content\/uploads\/sites\/2\/2025\/09\/IMG_8852-1536x1152.jpg 1536w\" sizes=\"(max-width: 2048px) 100vw, 2048px\" \/>\t\t\t\t\t<\/div>\n\t\t\t\t\t<div class=\"cbp-caption-activeWrap\">\n\t\t\t\t\t\t<div class=\"cbp-l-caption-alignCenter\" data-xpro-lightbox data-src=\"https:\/\/calidad.unap.cl\/acreditacion2027\/wp-content\/uploads\/sites\/2\/2025\/09\/IMG_8852.jpg\">\n\t\t\t\t\t\t\t<!-- Overlay -->\n\t\t\t\t\t\t\t<div class=\"cbp-l-caption-body\">\n\t\t\t\t\t\t\t\t\n\t\t\t\t\t\t\t\t\t\t\t\t\t\t\t\t\t<!-- Content -->\n\t\t\t\t\t\t\t\t\t<div class=\"xpro-overlay-content\">\n\t\t\t\t\t\t\t\t\t\t\t\t\t\t\t\t\t\t\t\t\t<h4 class=\"xpro-title\">Reuni\u00f3n Comisi\u00f3n DFT<\/h4>\n\t\t\t\t\t\t\t\t\t\t\t\t\t\t\t\t\t\t\t\t\t\t\t\t\t\t\t\t\t<\/div>\n\t\t\t\t\t\t\t\t\t\t\t\t\t\t\t<\/div>\n\t\t\t\t\t\t<\/div>\n\t\t\t\t\t<\/div>\n\t\t\t\t<\/div>\n\t\t\t<\/div>\n\n\t\t\n\t\t\t<!--Item-->\n\t\t\t<div class=\"cbp-item xpro-elementor-gallery-item may\">\n\t\t\t\t<div class=\"cbp-caption\">\n\t\t\t\t\t<div class=\"cbp-caption-defaultWrap\">\n\t\t\t\t\t\t<img loading=\"lazy\" decoding=\"async\" width=\"2048\" height=\"1538\" src=\"https:\/\/calidad.unap.cl\/acreditacion2027\/wp-content\/uploads\/sites\/2\/2025\/09\/IMG_8857.jpg\" class=\"attachment-full size-full\" alt=\"\" srcset=\"https:\/\/calidad.unap.cl\/acreditacion2027\/wp-content\/uploads\/sites\/2\/2025\/09\/IMG_8857.jpg 2048w, https:\/\/calidad.unap.cl\/acreditacion2027\/wp-content\/uploads\/sites\/2\/2025\/09\/IMG_8857-300x225.jpg 300w, https:\/\/calidad.unap.cl\/acreditacion2027\/wp-content\/uploads\/sites\/2\/2025\/09\/IMG_8857-1024x769.jpg 1024w, https:\/\/calidad.unap.cl\/acreditacion2027\/wp-content\/uploads\/sites\/2\/2025\/09\/IMG_8857-768x577.jpg 768w, https:\/\/calidad.unap.cl\/acreditacion2027\/wp-content\/uploads\/sites\/2\/2025\/09\/IMG_8857-1536x1154.jpg 1536w\" sizes=\"(max-width: 2048px) 100vw, 2048px\" \/>\t\t\t\t\t<\/div>\n\t\t\t\t\t<div class=\"cbp-caption-activeWrap\">\n\t\t\t\t\t\t<div class=\"cbp-l-caption-alignCenter\" data-xpro-lightbox data-src=\"https:\/\/calidad.unap.cl\/acreditacion2027\/wp-content\/uploads\/sites\/2\/2025\/09\/IMG_8857.jpg\">\n\t\t\t\t\t\t\t<!-- Overlay -->\n\t\t\t\t\t\t\t<div class=\"cbp-l-caption-body\">\n\t\t\t\t\t\t\t\t\n\t\t\t\t\t\t\t\t\t\t\t\t\t\t\t\t\t<!-- Content -->\n\t\t\t\t\t\t\t\t\t<div class=\"xpro-overlay-content\">\n\t\t\t\t\t\t\t\t\t\t\t\t\t\t\t\t\t\t\t\t\t<h4 class=\"xpro-title\">Reuni\u00f3n Comisi\u00f3n DFT<\/h4>\n\t\t\t\t\t\t\t\t\t\t\t\t\t\t\t\t\t\t\t\t\t\t\t\t\t\t\t\t\t<\/div>\n\t\t\t\t\t\t\t\t\t\t\t\t\t\t\t<\/div>\n\t\t\t\t\t\t<\/div>\n\t\t\t\t\t<\/div>\n\t\t\t\t<\/div>\n\t\t\t<\/div>\n\n\t\t\n\t\t\t<!--Item-->\n\t\t\t<div class=\"cbp-item xpro-elementor-gallery-item may\">\n\t\t\t\t<div class=\"cbp-caption\">\n\t\t\t\t\t<div class=\"cbp-caption-defaultWrap\">\n\t\t\t\t\t\t<img loading=\"lazy\" decoding=\"async\" width=\"2048\" height=\"1536\" src=\"https:\/\/calidad.unap.cl\/acreditacion2027\/wp-content\/uploads\/sites\/2\/2025\/09\/IMG_8863.jpg\" class=\"attachment-full size-full\" alt=\"\" srcset=\"https:\/\/calidad.unap.cl\/acreditacion2027\/wp-content\/uploads\/sites\/2\/2025\/09\/IMG_8863.jpg 2048w, https:\/\/calidad.unap.cl\/acreditacion2027\/wp-content\/uploads\/sites\/2\/2025\/09\/IMG_8863-300x225.jpg 300w, https:\/\/calidad.unap.cl\/acreditacion2027\/wp-content\/uploads\/sites\/2\/2025\/09\/IMG_8863-1024x768.jpg 1024w, https:\/\/calidad.unap.cl\/acreditacion2027\/wp-content\/uploads\/sites\/2\/2025\/09\/IMG_8863-768x576.jpg 768w, https:\/\/calidad.unap.cl\/acreditacion2027\/wp-content\/uploads\/sites\/2\/2025\/09\/IMG_8863-1536x1152.jpg 1536w\" sizes=\"(max-width: 2048px) 100vw, 2048px\" \/>\t\t\t\t\t<\/div>\n\t\t\t\t\t<div class=\"cbp-caption-activeWrap\">\n\t\t\t\t\t\t<div class=\"cbp-l-caption-alignCenter\" data-xpro-lightbox data-src=\"https:\/\/calidad.unap.cl\/acreditacion2027\/wp-content\/uploads\/sites\/2\/2025\/09\/IMG_8863.jpg\">\n\t\t\t\t\t\t\t<!-- Overlay -->\n\t\t\t\t\t\t\t<div class=\"cbp-l-caption-body\">\n\t\t\t\t\t\t\t\t\n\t\t\t\t\t\t\t\t\t\t\t\t\t\t\t\t\t<!-- Content -->\n\t\t\t\t\t\t\t\t\t<div class=\"xpro-overlay-content\">\n\t\t\t\t\t\t\t\t\t\t\t\t\t\t\t\t\t\t\t\t\t<h4 class=\"xpro-title\">Reuni\u00f3n Comisi\u00f3n DFT<\/h4>\n\t\t\t\t\t\t\t\t\t\t\t\t\t\t\t\t\t\t\t\t\t\t\t\t\t\t\t\t\t<\/div>\n\t\t\t\t\t\t\t\t\t\t\t\t\t\t\t<\/div>\n\t\t\t\t\t\t<\/div>\n\t\t\t\t\t<\/div>\n\t\t\t\t<\/div>\n\t\t\t<\/div>\n\n\t\t\n\t\t\t<!--Item-->\n\t\t\t<div class=\"cbp-item xpro-elementor-gallery-item may\">\n\t\t\t\t<div class=\"cbp-caption\">\n\t\t\t\t\t<div class=\"cbp-caption-defaultWrap\">\n\t\t\t\t\t\t<img loading=\"lazy\" decoding=\"async\" width=\"2048\" height=\"1536\" src=\"https:\/\/calidad.unap.cl\/acreditacion2027\/wp-content\/uploads\/sites\/2\/2025\/09\/IMG_8865.jpg\" class=\"attachment-full size-full\" alt=\"\" srcset=\"https:\/\/calidad.unap.cl\/acreditacion2027\/wp-content\/uploads\/sites\/2\/2025\/09\/IMG_8865.jpg 2048w, https:\/\/calidad.unap.cl\/acreditacion2027\/wp-content\/uploads\/sites\/2\/2025\/09\/IMG_8865-300x225.jpg 300w, https:\/\/calidad.unap.cl\/acreditacion2027\/wp-content\/uploads\/sites\/2\/2025\/09\/IMG_8865-1024x768.jpg 1024w, https:\/\/calidad.unap.cl\/acreditacion2027\/wp-content\/uploads\/sites\/2\/2025\/09\/IMG_8865-768x576.jpg 768w, https:\/\/calidad.unap.cl\/acreditacion2027\/wp-content\/uploads\/sites\/2\/2025\/09\/IMG_8865-1536x1152.jpg 1536w\" sizes=\"(max-width: 2048px) 100vw, 2048px\" \/>\t\t\t\t\t<\/div>\n\t\t\t\t\t<div class=\"cbp-caption-activeWrap\">\n\t\t\t\t\t\t<div class=\"cbp-l-caption-alignCenter\" data-xpro-lightbox data-src=\"https:\/\/calidad.unap.cl\/acreditacion2027\/wp-content\/uploads\/sites\/2\/2025\/09\/IMG_8865.jpg\">\n\t\t\t\t\t\t\t<!-- Overlay -->\n\t\t\t\t\t\t\t<div class=\"cbp-l-caption-body\">\n\t\t\t\t\t\t\t\t\n\t\t\t\t\t\t\t\t\t\t\t\t\t\t\t\t\t<!-- Content -->\n\t\t\t\t\t\t\t\t\t<div class=\"xpro-overlay-content\">\n\t\t\t\t\t\t\t\t\t\t\t\t\t\t\t\t\t\t\t\t\t<h4 class=\"xpro-title\">Reuni\u00f3n Comisi\u00f3n DFT<\/h4>\n\t\t\t\t\t\t\t\t\t\t\t\t\t\t\t\t\t\t\t\t\t\t\t\t\t\t\t\t\t<\/div>\n\t\t\t\t\t\t\t\t\t\t\t\t\t\t\t<\/div>\n\t\t\t\t\t\t<\/div>\n\t\t\t\t\t<\/div>\n\t\t\t\t<\/div>\n\t\t\t<\/div>\n\n\t\t\n\t\t\t<!--Item-->\n\t\t\t<div class=\"cbp-item xpro-elementor-gallery-item may\">\n\t\t\t\t<div class=\"cbp-caption\">\n\t\t\t\t\t<div class=\"cbp-caption-defaultWrap\">\n\t\t\t\t\t\t<img loading=\"lazy\" decoding=\"async\" width=\"2048\" height=\"1538\" src=\"https:\/\/calidad.unap.cl\/acreditacion2027\/wp-content\/uploads\/sites\/2\/2025\/09\/IMG_8883.jpg\" class=\"attachment-full size-full\" alt=\"\" srcset=\"https:\/\/calidad.unap.cl\/acreditacion2027\/wp-content\/uploads\/sites\/2\/2025\/09\/IMG_8883.jpg 2048w, https:\/\/calidad.unap.cl\/acreditacion2027\/wp-content\/uploads\/sites\/2\/2025\/09\/IMG_8883-300x225.jpg 300w, https:\/\/calidad.unap.cl\/acreditacion2027\/wp-content\/uploads\/sites\/2\/2025\/09\/IMG_8883-1024x769.jpg 1024w, https:\/\/calidad.unap.cl\/acreditacion2027\/wp-content\/uploads\/sites\/2\/2025\/09\/IMG_8883-768x577.jpg 768w, https:\/\/calidad.unap.cl\/acreditacion2027\/wp-content\/uploads\/sites\/2\/2025\/09\/IMG_8883-1536x1154.jpg 1536w\" sizes=\"(max-width: 2048px) 100vw, 2048px\" \/>\t\t\t\t\t<\/div>\n\t\t\t\t\t<div class=\"cbp-caption-activeWrap\">\n\t\t\t\t\t\t<div class=\"cbp-l-caption-alignCenter\" data-xpro-lightbox data-src=\"https:\/\/calidad.unap.cl\/acreditacion2027\/wp-content\/uploads\/sites\/2\/2025\/09\/IMG_8883.jpg\">\n\t\t\t\t\t\t\t<!-- Overlay -->\n\t\t\t\t\t\t\t<div class=\"cbp-l-caption-body\">\n\t\t\t\t\t\t\t\t\n\t\t\t\t\t\t\t\t\t\t\t\t\t\t\t\t\t<!-- Content -->\n\t\t\t\t\t\t\t\t\t<div class=\"xpro-overlay-content\">\n\t\t\t\t\t\t\t\t\t\t\t\t\t\t\t\t\t\t\t\t\t<h4 class=\"xpro-title\">Reuni\u00f3n Comisi\u00f3n Docencia<\/h4>\n\t\t\t\t\t\t\t\t\t\t\t\t\t\t\t\t\t\t\t\t\t\t\t\t\t\t\t\t\t<\/div>\n\t\t\t\t\t\t\t\t\t\t\t\t\t\t\t<\/div>\n\t\t\t\t\t\t<\/div>\n\t\t\t\t\t<\/div>\n\t\t\t\t<\/div>\n\t\t\t<\/div>\n\n\t\t\n\t\t\t<!--Item-->\n\t\t\t<div class=\"cbp-item xpro-elementor-gallery-item may\">\n\t\t\t\t<div class=\"cbp-caption\">\n\t\t\t\t\t<div class=\"cbp-caption-defaultWrap\">\n\t\t\t\t\t\t<img loading=\"lazy\" decoding=\"async\" width=\"2048\" height=\"1536\" src=\"https:\/\/calidad.unap.cl\/acreditacion2027\/wp-content\/uploads\/sites\/2\/2025\/09\/IMG_8885.jpg\" class=\"attachment-full size-full\" alt=\"\" srcset=\"https:\/\/calidad.unap.cl\/acreditacion2027\/wp-content\/uploads\/sites\/2\/2025\/09\/IMG_8885.jpg 2048w, https:\/\/calidad.unap.cl\/acreditacion2027\/wp-content\/uploads\/sites\/2\/2025\/09\/IMG_8885-300x225.jpg 300w, https:\/\/calidad.unap.cl\/acreditacion2027\/wp-content\/uploads\/sites\/2\/2025\/09\/IMG_8885-1024x768.jpg 1024w, https:\/\/calidad.unap.cl\/acreditacion2027\/wp-content\/uploads\/sites\/2\/2025\/09\/IMG_8885-768x576.jpg 768w, https:\/\/calidad.unap.cl\/acreditacion2027\/wp-content\/uploads\/sites\/2\/2025\/09\/IMG_8885-1536x1152.jpg 1536w\" sizes=\"(max-width: 2048px) 100vw, 2048px\" \/>\t\t\t\t\t<\/div>\n\t\t\t\t\t<div class=\"cbp-caption-activeWrap\">\n\t\t\t\t\t\t<div class=\"cbp-l-caption-alignCenter\" data-xpro-lightbox data-src=\"https:\/\/calidad.unap.cl\/acreditacion2027\/wp-content\/uploads\/sites\/2\/2025\/09\/IMG_8885.jpg\">\n\t\t\t\t\t\t\t<!-- Overlay -->\n\t\t\t\t\t\t\t<div class=\"cbp-l-caption-body\">\n\t\t\t\t\t\t\t\t\n\t\t\t\t\t\t\t\t\t\t\t\t\t\t\t\t\t<!-- Content -->\n\t\t\t\t\t\t\t\t\t<div class=\"xpro-overlay-content\">\n\t\t\t\t\t\t\t\t\t\t\t\t\t\t\t\t\t\t\t\t\t<h4 class=\"xpro-title\">Reuni\u00f3n Comisi\u00f3n Docencia<\/h4>\n\t\t\t\t\t\t\t\t\t\t\t\t\t\t\t\t\t\t\t\t\t\t\t\t\t\t\t\t\t<\/div>\n\t\t\t\t\t\t\t\t\t\t\t\t\t\t\t<\/div>\n\t\t\t\t\t\t<\/div>\n\t\t\t\t\t<\/div>\n\t\t\t\t<\/div>\n\t\t\t<\/div>\n\n\t\t\n\t\t\t<!--Item-->\n\t\t\t<div class=\"cbp-item xpro-elementor-gallery-item may\">\n\t\t\t\t<div class=\"cbp-caption\">\n\t\t\t\t\t<div class=\"cbp-caption-defaultWrap\">\n\t\t\t\t\t\t<img loading=\"lazy\" decoding=\"async\" width=\"2048\" height=\"1536\" src=\"https:\/\/calidad.unap.cl\/acreditacion2027\/wp-content\/uploads\/sites\/2\/2025\/09\/IMG_8886.jpg\" class=\"attachment-full size-full\" alt=\"\" srcset=\"https:\/\/calidad.unap.cl\/acreditacion2027\/wp-content\/uploads\/sites\/2\/2025\/09\/IMG_8886.jpg 2048w, https:\/\/calidad.unap.cl\/acreditacion2027\/wp-content\/uploads\/sites\/2\/2025\/09\/IMG_8886-300x225.jpg 300w, https:\/\/calidad.unap.cl\/acreditacion2027\/wp-content\/uploads\/sites\/2\/2025\/09\/IMG_8886-1024x768.jpg 1024w, https:\/\/calidad.unap.cl\/acreditacion2027\/wp-content\/uploads\/sites\/2\/2025\/09\/IMG_8886-768x576.jpg 768w, https:\/\/calidad.unap.cl\/acreditacion2027\/wp-content\/uploads\/sites\/2\/2025\/09\/IMG_8886-1536x1152.jpg 1536w\" sizes=\"(max-width: 2048px) 100vw, 2048px\" \/>\t\t\t\t\t<\/div>\n\t\t\t\t\t<div class=\"cbp-caption-activeWrap\">\n\t\t\t\t\t\t<div class=\"cbp-l-caption-alignCenter\" data-xpro-lightbox data-src=\"https:\/\/calidad.unap.cl\/acreditacion2027\/wp-content\/uploads\/sites\/2\/2025\/09\/IMG_8886.jpg\">\n\t\t\t\t\t\t\t<!-- Overlay -->\n\t\t\t\t\t\t\t<div class=\"cbp-l-caption-body\">\n\t\t\t\t\t\t\t\t\n\t\t\t\t\t\t\t\t\t\t\t\t\t\t\t\t\t<!-- Content -->\n\t\t\t\t\t\t\t\t\t<div class=\"xpro-overlay-content\">\n\t\t\t\t\t\t\t\t\t\t\t\t\t\t\t\t\t\t\t\t\t<h4 class=\"xpro-title\">Reuni\u00f3n Comisi\u00f3n Docencia<\/h4>\n\t\t\t\t\t\t\t\t\t\t\t\t\t\t\t\t\t\t\t\t\t\t\t\t\t\t\t\t\t<\/div>\n\t\t\t\t\t\t\t\t\t\t\t\t\t\t\t<\/div>\n\t\t\t\t\t\t<\/div>\n\t\t\t\t\t<\/div>\n\t\t\t\t<\/div>\n\t\t\t<\/div>\n\n\t\t\n\t\t\t<!--Item-->\n\t\t\t<div class=\"cbp-item xpro-elementor-gallery-item may\">\n\t\t\t\t<div class=\"cbp-caption\">\n\t\t\t\t\t<div class=\"cbp-caption-defaultWrap\">\n\t\t\t\t\t\t<img loading=\"lazy\" decoding=\"async\" width=\"2048\" height=\"1538\" src=\"https:\/\/calidad.unap.cl\/acreditacion2027\/wp-content\/uploads\/sites\/2\/2025\/09\/IMG_8888.jpg\" class=\"attachment-full size-full\" alt=\"\" srcset=\"https:\/\/calidad.unap.cl\/acreditacion2027\/wp-content\/uploads\/sites\/2\/2025\/09\/IMG_8888.jpg 2048w, https:\/\/calidad.unap.cl\/acreditacion2027\/wp-content\/uploads\/sites\/2\/2025\/09\/IMG_8888-300x225.jpg 300w, https:\/\/calidad.unap.cl\/acreditacion2027\/wp-content\/uploads\/sites\/2\/2025\/09\/IMG_8888-1024x769.jpg 1024w, https:\/\/calidad.unap.cl\/acreditacion2027\/wp-content\/uploads\/sites\/2\/2025\/09\/IMG_8888-768x577.jpg 768w, https:\/\/calidad.unap.cl\/acreditacion2027\/wp-content\/uploads\/sites\/2\/2025\/09\/IMG_8888-1536x1154.jpg 1536w\" sizes=\"(max-width: 2048px) 100vw, 2048px\" \/>\t\t\t\t\t<\/div>\n\t\t\t\t\t<div class=\"cbp-caption-activeWrap\">\n\t\t\t\t\t\t<div class=\"cbp-l-caption-alignCenter\" data-xpro-lightbox data-src=\"https:\/\/calidad.unap.cl\/acreditacion2027\/wp-content\/uploads\/sites\/2\/2025\/09\/IMG_8888.jpg\">\n\t\t\t\t\t\t\t<!-- Overlay -->\n\t\t\t\t\t\t\t<div class=\"cbp-l-caption-body\">\n\t\t\t\t\t\t\t\t\n\t\t\t\t\t\t\t\t\t\t\t\t\t\t\t\t\t<!-- Content -->\n\t\t\t\t\t\t\t\t\t<div class=\"xpro-overlay-content\">\n\t\t\t\t\t\t\t\t\t\t\t\t\t\t\t\t\t\t\t\t\t<h4 class=\"xpro-title\">Reuni\u00f3n Comisi\u00f3n Docencia<\/h4>\n\t\t\t\t\t\t\t\t\t\t\t\t\t\t\t\t\t\t\t\t\t\t\t\t\t\t\t\t\t<\/div>\n\t\t\t\t\t\t\t\t\t\t\t\t\t\t\t<\/div>\n\t\t\t\t\t\t<\/div>\n\t\t\t\t\t<\/div>\n\t\t\t\t<\/div>\n\t\t\t<\/div>\n\n\t\t\n\t\t\t<!--Item-->\n\t\t\t<div class=\"cbp-item xpro-elementor-gallery-item may\">\n\t\t\t\t<div class=\"cbp-caption\">\n\t\t\t\t\t<div class=\"cbp-caption-defaultWrap\">\n\t\t\t\t\t\t<img loading=\"lazy\" decoding=\"async\" width=\"2048\" height=\"1638\" src=\"https:\/\/calidad.unap.cl\/acreditacion2027\/wp-content\/uploads\/sites\/2\/2025\/09\/IMG_8916-Enhanced-NR.jpg\" class=\"attachment-full size-full\" alt=\"\" srcset=\"https:\/\/calidad.unap.cl\/acreditacion2027\/wp-content\/uploads\/sites\/2\/2025\/09\/IMG_8916-Enhanced-NR.jpg 2048w, https:\/\/calidad.unap.cl\/acreditacion2027\/wp-content\/uploads\/sites\/2\/2025\/09\/IMG_8916-Enhanced-NR-300x240.jpg 300w, https:\/\/calidad.unap.cl\/acreditacion2027\/wp-content\/uploads\/sites\/2\/2025\/09\/IMG_8916-Enhanced-NR-1024x819.jpg 1024w, https:\/\/calidad.unap.cl\/acreditacion2027\/wp-content\/uploads\/sites\/2\/2025\/09\/IMG_8916-Enhanced-NR-768x614.jpg 768w, https:\/\/calidad.unap.cl\/acreditacion2027\/wp-content\/uploads\/sites\/2\/2025\/09\/IMG_8916-Enhanced-NR-1536x1229.jpg 1536w\" sizes=\"(max-width: 2048px) 100vw, 2048px\" \/>\t\t\t\t\t<\/div>\n\t\t\t\t\t<div class=\"cbp-caption-activeWrap\">\n\t\t\t\t\t\t<div class=\"cbp-l-caption-alignCenter\" data-xpro-lightbox data-src=\"https:\/\/calidad.unap.cl\/acreditacion2027\/wp-content\/uploads\/sites\/2\/2025\/09\/IMG_8916-Enhanced-NR.jpg\">\n\t\t\t\t\t\t\t<!-- Overlay -->\n\t\t\t\t\t\t\t<div class=\"cbp-l-caption-body\">\n\t\t\t\t\t\t\t\t\n\t\t\t\t\t\t\t\t\t\t\t\t\t\t\t\t\t<!-- Content -->\n\t\t\t\t\t\t\t\t\t<div class=\"xpro-overlay-content\">\n\t\t\t\t\t\t\t\t\t\t\t\t\t\t\t\t\t\t\t\t\t<h4 class=\"xpro-title\">Visita Ministerial<\/h4>\n\t\t\t\t\t\t\t\t\t\t\t\t\t\t\t\t\t\t\t\t\t\t\t\t\t\t\t\t\t<\/div>\n\t\t\t\t\t\t\t\t\t\t\t\t\t\t\t<\/div>\n\t\t\t\t\t\t<\/div>\n\t\t\t\t\t<\/div>\n\t\t\t\t<\/div>\n\t\t\t<\/div>\n\n\t\t\n\t\t\t<!--Item-->\n\t\t\t<div class=\"cbp-item xpro-elementor-gallery-item may\">\n\t\t\t\t<div class=\"cbp-caption\">\n\t\t\t\t\t<div class=\"cbp-caption-defaultWrap\">\n\t\t\t\t\t\t<img loading=\"lazy\" decoding=\"async\" width=\"2048\" height=\"1638\" src=\"https:\/\/calidad.unap.cl\/acreditacion2027\/wp-content\/uploads\/sites\/2\/2025\/09\/IMG_8926.jpg\" class=\"attachment-full size-full\" alt=\"\" srcset=\"https:\/\/calidad.unap.cl\/acreditacion2027\/wp-content\/uploads\/sites\/2\/2025\/09\/IMG_8926.jpg 2048w, https:\/\/calidad.unap.cl\/acreditacion2027\/wp-content\/uploads\/sites\/2\/2025\/09\/IMG_8926-300x240.jpg 300w, https:\/\/calidad.unap.cl\/acreditacion2027\/wp-content\/uploads\/sites\/2\/2025\/09\/IMG_8926-1024x819.jpg 1024w, https:\/\/calidad.unap.cl\/acreditacion2027\/wp-content\/uploads\/sites\/2\/2025\/09\/IMG_8926-768x614.jpg 768w, https:\/\/calidad.unap.cl\/acreditacion2027\/wp-content\/uploads\/sites\/2\/2025\/09\/IMG_8926-1536x1229.jpg 1536w\" sizes=\"(max-width: 2048px) 100vw, 2048px\" \/>\t\t\t\t\t<\/div>\n\t\t\t\t\t<div class=\"cbp-caption-activeWrap\">\n\t\t\t\t\t\t<div class=\"cbp-l-caption-alignCenter\" data-xpro-lightbox data-src=\"https:\/\/calidad.unap.cl\/acreditacion2027\/wp-content\/uploads\/sites\/2\/2025\/09\/IMG_8926.jpg\">\n\t\t\t\t\t\t\t<!-- Overlay -->\n\t\t\t\t\t\t\t<div class=\"cbp-l-caption-body\">\n\t\t\t\t\t\t\t\t\n\t\t\t\t\t\t\t\t\t\t\t\t\t\t\t\t\t<!-- Content -->\n\t\t\t\t\t\t\t\t\t<div class=\"xpro-overlay-content\">\n\t\t\t\t\t\t\t\t\t\t\t\t\t\t\t\t\t\t\t\t\t<h4 class=\"xpro-title\">Visita Ministerial<\/h4>\n\t\t\t\t\t\t\t\t\t\t\t\t\t\t\t\t\t\t\t\t\t\t\t\t\t\t\t\t\t<\/div>\n\t\t\t\t\t\t\t\t\t\t\t\t\t\t\t<\/div>\n\t\t\t\t\t\t<\/div>\n\t\t\t\t\t<\/div>\n\t\t\t\t<\/div>\n\t\t\t<\/div>\n\n\t\t\n\t\t\t<!--Item-->\n\t\t\t<div class=\"cbp-item xpro-elementor-gallery-item may\">\n\t\t\t\t<div class=\"cbp-caption\">\n\t\t\t\t\t<div class=\"cbp-caption-defaultWrap\">\n\t\t\t\t\t\t<img loading=\"lazy\" decoding=\"async\" width=\"2048\" height=\"1638\" src=\"https:\/\/calidad.unap.cl\/acreditacion2027\/wp-content\/uploads\/sites\/2\/2025\/09\/IMG_8932.jpg\" class=\"attachment-full size-full\" alt=\"\" srcset=\"https:\/\/calidad.unap.cl\/acreditacion2027\/wp-content\/uploads\/sites\/2\/2025\/09\/IMG_8932.jpg 2048w, https:\/\/calidad.unap.cl\/acreditacion2027\/wp-content\/uploads\/sites\/2\/2025\/09\/IMG_8932-300x240.jpg 300w, https:\/\/calidad.unap.cl\/acreditacion2027\/wp-content\/uploads\/sites\/2\/2025\/09\/IMG_8932-1024x819.jpg 1024w, https:\/\/calidad.unap.cl\/acreditacion2027\/wp-content\/uploads\/sites\/2\/2025\/09\/IMG_8932-768x614.jpg 768w, https:\/\/calidad.unap.cl\/acreditacion2027\/wp-content\/uploads\/sites\/2\/2025\/09\/IMG_8932-1536x1229.jpg 1536w\" sizes=\"(max-width: 2048px) 100vw, 2048px\" \/>\t\t\t\t\t<\/div>\n\t\t\t\t\t<div class=\"cbp-caption-activeWrap\">\n\t\t\t\t\t\t<div class=\"cbp-l-caption-alignCenter\" data-xpro-lightbox data-src=\"https:\/\/calidad.unap.cl\/acreditacion2027\/wp-content\/uploads\/sites\/2\/2025\/09\/IMG_8932.jpg\">\n\t\t\t\t\t\t\t<!-- Overlay -->\n\t\t\t\t\t\t\t<div class=\"cbp-l-caption-body\">\n\t\t\t\t\t\t\t\t\n\t\t\t\t\t\t\t\t\t\t\t\t\t\t\t\t\t<!-- Content -->\n\t\t\t\t\t\t\t\t\t<div class=\"xpro-overlay-content\">\n\t\t\t\t\t\t\t\t\t\t\t\t\t\t\t\t\t\t\t\t\t<h4 class=\"xpro-title\">Visita Ministerial<\/h4>\n\t\t\t\t\t\t\t\t\t\t\t\t\t\t\t\t\t\t\t\t\t\t\t\t\t\t\t\t\t<\/div>\n\t\t\t\t\t\t\t\t\t\t\t\t\t\t\t<\/div>\n\t\t\t\t\t\t<\/div>\n\t\t\t\t\t<\/div>\n\t\t\t\t<\/div>\n\t\t\t<\/div>\n\n\t\t\n\t\t\t<!--Item-->\n\t\t\t<div class=\"cbp-item xpro-elementor-gallery-item may\">\n\t\t\t\t<div class=\"cbp-caption\">\n\t\t\t\t\t<div class=\"cbp-caption-defaultWrap\">\n\t\t\t\t\t\t<img loading=\"lazy\" decoding=\"async\" width=\"2048\" height=\"1638\" src=\"https:\/\/calidad.unap.cl\/acreditacion2027\/wp-content\/uploads\/sites\/2\/2025\/09\/IMG_8937.jpg\" class=\"attachment-full size-full\" alt=\"\" srcset=\"https:\/\/calidad.unap.cl\/acreditacion2027\/wp-content\/uploads\/sites\/2\/2025\/09\/IMG_8937.jpg 2048w, https:\/\/calidad.unap.cl\/acreditacion2027\/wp-content\/uploads\/sites\/2\/2025\/09\/IMG_8937-300x240.jpg 300w, https:\/\/calidad.unap.cl\/acreditacion2027\/wp-content\/uploads\/sites\/2\/2025\/09\/IMG_8937-1024x819.jpg 1024w, https:\/\/calidad.unap.cl\/acreditacion2027\/wp-content\/uploads\/sites\/2\/2025\/09\/IMG_8937-768x614.jpg 768w, https:\/\/calidad.unap.cl\/acreditacion2027\/wp-content\/uploads\/sites\/2\/2025\/09\/IMG_8937-1536x1229.jpg 1536w\" sizes=\"(max-width: 2048px) 100vw, 2048px\" \/>\t\t\t\t\t<\/div>\n\t\t\t\t\t<div class=\"cbp-caption-activeWrap\">\n\t\t\t\t\t\t<div class=\"cbp-l-caption-alignCenter\" data-xpro-lightbox data-src=\"https:\/\/calidad.unap.cl\/acreditacion2027\/wp-content\/uploads\/sites\/2\/2025\/09\/IMG_8937.jpg\">\n\t\t\t\t\t\t\t<!-- Overlay -->\n\t\t\t\t\t\t\t<div class=\"cbp-l-caption-body\">\n\t\t\t\t\t\t\t\t\n\t\t\t\t\t\t\t\t\t\t\t\t\t\t\t\t\t<!-- Content -->\n\t\t\t\t\t\t\t\t\t<div class=\"xpro-overlay-content\">\n\t\t\t\t\t\t\t\t\t\t\t\t\t\t\t\t\t\t\t\t\t<h4 class=\"xpro-title\">Visita Ministerial<\/h4>\n\t\t\t\t\t\t\t\t\t\t\t\t\t\t\t\t\t\t\t\t\t\t\t\t\t\t\t\t\t<\/div>\n\t\t\t\t\t\t\t\t\t\t\t\t\t\t\t<\/div>\n\t\t\t\t\t\t<\/div>\n\t\t\t\t\t<\/div>\n\t\t\t\t<\/div>\n\t\t\t<\/div>\n\n\t\t\n\t\t\t<!--Item-->\n\t\t\t<div class=\"cbp-item xpro-elementor-gallery-item may\">\n\t\t\t\t<div class=\"cbp-caption\">\n\t\t\t\t\t<div class=\"cbp-caption-defaultWrap\">\n\t\t\t\t\t\t<img loading=\"lazy\" decoding=\"async\" width=\"2048\" height=\"1638\" src=\"https:\/\/calidad.unap.cl\/acreditacion2027\/wp-content\/uploads\/sites\/2\/2025\/09\/IMG_8939-Enhanced-NR.jpg\" class=\"attachment-full size-full\" alt=\"\" srcset=\"https:\/\/calidad.unap.cl\/acreditacion2027\/wp-content\/uploads\/sites\/2\/2025\/09\/IMG_8939-Enhanced-NR.jpg 2048w, https:\/\/calidad.unap.cl\/acreditacion2027\/wp-content\/uploads\/sites\/2\/2025\/09\/IMG_8939-Enhanced-NR-300x240.jpg 300w, https:\/\/calidad.unap.cl\/acreditacion2027\/wp-content\/uploads\/sites\/2\/2025\/09\/IMG_8939-Enhanced-NR-1024x819.jpg 1024w, https:\/\/calidad.unap.cl\/acreditacion2027\/wp-content\/uploads\/sites\/2\/2025\/09\/IMG_8939-Enhanced-NR-768x614.jpg 768w, https:\/\/calidad.unap.cl\/acreditacion2027\/wp-content\/uploads\/sites\/2\/2025\/09\/IMG_8939-Enhanced-NR-1536x1229.jpg 1536w\" sizes=\"(max-width: 2048px) 100vw, 2048px\" \/>\t\t\t\t\t<\/div>\n\t\t\t\t\t<div class=\"cbp-caption-activeWrap\">\n\t\t\t\t\t\t<div class=\"cbp-l-caption-alignCenter\" data-xpro-lightbox data-src=\"https:\/\/calidad.unap.cl\/acreditacion2027\/wp-content\/uploads\/sites\/2\/2025\/09\/IMG_8939-Enhanced-NR.jpg\">\n\t\t\t\t\t\t\t<!-- Overlay -->\n\t\t\t\t\t\t\t<div class=\"cbp-l-caption-body\">\n\t\t\t\t\t\t\t\t\n\t\t\t\t\t\t\t\t\t\t\t\t\t\t\t\t\t<!-- Content -->\n\t\t\t\t\t\t\t\t\t<div class=\"xpro-overlay-content\">\n\t\t\t\t\t\t\t\t\t\t\t\t\t\t\t\t\t\t\t\t\t<h4 class=\"xpro-title\">Visita Ministerial<\/h4>\n\t\t\t\t\t\t\t\t\t\t\t\t\t\t\t\t\t\t\t\t\t\t\t\t\t\t\t\t\t<\/div>\n\t\t\t\t\t\t\t\t\t\t\t\t\t\t\t<\/div>\n\t\t\t\t\t\t<\/div>\n\t\t\t\t\t<\/div>\n\t\t\t\t<\/div>\n\t\t\t<\/div>\n\n\t\t\n\t\t\t<!--Item-->\n\t\t\t<div class=\"cbp-item xpro-elementor-gallery-item may\">\n\t\t\t\t<div class=\"cbp-caption\">\n\t\t\t\t\t<div class=\"cbp-caption-defaultWrap\">\n\t\t\t\t\t\t<img loading=\"lazy\" decoding=\"async\" width=\"2048\" height=\"1638\" src=\"https:\/\/calidad.unap.cl\/acreditacion2027\/wp-content\/uploads\/sites\/2\/2025\/09\/IMG_8942.jpg\" class=\"attachment-full size-full\" alt=\"\" srcset=\"https:\/\/calidad.unap.cl\/acreditacion2027\/wp-content\/uploads\/sites\/2\/2025\/09\/IMG_8942.jpg 2048w, https:\/\/calidad.unap.cl\/acreditacion2027\/wp-content\/uploads\/sites\/2\/2025\/09\/IMG_8942-300x240.jpg 300w, https:\/\/calidad.unap.cl\/acreditacion2027\/wp-content\/uploads\/sites\/2\/2025\/09\/IMG_8942-1024x819.jpg 1024w, https:\/\/calidad.unap.cl\/acreditacion2027\/wp-content\/uploads\/sites\/2\/2025\/09\/IMG_8942-768x614.jpg 768w, https:\/\/calidad.unap.cl\/acreditacion2027\/wp-content\/uploads\/sites\/2\/2025\/09\/IMG_8942-1536x1229.jpg 1536w\" sizes=\"(max-width: 2048px) 100vw, 2048px\" \/>\t\t\t\t\t<\/div>\n\t\t\t\t\t<div class=\"cbp-caption-activeWrap\">\n\t\t\t\t\t\t<div class=\"cbp-l-caption-alignCenter\" data-xpro-lightbox data-src=\"https:\/\/calidad.unap.cl\/acreditacion2027\/wp-content\/uploads\/sites\/2\/2025\/09\/IMG_8942.jpg\">\n\t\t\t\t\t\t\t<!-- Overlay -->\n\t\t\t\t\t\t\t<div class=\"cbp-l-caption-body\">\n\t\t\t\t\t\t\t\t\n\t\t\t\t\t\t\t\t\t\t\t\t\t\t\t\t\t<!-- Content -->\n\t\t\t\t\t\t\t\t\t<div class=\"xpro-overlay-content\">\n\t\t\t\t\t\t\t\t\t\t\t\t\t\t\t\t\t\t\t\t\t<h4 class=\"xpro-title\">Visita Ministerial<\/h4>\n\t\t\t\t\t\t\t\t\t\t\t\t\t\t\t\t\t\t\t\t\t\t\t\t\t\t\t\t\t<\/div>\n\t\t\t\t\t\t\t\t\t\t\t\t\t\t\t<\/div>\n\t\t\t\t\t\t<\/div>\n\t\t\t\t\t<\/div>\n\t\t\t\t<\/div>\n\t\t\t<\/div>\n\n\t\t\n\t\t\t<!--Item-->\n\t\t\t<div class=\"cbp-item xpro-elementor-gallery-item jun\">\n\t\t\t\t<div class=\"cbp-caption\">\n\t\t\t\t\t<div class=\"cbp-caption-defaultWrap\">\n\t\t\t\t\t\t<img loading=\"lazy\" decoding=\"async\" width=\"2048\" height=\"1536\" src=\"https:\/\/calidad.unap.cl\/acreditacion2027\/wp-content\/uploads\/sites\/2\/2025\/09\/IMG_9114.jpg\" class=\"attachment-full size-full\" alt=\"\" srcset=\"https:\/\/calidad.unap.cl\/acreditacion2027\/wp-content\/uploads\/sites\/2\/2025\/09\/IMG_9114.jpg 2048w, https:\/\/calidad.unap.cl\/acreditacion2027\/wp-content\/uploads\/sites\/2\/2025\/09\/IMG_9114-300x225.jpg 300w, https:\/\/calidad.unap.cl\/acreditacion2027\/wp-content\/uploads\/sites\/2\/2025\/09\/IMG_9114-1024x768.jpg 1024w, https:\/\/calidad.unap.cl\/acreditacion2027\/wp-content\/uploads\/sites\/2\/2025\/09\/IMG_9114-768x576.jpg 768w, https:\/\/calidad.unap.cl\/acreditacion2027\/wp-content\/uploads\/sites\/2\/2025\/09\/IMG_9114-1536x1152.jpg 1536w\" sizes=\"(max-width: 2048px) 100vw, 2048px\" \/>\t\t\t\t\t<\/div>\n\t\t\t\t\t<div class=\"cbp-caption-activeWrap\">\n\t\t\t\t\t\t<div class=\"cbp-l-caption-alignCenter\" data-xpro-lightbox data-src=\"https:\/\/calidad.unap.cl\/acreditacion2027\/wp-content\/uploads\/sites\/2\/2025\/09\/IMG_9114.jpg\">\n\t\t\t\t\t\t\t<!-- Overlay -->\n\t\t\t\t\t\t\t<div class=\"cbp-l-caption-body\">\n\t\t\t\t\t\t\t\t\n\t\t\t\t\t\t\t\t\t\t\t\t\t\t\t\t\t<!-- Content -->\n\t\t\t\t\t\t\t\t\t<div class=\"xpro-overlay-content\">\n\t\t\t\t\t\t\t\t\t\t\t\t\t\t\t\t\t\t\t\t\t<h4 class=\"xpro-title\">Reuni\u00f3n POAS<\/h4>\n\t\t\t\t\t\t\t\t\t\t\t\t\t\t\t\t\t\t\t\t\t\t\t\t\t\t\t\t\t<\/div>\n\t\t\t\t\t\t\t\t\t\t\t\t\t\t\t<\/div>\n\t\t\t\t\t\t<\/div>\n\t\t\t\t\t<\/div>\n\t\t\t\t<\/div>\n\t\t\t<\/div>\n\n\t\t\n\t\t\t<!--Item-->\n\t\t\t<div class=\"cbp-item xpro-elementor-gallery-item jun\">\n\t\t\t\t<div class=\"cbp-caption\">\n\t\t\t\t\t<div class=\"cbp-caption-defaultWrap\">\n\t\t\t\t\t\t<img loading=\"lazy\" decoding=\"async\" width=\"2048\" height=\"1538\" src=\"https:\/\/calidad.unap.cl\/acreditacion2027\/wp-content\/uploads\/sites\/2\/2025\/09\/IMG_9116.jpg\" class=\"attachment-full size-full\" alt=\"\" srcset=\"https:\/\/calidad.unap.cl\/acreditacion2027\/wp-content\/uploads\/sites\/2\/2025\/09\/IMG_9116.jpg 2048w, https:\/\/calidad.unap.cl\/acreditacion2027\/wp-content\/uploads\/sites\/2\/2025\/09\/IMG_9116-300x225.jpg 300w, https:\/\/calidad.unap.cl\/acreditacion2027\/wp-content\/uploads\/sites\/2\/2025\/09\/IMG_9116-1024x769.jpg 1024w, https:\/\/calidad.unap.cl\/acreditacion2027\/wp-content\/uploads\/sites\/2\/2025\/09\/IMG_9116-768x577.jpg 768w, https:\/\/calidad.unap.cl\/acreditacion2027\/wp-content\/uploads\/sites\/2\/2025\/09\/IMG_9116-1536x1154.jpg 1536w\" sizes=\"(max-width: 2048px) 100vw, 2048px\" \/>\t\t\t\t\t<\/div>\n\t\t\t\t\t<div class=\"cbp-caption-activeWrap\">\n\t\t\t\t\t\t<div class=\"cbp-l-caption-alignCenter\" data-xpro-lightbox data-src=\"https:\/\/calidad.unap.cl\/acreditacion2027\/wp-content\/uploads\/sites\/2\/2025\/09\/IMG_9116.jpg\">\n\t\t\t\t\t\t\t<!-- Overlay -->\n\t\t\t\t\t\t\t<div class=\"cbp-l-caption-body\">\n\t\t\t\t\t\t\t\t\n\t\t\t\t\t\t\t\t\t\t\t\t\t\t\t\t\t<!-- Content -->\n\t\t\t\t\t\t\t\t\t<div class=\"xpro-overlay-content\">\n\t\t\t\t\t\t\t\t\t\t\t\t\t\t\t\t\t\t\t\t\t<h4 class=\"xpro-title\">Reuni\u00f3n POAS<\/h4>\n\t\t\t\t\t\t\t\t\t\t\t\t\t\t\t\t\t\t\t\t\t\t\t\t\t\t\t\t\t<\/div>\n\t\t\t\t\t\t\t\t\t\t\t\t\t\t\t<\/div>\n\t\t\t\t\t\t<\/div>\n\t\t\t\t\t<\/div>\n\t\t\t\t<\/div>\n\t\t\t<\/div>\n\n\t\t\n\t\t\t<!--Item-->\n\t\t\t<div class=\"cbp-item xpro-elementor-gallery-item jun\">\n\t\t\t\t<div class=\"cbp-caption\">\n\t\t\t\t\t<div class=\"cbp-caption-defaultWrap\">\n\t\t\t\t\t\t<img loading=\"lazy\" decoding=\"async\" width=\"2048\" height=\"1536\" src=\"https:\/\/calidad.unap.cl\/acreditacion2027\/wp-content\/uploads\/sites\/2\/2025\/09\/IMG_9119.jpg\" class=\"attachment-full size-full\" alt=\"\" srcset=\"https:\/\/calidad.unap.cl\/acreditacion2027\/wp-content\/uploads\/sites\/2\/2025\/09\/IMG_9119.jpg 2048w, https:\/\/calidad.unap.cl\/acreditacion2027\/wp-content\/uploads\/sites\/2\/2025\/09\/IMG_9119-300x225.jpg 300w, https:\/\/calidad.unap.cl\/acreditacion2027\/wp-content\/uploads\/sites\/2\/2025\/09\/IMG_9119-1024x768.jpg 1024w, https:\/\/calidad.unap.cl\/acreditacion2027\/wp-content\/uploads\/sites\/2\/2025\/09\/IMG_9119-768x576.jpg 768w, https:\/\/calidad.unap.cl\/acreditacion2027\/wp-content\/uploads\/sites\/2\/2025\/09\/IMG_9119-1536x1152.jpg 1536w\" sizes=\"(max-width: 2048px) 100vw, 2048px\" \/>\t\t\t\t\t<\/div>\n\t\t\t\t\t<div class=\"cbp-caption-activeWrap\">\n\t\t\t\t\t\t<div class=\"cbp-l-caption-alignCenter\" data-xpro-lightbox data-src=\"https:\/\/calidad.unap.cl\/acreditacion2027\/wp-content\/uploads\/sites\/2\/2025\/09\/IMG_9119.jpg\">\n\t\t\t\t\t\t\t<!-- Overlay -->\n\t\t\t\t\t\t\t<div class=\"cbp-l-caption-body\">\n\t\t\t\t\t\t\t\t\n\t\t\t\t\t\t\t\t\t\t\t\t\t\t\t\t\t<!-- Content -->\n\t\t\t\t\t\t\t\t\t<div class=\"xpro-overlay-content\">\n\t\t\t\t\t\t\t\t\t\t\t\t\t\t\t\t\t\t\t\t\t<h4 class=\"xpro-title\">Reuni\u00f3n POAS<\/h4>\n\t\t\t\t\t\t\t\t\t\t\t\t\t\t\t\t\t\t\t\t\t\t\t\t\t\t\t\t\t<\/div>\n\t\t\t\t\t\t\t\t\t\t\t\t\t\t\t<\/div>\n\t\t\t\t\t\t<\/div>\n\t\t\t\t\t<\/div>\n\t\t\t\t<\/div>\n\t\t\t<\/div>\n\n\t\t\n\t\t\t<!--Item-->\n\t\t\t<div class=\"cbp-item xpro-elementor-gallery-item jun\">\n\t\t\t\t<div class=\"cbp-caption\">\n\t\t\t\t\t<div class=\"cbp-caption-defaultWrap\">\n\t\t\t\t\t\t<img loading=\"lazy\" decoding=\"async\" width=\"2048\" height=\"1536\" src=\"https:\/\/calidad.unap.cl\/acreditacion2027\/wp-content\/uploads\/sites\/2\/2025\/09\/IMG_9125.jpg\" class=\"attachment-full size-full\" alt=\"\" srcset=\"https:\/\/calidad.unap.cl\/acreditacion2027\/wp-content\/uploads\/sites\/2\/2025\/09\/IMG_9125.jpg 2048w, https:\/\/calidad.unap.cl\/acreditacion2027\/wp-content\/uploads\/sites\/2\/2025\/09\/IMG_9125-300x225.jpg 300w, https:\/\/calidad.unap.cl\/acreditacion2027\/wp-content\/uploads\/sites\/2\/2025\/09\/IMG_9125-1024x768.jpg 1024w, https:\/\/calidad.unap.cl\/acreditacion2027\/wp-content\/uploads\/sites\/2\/2025\/09\/IMG_9125-768x576.jpg 768w, https:\/\/calidad.unap.cl\/acreditacion2027\/wp-content\/uploads\/sites\/2\/2025\/09\/IMG_9125-1536x1152.jpg 1536w\" sizes=\"(max-width: 2048px) 100vw, 2048px\" \/>\t\t\t\t\t<\/div>\n\t\t\t\t\t<div class=\"cbp-caption-activeWrap\">\n\t\t\t\t\t\t<div class=\"cbp-l-caption-alignCenter\" data-xpro-lightbox data-src=\"https:\/\/calidad.unap.cl\/acreditacion2027\/wp-content\/uploads\/sites\/2\/2025\/09\/IMG_9125.jpg\">\n\t\t\t\t\t\t\t<!-- Overlay -->\n\t\t\t\t\t\t\t<div class=\"cbp-l-caption-body\">\n\t\t\t\t\t\t\t\t\n\t\t\t\t\t\t\t\t\t\t\t\t\t\t\t\t\t<!-- Content -->\n\t\t\t\t\t\t\t\t\t<div class=\"xpro-overlay-content\">\n\t\t\t\t\t\t\t\t\t\t\t\t\t\t\t\t\t\t\t\t\t<h4 class=\"xpro-title\">Reuni\u00f3n POAS<\/h4>\n\t\t\t\t\t\t\t\t\t\t\t\t\t\t\t\t\t\t\t\t\t\t\t\t\t\t\t\t\t<\/div>\n\t\t\t\t\t\t\t\t\t\t\t\t\t\t\t<\/div>\n\t\t\t\t\t\t<\/div>\n\t\t\t\t\t<\/div>\n\t\t\t\t<\/div>\n\t\t\t<\/div>\n\n\t\t\n\t\t\t<!--Item-->\n\t\t\t<div class=\"cbp-item xpro-elementor-gallery-item jun\">\n\t\t\t\t<div class=\"cbp-caption\">\n\t\t\t\t\t<div class=\"cbp-caption-defaultWrap\">\n\t\t\t\t\t\t<img loading=\"lazy\" decoding=\"async\" width=\"2048\" height=\"1536\" src=\"https:\/\/calidad.unap.cl\/acreditacion2027\/wp-content\/uploads\/sites\/2\/2025\/09\/IMG_9129.jpg\" class=\"attachment-full size-full\" alt=\"\" srcset=\"https:\/\/calidad.unap.cl\/acreditacion2027\/wp-content\/uploads\/sites\/2\/2025\/09\/IMG_9129.jpg 2048w, https:\/\/calidad.unap.cl\/acreditacion2027\/wp-content\/uploads\/sites\/2\/2025\/09\/IMG_9129-300x225.jpg 300w, https:\/\/calidad.unap.cl\/acreditacion2027\/wp-content\/uploads\/sites\/2\/2025\/09\/IMG_9129-1024x768.jpg 1024w, https:\/\/calidad.unap.cl\/acreditacion2027\/wp-content\/uploads\/sites\/2\/2025\/09\/IMG_9129-768x576.jpg 768w, https:\/\/calidad.unap.cl\/acreditacion2027\/wp-content\/uploads\/sites\/2\/2025\/09\/IMG_9129-1536x1152.jpg 1536w\" sizes=\"(max-width: 2048px) 100vw, 2048px\" \/>\t\t\t\t\t<\/div>\n\t\t\t\t\t<div class=\"cbp-caption-activeWrap\">\n\t\t\t\t\t\t<div class=\"cbp-l-caption-alignCenter\" data-xpro-lightbox data-src=\"https:\/\/calidad.unap.cl\/acreditacion2027\/wp-content\/uploads\/sites\/2\/2025\/09\/IMG_9129.jpg\">\n\t\t\t\t\t\t\t<!-- Overlay -->\n\t\t\t\t\t\t\t<div class=\"cbp-l-caption-body\">\n\t\t\t\t\t\t\t\t\n\t\t\t\t\t\t\t\t\t\t\t\t\t\t\t\t\t<!-- Content -->\n\t\t\t\t\t\t\t\t\t<div class=\"xpro-overlay-content\">\n\t\t\t\t\t\t\t\t\t\t\t\t\t\t\t\t\t\t\t\t\t<h4 class=\"xpro-title\">Reuni\u00f3n POAS<\/h4>\n\t\t\t\t\t\t\t\t\t\t\t\t\t\t\t\t\t\t\t\t\t\t\t\t\t\t\t\t\t<\/div>\n\t\t\t\t\t\t\t\t\t\t\t\t\t\t\t<\/div>\n\t\t\t\t\t\t<\/div>\n\t\t\t\t\t<\/div>\n\t\t\t\t<\/div>\n\t\t\t<\/div>\n\n\t\t\n\t\t\t<!--Item-->\n\t\t\t<div class=\"cbp-item xpro-elementor-gallery-item jun\">\n\t\t\t\t<div class=\"cbp-caption\">\n\t\t\t\t\t<div class=\"cbp-caption-defaultWrap\">\n\t\t\t\t\t\t<img loading=\"lazy\" decoding=\"async\" width=\"2048\" height=\"1538\" src=\"https:\/\/calidad.unap.cl\/acreditacion2027\/wp-content\/uploads\/sites\/2\/2025\/09\/IMG_9632.jpg\" class=\"attachment-full size-full\" alt=\"\" srcset=\"https:\/\/calidad.unap.cl\/acreditacion2027\/wp-content\/uploads\/sites\/2\/2025\/09\/IMG_9632.jpg 2048w, https:\/\/calidad.unap.cl\/acreditacion2027\/wp-content\/uploads\/sites\/2\/2025\/09\/IMG_9632-300x225.jpg 300w, https:\/\/calidad.unap.cl\/acreditacion2027\/wp-content\/uploads\/sites\/2\/2025\/09\/IMG_9632-1024x769.jpg 1024w, https:\/\/calidad.unap.cl\/acreditacion2027\/wp-content\/uploads\/sites\/2\/2025\/09\/IMG_9632-768x577.jpg 768w, https:\/\/calidad.unap.cl\/acreditacion2027\/wp-content\/uploads\/sites\/2\/2025\/09\/IMG_9632-1536x1154.jpg 1536w\" sizes=\"(max-width: 2048px) 100vw, 2048px\" \/>\t\t\t\t\t<\/div>\n\t\t\t\t\t<div class=\"cbp-caption-activeWrap\">\n\t\t\t\t\t\t<div class=\"cbp-l-caption-alignCenter\" data-xpro-lightbox data-src=\"https:\/\/calidad.unap.cl\/acreditacion2027\/wp-content\/uploads\/sites\/2\/2025\/09\/IMG_9632.jpg\">\n\t\t\t\t\t\t\t<!-- Overlay -->\n\t\t\t\t\t\t\t<div class=\"cbp-l-caption-body\">\n\t\t\t\t\t\t\t\t\n\t\t\t\t\t\t\t\t\t\t\t\t\t\t\t\t\t<!-- Content -->\n\t\t\t\t\t\t\t\t\t<div class=\"xpro-overlay-content\">\n\t\t\t\t\t\t\t\t\t\t\t\t\t\t\t\t\t\t\t\t\t<h4 class=\"xpro-title\">Reuni\u00f3n SAC PF FAREN<\/h4>\n\t\t\t\t\t\t\t\t\t\t\t\t\t\t\t\t\t\t\t\t\t\t\t\t\t\t\t\t\t<\/div>\n\t\t\t\t\t\t\t\t\t\t\t\t\t\t\t<\/div>\n\t\t\t\t\t\t<\/div>\n\t\t\t\t\t<\/div>\n\t\t\t\t<\/div>\n\t\t\t<\/div>\n\n\t\t\n\t\t\t<!--Item-->\n\t\t\t<div class=\"cbp-item xpro-elementor-gallery-item jun\">\n\t\t\t\t<div class=\"cbp-caption\">\n\t\t\t\t\t<div class=\"cbp-caption-defaultWrap\">\n\t\t\t\t\t\t<img loading=\"lazy\" decoding=\"async\" width=\"2048\" height=\"1536\" src=\"https:\/\/calidad.unap.cl\/acreditacion2027\/wp-content\/uploads\/sites\/2\/2025\/09\/IMG_9634.jpg\" class=\"attachment-full size-full\" alt=\"\" srcset=\"https:\/\/calidad.unap.cl\/acreditacion2027\/wp-content\/uploads\/sites\/2\/2025\/09\/IMG_9634.jpg 2048w, https:\/\/calidad.unap.cl\/acreditacion2027\/wp-content\/uploads\/sites\/2\/2025\/09\/IMG_9634-300x225.jpg 300w, https:\/\/calidad.unap.cl\/acreditacion2027\/wp-content\/uploads\/sites\/2\/2025\/09\/IMG_9634-1024x768.jpg 1024w, https:\/\/calidad.unap.cl\/acreditacion2027\/wp-content\/uploads\/sites\/2\/2025\/09\/IMG_9634-768x576.jpg 768w, https:\/\/calidad.unap.cl\/acreditacion2027\/wp-content\/uploads\/sites\/2\/2025\/09\/IMG_9634-1536x1152.jpg 1536w\" sizes=\"(max-width: 2048px) 100vw, 2048px\" \/>\t\t\t\t\t<\/div>\n\t\t\t\t\t<div class=\"cbp-caption-activeWrap\">\n\t\t\t\t\t\t<div class=\"cbp-l-caption-alignCenter\" data-xpro-lightbox data-src=\"https:\/\/calidad.unap.cl\/acreditacion2027\/wp-content\/uploads\/sites\/2\/2025\/09\/IMG_9634.jpg\">\n\t\t\t\t\t\t\t<!-- Overlay -->\n\t\t\t\t\t\t\t<div class=\"cbp-l-caption-body\">\n\t\t\t\t\t\t\t\t\n\t\t\t\t\t\t\t\t\t\t\t\t\t\t\t\t\t<!-- Content -->\n\t\t\t\t\t\t\t\t\t<div class=\"xpro-overlay-content\">\n\t\t\t\t\t\t\t\t\t\t\t\t\t\t\t\t\t\t\t\t\t<h4 class=\"xpro-title\">Reuni\u00f3n SAC PF FAREN<\/h4>\n\t\t\t\t\t\t\t\t\t\t\t\t\t\t\t\t\t\t\t\t\t\t\t\t\t\t\t\t\t<\/div>\n\t\t\t\t\t\t\t\t\t\t\t\t\t\t\t<\/div>\n\t\t\t\t\t\t<\/div>\n\t\t\t\t\t<\/div>\n\t\t\t\t<\/div>\n\t\t\t<\/div>\n\n\t\t\n\t\t\t<!--Item-->\n\t\t\t<div class=\"cbp-item xpro-elementor-gallery-item jun\">\n\t\t\t\t<div class=\"cbp-caption\">\n\t\t\t\t\t<div class=\"cbp-caption-defaultWrap\">\n\t\t\t\t\t\t<img loading=\"lazy\" decoding=\"async\" width=\"2048\" height=\"1536\" src=\"https:\/\/calidad.unap.cl\/acreditacion2027\/wp-content\/uploads\/sites\/2\/2025\/09\/IMG_9635.jpg\" class=\"attachment-full size-full\" alt=\"\" srcset=\"https:\/\/calidad.unap.cl\/acreditacion2027\/wp-content\/uploads\/sites\/2\/2025\/09\/IMG_9635.jpg 2048w, https:\/\/calidad.unap.cl\/acreditacion2027\/wp-content\/uploads\/sites\/2\/2025\/09\/IMG_9635-300x225.jpg 300w, https:\/\/calidad.unap.cl\/acreditacion2027\/wp-content\/uploads\/sites\/2\/2025\/09\/IMG_9635-1024x768.jpg 1024w, https:\/\/calidad.unap.cl\/acreditacion2027\/wp-content\/uploads\/sites\/2\/2025\/09\/IMG_9635-768x576.jpg 768w, https:\/\/calidad.unap.cl\/acreditacion2027\/wp-content\/uploads\/sites\/2\/2025\/09\/IMG_9635-1536x1152.jpg 1536w\" sizes=\"(max-width: 2048px) 100vw, 2048px\" \/>\t\t\t\t\t<\/div>\n\t\t\t\t\t<div class=\"cbp-caption-activeWrap\">\n\t\t\t\t\t\t<div class=\"cbp-l-caption-alignCenter\" data-xpro-lightbox data-src=\"https:\/\/calidad.unap.cl\/acreditacion2027\/wp-content\/uploads\/sites\/2\/2025\/09\/IMG_9635.jpg\">\n\t\t\t\t\t\t\t<!-- Overlay -->\n\t\t\t\t\t\t\t<div class=\"cbp-l-caption-body\">\n\t\t\t\t\t\t\t\t\n\t\t\t\t\t\t\t\t\t\t\t\t\t\t\t\t\t<!-- Content -->\n\t\t\t\t\t\t\t\t\t<div class=\"xpro-overlay-content\">\n\t\t\t\t\t\t\t\t\t\t\t\t\t\t\t\t\t\t\t\t\t<h4 class=\"xpro-title\">Reuni\u00f3n SAC PF FAREN<\/h4>\n\t\t\t\t\t\t\t\t\t\t\t\t\t\t\t\t\t\t\t\t\t\t\t\t\t\t\t\t\t<\/div>\n\t\t\t\t\t\t\t\t\t\t\t\t\t\t\t<\/div>\n\t\t\t\t\t\t<\/div>\n\t\t\t\t\t<\/div>\n\t\t\t\t<\/div>\n\t\t\t<\/div>\n\n\t\t\n\t\t\t<!--Item-->\n\t\t\t<div class=\"cbp-item xpro-elementor-gallery-item jun\">\n\t\t\t\t<div class=\"cbp-caption\">\n\t\t\t\t\t<div class=\"cbp-caption-defaultWrap\">\n\t\t\t\t\t\t<img loading=\"lazy\" decoding=\"async\" width=\"2048\" height=\"1538\" src=\"https:\/\/calidad.unap.cl\/acreditacion2027\/wp-content\/uploads\/sites\/2\/2025\/09\/IMG_9638.jpg\" class=\"attachment-full size-full\" alt=\"\" srcset=\"https:\/\/calidad.unap.cl\/acreditacion2027\/wp-content\/uploads\/sites\/2\/2025\/09\/IMG_9638.jpg 2048w, https:\/\/calidad.unap.cl\/acreditacion2027\/wp-content\/uploads\/sites\/2\/2025\/09\/IMG_9638-300x225.jpg 300w, https:\/\/calidad.unap.cl\/acreditacion2027\/wp-content\/uploads\/sites\/2\/2025\/09\/IMG_9638-1024x769.jpg 1024w, https:\/\/calidad.unap.cl\/acreditacion2027\/wp-content\/uploads\/sites\/2\/2025\/09\/IMG_9638-768x577.jpg 768w, https:\/\/calidad.unap.cl\/acreditacion2027\/wp-content\/uploads\/sites\/2\/2025\/09\/IMG_9638-1536x1154.jpg 1536w\" sizes=\"(max-width: 2048px) 100vw, 2048px\" \/>\t\t\t\t\t<\/div>\n\t\t\t\t\t<div class=\"cbp-caption-activeWrap\">\n\t\t\t\t\t\t<div class=\"cbp-l-caption-alignCenter\" data-xpro-lightbox data-src=\"https:\/\/calidad.unap.cl\/acreditacion2027\/wp-content\/uploads\/sites\/2\/2025\/09\/IMG_9638.jpg\">\n\t\t\t\t\t\t\t<!-- Overlay -->\n\t\t\t\t\t\t\t<div class=\"cbp-l-caption-body\">\n\t\t\t\t\t\t\t\t\n\t\t\t\t\t\t\t\t\t\t\t\t\t\t\t\t\t<!-- Content -->\n\t\t\t\t\t\t\t\t\t<div class=\"xpro-overlay-content\">\n\t\t\t\t\t\t\t\t\t\t\t\t\t\t\t\t\t\t\t\t\t<h4 class=\"xpro-title\">Reuni\u00f3n SAC PF FAREN<\/h4>\n\t\t\t\t\t\t\t\t\t\t\t\t\t\t\t\t\t\t\t\t\t\t\t\t\t\t\t\t\t<\/div>\n\t\t\t\t\t\t\t\t\t\t\t\t\t\t\t<\/div>\n\t\t\t\t\t\t<\/div>\n\t\t\t\t\t<\/div>\n\t\t\t\t<\/div>\n\t\t\t<\/div>\n\n\t\t\n\t\t\t<!--Item-->\n\t\t\t<div class=\"cbp-item xpro-elementor-gallery-item jun\">\n\t\t\t\t<div class=\"cbp-caption\">\n\t\t\t\t\t<div class=\"cbp-caption-defaultWrap\">\n\t\t\t\t\t\t<img loading=\"lazy\" decoding=\"async\" width=\"2048\" height=\"1538\" src=\"https:\/\/calidad.unap.cl\/acreditacion2027\/wp-content\/uploads\/sites\/2\/2025\/09\/IMG_9643.jpg\" class=\"attachment-full size-full\" alt=\"\" srcset=\"https:\/\/calidad.unap.cl\/acreditacion2027\/wp-content\/uploads\/sites\/2\/2025\/09\/IMG_9643.jpg 2048w, https:\/\/calidad.unap.cl\/acreditacion2027\/wp-content\/uploads\/sites\/2\/2025\/09\/IMG_9643-300x225.jpg 300w, https:\/\/calidad.unap.cl\/acreditacion2027\/wp-content\/uploads\/sites\/2\/2025\/09\/IMG_9643-1024x769.jpg 1024w, https:\/\/calidad.unap.cl\/acreditacion2027\/wp-content\/uploads\/sites\/2\/2025\/09\/IMG_9643-768x577.jpg 768w, https:\/\/calidad.unap.cl\/acreditacion2027\/wp-content\/uploads\/sites\/2\/2025\/09\/IMG_9643-1536x1154.jpg 1536w\" sizes=\"(max-width: 2048px) 100vw, 2048px\" \/>\t\t\t\t\t<\/div>\n\t\t\t\t\t<div class=\"cbp-caption-activeWrap\">\n\t\t\t\t\t\t<div class=\"cbp-l-caption-alignCenter\" data-xpro-lightbox data-src=\"https:\/\/calidad.unap.cl\/acreditacion2027\/wp-content\/uploads\/sites\/2\/2025\/09\/IMG_9643.jpg\">\n\t\t\t\t\t\t\t<!-- Overlay -->\n\t\t\t\t\t\t\t<div class=\"cbp-l-caption-body\">\n\t\t\t\t\t\t\t\t\n\t\t\t\t\t\t\t\t\t\t\t\t\t\t\t\t\t<!-- Content -->\n\t\t\t\t\t\t\t\t\t<div class=\"xpro-overlay-content\">\n\t\t\t\t\t\t\t\t\t\t\t\t\t\t\t\t\t\t\t\t\t<h4 class=\"xpro-title\">Reuni\u00f3n SAC PF FAREN<\/h4>\n\t\t\t\t\t\t\t\t\t\t\t\t\t\t\t\t\t\t\t\t\t\t\t\t\t\t\t\t\t<\/div>\n\t\t\t\t\t\t\t\t\t\t\t\t\t\t\t<\/div>\n\t\t\t\t\t\t<\/div>\n\t\t\t\t\t<\/div>\n\t\t\t\t<\/div>\n\t\t\t<\/div>\n\n\t\t\n\t\t\t<!--Item-->\n\t\t\t<div class=\"cbp-item xpro-elementor-gallery-item jun\">\n\t\t\t\t<div class=\"cbp-caption\">\n\t\t\t\t\t<div class=\"cbp-caption-defaultWrap\">\n\t\t\t\t\t\t<img loading=\"lazy\" decoding=\"async\" width=\"2048\" height=\"1638\" src=\"https:\/\/calidad.unap.cl\/acreditacion2027\/wp-content\/uploads\/sites\/2\/2025\/09\/IMG_9474.jpg\" class=\"attachment-full size-full\" alt=\"\" srcset=\"https:\/\/calidad.unap.cl\/acreditacion2027\/wp-content\/uploads\/sites\/2\/2025\/09\/IMG_9474.jpg 2048w, https:\/\/calidad.unap.cl\/acreditacion2027\/wp-content\/uploads\/sites\/2\/2025\/09\/IMG_9474-300x240.jpg 300w, https:\/\/calidad.unap.cl\/acreditacion2027\/wp-content\/uploads\/sites\/2\/2025\/09\/IMG_9474-1024x819.jpg 1024w, https:\/\/calidad.unap.cl\/acreditacion2027\/wp-content\/uploads\/sites\/2\/2025\/09\/IMG_9474-768x614.jpg 768w, https:\/\/calidad.unap.cl\/acreditacion2027\/wp-content\/uploads\/sites\/2\/2025\/09\/IMG_9474-1536x1229.jpg 1536w\" sizes=\"(max-width: 2048px) 100vw, 2048px\" \/>\t\t\t\t\t<\/div>\n\t\t\t\t\t<div class=\"cbp-caption-activeWrap\">\n\t\t\t\t\t\t<div class=\"cbp-l-caption-alignCenter\" data-xpro-lightbox data-src=\"https:\/\/calidad.unap.cl\/acreditacion2027\/wp-content\/uploads\/sites\/2\/2025\/09\/IMG_9474.jpg\">\n\t\t\t\t\t\t\t<!-- Overlay -->\n\t\t\t\t\t\t\t<div class=\"cbp-l-caption-body\">\n\t\t\t\t\t\t\t\t\n\t\t\t\t\t\t\t\t\t\t\t\t\t\t\t\t\t<!-- Content -->\n\t\t\t\t\t\t\t\t\t<div class=\"xpro-overlay-content\">\n\t\t\t\t\t\t\t\t\t\t\t\t\t\t\t\t\t\t\t\t\t<h4 class=\"xpro-title\">Socializaci\u00f3n de Acreditaci\u00f3n de la carrera Pedagog\u00eda en Matem\u00e1tica y F\u00edsica<\/h4>\n\t\t\t\t\t\t\t\t\t\t\t\t\t\t\t\t\t\t\t\t\t\t\t\t\t\t\t\t\t<\/div>\n\t\t\t\t\t\t\t\t\t\t\t\t\t\t\t<\/div>\n\t\t\t\t\t\t<\/div>\n\t\t\t\t\t<\/div>\n\t\t\t\t<\/div>\n\t\t\t<\/div>\n\n\t\t\n\t\t\t<!--Item-->\n\t\t\t<div class=\"cbp-item xpro-elementor-gallery-item jun\">\n\t\t\t\t<div class=\"cbp-caption\">\n\t\t\t\t\t<div class=\"cbp-caption-defaultWrap\">\n\t\t\t\t\t\t<img loading=\"lazy\" decoding=\"async\" width=\"2048\" height=\"1638\" src=\"https:\/\/calidad.unap.cl\/acreditacion2027\/wp-content\/uploads\/sites\/2\/2025\/09\/IMG_9475.jpg\" class=\"attachment-full size-full\" alt=\"\" srcset=\"https:\/\/calidad.unap.cl\/acreditacion2027\/wp-content\/uploads\/sites\/2\/2025\/09\/IMG_9475.jpg 2048w, https:\/\/calidad.unap.cl\/acreditacion2027\/wp-content\/uploads\/sites\/2\/2025\/09\/IMG_9475-300x240.jpg 300w, https:\/\/calidad.unap.cl\/acreditacion2027\/wp-content\/uploads\/sites\/2\/2025\/09\/IMG_9475-1024x819.jpg 1024w, https:\/\/calidad.unap.cl\/acreditacion2027\/wp-content\/uploads\/sites\/2\/2025\/09\/IMG_9475-768x614.jpg 768w, https:\/\/calidad.unap.cl\/acreditacion2027\/wp-content\/uploads\/sites\/2\/2025\/09\/IMG_9475-1536x1229.jpg 1536w\" sizes=\"(max-width: 2048px) 100vw, 2048px\" \/>\t\t\t\t\t<\/div>\n\t\t\t\t\t<div class=\"cbp-caption-activeWrap\">\n\t\t\t\t\t\t<div class=\"cbp-l-caption-alignCenter\" data-xpro-lightbox data-src=\"https:\/\/calidad.unap.cl\/acreditacion2027\/wp-content\/uploads\/sites\/2\/2025\/09\/IMG_9475.jpg\">\n\t\t\t\t\t\t\t<!-- Overlay -->\n\t\t\t\t\t\t\t<div class=\"cbp-l-caption-body\">\n\t\t\t\t\t\t\t\t\n\t\t\t\t\t\t\t\t\t\t\t\t\t\t\t\t\t<!-- Content -->\n\t\t\t\t\t\t\t\t\t<div class=\"xpro-overlay-content\">\n\t\t\t\t\t\t\t\t\t\t\t\t\t\t\t\t\t\t\t\t\t<h4 class=\"xpro-title\">Socializaci\u00f3n de Acreditaci\u00f3n de la carrera Pedagog\u00eda en Matem\u00e1tica y F\u00edsica<\/h4>\n\t\t\t\t\t\t\t\t\t\t\t\t\t\t\t\t\t\t\t\t\t\t\t\t\t\t\t\t\t<\/div>\n\t\t\t\t\t\t\t\t\t\t\t\t\t\t\t<\/div>\n\t\t\t\t\t\t<\/div>\n\t\t\t\t\t<\/div>\n\t\t\t\t<\/div>\n\t\t\t<\/div>\n\n\t\t\n\t\t\t<!--Item-->\n\t\t\t<div class=\"cbp-item xpro-elementor-gallery-item jun\">\n\t\t\t\t<div class=\"cbp-caption\">\n\t\t\t\t\t<div class=\"cbp-caption-defaultWrap\">\n\t\t\t\t\t\t<img loading=\"lazy\" decoding=\"async\" width=\"2048\" height=\"1538\" src=\"https:\/\/calidad.unap.cl\/acreditacion2027\/wp-content\/uploads\/sites\/2\/2025\/09\/IMG_9488.jpg\" class=\"attachment-full size-full\" alt=\"\" srcset=\"https:\/\/calidad.unap.cl\/acreditacion2027\/wp-content\/uploads\/sites\/2\/2025\/09\/IMG_9488.jpg 2048w, https:\/\/calidad.unap.cl\/acreditacion2027\/wp-content\/uploads\/sites\/2\/2025\/09\/IMG_9488-300x225.jpg 300w, https:\/\/calidad.unap.cl\/acreditacion2027\/wp-content\/uploads\/sites\/2\/2025\/09\/IMG_9488-1024x769.jpg 1024w, https:\/\/calidad.unap.cl\/acreditacion2027\/wp-content\/uploads\/sites\/2\/2025\/09\/IMG_9488-768x577.jpg 768w, https:\/\/calidad.unap.cl\/acreditacion2027\/wp-content\/uploads\/sites\/2\/2025\/09\/IMG_9488-1536x1154.jpg 1536w\" sizes=\"(max-width: 2048px) 100vw, 2048px\" \/>\t\t\t\t\t<\/div>\n\t\t\t\t\t<div class=\"cbp-caption-activeWrap\">\n\t\t\t\t\t\t<div class=\"cbp-l-caption-alignCenter\" data-xpro-lightbox data-src=\"https:\/\/calidad.unap.cl\/acreditacion2027\/wp-content\/uploads\/sites\/2\/2025\/09\/IMG_9488.jpg\">\n\t\t\t\t\t\t\t<!-- Overlay -->\n\t\t\t\t\t\t\t<div class=\"cbp-l-caption-body\">\n\t\t\t\t\t\t\t\t\n\t\t\t\t\t\t\t\t\t\t\t\t\t\t\t\t\t<!-- Content -->\n\t\t\t\t\t\t\t\t\t<div class=\"xpro-overlay-content\">\n\t\t\t\t\t\t\t\t\t\t\t\t\t\t\t\t\t\t\t\t\t<h4 class=\"xpro-title\">Socializaci\u00f3n de Acreditaci\u00f3n de la carrera Pedagog\u00eda en Matem\u00e1tica y F\u00edsica<\/h4>\n\t\t\t\t\t\t\t\t\t\t\t\t\t\t\t\t\t\t\t\t\t\t\t\t\t\t\t\t\t<\/div>\n\t\t\t\t\t\t\t\t\t\t\t\t\t\t\t<\/div>\n\t\t\t\t\t\t<\/div>\n\t\t\t\t\t<\/div>\n\t\t\t\t<\/div>\n\t\t\t<\/div>\n\n\t\t\n\t\t\t<!--Item-->\n\t\t\t<div class=\"cbp-item xpro-elementor-gallery-item jun\">\n\t\t\t\t<div class=\"cbp-caption\">\n\t\t\t\t\t<div class=\"cbp-caption-defaultWrap\">\n\t\t\t\t\t\t<img loading=\"lazy\" decoding=\"async\" width=\"2048\" height=\"1538\" src=\"https:\/\/calidad.unap.cl\/acreditacion2027\/wp-content\/uploads\/sites\/2\/2025\/09\/IMG_9489.jpg\" class=\"attachment-full size-full\" alt=\"\" srcset=\"https:\/\/calidad.unap.cl\/acreditacion2027\/wp-content\/uploads\/sites\/2\/2025\/09\/IMG_9489.jpg 2048w, https:\/\/calidad.unap.cl\/acreditacion2027\/wp-content\/uploads\/sites\/2\/2025\/09\/IMG_9489-300x225.jpg 300w, https:\/\/calidad.unap.cl\/acreditacion2027\/wp-content\/uploads\/sites\/2\/2025\/09\/IMG_9489-1024x769.jpg 1024w, https:\/\/calidad.unap.cl\/acreditacion2027\/wp-content\/uploads\/sites\/2\/2025\/09\/IMG_9489-768x577.jpg 768w, https:\/\/calidad.unap.cl\/acreditacion2027\/wp-content\/uploads\/sites\/2\/2025\/09\/IMG_9489-1536x1154.jpg 1536w\" sizes=\"(max-width: 2048px) 100vw, 2048px\" \/>\t\t\t\t\t<\/div>\n\t\t\t\t\t<div class=\"cbp-caption-activeWrap\">\n\t\t\t\t\t\t<div class=\"cbp-l-caption-alignCenter\" data-xpro-lightbox data-src=\"https:\/\/calidad.unap.cl\/acreditacion2027\/wp-content\/uploads\/sites\/2\/2025\/09\/IMG_9489.jpg\">\n\t\t\t\t\t\t\t<!-- Overlay -->\n\t\t\t\t\t\t\t<div class=\"cbp-l-caption-body\">\n\t\t\t\t\t\t\t\t\n\t\t\t\t\t\t\t\t\t\t\t\t\t\t\t\t\t<!-- Content -->\n\t\t\t\t\t\t\t\t\t<div class=\"xpro-overlay-content\">\n\t\t\t\t\t\t\t\t\t\t\t\t\t\t\t\t\t\t\t\t\t<h4 class=\"xpro-title\">Socializaci\u00f3n de Acreditaci\u00f3n de la carrera Pedagog\u00eda en Matem\u00e1tica y F\u00edsica<\/h4>\n\t\t\t\t\t\t\t\t\t\t\t\t\t\t\t\t\t\t\t\t\t\t\t\t\t\t\t\t\t<\/div>\n\t\t\t\t\t\t\t\t\t\t\t\t\t\t\t<\/div>\n\t\t\t\t\t\t<\/div>\n\t\t\t\t\t<\/div>\n\t\t\t\t<\/div>\n\t\t\t<\/div>\n\n\t\t\n\t\t\t<!--Item-->\n\t\t\t<div class=\"cbp-item xpro-elementor-gallery-item jun\">\n\t\t\t\t<div class=\"cbp-caption\">\n\t\t\t\t\t<div class=\"cbp-caption-defaultWrap\">\n\t\t\t\t\t\t<img loading=\"lazy\" decoding=\"async\" width=\"2048\" height=\"1538\" src=\"https:\/\/calidad.unap.cl\/acreditacion2027\/wp-content\/uploads\/sites\/2\/2025\/09\/IMG_9491.jpg\" class=\"attachment-full size-full\" alt=\"\" srcset=\"https:\/\/calidad.unap.cl\/acreditacion2027\/wp-content\/uploads\/sites\/2\/2025\/09\/IMG_9491.jpg 2048w, https:\/\/calidad.unap.cl\/acreditacion2027\/wp-content\/uploads\/sites\/2\/2025\/09\/IMG_9491-300x225.jpg 300w, https:\/\/calidad.unap.cl\/acreditacion2027\/wp-content\/uploads\/sites\/2\/2025\/09\/IMG_9491-1024x769.jpg 1024w, https:\/\/calidad.unap.cl\/acreditacion2027\/wp-content\/uploads\/sites\/2\/2025\/09\/IMG_9491-768x577.jpg 768w, https:\/\/calidad.unap.cl\/acreditacion2027\/wp-content\/uploads\/sites\/2\/2025\/09\/IMG_9491-1536x1154.jpg 1536w\" sizes=\"(max-width: 2048px) 100vw, 2048px\" \/>\t\t\t\t\t<\/div>\n\t\t\t\t\t<div class=\"cbp-caption-activeWrap\">\n\t\t\t\t\t\t<div class=\"cbp-l-caption-alignCenter\" data-xpro-lightbox data-src=\"https:\/\/calidad.unap.cl\/acreditacion2027\/wp-content\/uploads\/sites\/2\/2025\/09\/IMG_9491.jpg\">\n\t\t\t\t\t\t\t<!-- Overlay -->\n\t\t\t\t\t\t\t<div class=\"cbp-l-caption-body\">\n\t\t\t\t\t\t\t\t\n\t\t\t\t\t\t\t\t\t\t\t\t\t\t\t\t\t<!-- Content -->\n\t\t\t\t\t\t\t\t\t<div class=\"xpro-overlay-content\">\n\t\t\t\t\t\t\t\t\t\t\t\t\t\t\t\t\t\t\t\t\t<h4 class=\"xpro-title\">Socializaci\u00f3n de Acreditaci\u00f3n de la carrera Pedagog\u00eda en Matem\u00e1tica y F\u00edsica<\/h4>\n\t\t\t\t\t\t\t\t\t\t\t\t\t\t\t\t\t\t\t\t\t\t\t\t\t\t\t\t\t<\/div>\n\t\t\t\t\t\t\t\t\t\t\t\t\t\t\t<\/div>\n\t\t\t\t\t\t<\/div>\n\t\t\t\t\t<\/div>\n\t\t\t\t<\/div>\n\t\t\t<\/div>\n\n\t\t\n\t\t\t<!--Item-->\n\t\t\t<div class=\"cbp-item xpro-elementor-gallery-item jun\">\n\t\t\t\t<div class=\"cbp-caption\">\n\t\t\t\t\t<div class=\"cbp-caption-defaultWrap\">\n\t\t\t\t\t\t<img loading=\"lazy\" decoding=\"async\" width=\"2048\" height=\"1538\" src=\"https:\/\/calidad.unap.cl\/acreditacion2027\/wp-content\/uploads\/sites\/2\/2025\/09\/IMG_9492.jpg\" class=\"attachment-full size-full\" alt=\"\" srcset=\"https:\/\/calidad.unap.cl\/acreditacion2027\/wp-content\/uploads\/sites\/2\/2025\/09\/IMG_9492.jpg 2048w, https:\/\/calidad.unap.cl\/acreditacion2027\/wp-content\/uploads\/sites\/2\/2025\/09\/IMG_9492-300x225.jpg 300w, https:\/\/calidad.unap.cl\/acreditacion2027\/wp-content\/uploads\/sites\/2\/2025\/09\/IMG_9492-1024x769.jpg 1024w, https:\/\/calidad.unap.cl\/acreditacion2027\/wp-content\/uploads\/sites\/2\/2025\/09\/IMG_9492-768x577.jpg 768w, https:\/\/calidad.unap.cl\/acreditacion2027\/wp-content\/uploads\/sites\/2\/2025\/09\/IMG_9492-1536x1154.jpg 1536w\" sizes=\"(max-width: 2048px) 100vw, 2048px\" \/>\t\t\t\t\t<\/div>\n\t\t\t\t\t<div class=\"cbp-caption-activeWrap\">\n\t\t\t\t\t\t<div class=\"cbp-l-caption-alignCenter\" data-xpro-lightbox data-src=\"https:\/\/calidad.unap.cl\/acreditacion2027\/wp-content\/uploads\/sites\/2\/2025\/09\/IMG_9492.jpg\">\n\t\t\t\t\t\t\t<!-- Overlay -->\n\t\t\t\t\t\t\t<div class=\"cbp-l-caption-body\">\n\t\t\t\t\t\t\t\t\n\t\t\t\t\t\t\t\t\t\t\t\t\t\t\t\t\t<!-- Content -->\n\t\t\t\t\t\t\t\t\t<div class=\"xpro-overlay-content\">\n\t\t\t\t\t\t\t\t\t\t\t\t\t\t\t\t\t\t\t\t\t<h4 class=\"xpro-title\">Socializaci\u00f3n de Acreditaci\u00f3n de la carrera Pedagog\u00eda en Matem\u00e1tica y F\u00edsica<\/h4>\n\t\t\t\t\t\t\t\t\t\t\t\t\t\t\t\t\t\t\t\t\t\t\t\t\t\t\t\t\t<\/div>\n\t\t\t\t\t\t\t\t\t\t\t\t\t\t\t<\/div>\n\t\t\t\t\t\t<\/div>\n\t\t\t\t\t<\/div>\n\t\t\t\t<\/div>\n\t\t\t<\/div>\n\n\t\t\n\t\t\t<!--Item-->\n\t\t\t<div class=\"cbp-item xpro-elementor-gallery-item jul\">\n\t\t\t\t<div class=\"cbp-caption\">\n\t\t\t\t\t<div class=\"cbp-caption-defaultWrap\">\n\t\t\t\t\t\t<img loading=\"lazy\" decoding=\"async\" width=\"300\" height=\"300\" src=\"https:\/\/calidad.unap.cl\/acreditacion2027\/wp-content\/uploads\/sites\/2\/2025\/09\/senora-acreditacion.jpg\" class=\"attachment-full size-full\" alt=\"\" srcset=\"https:\/\/calidad.unap.cl\/acreditacion2027\/wp-content\/uploads\/sites\/2\/2025\/09\/senora-acreditacion.jpg 300w, https:\/\/calidad.unap.cl\/acreditacion2027\/wp-content\/uploads\/sites\/2\/2025\/09\/senora-acreditacion-150x150.jpg 150w\" sizes=\"(max-width: 300px) 100vw, 300px\" \/>\t\t\t\t\t<\/div>\n\t\t\t\t\t<div class=\"cbp-caption-activeWrap\">\n\t\t\t\t\t\t<div class=\"cbp-l-caption-alignCenter\" data-xpro-lightbox data-src=\"https:\/\/calidad.unap.cl\/acreditacion2027\/wp-content\/uploads\/sites\/2\/2025\/09\/senora-acreditacion.jpg\">\n\t\t\t\t\t\t\t<!-- Overlay -->\n\t\t\t\t\t\t\t<div class=\"cbp-l-caption-body\">\n\t\t\t\t\t\t\t\t\n\t\t\t\t\t\t\t\t\t\t\t\t\t\t\t\t\t<!-- Content -->\n\t\t\t\t\t\t\t\t\t<div class=\"xpro-overlay-content\">\n\t\t\t\t\t\t\t\t\t\t\t\t\t\t\t\t\t\t\t\t\t<h4 class=\"xpro-title\">Lanzamiento de Acreditaci\u00f3n 2027<\/h4>\n\t\t\t\t\t\t\t\t\t\t\t\t\t\t\t\t\t\t\t\t\t\t\t\t\t\t\t\t\t<\/div>\n\t\t\t\t\t\t\t\t\t\t\t\t\t\t\t<\/div>\n\t\t\t\t\t\t<\/div>\n\t\t\t\t\t<\/div>\n\t\t\t\t<\/div>\n\t\t\t<\/div>\n\n\t\t\n\t\t\t<!--Item-->\n\t\t\t<div class=\"cbp-item xpro-elementor-gallery-item jul\">\n\t\t\t\t<div class=\"cbp-caption\">\n\t\t\t\t\t<div class=\"cbp-caption-defaultWrap\">\n\t\t\t\t\t\t<img loading=\"lazy\" decoding=\"async\" width=\"2048\" height=\"1073\" src=\"https:\/\/calidad.unap.cl\/acreditacion2027\/wp-content\/uploads\/sites\/2\/2025\/09\/IMG_9744-1.jpg\" class=\"attachment-full size-full\" alt=\"\" srcset=\"https:\/\/calidad.unap.cl\/acreditacion2027\/wp-content\/uploads\/sites\/2\/2025\/09\/IMG_9744-1.jpg 2048w, https:\/\/calidad.unap.cl\/acreditacion2027\/wp-content\/uploads\/sites\/2\/2025\/09\/IMG_9744-1-300x157.jpg 300w, https:\/\/calidad.unap.cl\/acreditacion2027\/wp-content\/uploads\/sites\/2\/2025\/09\/IMG_9744-1-1024x537.jpg 1024w, https:\/\/calidad.unap.cl\/acreditacion2027\/wp-content\/uploads\/sites\/2\/2025\/09\/IMG_9744-1-768x402.jpg 768w, https:\/\/calidad.unap.cl\/acreditacion2027\/wp-content\/uploads\/sites\/2\/2025\/09\/IMG_9744-1-1536x805.jpg 1536w\" sizes=\"(max-width: 2048px) 100vw, 2048px\" \/>\t\t\t\t\t<\/div>\n\t\t\t\t\t<div class=\"cbp-caption-activeWrap\">\n\t\t\t\t\t\t<div class=\"cbp-l-caption-alignCenter\" data-xpro-lightbox data-src=\"https:\/\/calidad.unap.cl\/acreditacion2027\/wp-content\/uploads\/sites\/2\/2025\/09\/IMG_9744-1.jpg\">\n\t\t\t\t\t\t\t<!-- Overlay -->\n\t\t\t\t\t\t\t<div class=\"cbp-l-caption-body\">\n\t\t\t\t\t\t\t\t\n\t\t\t\t\t\t\t\t\t\t\t\t\t\t\t\t\t<!-- Content -->\n\t\t\t\t\t\t\t\t\t<div class=\"xpro-overlay-content\">\n\t\t\t\t\t\t\t\t\t\t\t\t\t\t\t\t\t\t\t\t\t<h4 class=\"xpro-title\">Lanzamiento de Acreditaci\u00f3n 2027<\/h4>\n\t\t\t\t\t\t\t\t\t\t\t\t\t\t\t\t\t\t\t\t\t\t\t\t\t\t\t\t\t<\/div>\n\t\t\t\t\t\t\t\t\t\t\t\t\t\t\t<\/div>\n\t\t\t\t\t\t<\/div>\n\t\t\t\t\t<\/div>\n\t\t\t\t<\/div>\n\t\t\t<\/div>\n\n\t\t\n\t\t\t<!--Item-->\n\t\t\t<div class=\"cbp-item xpro-elementor-gallery-item jul\">\n\t\t\t\t<div class=\"cbp-caption\">\n\t\t\t\t\t<div class=\"cbp-caption-defaultWrap\">\n\t\t\t\t\t\t<img loading=\"lazy\" decoding=\"async\" width=\"2048\" height=\"1073\" src=\"https:\/\/calidad.unap.cl\/acreditacion2027\/wp-content\/uploads\/sites\/2\/2025\/09\/IMG_9782-1.jpg\" class=\"attachment-full size-full\" alt=\"\" srcset=\"https:\/\/calidad.unap.cl\/acreditacion2027\/wp-content\/uploads\/sites\/2\/2025\/09\/IMG_9782-1.jpg 2048w, https:\/\/calidad.unap.cl\/acreditacion2027\/wp-content\/uploads\/sites\/2\/2025\/09\/IMG_9782-1-300x157.jpg 300w, https:\/\/calidad.unap.cl\/acreditacion2027\/wp-content\/uploads\/sites\/2\/2025\/09\/IMG_9782-1-1024x537.jpg 1024w, https:\/\/calidad.unap.cl\/acreditacion2027\/wp-content\/uploads\/sites\/2\/2025\/09\/IMG_9782-1-768x402.jpg 768w, https:\/\/calidad.unap.cl\/acreditacion2027\/wp-content\/uploads\/sites\/2\/2025\/09\/IMG_9782-1-1536x805.jpg 1536w\" sizes=\"(max-width: 2048px) 100vw, 2048px\" \/>\t\t\t\t\t<\/div>\n\t\t\t\t\t<div class=\"cbp-caption-activeWrap\">\n\t\t\t\t\t\t<div class=\"cbp-l-caption-alignCenter\" data-xpro-lightbox data-src=\"https:\/\/calidad.unap.cl\/acreditacion2027\/wp-content\/uploads\/sites\/2\/2025\/09\/IMG_9782-1.jpg\">\n\t\t\t\t\t\t\t<!-- Overlay -->\n\t\t\t\t\t\t\t<div class=\"cbp-l-caption-body\">\n\t\t\t\t\t\t\t\t\n\t\t\t\t\t\t\t\t\t\t\t\t\t\t\t\t\t<!-- Content -->\n\t\t\t\t\t\t\t\t\t<div class=\"xpro-overlay-content\">\n\t\t\t\t\t\t\t\t\t\t\t\t\t\t\t\t\t\t\t\t\t<h4 class=\"xpro-title\">Lanzamiento de Acreditaci\u00f3n 2027<\/h4>\n\t\t\t\t\t\t\t\t\t\t\t\t\t\t\t\t\t\t\t\t\t\t\t\t\t\t\t\t\t<\/div>\n\t\t\t\t\t\t\t\t\t\t\t\t\t\t\t<\/div>\n\t\t\t\t\t\t<\/div>\n\t\t\t\t\t<\/div>\n\t\t\t\t<\/div>\n\t\t\t<\/div>\n\n\t\t\n\t\t\t<!--Item-->\n\t\t\t<div class=\"cbp-item xpro-elementor-gallery-item jul\">\n\t\t\t\t<div class=\"cbp-caption\">\n\t\t\t\t\t<div class=\"cbp-caption-defaultWrap\">\n\t\t\t\t\t\t<img loading=\"lazy\" decoding=\"async\" width=\"2048\" height=\"1073\" src=\"https:\/\/calidad.unap.cl\/acreditacion2027\/wp-content\/uploads\/sites\/2\/2025\/09\/IMG_9799-1.jpg\" class=\"attachment-full size-full\" alt=\"\" srcset=\"https:\/\/calidad.unap.cl\/acreditacion2027\/wp-content\/uploads\/sites\/2\/2025\/09\/IMG_9799-1.jpg 2048w, https:\/\/calidad.unap.cl\/acreditacion2027\/wp-content\/uploads\/sites\/2\/2025\/09\/IMG_9799-1-300x157.jpg 300w, https:\/\/calidad.unap.cl\/acreditacion2027\/wp-content\/uploads\/sites\/2\/2025\/09\/IMG_9799-1-1024x537.jpg 1024w, https:\/\/calidad.unap.cl\/acreditacion2027\/wp-content\/uploads\/sites\/2\/2025\/09\/IMG_9799-1-768x402.jpg 768w, https:\/\/calidad.unap.cl\/acreditacion2027\/wp-content\/uploads\/sites\/2\/2025\/09\/IMG_9799-1-1536x805.jpg 1536w\" sizes=\"(max-width: 2048px) 100vw, 2048px\" \/>\t\t\t\t\t<\/div>\n\t\t\t\t\t<div class=\"cbp-caption-activeWrap\">\n\t\t\t\t\t\t<div class=\"cbp-l-caption-alignCenter\" data-xpro-lightbox data-src=\"https:\/\/calidad.unap.cl\/acreditacion2027\/wp-content\/uploads\/sites\/2\/2025\/09\/IMG_9799-1.jpg\">\n\t\t\t\t\t\t\t<!-- Overlay -->\n\t\t\t\t\t\t\t<div class=\"cbp-l-caption-body\">\n\t\t\t\t\t\t\t\t\n\t\t\t\t\t\t\t\t\t\t\t\t\t\t\t\t\t<!-- Content -->\n\t\t\t\t\t\t\t\t\t<div class=\"xpro-overlay-content\">\n\t\t\t\t\t\t\t\t\t\t\t\t\t\t\t\t\t\t\t\t\t<h4 class=\"xpro-title\">Lanzamiento de Acreditaci\u00f3n 2027<\/h4>\n\t\t\t\t\t\t\t\t\t\t\t\t\t\t\t\t\t\t\t\t\t\t\t\t\t\t\t\t\t<\/div>\n\t\t\t\t\t\t\t\t\t\t\t\t\t\t\t<\/div>\n\t\t\t\t\t\t<\/div>\n\t\t\t\t\t<\/div>\n\t\t\t\t<\/div>\n\t\t\t<\/div>\n\n\t\t\n\t\t\t<!--Item-->\n\t\t\t<div class=\"cbp-item xpro-elementor-gallery-item jul\">\n\t\t\t\t<div class=\"cbp-caption\">\n\t\t\t\t\t<div class=\"cbp-caption-defaultWrap\">\n\t\t\t\t\t\t<img loading=\"lazy\" decoding=\"async\" width=\"2048\" height=\"1073\" src=\"https:\/\/calidad.unap.cl\/acreditacion2027\/wp-content\/uploads\/sites\/2\/2025\/09\/IMG_9794-1.jpg\" class=\"attachment-full size-full\" alt=\"\" srcset=\"https:\/\/calidad.unap.cl\/acreditacion2027\/wp-content\/uploads\/sites\/2\/2025\/09\/IMG_9794-1.jpg 2048w, https:\/\/calidad.unap.cl\/acreditacion2027\/wp-content\/uploads\/sites\/2\/2025\/09\/IMG_9794-1-300x157.jpg 300w, https:\/\/calidad.unap.cl\/acreditacion2027\/wp-content\/uploads\/sites\/2\/2025\/09\/IMG_9794-1-1024x537.jpg 1024w, https:\/\/calidad.unap.cl\/acreditacion2027\/wp-content\/uploads\/sites\/2\/2025\/09\/IMG_9794-1-768x402.jpg 768w, https:\/\/calidad.unap.cl\/acreditacion2027\/wp-content\/uploads\/sites\/2\/2025\/09\/IMG_9794-1-1536x805.jpg 1536w\" sizes=\"(max-width: 2048px) 100vw, 2048px\" \/>\t\t\t\t\t<\/div>\n\t\t\t\t\t<div class=\"cbp-caption-activeWrap\">\n\t\t\t\t\t\t<div class=\"cbp-l-caption-alignCenter\" data-xpro-lightbox data-src=\"https:\/\/calidad.unap.cl\/acreditacion2027\/wp-content\/uploads\/sites\/2\/2025\/09\/IMG_9794-1.jpg\">\n\t\t\t\t\t\t\t<!-- Overlay -->\n\t\t\t\t\t\t\t<div class=\"cbp-l-caption-body\">\n\t\t\t\t\t\t\t\t\n\t\t\t\t\t\t\t\t\t\t\t\t\t\t\t\t\t<!-- Content -->\n\t\t\t\t\t\t\t\t\t<div class=\"xpro-overlay-content\">\n\t\t\t\t\t\t\t\t\t\t\t\t\t\t\t\t\t\t\t\t\t<h4 class=\"xpro-title\">Lanzamiento de Acreditaci\u00f3n 2027<\/h4>\n\t\t\t\t\t\t\t\t\t\t\t\t\t\t\t\t\t\t\t\t\t\t\t\t\t\t\t\t\t<\/div>\n\t\t\t\t\t\t\t\t\t\t\t\t\t\t\t<\/div>\n\t\t\t\t\t\t<\/div>\n\t\t\t\t\t<\/div>\n\t\t\t\t<\/div>\n\t\t\t<\/div>\n\n\t\t\n\t\t\t<!--Item-->\n\t\t\t<div class=\"cbp-item xpro-elementor-gallery-item jul\">\n\t\t\t\t<div class=\"cbp-caption\">\n\t\t\t\t\t<div class=\"cbp-caption-defaultWrap\">\n\t\t\t\t\t\t<img loading=\"lazy\" decoding=\"async\" width=\"2048\" height=\"1073\" src=\"https:\/\/calidad.unap.cl\/acreditacion2027\/wp-content\/uploads\/sites\/2\/2025\/09\/IMG_9793-1.jpg\" class=\"attachment-full size-full\" alt=\"\" srcset=\"https:\/\/calidad.unap.cl\/acreditacion2027\/wp-content\/uploads\/sites\/2\/2025\/09\/IMG_9793-1.jpg 2048w, https:\/\/calidad.unap.cl\/acreditacion2027\/wp-content\/uploads\/sites\/2\/2025\/09\/IMG_9793-1-300x157.jpg 300w, https:\/\/calidad.unap.cl\/acreditacion2027\/wp-content\/uploads\/sites\/2\/2025\/09\/IMG_9793-1-1024x537.jpg 1024w, https:\/\/calidad.unap.cl\/acreditacion2027\/wp-content\/uploads\/sites\/2\/2025\/09\/IMG_9793-1-768x402.jpg 768w, https:\/\/calidad.unap.cl\/acreditacion2027\/wp-content\/uploads\/sites\/2\/2025\/09\/IMG_9793-1-1536x805.jpg 1536w\" sizes=\"(max-width: 2048px) 100vw, 2048px\" \/>\t\t\t\t\t<\/div>\n\t\t\t\t\t<div class=\"cbp-caption-activeWrap\">\n\t\t\t\t\t\t<div class=\"cbp-l-caption-alignCenter\" data-xpro-lightbox data-src=\"https:\/\/calidad.unap.cl\/acreditacion2027\/wp-content\/uploads\/sites\/2\/2025\/09\/IMG_9793-1.jpg\">\n\t\t\t\t\t\t\t<!-- Overlay -->\n\t\t\t\t\t\t\t<div class=\"cbp-l-caption-body\">\n\t\t\t\t\t\t\t\t\n\t\t\t\t\t\t\t\t\t\t\t\t\t\t\t\t\t<!-- Content -->\n\t\t\t\t\t\t\t\t\t<div class=\"xpro-overlay-content\">\n\t\t\t\t\t\t\t\t\t\t\t\t\t\t\t\t\t\t\t\t\t<h4 class=\"xpro-title\">Lanzamiento de Acreditaci\u00f3n 2027<\/h4>\n\t\t\t\t\t\t\t\t\t\t\t\t\t\t\t\t\t\t\t\t\t\t\t\t\t\t\t\t\t<\/div>\n\t\t\t\t\t\t\t\t\t\t\t\t\t\t\t<\/div>\n\t\t\t\t\t\t<\/div>\n\t\t\t\t\t<\/div>\n\t\t\t\t<\/div>\n\t\t\t<\/div>\n\n\t\t\n\t\t\t<!--Item-->\n\t\t\t<div class=\"cbp-item xpro-elementor-gallery-item jul\">\n\t\t\t\t<div class=\"cbp-caption\">\n\t\t\t\t\t<div class=\"cbp-caption-defaultWrap\">\n\t\t\t\t\t\t<img loading=\"lazy\" decoding=\"async\" width=\"2048\" height=\"1073\" src=\"https:\/\/calidad.unap.cl\/acreditacion2027\/wp-content\/uploads\/sites\/2\/2025\/09\/IMG_0053-1.jpg\" class=\"attachment-full size-full\" alt=\"\" srcset=\"https:\/\/calidad.unap.cl\/acreditacion2027\/wp-content\/uploads\/sites\/2\/2025\/09\/IMG_0053-1.jpg 2048w, https:\/\/calidad.unap.cl\/acreditacion2027\/wp-content\/uploads\/sites\/2\/2025\/09\/IMG_0053-1-300x157.jpg 300w, https:\/\/calidad.unap.cl\/acreditacion2027\/wp-content\/uploads\/sites\/2\/2025\/09\/IMG_0053-1-1024x537.jpg 1024w, https:\/\/calidad.unap.cl\/acreditacion2027\/wp-content\/uploads\/sites\/2\/2025\/09\/IMG_0053-1-768x402.jpg 768w, https:\/\/calidad.unap.cl\/acreditacion2027\/wp-content\/uploads\/sites\/2\/2025\/09\/IMG_0053-1-1536x805.jpg 1536w\" sizes=\"(max-width: 2048px) 100vw, 2048px\" \/>\t\t\t\t\t<\/div>\n\t\t\t\t\t<div class=\"cbp-caption-activeWrap\">\n\t\t\t\t\t\t<div class=\"cbp-l-caption-alignCenter\" data-xpro-lightbox data-src=\"https:\/\/calidad.unap.cl\/acreditacion2027\/wp-content\/uploads\/sites\/2\/2025\/09\/IMG_0053-1.jpg\">\n\t\t\t\t\t\t\t<!-- Overlay -->\n\t\t\t\t\t\t\t<div class=\"cbp-l-caption-body\">\n\t\t\t\t\t\t\t\t\n\t\t\t\t\t\t\t\t\t\t\t\t\t\t\t\t\t<!-- Content -->\n\t\t\t\t\t\t\t\t\t<div class=\"xpro-overlay-content\">\n\t\t\t\t\t\t\t\t\t\t\t\t\t\t\t\t\t\t\t\t\t<h4 class=\"xpro-title\">Lanzamiento de Acreditaci\u00f3n 2027<\/h4>\n\t\t\t\t\t\t\t\t\t\t\t\t\t\t\t\t\t\t\t\t\t\t\t\t\t\t\t\t\t<\/div>\n\t\t\t\t\t\t\t\t\t\t\t\t\t\t\t<\/div>\n\t\t\t\t\t\t<\/div>\n\t\t\t\t\t<\/div>\n\t\t\t\t<\/div>\n\t\t\t<\/div>\n\n\t\t\n\t\t\t<!--Item-->\n\t\t\t<div class=\"cbp-item xpro-elementor-gallery-item ago\">\n\t\t\t\t<div class=\"cbp-caption\">\n\t\t\t\t\t<div class=\"cbp-caption-defaultWrap\">\n\t\t\t\t\t\t<img loading=\"lazy\" decoding=\"async\" width=\"2048\" height=\"1538\" src=\"https:\/\/calidad.unap.cl\/acreditacion2027\/wp-content\/uploads\/sites\/2\/2025\/11\/IMG_0444.jpg\" class=\"attachment-full size-full\" alt=\"\" srcset=\"https:\/\/calidad.unap.cl\/acreditacion2027\/wp-content\/uploads\/sites\/2\/2025\/11\/IMG_0444.jpg 2048w, https:\/\/calidad.unap.cl\/acreditacion2027\/wp-content\/uploads\/sites\/2\/2025\/11\/IMG_0444-300x225.jpg 300w, https:\/\/calidad.unap.cl\/acreditacion2027\/wp-content\/uploads\/sites\/2\/2025\/11\/IMG_0444-1024x769.jpg 1024w, https:\/\/calidad.unap.cl\/acreditacion2027\/wp-content\/uploads\/sites\/2\/2025\/11\/IMG_0444-768x577.jpg 768w, https:\/\/calidad.unap.cl\/acreditacion2027\/wp-content\/uploads\/sites\/2\/2025\/11\/IMG_0444-1536x1154.jpg 1536w\" sizes=\"(max-width: 2048px) 100vw, 2048px\" \/>\t\t\t\t\t<\/div>\n\t\t\t\t\t<div class=\"cbp-caption-activeWrap\">\n\t\t\t\t\t\t<div class=\"cbp-l-caption-alignCenter\" data-xpro-lightbox data-src=\"https:\/\/calidad.unap.cl\/acreditacion2027\/wp-content\/uploads\/sites\/2\/2025\/11\/IMG_0444.jpg\">\n\t\t\t\t\t\t\t<!-- Overlay -->\n\t\t\t\t\t\t\t<div class=\"cbp-l-caption-body\">\n\t\t\t\t\t\t\t\t\n\t\t\t\t\t\t\t\t\t\t\t\t\t\t\t\t\t<!-- Content -->\n\t\t\t\t\t\t\t\t\t<div class=\"xpro-overlay-content\">\n\t\t\t\t\t\t\t\t\t\t\t\t\t\t\t\t\t\t\t\t\t\t\t\t\t\t\t\t\t<\/div>\n\t\t\t\t\t\t\t\t\t\t\t\t\t\t\t<\/div>\n\t\t\t\t\t\t<\/div>\n\t\t\t\t\t<\/div>\n\t\t\t\t<\/div>\n\t\t\t<\/div>\n\n\t\t\n\t\t\t<!--Item-->\n\t\t\t<div class=\"cbp-item xpro-elementor-gallery-item ago\">\n\t\t\t\t<div class=\"cbp-caption\">\n\t\t\t\t\t<div class=\"cbp-caption-defaultWrap\">\n\t\t\t\t\t\t<img loading=\"lazy\" decoding=\"async\" width=\"2048\" height=\"1538\" src=\"https:\/\/calidad.unap.cl\/acreditacion2027\/wp-content\/uploads\/sites\/2\/2025\/11\/IMG_0458.jpg\" class=\"attachment-full size-full\" alt=\"\" srcset=\"https:\/\/calidad.unap.cl\/acreditacion2027\/wp-content\/uploads\/sites\/2\/2025\/11\/IMG_0458.jpg 2048w, https:\/\/calidad.unap.cl\/acreditacion2027\/wp-content\/uploads\/sites\/2\/2025\/11\/IMG_0458-300x225.jpg 300w, https:\/\/calidad.unap.cl\/acreditacion2027\/wp-content\/uploads\/sites\/2\/2025\/11\/IMG_0458-1024x769.jpg 1024w, https:\/\/calidad.unap.cl\/acreditacion2027\/wp-content\/uploads\/sites\/2\/2025\/11\/IMG_0458-768x577.jpg 768w, https:\/\/calidad.unap.cl\/acreditacion2027\/wp-content\/uploads\/sites\/2\/2025\/11\/IMG_0458-1536x1154.jpg 1536w\" sizes=\"(max-width: 2048px) 100vw, 2048px\" \/>\t\t\t\t\t<\/div>\n\t\t\t\t\t<div class=\"cbp-caption-activeWrap\">\n\t\t\t\t\t\t<div class=\"cbp-l-caption-alignCenter\" data-xpro-lightbox data-src=\"https:\/\/calidad.unap.cl\/acreditacion2027\/wp-content\/uploads\/sites\/2\/2025\/11\/IMG_0458.jpg\">\n\t\t\t\t\t\t\t<!-- Overlay -->\n\t\t\t\t\t\t\t<div class=\"cbp-l-caption-body\">\n\t\t\t\t\t\t\t\t\n\t\t\t\t\t\t\t\t\t\t\t\t\t\t\t\t\t<!-- Content -->\n\t\t\t\t\t\t\t\t\t<div class=\"xpro-overlay-content\">\n\t\t\t\t\t\t\t\t\t\t\t\t\t\t\t\t\t\t\t\t\t\t\t\t\t\t\t\t\t<\/div>\n\t\t\t\t\t\t\t\t\t\t\t\t\t\t\t<\/div>\n\t\t\t\t\t\t<\/div>\n\t\t\t\t\t<\/div>\n\t\t\t\t<\/div>\n\t\t\t<\/div>\n\n\t\t\n\t\t\t<!--Item-->\n\t\t\t<div class=\"cbp-item xpro-elementor-gallery-item ago\">\n\t\t\t\t<div class=\"cbp-caption\">\n\t\t\t\t\t<div class=\"cbp-caption-defaultWrap\">\n\t\t\t\t\t\t<img loading=\"lazy\" decoding=\"async\" width=\"2048\" height=\"1538\" src=\"https:\/\/calidad.unap.cl\/acreditacion2027\/wp-content\/uploads\/sites\/2\/2025\/11\/IMG_0474.jpg\" class=\"attachment-full size-full\" alt=\"\" srcset=\"https:\/\/calidad.unap.cl\/acreditacion2027\/wp-content\/uploads\/sites\/2\/2025\/11\/IMG_0474.jpg 2048w, https:\/\/calidad.unap.cl\/acreditacion2027\/wp-content\/uploads\/sites\/2\/2025\/11\/IMG_0474-300x225.jpg 300w, https:\/\/calidad.unap.cl\/acreditacion2027\/wp-content\/uploads\/sites\/2\/2025\/11\/IMG_0474-1024x769.jpg 1024w, https:\/\/calidad.unap.cl\/acreditacion2027\/wp-content\/uploads\/sites\/2\/2025\/11\/IMG_0474-768x577.jpg 768w, https:\/\/calidad.unap.cl\/acreditacion2027\/wp-content\/uploads\/sites\/2\/2025\/11\/IMG_0474-1536x1154.jpg 1536w\" sizes=\"(max-width: 2048px) 100vw, 2048px\" \/>\t\t\t\t\t<\/div>\n\t\t\t\t\t<div class=\"cbp-caption-activeWrap\">\n\t\t\t\t\t\t<div class=\"cbp-l-caption-alignCenter\" data-xpro-lightbox data-src=\"https:\/\/calidad.unap.cl\/acreditacion2027\/wp-content\/uploads\/sites\/2\/2025\/11\/IMG_0474.jpg\">\n\t\t\t\t\t\t\t<!-- Overlay -->\n\t\t\t\t\t\t\t<div class=\"cbp-l-caption-body\">\n\t\t\t\t\t\t\t\t\n\t\t\t\t\t\t\t\t\t\t\t\t\t\t\t\t\t<!-- Content -->\n\t\t\t\t\t\t\t\t\t<div class=\"xpro-overlay-content\">\n\t\t\t\t\t\t\t\t\t\t\t\t\t\t\t\t\t\t\t\t\t\t\t\t\t\t\t\t\t<\/div>\n\t\t\t\t\t\t\t\t\t\t\t\t\t\t\t<\/div>\n\t\t\t\t\t\t<\/div>\n\t\t\t\t\t<\/div>\n\t\t\t\t<\/div>\n\t\t\t<\/div>\n\n\t\t\n\t\t\t<!--Item-->\n\t\t\t<div class=\"cbp-item xpro-elementor-gallery-item ago\">\n\t\t\t\t<div class=\"cbp-caption\">\n\t\t\t\t\t<div class=\"cbp-caption-defaultWrap\">\n\t\t\t\t\t\t<img loading=\"lazy\" decoding=\"async\" width=\"2048\" height=\"1538\" src=\"https:\/\/calidad.unap.cl\/acreditacion2027\/wp-content\/uploads\/sites\/2\/2025\/11\/IMG_0486.jpg\" class=\"attachment-full size-full\" alt=\"\" srcset=\"https:\/\/calidad.unap.cl\/acreditacion2027\/wp-content\/uploads\/sites\/2\/2025\/11\/IMG_0486.jpg 2048w, https:\/\/calidad.unap.cl\/acreditacion2027\/wp-content\/uploads\/sites\/2\/2025\/11\/IMG_0486-300x225.jpg 300w, https:\/\/calidad.unap.cl\/acreditacion2027\/wp-content\/uploads\/sites\/2\/2025\/11\/IMG_0486-1024x769.jpg 1024w, https:\/\/calidad.unap.cl\/acreditacion2027\/wp-content\/uploads\/sites\/2\/2025\/11\/IMG_0486-768x577.jpg 768w, https:\/\/calidad.unap.cl\/acreditacion2027\/wp-content\/uploads\/sites\/2\/2025\/11\/IMG_0486-1536x1154.jpg 1536w\" sizes=\"(max-width: 2048px) 100vw, 2048px\" \/>\t\t\t\t\t<\/div>\n\t\t\t\t\t<div class=\"cbp-caption-activeWrap\">\n\t\t\t\t\t\t<div class=\"cbp-l-caption-alignCenter\" data-xpro-lightbox data-src=\"https:\/\/calidad.unap.cl\/acreditacion2027\/wp-content\/uploads\/sites\/2\/2025\/11\/IMG_0486.jpg\">\n\t\t\t\t\t\t\t<!-- Overlay -->\n\t\t\t\t\t\t\t<div class=\"cbp-l-caption-body\">\n\t\t\t\t\t\t\t\t\n\t\t\t\t\t\t\t\t\t\t\t\t\t\t\t\t\t<!-- Content -->\n\t\t\t\t\t\t\t\t\t<div class=\"xpro-overlay-content\">\n\t\t\t\t\t\t\t\t\t\t\t\t\t\t\t\t\t\t\t\t\t\t\t\t\t\t\t\t\t<\/div>\n\t\t\t\t\t\t\t\t\t\t\t\t\t\t\t<\/div>\n\t\t\t\t\t\t<\/div>\n\t\t\t\t\t<\/div>\n\t\t\t\t<\/div>\n\t\t\t<\/div>\n\n\t\t\n\t\t\t<!--Item-->\n\t\t\t<div class=\"cbp-item xpro-elementor-gallery-item ago\">\n\t\t\t\t<div class=\"cbp-caption\">\n\t\t\t\t\t<div class=\"cbp-caption-defaultWrap\">\n\t\t\t\t\t\t<img loading=\"lazy\" decoding=\"async\" width=\"2048\" height=\"1538\" src=\"https:\/\/calidad.unap.cl\/acreditacion2027\/wp-content\/uploads\/sites\/2\/2025\/11\/IMG_0488.jpg\" class=\"attachment-full size-full\" alt=\"\" srcset=\"https:\/\/calidad.unap.cl\/acreditacion2027\/wp-content\/uploads\/sites\/2\/2025\/11\/IMG_0488.jpg 2048w, https:\/\/calidad.unap.cl\/acreditacion2027\/wp-content\/uploads\/sites\/2\/2025\/11\/IMG_0488-300x225.jpg 300w, https:\/\/calidad.unap.cl\/acreditacion2027\/wp-content\/uploads\/sites\/2\/2025\/11\/IMG_0488-1024x769.jpg 1024w, https:\/\/calidad.unap.cl\/acreditacion2027\/wp-content\/uploads\/sites\/2\/2025\/11\/IMG_0488-768x577.jpg 768w, https:\/\/calidad.unap.cl\/acreditacion2027\/wp-content\/uploads\/sites\/2\/2025\/11\/IMG_0488-1536x1154.jpg 1536w\" sizes=\"(max-width: 2048px) 100vw, 2048px\" \/>\t\t\t\t\t<\/div>\n\t\t\t\t\t<div class=\"cbp-caption-activeWrap\">\n\t\t\t\t\t\t<div class=\"cbp-l-caption-alignCenter\" data-xpro-lightbox data-src=\"https:\/\/calidad.unap.cl\/acreditacion2027\/wp-content\/uploads\/sites\/2\/2025\/11\/IMG_0488.jpg\">\n\t\t\t\t\t\t\t<!-- Overlay -->\n\t\t\t\t\t\t\t<div class=\"cbp-l-caption-body\">\n\t\t\t\t\t\t\t\t\n\t\t\t\t\t\t\t\t\t\t\t\t\t\t\t\t\t<!-- Content -->\n\t\t\t\t\t\t\t\t\t<div class=\"xpro-overlay-content\">\n\t\t\t\t\t\t\t\t\t\t\t\t\t\t\t\t\t\t\t\t\t\t\t\t\t\t\t\t\t<\/div>\n\t\t\t\t\t\t\t\t\t\t\t\t\t\t\t<\/div>\n\t\t\t\t\t\t<\/div>\n\t\t\t\t\t<\/div>\n\t\t\t\t<\/div>\n\t\t\t<\/div>\n\n\t\t\n\t\t\t<!--Item-->\n\t\t\t<div class=\"cbp-item xpro-elementor-gallery-item ago\">\n\t\t\t\t<div class=\"cbp-caption\">\n\t\t\t\t\t<div class=\"cbp-caption-defaultWrap\">\n\t\t\t\t\t\t<img loading=\"lazy\" decoding=\"async\" width=\"2048\" height=\"1538\" src=\"https:\/\/calidad.unap.cl\/acreditacion2027\/wp-content\/uploads\/sites\/2\/2025\/11\/IMG_0492.jpg\" class=\"attachment-full size-full\" alt=\"\" srcset=\"https:\/\/calidad.unap.cl\/acreditacion2027\/wp-content\/uploads\/sites\/2\/2025\/11\/IMG_0492.jpg 2048w, https:\/\/calidad.unap.cl\/acreditacion2027\/wp-content\/uploads\/sites\/2\/2025\/11\/IMG_0492-300x225.jpg 300w, https:\/\/calidad.unap.cl\/acreditacion2027\/wp-content\/uploads\/sites\/2\/2025\/11\/IMG_0492-1024x769.jpg 1024w, https:\/\/calidad.unap.cl\/acreditacion2027\/wp-content\/uploads\/sites\/2\/2025\/11\/IMG_0492-768x577.jpg 768w, https:\/\/calidad.unap.cl\/acreditacion2027\/wp-content\/uploads\/sites\/2\/2025\/11\/IMG_0492-1536x1154.jpg 1536w\" sizes=\"(max-width: 2048px) 100vw, 2048px\" \/>\t\t\t\t\t<\/div>\n\t\t\t\t\t<div class=\"cbp-caption-activeWrap\">\n\t\t\t\t\t\t<div class=\"cbp-l-caption-alignCenter\" data-xpro-lightbox data-src=\"https:\/\/calidad.unap.cl\/acreditacion2027\/wp-content\/uploads\/sites\/2\/2025\/11\/IMG_0492.jpg\">\n\t\t\t\t\t\t\t<!-- Overlay -->\n\t\t\t\t\t\t\t<div class=\"cbp-l-caption-body\">\n\t\t\t\t\t\t\t\t\n\t\t\t\t\t\t\t\t\t\t\t\t\t\t\t\t\t<!-- Content -->\n\t\t\t\t\t\t\t\t\t<div class=\"xpro-overlay-content\">\n\t\t\t\t\t\t\t\t\t\t\t\t\t\t\t\t\t\t\t\t\t\t\t\t\t\t\t\t\t<\/div>\n\t\t\t\t\t\t\t\t\t\t\t\t\t\t\t<\/div>\n\t\t\t\t\t\t<\/div>\n\t\t\t\t\t<\/div>\n\t\t\t\t<\/div>\n\t\t\t<\/div>\n\n\t\t\n\t\t\t<!--Item-->\n\t\t\t<div class=\"cbp-item xpro-elementor-gallery-item ago\">\n\t\t\t\t<div class=\"cbp-caption\">\n\t\t\t\t\t<div class=\"cbp-caption-defaultWrap\">\n\t\t\t\t\t\t<img loading=\"lazy\" decoding=\"async\" width=\"2048\" height=\"1538\" src=\"https:\/\/calidad.unap.cl\/acreditacion2027\/wp-content\/uploads\/sites\/2\/2025\/11\/IMG_0493.jpg\" class=\"attachment-full size-full\" alt=\"\" srcset=\"https:\/\/calidad.unap.cl\/acreditacion2027\/wp-content\/uploads\/sites\/2\/2025\/11\/IMG_0493.jpg 2048w, https:\/\/calidad.unap.cl\/acreditacion2027\/wp-content\/uploads\/sites\/2\/2025\/11\/IMG_0493-300x225.jpg 300w, https:\/\/calidad.unap.cl\/acreditacion2027\/wp-content\/uploads\/sites\/2\/2025\/11\/IMG_0493-1024x769.jpg 1024w, https:\/\/calidad.unap.cl\/acreditacion2027\/wp-content\/uploads\/sites\/2\/2025\/11\/IMG_0493-768x577.jpg 768w, https:\/\/calidad.unap.cl\/acreditacion2027\/wp-content\/uploads\/sites\/2\/2025\/11\/IMG_0493-1536x1154.jpg 1536w\" sizes=\"(max-width: 2048px) 100vw, 2048px\" \/>\t\t\t\t\t<\/div>\n\t\t\t\t\t<div class=\"cbp-caption-activeWrap\">\n\t\t\t\t\t\t<div class=\"cbp-l-caption-alignCenter\" data-xpro-lightbox data-src=\"https:\/\/calidad.unap.cl\/acreditacion2027\/wp-content\/uploads\/sites\/2\/2025\/11\/IMG_0493.jpg\">\n\t\t\t\t\t\t\t<!-- Overlay -->\n\t\t\t\t\t\t\t<div class=\"cbp-l-caption-body\">\n\t\t\t\t\t\t\t\t\n\t\t\t\t\t\t\t\t\t\t\t\t\t\t\t\t\t<!-- Content -->\n\t\t\t\t\t\t\t\t\t<div class=\"xpro-overlay-content\">\n\t\t\t\t\t\t\t\t\t\t\t\t\t\t\t\t\t\t\t\t\t\t\t\t\t\t\t\t\t<\/div>\n\t\t\t\t\t\t\t\t\t\t\t\t\t\t\t<\/div>\n\t\t\t\t\t\t<\/div>\n\t\t\t\t\t<\/div>\n\t\t\t\t<\/div>\n\t\t\t<\/div>\n\n\t\t\n\t\t\t<!--Item-->\n\t\t\t<div class=\"cbp-item xpro-elementor-gallery-item ago\">\n\t\t\t\t<div class=\"cbp-caption\">\n\t\t\t\t\t<div class=\"cbp-caption-defaultWrap\">\n\t\t\t\t\t\t<img loading=\"lazy\" decoding=\"async\" width=\"2048\" height=\"1538\" src=\"https:\/\/calidad.unap.cl\/acreditacion2027\/wp-content\/uploads\/sites\/2\/2025\/11\/IMG_0495.jpg\" class=\"attachment-full size-full\" alt=\"\" srcset=\"https:\/\/calidad.unap.cl\/acreditacion2027\/wp-content\/uploads\/sites\/2\/2025\/11\/IMG_0495.jpg 2048w, https:\/\/calidad.unap.cl\/acreditacion2027\/wp-content\/uploads\/sites\/2\/2025\/11\/IMG_0495-300x225.jpg 300w, https:\/\/calidad.unap.cl\/acreditacion2027\/wp-content\/uploads\/sites\/2\/2025\/11\/IMG_0495-1024x769.jpg 1024w, https:\/\/calidad.unap.cl\/acreditacion2027\/wp-content\/uploads\/sites\/2\/2025\/11\/IMG_0495-768x577.jpg 768w, https:\/\/calidad.unap.cl\/acreditacion2027\/wp-content\/uploads\/sites\/2\/2025\/11\/IMG_0495-1536x1154.jpg 1536w\" sizes=\"(max-width: 2048px) 100vw, 2048px\" \/>\t\t\t\t\t<\/div>\n\t\t\t\t\t<div class=\"cbp-caption-activeWrap\">\n\t\t\t\t\t\t<div class=\"cbp-l-caption-alignCenter\" data-xpro-lightbox data-src=\"https:\/\/calidad.unap.cl\/acreditacion2027\/wp-content\/uploads\/sites\/2\/2025\/11\/IMG_0495.jpg\">\n\t\t\t\t\t\t\t<!-- Overlay -->\n\t\t\t\t\t\t\t<div class=\"cbp-l-caption-body\">\n\t\t\t\t\t\t\t\t\n\t\t\t\t\t\t\t\t\t\t\t\t\t\t\t\t\t<!-- Content -->\n\t\t\t\t\t\t\t\t\t<div class=\"xpro-overlay-content\">\n\t\t\t\t\t\t\t\t\t\t\t\t\t\t\t\t\t\t\t\t\t\t\t\t\t\t\t\t\t<\/div>\n\t\t\t\t\t\t\t\t\t\t\t\t\t\t\t<\/div>\n\t\t\t\t\t\t<\/div>\n\t\t\t\t\t<\/div>\n\t\t\t\t<\/div>\n\t\t\t<\/div>\n\n\t\t\n\t\t\t<!--Item-->\n\t\t\t<div class=\"cbp-item xpro-elementor-gallery-item ago\">\n\t\t\t\t<div class=\"cbp-caption\">\n\t\t\t\t\t<div class=\"cbp-caption-defaultWrap\">\n\t\t\t\t\t\t<img loading=\"lazy\" decoding=\"async\" width=\"2048\" height=\"1538\" src=\"https:\/\/calidad.unap.cl\/acreditacion2027\/wp-content\/uploads\/sites\/2\/2025\/11\/IMG_0695.jpg\" class=\"attachment-full size-full\" alt=\"\" srcset=\"https:\/\/calidad.unap.cl\/acreditacion2027\/wp-content\/uploads\/sites\/2\/2025\/11\/IMG_0695.jpg 2048w, https:\/\/calidad.unap.cl\/acreditacion2027\/wp-content\/uploads\/sites\/2\/2025\/11\/IMG_0695-300x225.jpg 300w, https:\/\/calidad.unap.cl\/acreditacion2027\/wp-content\/uploads\/sites\/2\/2025\/11\/IMG_0695-1024x769.jpg 1024w, https:\/\/calidad.unap.cl\/acreditacion2027\/wp-content\/uploads\/sites\/2\/2025\/11\/IMG_0695-768x577.jpg 768w, https:\/\/calidad.unap.cl\/acreditacion2027\/wp-content\/uploads\/sites\/2\/2025\/11\/IMG_0695-1536x1154.jpg 1536w\" sizes=\"(max-width: 2048px) 100vw, 2048px\" \/>\t\t\t\t\t<\/div>\n\t\t\t\t\t<div class=\"cbp-caption-activeWrap\">\n\t\t\t\t\t\t<div class=\"cbp-l-caption-alignCenter\" data-xpro-lightbox data-src=\"https:\/\/calidad.unap.cl\/acreditacion2027\/wp-content\/uploads\/sites\/2\/2025\/11\/IMG_0695.jpg\">\n\t\t\t\t\t\t\t<!-- Overlay -->\n\t\t\t\t\t\t\t<div class=\"cbp-l-caption-body\">\n\t\t\t\t\t\t\t\t\n\t\t\t\t\t\t\t\t\t\t\t\t\t\t\t\t\t<!-- Content -->\n\t\t\t\t\t\t\t\t\t<div class=\"xpro-overlay-content\">\n\t\t\t\t\t\t\t\t\t\t\t\t\t\t\t\t\t\t\t\t\t\t\t\t\t\t\t\t\t<\/div>\n\t\t\t\t\t\t\t\t\t\t\t\t\t\t\t<\/div>\n\t\t\t\t\t\t<\/div>\n\t\t\t\t\t<\/div>\n\t\t\t\t<\/div>\n\t\t\t<\/div>\n\n\t\t\n\t\t\t<!--Item-->\n\t\t\t<div class=\"cbp-item xpro-elementor-gallery-item ago\">\n\t\t\t\t<div class=\"cbp-caption\">\n\t\t\t\t\t<div class=\"cbp-caption-defaultWrap\">\n\t\t\t\t\t\t<img loading=\"lazy\" decoding=\"async\" width=\"2048\" height=\"1538\" src=\"https:\/\/calidad.unap.cl\/acreditacion2027\/wp-content\/uploads\/sites\/2\/2025\/11\/IMG_0696.jpg\" class=\"attachment-full size-full\" alt=\"\" srcset=\"https:\/\/calidad.unap.cl\/acreditacion2027\/wp-content\/uploads\/sites\/2\/2025\/11\/IMG_0696.jpg 2048w, https:\/\/calidad.unap.cl\/acreditacion2027\/wp-content\/uploads\/sites\/2\/2025\/11\/IMG_0696-300x225.jpg 300w, https:\/\/calidad.unap.cl\/acreditacion2027\/wp-content\/uploads\/sites\/2\/2025\/11\/IMG_0696-1024x769.jpg 1024w, https:\/\/calidad.unap.cl\/acreditacion2027\/wp-content\/uploads\/sites\/2\/2025\/11\/IMG_0696-768x577.jpg 768w, https:\/\/calidad.unap.cl\/acreditacion2027\/wp-content\/uploads\/sites\/2\/2025\/11\/IMG_0696-1536x1154.jpg 1536w\" sizes=\"(max-width: 2048px) 100vw, 2048px\" \/>\t\t\t\t\t<\/div>\n\t\t\t\t\t<div class=\"cbp-caption-activeWrap\">\n\t\t\t\t\t\t<div class=\"cbp-l-caption-alignCenter\" data-xpro-lightbox data-src=\"https:\/\/calidad.unap.cl\/acreditacion2027\/wp-content\/uploads\/sites\/2\/2025\/11\/IMG_0696.jpg\">\n\t\t\t\t\t\t\t<!-- Overlay -->\n\t\t\t\t\t\t\t<div class=\"cbp-l-caption-body\">\n\t\t\t\t\t\t\t\t\n\t\t\t\t\t\t\t\t\t\t\t\t\t\t\t\t\t<!-- Content -->\n\t\t\t\t\t\t\t\t\t<div class=\"xpro-overlay-content\">\n\t\t\t\t\t\t\t\t\t\t\t\t\t\t\t\t\t\t\t\t\t\t\t\t\t\t\t\t\t<\/div>\n\t\t\t\t\t\t\t\t\t\t\t\t\t\t\t<\/div>\n\t\t\t\t\t\t<\/div>\n\t\t\t\t\t<\/div>\n\t\t\t\t<\/div>\n\t\t\t<\/div>\n\n\t\t\n\t\t\t<!--Item-->\n\t\t\t<div class=\"cbp-item xpro-elementor-gallery-item ago\">\n\t\t\t\t<div class=\"cbp-caption\">\n\t\t\t\t\t<div class=\"cbp-caption-defaultWrap\">\n\t\t\t\t\t\t<img loading=\"lazy\" decoding=\"async\" width=\"2048\" height=\"1538\" src=\"https:\/\/calidad.unap.cl\/acreditacion2027\/wp-content\/uploads\/sites\/2\/2025\/11\/IMG_0710.jpg\" class=\"attachment-full size-full\" alt=\"\" srcset=\"https:\/\/calidad.unap.cl\/acreditacion2027\/wp-content\/uploads\/sites\/2\/2025\/11\/IMG_0710.jpg 2048w, https:\/\/calidad.unap.cl\/acreditacion2027\/wp-content\/uploads\/sites\/2\/2025\/11\/IMG_0710-300x225.jpg 300w, https:\/\/calidad.unap.cl\/acreditacion2027\/wp-content\/uploads\/sites\/2\/2025\/11\/IMG_0710-1024x769.jpg 1024w, https:\/\/calidad.unap.cl\/acreditacion2027\/wp-content\/uploads\/sites\/2\/2025\/11\/IMG_0710-768x577.jpg 768w, https:\/\/calidad.unap.cl\/acreditacion2027\/wp-content\/uploads\/sites\/2\/2025\/11\/IMG_0710-1536x1154.jpg 1536w\" sizes=\"(max-width: 2048px) 100vw, 2048px\" \/>\t\t\t\t\t<\/div>\n\t\t\t\t\t<div class=\"cbp-caption-activeWrap\">\n\t\t\t\t\t\t<div class=\"cbp-l-caption-alignCenter\" data-xpro-lightbox data-src=\"https:\/\/calidad.unap.cl\/acreditacion2027\/wp-content\/uploads\/sites\/2\/2025\/11\/IMG_0710.jpg\">\n\t\t\t\t\t\t\t<!-- Overlay -->\n\t\t\t\t\t\t\t<div class=\"cbp-l-caption-body\">\n\t\t\t\t\t\t\t\t\n\t\t\t\t\t\t\t\t\t\t\t\t\t\t\t\t\t<!-- Content -->\n\t\t\t\t\t\t\t\t\t<div class=\"xpro-overlay-content\">\n\t\t\t\t\t\t\t\t\t\t\t\t\t\t\t\t\t\t\t\t\t\t\t\t\t\t\t\t\t<\/div>\n\t\t\t\t\t\t\t\t\t\t\t\t\t\t\t<\/div>\n\t\t\t\t\t\t<\/div>\n\t\t\t\t\t<\/div>\n\t\t\t\t<\/div>\n\t\t\t<\/div>\n\n\t\t\n\t\t\t<!--Item-->\n\t\t\t<div class=\"cbp-item xpro-elementor-gallery-item ago\">\n\t\t\t\t<div class=\"cbp-caption\">\n\t\t\t\t\t<div class=\"cbp-caption-defaultWrap\">\n\t\t\t\t\t\t<img loading=\"lazy\" decoding=\"async\" width=\"2048\" height=\"1538\" src=\"https:\/\/calidad.unap.cl\/acreditacion2027\/wp-content\/uploads\/sites\/2\/2025\/11\/IMG_0716.jpg\" class=\"attachment-full size-full\" alt=\"\" srcset=\"https:\/\/calidad.unap.cl\/acreditacion2027\/wp-content\/uploads\/sites\/2\/2025\/11\/IMG_0716.jpg 2048w, https:\/\/calidad.unap.cl\/acreditacion2027\/wp-content\/uploads\/sites\/2\/2025\/11\/IMG_0716-300x225.jpg 300w, https:\/\/calidad.unap.cl\/acreditacion2027\/wp-content\/uploads\/sites\/2\/2025\/11\/IMG_0716-1024x769.jpg 1024w, https:\/\/calidad.unap.cl\/acreditacion2027\/wp-content\/uploads\/sites\/2\/2025\/11\/IMG_0716-768x577.jpg 768w, https:\/\/calidad.unap.cl\/acreditacion2027\/wp-content\/uploads\/sites\/2\/2025\/11\/IMG_0716-1536x1154.jpg 1536w\" sizes=\"(max-width: 2048px) 100vw, 2048px\" \/>\t\t\t\t\t<\/div>\n\t\t\t\t\t<div class=\"cbp-caption-activeWrap\">\n\t\t\t\t\t\t<div class=\"cbp-l-caption-alignCenter\" data-xpro-lightbox data-src=\"https:\/\/calidad.unap.cl\/acreditacion2027\/wp-content\/uploads\/sites\/2\/2025\/11\/IMG_0716.jpg\">\n\t\t\t\t\t\t\t<!-- Overlay -->\n\t\t\t\t\t\t\t<div class=\"cbp-l-caption-body\">\n\t\t\t\t\t\t\t\t\n\t\t\t\t\t\t\t\t\t\t\t\t\t\t\t\t\t<!-- Content -->\n\t\t\t\t\t\t\t\t\t<div class=\"xpro-overlay-content\">\n\t\t\t\t\t\t\t\t\t\t\t\t\t\t\t\t\t\t\t\t\t\t\t\t\t\t\t\t\t<\/div>\n\t\t\t\t\t\t\t\t\t\t\t\t\t\t\t<\/div>\n\t\t\t\t\t\t<\/div>\n\t\t\t\t\t<\/div>\n\t\t\t\t<\/div>\n\t\t\t<\/div>\n\n\t\t\n\t\t\t<!--Item-->\n\t\t\t<div class=\"cbp-item xpro-elementor-gallery-item ago\">\n\t\t\t\t<div class=\"cbp-caption\">\n\t\t\t\t\t<div class=\"cbp-caption-defaultWrap\">\n\t\t\t\t\t\t<img loading=\"lazy\" decoding=\"async\" width=\"2048\" height=\"1538\" src=\"https:\/\/calidad.unap.cl\/acreditacion2027\/wp-content\/uploads\/sites\/2\/2025\/11\/IMG_0717.jpg\" class=\"attachment-full size-full\" alt=\"\" srcset=\"https:\/\/calidad.unap.cl\/acreditacion2027\/wp-content\/uploads\/sites\/2\/2025\/11\/IMG_0717.jpg 2048w, https:\/\/calidad.unap.cl\/acreditacion2027\/wp-content\/uploads\/sites\/2\/2025\/11\/IMG_0717-300x225.jpg 300w, https:\/\/calidad.unap.cl\/acreditacion2027\/wp-content\/uploads\/sites\/2\/2025\/11\/IMG_0717-1024x769.jpg 1024w, https:\/\/calidad.unap.cl\/acreditacion2027\/wp-content\/uploads\/sites\/2\/2025\/11\/IMG_0717-768x577.jpg 768w, https:\/\/calidad.unap.cl\/acreditacion2027\/wp-content\/uploads\/sites\/2\/2025\/11\/IMG_0717-1536x1154.jpg 1536w\" sizes=\"(max-width: 2048px) 100vw, 2048px\" \/>\t\t\t\t\t<\/div>\n\t\t\t\t\t<div class=\"cbp-caption-activeWrap\">\n\t\t\t\t\t\t<div class=\"cbp-l-caption-alignCenter\" data-xpro-lightbox data-src=\"https:\/\/calidad.unap.cl\/acreditacion2027\/wp-content\/uploads\/sites\/2\/2025\/11\/IMG_0717.jpg\">\n\t\t\t\t\t\t\t<!-- Overlay -->\n\t\t\t\t\t\t\t<div class=\"cbp-l-caption-body\">\n\t\t\t\t\t\t\t\t\n\t\t\t\t\t\t\t\t\t\t\t\t\t\t\t\t\t<!-- Content -->\n\t\t\t\t\t\t\t\t\t<div class=\"xpro-overlay-content\">\n\t\t\t\t\t\t\t\t\t\t\t\t\t\t\t\t\t\t\t\t\t\t\t\t\t\t\t\t\t<\/div>\n\t\t\t\t\t\t\t\t\t\t\t\t\t\t\t<\/div>\n\t\t\t\t\t\t<\/div>\n\t\t\t\t\t<\/div>\n\t\t\t\t<\/div>\n\t\t\t<\/div>\n\n\t\t\n\t\t\t<!--Item-->\n\t\t\t<div class=\"cbp-item xpro-elementor-gallery-item ago\">\n\t\t\t\t<div class=\"cbp-caption\">\n\t\t\t\t\t<div class=\"cbp-caption-defaultWrap\">\n\t\t\t\t\t\t<img loading=\"lazy\" decoding=\"async\" width=\"2048\" height=\"1538\" src=\"https:\/\/calidad.unap.cl\/acreditacion2027\/wp-content\/uploads\/sites\/2\/2025\/11\/IMG_0718.jpg\" class=\"attachment-full size-full\" alt=\"\" srcset=\"https:\/\/calidad.unap.cl\/acreditacion2027\/wp-content\/uploads\/sites\/2\/2025\/11\/IMG_0718.jpg 2048w, https:\/\/calidad.unap.cl\/acreditacion2027\/wp-content\/uploads\/sites\/2\/2025\/11\/IMG_0718-300x225.jpg 300w, https:\/\/calidad.unap.cl\/acreditacion2027\/wp-content\/uploads\/sites\/2\/2025\/11\/IMG_0718-1024x769.jpg 1024w, https:\/\/calidad.unap.cl\/acreditacion2027\/wp-content\/uploads\/sites\/2\/2025\/11\/IMG_0718-768x577.jpg 768w, https:\/\/calidad.unap.cl\/acreditacion2027\/wp-content\/uploads\/sites\/2\/2025\/11\/IMG_0718-1536x1154.jpg 1536w\" sizes=\"(max-width: 2048px) 100vw, 2048px\" \/>\t\t\t\t\t<\/div>\n\t\t\t\t\t<div class=\"cbp-caption-activeWrap\">\n\t\t\t\t\t\t<div class=\"cbp-l-caption-alignCenter\" data-xpro-lightbox data-src=\"https:\/\/calidad.unap.cl\/acreditacion2027\/wp-content\/uploads\/sites\/2\/2025\/11\/IMG_0718.jpg\">\n\t\t\t\t\t\t\t<!-- Overlay -->\n\t\t\t\t\t\t\t<div class=\"cbp-l-caption-body\">\n\t\t\t\t\t\t\t\t\n\t\t\t\t\t\t\t\t\t\t\t\t\t\t\t\t\t<!-- Content -->\n\t\t\t\t\t\t\t\t\t<div class=\"xpro-overlay-content\">\n\t\t\t\t\t\t\t\t\t\t\t\t\t\t\t\t\t\t\t\t\t\t\t\t\t\t\t\t\t<\/div>\n\t\t\t\t\t\t\t\t\t\t\t\t\t\t\t<\/div>\n\t\t\t\t\t\t<\/div>\n\t\t\t\t\t<\/div>\n\t\t\t\t<\/div>\n\t\t\t<\/div>\n\n\t\t\n\t\t\t<!--Item-->\n\t\t\t<div class=\"cbp-item xpro-elementor-gallery-item sep\">\n\t\t\t\t<div class=\"cbp-caption\">\n\t\t\t\t\t<div class=\"cbp-caption-defaultWrap\">\n\t\t\t\t\t\t<img loading=\"lazy\" decoding=\"async\" width=\"2048\" height=\"1638\" src=\"https:\/\/calidad.unap.cl\/acreditacion2027\/wp-content\/uploads\/sites\/2\/2025\/09\/IMG_1217.jpg\" class=\"attachment-full size-full\" alt=\"\" srcset=\"https:\/\/calidad.unap.cl\/acreditacion2027\/wp-content\/uploads\/sites\/2\/2025\/09\/IMG_1217.jpg 2048w, https:\/\/calidad.unap.cl\/acreditacion2027\/wp-content\/uploads\/sites\/2\/2025\/09\/IMG_1217-300x240.jpg 300w, https:\/\/calidad.unap.cl\/acreditacion2027\/wp-content\/uploads\/sites\/2\/2025\/09\/IMG_1217-1024x819.jpg 1024w, https:\/\/calidad.unap.cl\/acreditacion2027\/wp-content\/uploads\/sites\/2\/2025\/09\/IMG_1217-768x614.jpg 768w, https:\/\/calidad.unap.cl\/acreditacion2027\/wp-content\/uploads\/sites\/2\/2025\/09\/IMG_1217-1536x1229.jpg 1536w\" sizes=\"(max-width: 2048px) 100vw, 2048px\" \/>\t\t\t\t\t<\/div>\n\t\t\t\t\t<div class=\"cbp-caption-activeWrap\">\n\t\t\t\t\t\t<div class=\"cbp-l-caption-alignCenter\" data-xpro-lightbox data-src=\"https:\/\/calidad.unap.cl\/acreditacion2027\/wp-content\/uploads\/sites\/2\/2025\/09\/IMG_1217.jpg\">\n\t\t\t\t\t\t\t<!-- Overlay -->\n\t\t\t\t\t\t\t<div class=\"cbp-l-caption-body\">\n\t\t\t\t\t\t\t\t\n\t\t\t\t\t\t\t\t\t\t\t\t\t\t\t\t\t<!-- Content -->\n\t\t\t\t\t\t\t\t\t<div class=\"xpro-overlay-content\">\n\t\t\t\t\t\t\t\t\t\t\t\t\t\t\t\t\t\t\t\t\t<h4 class=\"xpro-title\">Reuni\u00f3n Revici\u00f3n de Mecanismo de Aseguramiento de la calidad DGVRII<\/h4>\n\t\t\t\t\t\t\t\t\t\t\t\t\t\t\t\t\t\t\t\t\t\t\t\t\t\t\t\t\t<\/div>\n\t\t\t\t\t\t\t\t\t\t\t\t\t\t\t<\/div>\n\t\t\t\t\t\t<\/div>\n\t\t\t\t\t<\/div>\n\t\t\t\t<\/div>\n\t\t\t<\/div>\n\n\t\t\n\t\t\t<!--Item-->\n\t\t\t<div class=\"cbp-item xpro-elementor-gallery-item sep\">\n\t\t\t\t<div class=\"cbp-caption\">\n\t\t\t\t\t<div class=\"cbp-caption-defaultWrap\">\n\t\t\t\t\t\t<img loading=\"lazy\" decoding=\"async\" width=\"2048\" height=\"1638\" src=\"https:\/\/calidad.unap.cl\/acreditacion2027\/wp-content\/uploads\/sites\/2\/2025\/09\/IMG_1220.jpg\" class=\"attachment-full size-full\" alt=\"\" srcset=\"https:\/\/calidad.unap.cl\/acreditacion2027\/wp-content\/uploads\/sites\/2\/2025\/09\/IMG_1220.jpg 2048w, https:\/\/calidad.unap.cl\/acreditacion2027\/wp-content\/uploads\/sites\/2\/2025\/09\/IMG_1220-300x240.jpg 300w, https:\/\/calidad.unap.cl\/acreditacion2027\/wp-content\/uploads\/sites\/2\/2025\/09\/IMG_1220-1024x819.jpg 1024w, https:\/\/calidad.unap.cl\/acreditacion2027\/wp-content\/uploads\/sites\/2\/2025\/09\/IMG_1220-768x614.jpg 768w, https:\/\/calidad.unap.cl\/acreditacion2027\/wp-content\/uploads\/sites\/2\/2025\/09\/IMG_1220-1536x1229.jpg 1536w\" sizes=\"(max-width: 2048px) 100vw, 2048px\" \/>\t\t\t\t\t<\/div>\n\t\t\t\t\t<div class=\"cbp-caption-activeWrap\">\n\t\t\t\t\t\t<div class=\"cbp-l-caption-alignCenter\" data-xpro-lightbox data-src=\"https:\/\/calidad.unap.cl\/acreditacion2027\/wp-content\/uploads\/sites\/2\/2025\/09\/IMG_1220.jpg\">\n\t\t\t\t\t\t\t<!-- Overlay -->\n\t\t\t\t\t\t\t<div class=\"cbp-l-caption-body\">\n\t\t\t\t\t\t\t\t\n\t\t\t\t\t\t\t\t\t\t\t\t\t\t\t\t\t<!-- Content -->\n\t\t\t\t\t\t\t\t\t<div class=\"xpro-overlay-content\">\n\t\t\t\t\t\t\t\t\t\t\t\t\t\t\t\t\t\t\t\t\t<h4 class=\"xpro-title\">Reuni\u00f3n Revici\u00f3n de Mecanismo de Aseguramiento de la calidad DGVRII<\/h4>\n\t\t\t\t\t\t\t\t\t\t\t\t\t\t\t\t\t\t\t\t\t\t\t\t\t\t\t\t\t<\/div>\n\t\t\t\t\t\t\t\t\t\t\t\t\t\t\t<\/div>\n\t\t\t\t\t\t<\/div>\n\t\t\t\t\t<\/div>\n\t\t\t\t<\/div>\n\t\t\t<\/div>\n\n\t\t\n\t\t\t<!--Item-->\n\t\t\t<div class=\"cbp-item xpro-elementor-gallery-item sep\">\n\t\t\t\t<div class=\"cbp-caption\">\n\t\t\t\t\t<div class=\"cbp-caption-defaultWrap\">\n\t\t\t\t\t\t<img loading=\"lazy\" decoding=\"async\" width=\"2048\" height=\"1638\" src=\"https:\/\/calidad.unap.cl\/acreditacion2027\/wp-content\/uploads\/sites\/2\/2025\/09\/IMG_1228.jpg\" class=\"attachment-full size-full\" alt=\"\" srcset=\"https:\/\/calidad.unap.cl\/acreditacion2027\/wp-content\/uploads\/sites\/2\/2025\/09\/IMG_1228.jpg 2048w, https:\/\/calidad.unap.cl\/acreditacion2027\/wp-content\/uploads\/sites\/2\/2025\/09\/IMG_1228-300x240.jpg 300w, https:\/\/calidad.unap.cl\/acreditacion2027\/wp-content\/uploads\/sites\/2\/2025\/09\/IMG_1228-1024x819.jpg 1024w, https:\/\/calidad.unap.cl\/acreditacion2027\/wp-content\/uploads\/sites\/2\/2025\/09\/IMG_1228-768x614.jpg 768w, https:\/\/calidad.unap.cl\/acreditacion2027\/wp-content\/uploads\/sites\/2\/2025\/09\/IMG_1228-1536x1229.jpg 1536w\" sizes=\"(max-width: 2048px) 100vw, 2048px\" \/>\t\t\t\t\t<\/div>\n\t\t\t\t\t<div class=\"cbp-caption-activeWrap\">\n\t\t\t\t\t\t<div class=\"cbp-l-caption-alignCenter\" data-xpro-lightbox data-src=\"https:\/\/calidad.unap.cl\/acreditacion2027\/wp-content\/uploads\/sites\/2\/2025\/09\/IMG_1228.jpg\">\n\t\t\t\t\t\t\t<!-- Overlay -->\n\t\t\t\t\t\t\t<div class=\"cbp-l-caption-body\">\n\t\t\t\t\t\t\t\t\n\t\t\t\t\t\t\t\t\t\t\t\t\t\t\t\t\t<!-- Content -->\n\t\t\t\t\t\t\t\t\t<div class=\"xpro-overlay-content\">\n\t\t\t\t\t\t\t\t\t\t\t\t\t\t\t\t\t\t\t\t\t<h4 class=\"xpro-title\">Reuni\u00f3n Revici\u00f3n de Mecanismo de Aseguramiento de la calidad DGVRII<\/h4>\n\t\t\t\t\t\t\t\t\t\t\t\t\t\t\t\t\t\t\t\t\t\t\t\t\t\t\t\t\t<\/div>\n\t\t\t\t\t\t\t\t\t\t\t\t\t\t\t<\/div>\n\t\t\t\t\t\t<\/div>\n\t\t\t\t\t<\/div>\n\t\t\t\t<\/div>\n\t\t\t<\/div>\n\n\t\t\n\t\t\t<!--Item-->\n\t\t\t<div class=\"cbp-item xpro-elementor-gallery-item sep\">\n\t\t\t\t<div class=\"cbp-caption\">\n\t\t\t\t\t<div class=\"cbp-caption-defaultWrap\">\n\t\t\t\t\t\t<img loading=\"lazy\" decoding=\"async\" width=\"2048\" height=\"1638\" src=\"https:\/\/calidad.unap.cl\/acreditacion2027\/wp-content\/uploads\/sites\/2\/2025\/09\/IMG_1230.jpg\" class=\"attachment-full size-full\" alt=\"\" srcset=\"https:\/\/calidad.unap.cl\/acreditacion2027\/wp-content\/uploads\/sites\/2\/2025\/09\/IMG_1230.jpg 2048w, https:\/\/calidad.unap.cl\/acreditacion2027\/wp-content\/uploads\/sites\/2\/2025\/09\/IMG_1230-300x240.jpg 300w, https:\/\/calidad.unap.cl\/acreditacion2027\/wp-content\/uploads\/sites\/2\/2025\/09\/IMG_1230-1024x819.jpg 1024w, https:\/\/calidad.unap.cl\/acreditacion2027\/wp-content\/uploads\/sites\/2\/2025\/09\/IMG_1230-768x614.jpg 768w, https:\/\/calidad.unap.cl\/acreditacion2027\/wp-content\/uploads\/sites\/2\/2025\/09\/IMG_1230-1536x1229.jpg 1536w\" sizes=\"(max-width: 2048px) 100vw, 2048px\" \/>\t\t\t\t\t<\/div>\n\t\t\t\t\t<div class=\"cbp-caption-activeWrap\">\n\t\t\t\t\t\t<div class=\"cbp-l-caption-alignCenter\" data-xpro-lightbox data-src=\"https:\/\/calidad.unap.cl\/acreditacion2027\/wp-content\/uploads\/sites\/2\/2025\/09\/IMG_1230.jpg\">\n\t\t\t\t\t\t\t<!-- Overlay -->\n\t\t\t\t\t\t\t<div class=\"cbp-l-caption-body\">\n\t\t\t\t\t\t\t\t\n\t\t\t\t\t\t\t\t\t\t\t\t\t\t\t\t\t<!-- Content -->\n\t\t\t\t\t\t\t\t\t<div class=\"xpro-overlay-content\">\n\t\t\t\t\t\t\t\t\t\t\t\t\t\t\t\t\t\t\t\t\t<h4 class=\"xpro-title\">Reuni\u00f3n Revici\u00f3n de Mecanismo de Aseguramiento de la calidad DGVRII<\/h4>\n\t\t\t\t\t\t\t\t\t\t\t\t\t\t\t\t\t\t\t\t\t\t\t\t\t\t\t\t\t<\/div>\n\t\t\t\t\t\t\t\t\t\t\t\t\t\t\t<\/div>\n\t\t\t\t\t\t<\/div>\n\t\t\t\t\t<\/div>\n\t\t\t\t<\/div>\n\t\t\t<\/div>\n\n\t\t\n\t\t\t<!--Item-->\n\t\t\t<div class=\"cbp-item xpro-elementor-gallery-item sep\">\n\t\t\t\t<div class=\"cbp-caption\">\n\t\t\t\t\t<div class=\"cbp-caption-defaultWrap\">\n\t\t\t\t\t\t<img loading=\"lazy\" decoding=\"async\" width=\"2048\" height=\"1538\" src=\"https:\/\/calidad.unap.cl\/acreditacion2027\/wp-content\/uploads\/sites\/2\/2025\/09\/IMG_1232.jpg\" class=\"attachment-full size-full\" alt=\"\" srcset=\"https:\/\/calidad.unap.cl\/acreditacion2027\/wp-content\/uploads\/sites\/2\/2025\/09\/IMG_1232.jpg 2048w, https:\/\/calidad.unap.cl\/acreditacion2027\/wp-content\/uploads\/sites\/2\/2025\/09\/IMG_1232-300x225.jpg 300w, https:\/\/calidad.unap.cl\/acreditacion2027\/wp-content\/uploads\/sites\/2\/2025\/09\/IMG_1232-1024x769.jpg 1024w, https:\/\/calidad.unap.cl\/acreditacion2027\/wp-content\/uploads\/sites\/2\/2025\/09\/IMG_1232-768x577.jpg 768w, https:\/\/calidad.unap.cl\/acreditacion2027\/wp-content\/uploads\/sites\/2\/2025\/09\/IMG_1232-1536x1154.jpg 1536w\" sizes=\"(max-width: 2048px) 100vw, 2048px\" \/>\t\t\t\t\t<\/div>\n\t\t\t\t\t<div class=\"cbp-caption-activeWrap\">\n\t\t\t\t\t\t<div class=\"cbp-l-caption-alignCenter\" data-xpro-lightbox data-src=\"https:\/\/calidad.unap.cl\/acreditacion2027\/wp-content\/uploads\/sites\/2\/2025\/09\/IMG_1232.jpg\">\n\t\t\t\t\t\t\t<!-- Overlay -->\n\t\t\t\t\t\t\t<div class=\"cbp-l-caption-body\">\n\t\t\t\t\t\t\t\t\n\t\t\t\t\t\t\t\t\t\t\t\t\t\t\t\t\t<!-- Content -->\n\t\t\t\t\t\t\t\t\t<div class=\"xpro-overlay-content\">\n\t\t\t\t\t\t\t\t\t\t\t\t\t\t\t\t\t\t\t\t\t<h4 class=\"xpro-title\">Reuni\u00f3n Revici\u00f3n de Mecanismo de Aseguramiento de la calidad DGVRII<\/h4>\n\t\t\t\t\t\t\t\t\t\t\t\t\t\t\t\t\t\t\t\t\t\t\t\t\t\t\t\t\t<\/div>\n\t\t\t\t\t\t\t\t\t\t\t\t\t\t\t<\/div>\n\t\t\t\t\t\t<\/div>\n\t\t\t\t\t<\/div>\n\t\t\t\t<\/div>\n\t\t\t<\/div>\n\n\t\t\n\t\t\t<!--Item-->\n\t\t\t<div class=\"cbp-item xpro-elementor-gallery-item sep\">\n\t\t\t\t<div class=\"cbp-caption\">\n\t\t\t\t\t<div class=\"cbp-caption-defaultWrap\">\n\t\t\t\t\t\t<img loading=\"lazy\" decoding=\"async\" width=\"2048\" height=\"1638\" src=\"https:\/\/calidad.unap.cl\/acreditacion2027\/wp-content\/uploads\/sites\/2\/2025\/09\/IMG_1235.jpg\" class=\"attachment-full size-full\" alt=\"\" srcset=\"https:\/\/calidad.unap.cl\/acreditacion2027\/wp-content\/uploads\/sites\/2\/2025\/09\/IMG_1235.jpg 2048w, https:\/\/calidad.unap.cl\/acreditacion2027\/wp-content\/uploads\/sites\/2\/2025\/09\/IMG_1235-300x240.jpg 300w, https:\/\/calidad.unap.cl\/acreditacion2027\/wp-content\/uploads\/sites\/2\/2025\/09\/IMG_1235-1024x819.jpg 1024w, https:\/\/calidad.unap.cl\/acreditacion2027\/wp-content\/uploads\/sites\/2\/2025\/09\/IMG_1235-768x614.jpg 768w, https:\/\/calidad.unap.cl\/acreditacion2027\/wp-content\/uploads\/sites\/2\/2025\/09\/IMG_1235-1536x1229.jpg 1536w\" sizes=\"(max-width: 2048px) 100vw, 2048px\" \/>\t\t\t\t\t<\/div>\n\t\t\t\t\t<div class=\"cbp-caption-activeWrap\">\n\t\t\t\t\t\t<div class=\"cbp-l-caption-alignCenter\" data-xpro-lightbox data-src=\"https:\/\/calidad.unap.cl\/acreditacion2027\/wp-content\/uploads\/sites\/2\/2025\/09\/IMG_1235.jpg\">\n\t\t\t\t\t\t\t<!-- Overlay -->\n\t\t\t\t\t\t\t<div class=\"cbp-l-caption-body\">\n\t\t\t\t\t\t\t\t\n\t\t\t\t\t\t\t\t\t\t\t\t\t\t\t\t\t<!-- Content -->\n\t\t\t\t\t\t\t\t\t<div class=\"xpro-overlay-content\">\n\t\t\t\t\t\t\t\t\t\t\t\t\t\t\t\t\t\t\t\t\t<h4 class=\"xpro-title\">Reuni\u00f3n Revici\u00f3n de Mecanismo de Aseguramiento de la calidad DGVRII<\/h4>\n\t\t\t\t\t\t\t\t\t\t\t\t\t\t\t\t\t\t\t\t\t\t\t\t\t\t\t\t\t<\/div>\n\t\t\t\t\t\t\t\t\t\t\t\t\t\t\t<\/div>\n\t\t\t\t\t\t<\/div>\n\t\t\t\t\t<\/div>\n\t\t\t\t<\/div>\n\t\t\t<\/div>\n\n\t\t\n\t\t\t<!--Item-->\n\t\t\t<div class=\"cbp-item xpro-elementor-gallery-item oct\">\n\t\t\t\t<div class=\"cbp-caption\">\n\t\t\t\t\t<div class=\"cbp-caption-defaultWrap\">\n\t\t\t\t\t\t<img loading=\"lazy\" decoding=\"async\" width=\"2048\" height=\"1638\" src=\"https:\/\/calidad.unap.cl\/acreditacion2027\/wp-content\/uploads\/sites\/2\/2025\/10\/IMG_1465.jpg\" class=\"attachment-full size-full\" alt=\"\" srcset=\"https:\/\/calidad.unap.cl\/acreditacion2027\/wp-content\/uploads\/sites\/2\/2025\/10\/IMG_1465.jpg 2048w, https:\/\/calidad.unap.cl\/acreditacion2027\/wp-content\/uploads\/sites\/2\/2025\/10\/IMG_1465-300x240.jpg 300w, https:\/\/calidad.unap.cl\/acreditacion2027\/wp-content\/uploads\/sites\/2\/2025\/10\/IMG_1465-1024x819.jpg 1024w, https:\/\/calidad.unap.cl\/acreditacion2027\/wp-content\/uploads\/sites\/2\/2025\/10\/IMG_1465-768x614.jpg 768w, https:\/\/calidad.unap.cl\/acreditacion2027\/wp-content\/uploads\/sites\/2\/2025\/10\/IMG_1465-1536x1229.jpg 1536w\" sizes=\"(max-width: 2048px) 100vw, 2048px\" \/>\t\t\t\t\t<\/div>\n\t\t\t\t\t<div class=\"cbp-caption-activeWrap\">\n\t\t\t\t\t\t<div class=\"cbp-l-caption-alignCenter\" data-xpro-lightbox data-src=\"https:\/\/calidad.unap.cl\/acreditacion2027\/wp-content\/uploads\/sites\/2\/2025\/10\/IMG_1465.jpg\">\n\t\t\t\t\t\t\t<!-- Overlay -->\n\t\t\t\t\t\t\t<div class=\"cbp-l-caption-body\">\n\t\t\t\t\t\t\t\t\n\t\t\t\t\t\t\t\t\t\t\t\t\t\t\t\t\t<!-- Content -->\n\t\t\t\t\t\t\t\t\t<div class=\"xpro-overlay-content\">\n\t\t\t\t\t\t\t\t\t\t\t\t\t\t\t\t\t\t\t\t\t<h4 class=\"xpro-title\">Aseguramiento de la calidad en el seguimiento de egresados\/as<\/h4>\n\t\t\t\t\t\t\t\t\t\t\t\t\t\t\t\t\t\t\t\t\t\t\t\t\t\t\t\t\t<\/div>\n\t\t\t\t\t\t\t\t\t\t\t\t\t\t\t<\/div>\n\t\t\t\t\t\t<\/div>\n\t\t\t\t\t<\/div>\n\t\t\t\t<\/div>\n\t\t\t<\/div>\n\n\t\t\n\t\t\t<!--Item-->\n\t\t\t<div class=\"cbp-item xpro-elementor-gallery-item oct\">\n\t\t\t\t<div class=\"cbp-caption\">\n\t\t\t\t\t<div class=\"cbp-caption-defaultWrap\">\n\t\t\t\t\t\t<img loading=\"lazy\" decoding=\"async\" width=\"2048\" height=\"1638\" src=\"https:\/\/calidad.unap.cl\/acreditacion2027\/wp-content\/uploads\/sites\/2\/2025\/10\/IMG_1476.jpg\" class=\"attachment-full size-full\" alt=\"\" srcset=\"https:\/\/calidad.unap.cl\/acreditacion2027\/wp-content\/uploads\/sites\/2\/2025\/10\/IMG_1476.jpg 2048w, https:\/\/calidad.unap.cl\/acreditacion2027\/wp-content\/uploads\/sites\/2\/2025\/10\/IMG_1476-300x240.jpg 300w, https:\/\/calidad.unap.cl\/acreditacion2027\/wp-content\/uploads\/sites\/2\/2025\/10\/IMG_1476-1024x819.jpg 1024w, https:\/\/calidad.unap.cl\/acreditacion2027\/wp-content\/uploads\/sites\/2\/2025\/10\/IMG_1476-768x614.jpg 768w, https:\/\/calidad.unap.cl\/acreditacion2027\/wp-content\/uploads\/sites\/2\/2025\/10\/IMG_1476-1536x1229.jpg 1536w\" sizes=\"(max-width: 2048px) 100vw, 2048px\" \/>\t\t\t\t\t<\/div>\n\t\t\t\t\t<div class=\"cbp-caption-activeWrap\">\n\t\t\t\t\t\t<div class=\"cbp-l-caption-alignCenter\" data-xpro-lightbox data-src=\"https:\/\/calidad.unap.cl\/acreditacion2027\/wp-content\/uploads\/sites\/2\/2025\/10\/IMG_1476.jpg\">\n\t\t\t\t\t\t\t<!-- Overlay -->\n\t\t\t\t\t\t\t<div class=\"cbp-l-caption-body\">\n\t\t\t\t\t\t\t\t\n\t\t\t\t\t\t\t\t\t\t\t\t\t\t\t\t\t<!-- Content -->\n\t\t\t\t\t\t\t\t\t<div class=\"xpro-overlay-content\">\n\t\t\t\t\t\t\t\t\t\t\t\t\t\t\t\t\t\t\t\t\t<h4 class=\"xpro-title\">Aseguramiento de la calidad en el seguimiento de egresados\/as<\/h4>\n\t\t\t\t\t\t\t\t\t\t\t\t\t\t\t\t\t\t\t\t\t\t\t\t\t\t\t\t\t<\/div>\n\t\t\t\t\t\t\t\t\t\t\t\t\t\t\t<\/div>\n\t\t\t\t\t\t<\/div>\n\t\t\t\t\t<\/div>\n\t\t\t\t<\/div>\n\t\t\t<\/div>\n\n\t\t\n\t\t\t<!--Item-->\n\t\t\t<div class=\"cbp-item xpro-elementor-gallery-item oct\">\n\t\t\t\t<div class=\"cbp-caption\">\n\t\t\t\t\t<div class=\"cbp-caption-defaultWrap\">\n\t\t\t\t\t\t<img loading=\"lazy\" decoding=\"async\" width=\"2048\" height=\"1638\" src=\"https:\/\/calidad.unap.cl\/acreditacion2027\/wp-content\/uploads\/sites\/2\/2025\/10\/IMG_1480.jpg\" class=\"attachment-full size-full\" alt=\"\" srcset=\"https:\/\/calidad.unap.cl\/acreditacion2027\/wp-content\/uploads\/sites\/2\/2025\/10\/IMG_1480.jpg 2048w, https:\/\/calidad.unap.cl\/acreditacion2027\/wp-content\/uploads\/sites\/2\/2025\/10\/IMG_1480-300x240.jpg 300w, https:\/\/calidad.unap.cl\/acreditacion2027\/wp-content\/uploads\/sites\/2\/2025\/10\/IMG_1480-1024x819.jpg 1024w, https:\/\/calidad.unap.cl\/acreditacion2027\/wp-content\/uploads\/sites\/2\/2025\/10\/IMG_1480-768x614.jpg 768w, https:\/\/calidad.unap.cl\/acreditacion2027\/wp-content\/uploads\/sites\/2\/2025\/10\/IMG_1480-1536x1229.jpg 1536w\" sizes=\"(max-width: 2048px) 100vw, 2048px\" \/>\t\t\t\t\t<\/div>\n\t\t\t\t\t<div class=\"cbp-caption-activeWrap\">\n\t\t\t\t\t\t<div class=\"cbp-l-caption-alignCenter\" data-xpro-lightbox data-src=\"https:\/\/calidad.unap.cl\/acreditacion2027\/wp-content\/uploads\/sites\/2\/2025\/10\/IMG_1480.jpg\">\n\t\t\t\t\t\t\t<!-- Overlay -->\n\t\t\t\t\t\t\t<div class=\"cbp-l-caption-body\">\n\t\t\t\t\t\t\t\t\n\t\t\t\t\t\t\t\t\t\t\t\t\t\t\t\t\t<!-- Content -->\n\t\t\t\t\t\t\t\t\t<div class=\"xpro-overlay-content\">\n\t\t\t\t\t\t\t\t\t\t\t\t\t\t\t\t\t\t\t\t\t<h4 class=\"xpro-title\">Aseguramiento de la calidad en el seguimiento de egresados\/as<\/h4>\n\t\t\t\t\t\t\t\t\t\t\t\t\t\t\t\t\t\t\t\t\t\t\t\t\t\t\t\t\t<\/div>\n\t\t\t\t\t\t\t\t\t\t\t\t\t\t\t<\/div>\n\t\t\t\t\t\t<\/div>\n\t\t\t\t\t<\/div>\n\t\t\t\t<\/div>\n\t\t\t<\/div>\n\n\t\t\n\t\t\t<!--Item-->\n\t\t\t<div class=\"cbp-item xpro-elementor-gallery-item oct\">\n\t\t\t\t<div class=\"cbp-caption\">\n\t\t\t\t\t<div class=\"cbp-caption-defaultWrap\">\n\t\t\t\t\t\t<img loading=\"lazy\" decoding=\"async\" width=\"2048\" height=\"1638\" src=\"https:\/\/calidad.unap.cl\/acreditacion2027\/wp-content\/uploads\/sites\/2\/2025\/10\/IMG_1491.jpg\" class=\"attachment-full size-full\" alt=\"\" srcset=\"https:\/\/calidad.unap.cl\/acreditacion2027\/wp-content\/uploads\/sites\/2\/2025\/10\/IMG_1491.jpg 2048w, https:\/\/calidad.unap.cl\/acreditacion2027\/wp-content\/uploads\/sites\/2\/2025\/10\/IMG_1491-300x240.jpg 300w, https:\/\/calidad.unap.cl\/acreditacion2027\/wp-content\/uploads\/sites\/2\/2025\/10\/IMG_1491-1024x819.jpg 1024w, https:\/\/calidad.unap.cl\/acreditacion2027\/wp-content\/uploads\/sites\/2\/2025\/10\/IMG_1491-768x614.jpg 768w, https:\/\/calidad.unap.cl\/acreditacion2027\/wp-content\/uploads\/sites\/2\/2025\/10\/IMG_1491-1536x1229.jpg 1536w\" sizes=\"(max-width: 2048px) 100vw, 2048px\" \/>\t\t\t\t\t<\/div>\n\t\t\t\t\t<div class=\"cbp-caption-activeWrap\">\n\t\t\t\t\t\t<div class=\"cbp-l-caption-alignCenter\" data-xpro-lightbox data-src=\"https:\/\/calidad.unap.cl\/acreditacion2027\/wp-content\/uploads\/sites\/2\/2025\/10\/IMG_1491.jpg\">\n\t\t\t\t\t\t\t<!-- Overlay -->\n\t\t\t\t\t\t\t<div class=\"cbp-l-caption-body\">\n\t\t\t\t\t\t\t\t\n\t\t\t\t\t\t\t\t\t\t\t\t\t\t\t\t\t<!-- Content -->\n\t\t\t\t\t\t\t\t\t<div class=\"xpro-overlay-content\">\n\t\t\t\t\t\t\t\t\t\t\t\t\t\t\t\t\t\t\t\t\t<h4 class=\"xpro-title\">Aseguramiento de la calidad en el seguimiento de egresados\/as<\/h4>\n\t\t\t\t\t\t\t\t\t\t\t\t\t\t\t\t\t\t\t\t\t\t\t\t\t\t\t\t\t<\/div>\n\t\t\t\t\t\t\t\t\t\t\t\t\t\t\t<\/div>\n\t\t\t\t\t\t<\/div>\n\t\t\t\t\t<\/div>\n\t\t\t\t<\/div>\n\t\t\t<\/div>\n\n\t\t\n\t\t\t<!--Item-->\n\t\t\t<div class=\"cbp-item xpro-elementor-gallery-item oct\">\n\t\t\t\t<div class=\"cbp-caption\">\n\t\t\t\t\t<div class=\"cbp-caption-defaultWrap\">\n\t\t\t\t\t\t<img loading=\"lazy\" decoding=\"async\" width=\"2048\" height=\"1638\" src=\"https:\/\/calidad.unap.cl\/acreditacion2027\/wp-content\/uploads\/sites\/2\/2025\/10\/IMG_1492.jpg\" class=\"attachment-full size-full\" alt=\"\" srcset=\"https:\/\/calidad.unap.cl\/acreditacion2027\/wp-content\/uploads\/sites\/2\/2025\/10\/IMG_1492.jpg 2048w, https:\/\/calidad.unap.cl\/acreditacion2027\/wp-content\/uploads\/sites\/2\/2025\/10\/IMG_1492-300x240.jpg 300w, https:\/\/calidad.unap.cl\/acreditacion2027\/wp-content\/uploads\/sites\/2\/2025\/10\/IMG_1492-1024x819.jpg 1024w, https:\/\/calidad.unap.cl\/acreditacion2027\/wp-content\/uploads\/sites\/2\/2025\/10\/IMG_1492-768x614.jpg 768w, https:\/\/calidad.unap.cl\/acreditacion2027\/wp-content\/uploads\/sites\/2\/2025\/10\/IMG_1492-1536x1229.jpg 1536w\" sizes=\"(max-width: 2048px) 100vw, 2048px\" \/>\t\t\t\t\t<\/div>\n\t\t\t\t\t<div class=\"cbp-caption-activeWrap\">\n\t\t\t\t\t\t<div class=\"cbp-l-caption-alignCenter\" data-xpro-lightbox data-src=\"https:\/\/calidad.unap.cl\/acreditacion2027\/wp-content\/uploads\/sites\/2\/2025\/10\/IMG_1492.jpg\">\n\t\t\t\t\t\t\t<!-- Overlay -->\n\t\t\t\t\t\t\t<div class=\"cbp-l-caption-body\">\n\t\t\t\t\t\t\t\t\n\t\t\t\t\t\t\t\t\t\t\t\t\t\t\t\t\t<!-- Content -->\n\t\t\t\t\t\t\t\t\t<div class=\"xpro-overlay-content\">\n\t\t\t\t\t\t\t\t\t\t\t\t\t\t\t\t\t\t\t\t\t<h4 class=\"xpro-title\">Aseguramiento de la calidad en el seguimiento de egresados\/as<\/h4>\n\t\t\t\t\t\t\t\t\t\t\t\t\t\t\t\t\t\t\t\t\t\t\t\t\t\t\t\t\t<\/div>\n\t\t\t\t\t\t\t\t\t\t\t\t\t\t\t<\/div>\n\t\t\t\t\t\t<\/div>\n\t\t\t\t\t<\/div>\n\t\t\t\t<\/div>\n\t\t\t<\/div>\n\n\t\t\n\t\t\t<!--Item-->\n\t\t\t<div class=\"cbp-item xpro-elementor-gallery-item oct\">\n\t\t\t\t<div class=\"cbp-caption\">\n\t\t\t\t\t<div class=\"cbp-caption-defaultWrap\">\n\t\t\t\t\t\t<img loading=\"lazy\" decoding=\"async\" width=\"2048\" height=\"1638\" src=\"https:\/\/calidad.unap.cl\/acreditacion2027\/wp-content\/uploads\/sites\/2\/2025\/10\/IMG_1499.jpg\" class=\"attachment-full size-full\" alt=\"\" srcset=\"https:\/\/calidad.unap.cl\/acreditacion2027\/wp-content\/uploads\/sites\/2\/2025\/10\/IMG_1499.jpg 2048w, https:\/\/calidad.unap.cl\/acreditacion2027\/wp-content\/uploads\/sites\/2\/2025\/10\/IMG_1499-300x240.jpg 300w, https:\/\/calidad.unap.cl\/acreditacion2027\/wp-content\/uploads\/sites\/2\/2025\/10\/IMG_1499-1024x819.jpg 1024w, https:\/\/calidad.unap.cl\/acreditacion2027\/wp-content\/uploads\/sites\/2\/2025\/10\/IMG_1499-768x614.jpg 768w, https:\/\/calidad.unap.cl\/acreditacion2027\/wp-content\/uploads\/sites\/2\/2025\/10\/IMG_1499-1536x1229.jpg 1536w\" sizes=\"(max-width: 2048px) 100vw, 2048px\" \/>\t\t\t\t\t<\/div>\n\t\t\t\t\t<div class=\"cbp-caption-activeWrap\">\n\t\t\t\t\t\t<div class=\"cbp-l-caption-alignCenter\" data-xpro-lightbox data-src=\"https:\/\/calidad.unap.cl\/acreditacion2027\/wp-content\/uploads\/sites\/2\/2025\/10\/IMG_1499.jpg\">\n\t\t\t\t\t\t\t<!-- Overlay -->\n\t\t\t\t\t\t\t<div class=\"cbp-l-caption-body\">\n\t\t\t\t\t\t\t\t\n\t\t\t\t\t\t\t\t\t\t\t\t\t\t\t\t\t<!-- Content -->\n\t\t\t\t\t\t\t\t\t<div class=\"xpro-overlay-content\">\n\t\t\t\t\t\t\t\t\t\t\t\t\t\t\t\t\t\t\t\t\t<h4 class=\"xpro-title\">Aseguramiento de la calidad en el seguimiento de egresados\/as<\/h4>\n\t\t\t\t\t\t\t\t\t\t\t\t\t\t\t\t\t\t\t\t\t\t\t\t\t\t\t\t\t<\/div>\n\t\t\t\t\t\t\t\t\t\t\t\t\t\t\t<\/div>\n\t\t\t\t\t\t<\/div>\n\t\t\t\t\t<\/div>\n\t\t\t\t<\/div>\n\t\t\t<\/div>\n\n\t\t\n\t\t\t<!--Item-->\n\t\t\t<div class=\"cbp-item xpro-elementor-gallery-item oct\">\n\t\t\t\t<div class=\"cbp-caption\">\n\t\t\t\t\t<div class=\"cbp-caption-defaultWrap\">\n\t\t\t\t\t\t<img loading=\"lazy\" decoding=\"async\" width=\"2048\" height=\"1538\" src=\"https:\/\/calidad.unap.cl\/acreditacion2027\/wp-content\/uploads\/sites\/2\/2025\/10\/IMG_1592.jpg\" class=\"attachment-full size-full\" alt=\"\" srcset=\"https:\/\/calidad.unap.cl\/acreditacion2027\/wp-content\/uploads\/sites\/2\/2025\/10\/IMG_1592.jpg 2048w, https:\/\/calidad.unap.cl\/acreditacion2027\/wp-content\/uploads\/sites\/2\/2025\/10\/IMG_1592-300x225.jpg 300w, https:\/\/calidad.unap.cl\/acreditacion2027\/wp-content\/uploads\/sites\/2\/2025\/10\/IMG_1592-1024x769.jpg 1024w, https:\/\/calidad.unap.cl\/acreditacion2027\/wp-content\/uploads\/sites\/2\/2025\/10\/IMG_1592-768x577.jpg 768w, https:\/\/calidad.unap.cl\/acreditacion2027\/wp-content\/uploads\/sites\/2\/2025\/10\/IMG_1592-1536x1154.jpg 1536w\" sizes=\"(max-width: 2048px) 100vw, 2048px\" \/>\t\t\t\t\t<\/div>\n\t\t\t\t\t<div class=\"cbp-caption-activeWrap\">\n\t\t\t\t\t\t<div class=\"cbp-l-caption-alignCenter\" data-xpro-lightbox data-src=\"https:\/\/calidad.unap.cl\/acreditacion2027\/wp-content\/uploads\/sites\/2\/2025\/10\/IMG_1592.jpg\">\n\t\t\t\t\t\t\t<!-- Overlay -->\n\t\t\t\t\t\t\t<div class=\"cbp-l-caption-body\">\n\t\t\t\t\t\t\t\t\n\t\t\t\t\t\t\t\t\t\t\t\t\t\t\t\t\t<!-- Content -->\n\t\t\t\t\t\t\t\t\t<div class=\"xpro-overlay-content\">\n\t\t\t\t\t\t\t\t\t\t\t\t\t\t\t\t\t\t\t\t\t<h4 class=\"xpro-title\">Jueves de Calidad | Comisi\u00f3n de Docencia<\/h4>\n\t\t\t\t\t\t\t\t\t\t\t\t\t\t\t\t\t\t\t\t\t\t\t\t\t\t\t\t\t<\/div>\n\t\t\t\t\t\t\t\t\t\t\t\t\t\t\t<\/div>\n\t\t\t\t\t\t<\/div>\n\t\t\t\t\t<\/div>\n\t\t\t\t<\/div>\n\t\t\t<\/div>\n\n\t\t\n\t\t\t<!--Item-->\n\t\t\t<div class=\"cbp-item xpro-elementor-gallery-item oct\">\n\t\t\t\t<div class=\"cbp-caption\">\n\t\t\t\t\t<div class=\"cbp-caption-defaultWrap\">\n\t\t\t\t\t\t<img loading=\"lazy\" decoding=\"async\" width=\"2048\" height=\"1538\" src=\"https:\/\/calidad.unap.cl\/acreditacion2027\/wp-content\/uploads\/sites\/2\/2025\/10\/IMG_1602.jpg\" class=\"attachment-full size-full\" alt=\"\" srcset=\"https:\/\/calidad.unap.cl\/acreditacion2027\/wp-content\/uploads\/sites\/2\/2025\/10\/IMG_1602.jpg 2048w, https:\/\/calidad.unap.cl\/acreditacion2027\/wp-content\/uploads\/sites\/2\/2025\/10\/IMG_1602-300x225.jpg 300w, https:\/\/calidad.unap.cl\/acreditacion2027\/wp-content\/uploads\/sites\/2\/2025\/10\/IMG_1602-1024x769.jpg 1024w, https:\/\/calidad.unap.cl\/acreditacion2027\/wp-content\/uploads\/sites\/2\/2025\/10\/IMG_1602-768x577.jpg 768w, https:\/\/calidad.unap.cl\/acreditacion2027\/wp-content\/uploads\/sites\/2\/2025\/10\/IMG_1602-1536x1154.jpg 1536w\" sizes=\"(max-width: 2048px) 100vw, 2048px\" \/>\t\t\t\t\t<\/div>\n\t\t\t\t\t<div class=\"cbp-caption-activeWrap\">\n\t\t\t\t\t\t<div class=\"cbp-l-caption-alignCenter\" data-xpro-lightbox data-src=\"https:\/\/calidad.unap.cl\/acreditacion2027\/wp-content\/uploads\/sites\/2\/2025\/10\/IMG_1602.jpg\">\n\t\t\t\t\t\t\t<!-- Overlay -->\n\t\t\t\t\t\t\t<div class=\"cbp-l-caption-body\">\n\t\t\t\t\t\t\t\t\n\t\t\t\t\t\t\t\t\t\t\t\t\t\t\t\t\t<!-- Content -->\n\t\t\t\t\t\t\t\t\t<div class=\"xpro-overlay-content\">\n\t\t\t\t\t\t\t\t\t\t\t\t\t\t\t\t\t\t\t\t\t<h4 class=\"xpro-title\">Jueves de Calidad | Comisi\u00f3n de Docencia<\/h4>\n\t\t\t\t\t\t\t\t\t\t\t\t\t\t\t\t\t\t\t\t\t\t\t\t\t\t\t\t\t<\/div>\n\t\t\t\t\t\t\t\t\t\t\t\t\t\t\t<\/div>\n\t\t\t\t\t\t<\/div>\n\t\t\t\t\t<\/div>\n\t\t\t\t<\/div>\n\t\t\t<\/div>\n\n\t\t\n\t\t\t<!--Item-->\n\t\t\t<div class=\"cbp-item xpro-elementor-gallery-item oct\">\n\t\t\t\t<div class=\"cbp-caption\">\n\t\t\t\t\t<div class=\"cbp-caption-defaultWrap\">\n\t\t\t\t\t\t<img loading=\"lazy\" decoding=\"async\" width=\"2048\" height=\"1536\" src=\"https:\/\/calidad.unap.cl\/acreditacion2027\/wp-content\/uploads\/sites\/2\/2025\/10\/IMG_1616.jpg\" class=\"attachment-full size-full\" alt=\"\" srcset=\"https:\/\/calidad.unap.cl\/acreditacion2027\/wp-content\/uploads\/sites\/2\/2025\/10\/IMG_1616.jpg 2048w, https:\/\/calidad.unap.cl\/acreditacion2027\/wp-content\/uploads\/sites\/2\/2025\/10\/IMG_1616-300x225.jpg 300w, https:\/\/calidad.unap.cl\/acreditacion2027\/wp-content\/uploads\/sites\/2\/2025\/10\/IMG_1616-1024x768.jpg 1024w, https:\/\/calidad.unap.cl\/acreditacion2027\/wp-content\/uploads\/sites\/2\/2025\/10\/IMG_1616-768x576.jpg 768w, https:\/\/calidad.unap.cl\/acreditacion2027\/wp-content\/uploads\/sites\/2\/2025\/10\/IMG_1616-1536x1152.jpg 1536w\" sizes=\"(max-width: 2048px) 100vw, 2048px\" \/>\t\t\t\t\t<\/div>\n\t\t\t\t\t<div class=\"cbp-caption-activeWrap\">\n\t\t\t\t\t\t<div class=\"cbp-l-caption-alignCenter\" data-xpro-lightbox data-src=\"https:\/\/calidad.unap.cl\/acreditacion2027\/wp-content\/uploads\/sites\/2\/2025\/10\/IMG_1616.jpg\">\n\t\t\t\t\t\t\t<!-- Overlay -->\n\t\t\t\t\t\t\t<div class=\"cbp-l-caption-body\">\n\t\t\t\t\t\t\t\t\n\t\t\t\t\t\t\t\t\t\t\t\t\t\t\t\t\t<!-- Content -->\n\t\t\t\t\t\t\t\t\t<div class=\"xpro-overlay-content\">\n\t\t\t\t\t\t\t\t\t\t\t\t\t\t\t\t\t\t\t\t\t<h4 class=\"xpro-title\">Jueves de Calidad | Comisi\u00f3n de Docencia<\/h4>\n\t\t\t\t\t\t\t\t\t\t\t\t\t\t\t\t\t\t\t\t\t\t\t\t\t\t\t\t\t<\/div>\n\t\t\t\t\t\t\t\t\t\t\t\t\t\t\t<\/div>\n\t\t\t\t\t\t<\/div>\n\t\t\t\t\t<\/div>\n\t\t\t\t<\/div>\n\t\t\t<\/div>\n\n\t\t\n\t\t\t<!--Item-->\n\t\t\t<div class=\"cbp-item xpro-elementor-gallery-item oct\">\n\t\t\t\t<div class=\"cbp-caption\">\n\t\t\t\t\t<div class=\"cbp-caption-defaultWrap\">\n\t\t\t\t\t\t<img loading=\"lazy\" decoding=\"async\" width=\"2048\" height=\"1538\" src=\"https:\/\/calidad.unap.cl\/acreditacion2027\/wp-content\/uploads\/sites\/2\/2025\/10\/IMG_1621.jpg\" class=\"attachment-full size-full\" alt=\"\" srcset=\"https:\/\/calidad.unap.cl\/acreditacion2027\/wp-content\/uploads\/sites\/2\/2025\/10\/IMG_1621.jpg 2048w, https:\/\/calidad.unap.cl\/acreditacion2027\/wp-content\/uploads\/sites\/2\/2025\/10\/IMG_1621-300x225.jpg 300w, https:\/\/calidad.unap.cl\/acreditacion2027\/wp-content\/uploads\/sites\/2\/2025\/10\/IMG_1621-1024x769.jpg 1024w, https:\/\/calidad.unap.cl\/acreditacion2027\/wp-content\/uploads\/sites\/2\/2025\/10\/IMG_1621-768x577.jpg 768w, https:\/\/calidad.unap.cl\/acreditacion2027\/wp-content\/uploads\/sites\/2\/2025\/10\/IMG_1621-1536x1154.jpg 1536w\" sizes=\"(max-width: 2048px) 100vw, 2048px\" \/>\t\t\t\t\t<\/div>\n\t\t\t\t\t<div class=\"cbp-caption-activeWrap\">\n\t\t\t\t\t\t<div class=\"cbp-l-caption-alignCenter\" data-xpro-lightbox data-src=\"https:\/\/calidad.unap.cl\/acreditacion2027\/wp-content\/uploads\/sites\/2\/2025\/10\/IMG_1621.jpg\">\n\t\t\t\t\t\t\t<!-- Overlay -->\n\t\t\t\t\t\t\t<div class=\"cbp-l-caption-body\">\n\t\t\t\t\t\t\t\t\n\t\t\t\t\t\t\t\t\t\t\t\t\t\t\t\t\t<!-- Content -->\n\t\t\t\t\t\t\t\t\t<div class=\"xpro-overlay-content\">\n\t\t\t\t\t\t\t\t\t\t\t\t\t\t\t\t\t\t\t\t\t<h4 class=\"xpro-title\">Jueves de Calidad | Comisi\u00f3n de Docencia<\/h4>\n\t\t\t\t\t\t\t\t\t\t\t\t\t\t\t\t\t\t\t\t\t\t\t\t\t\t\t\t\t<\/div>\n\t\t\t\t\t\t\t\t\t\t\t\t\t\t\t<\/div>\n\t\t\t\t\t\t<\/div>\n\t\t\t\t\t<\/div>\n\t\t\t\t<\/div>\n\t\t\t<\/div>\n\n\t\t\n\t\t\t<!--Item-->\n\t\t\t<div class=\"cbp-item xpro-elementor-gallery-item oct\">\n\t\t\t\t<div class=\"cbp-caption\">\n\t\t\t\t\t<div class=\"cbp-caption-defaultWrap\">\n\t\t\t\t\t\t<img loading=\"lazy\" decoding=\"async\" width=\"2048\" height=\"1538\" src=\"https:\/\/calidad.unap.cl\/acreditacion2027\/wp-content\/uploads\/sites\/2\/2025\/10\/IMG_1630.jpg\" class=\"attachment-full size-full\" alt=\"\" srcset=\"https:\/\/calidad.unap.cl\/acreditacion2027\/wp-content\/uploads\/sites\/2\/2025\/10\/IMG_1630.jpg 2048w, https:\/\/calidad.unap.cl\/acreditacion2027\/wp-content\/uploads\/sites\/2\/2025\/10\/IMG_1630-300x225.jpg 300w, https:\/\/calidad.unap.cl\/acreditacion2027\/wp-content\/uploads\/sites\/2\/2025\/10\/IMG_1630-1024x769.jpg 1024w, https:\/\/calidad.unap.cl\/acreditacion2027\/wp-content\/uploads\/sites\/2\/2025\/10\/IMG_1630-768x577.jpg 768w, https:\/\/calidad.unap.cl\/acreditacion2027\/wp-content\/uploads\/sites\/2\/2025\/10\/IMG_1630-1536x1154.jpg 1536w\" sizes=\"(max-width: 2048px) 100vw, 2048px\" \/>\t\t\t\t\t<\/div>\n\t\t\t\t\t<div class=\"cbp-caption-activeWrap\">\n\t\t\t\t\t\t<div class=\"cbp-l-caption-alignCenter\" data-xpro-lightbox data-src=\"https:\/\/calidad.unap.cl\/acreditacion2027\/wp-content\/uploads\/sites\/2\/2025\/10\/IMG_1630.jpg\">\n\t\t\t\t\t\t\t<!-- Overlay -->\n\t\t\t\t\t\t\t<div class=\"cbp-l-caption-body\">\n\t\t\t\t\t\t\t\t\n\t\t\t\t\t\t\t\t\t\t\t\t\t\t\t\t\t<!-- Content -->\n\t\t\t\t\t\t\t\t\t<div class=\"xpro-overlay-content\">\n\t\t\t\t\t\t\t\t\t\t\t\t\t\t\t\t\t\t\t\t\t<h4 class=\"xpro-title\">Jueves de Calidad | Comisi\u00f3n de Docencia<\/h4>\n\t\t\t\t\t\t\t\t\t\t\t\t\t\t\t\t\t\t\t\t\t\t\t\t\t\t\t\t\t<\/div>\n\t\t\t\t\t\t\t\t\t\t\t\t\t\t\t<\/div>\n\t\t\t\t\t\t<\/div>\n\t\t\t\t\t<\/div>\n\t\t\t\t<\/div>\n\t\t\t<\/div>\n\n\t\t\n\t\t\t<!--Item-->\n\t\t\t<div class=\"cbp-item xpro-elementor-gallery-item oct\">\n\t\t\t\t<div class=\"cbp-caption\">\n\t\t\t\t\t<div class=\"cbp-caption-defaultWrap\">\n\t\t\t\t\t\t<img loading=\"lazy\" decoding=\"async\" width=\"2048\" height=\"1538\" src=\"https:\/\/calidad.unap.cl\/acreditacion2027\/wp-content\/uploads\/sites\/2\/2025\/10\/IMG_1653.jpg\" class=\"attachment-full size-full\" alt=\"\" srcset=\"https:\/\/calidad.unap.cl\/acreditacion2027\/wp-content\/uploads\/sites\/2\/2025\/10\/IMG_1653.jpg 2048w, https:\/\/calidad.unap.cl\/acreditacion2027\/wp-content\/uploads\/sites\/2\/2025\/10\/IMG_1653-300x225.jpg 300w, https:\/\/calidad.unap.cl\/acreditacion2027\/wp-content\/uploads\/sites\/2\/2025\/10\/IMG_1653-1024x769.jpg 1024w, https:\/\/calidad.unap.cl\/acreditacion2027\/wp-content\/uploads\/sites\/2\/2025\/10\/IMG_1653-768x577.jpg 768w, https:\/\/calidad.unap.cl\/acreditacion2027\/wp-content\/uploads\/sites\/2\/2025\/10\/IMG_1653-1536x1154.jpg 1536w\" sizes=\"(max-width: 2048px) 100vw, 2048px\" \/>\t\t\t\t\t<\/div>\n\t\t\t\t\t<div class=\"cbp-caption-activeWrap\">\n\t\t\t\t\t\t<div class=\"cbp-l-caption-alignCenter\" data-xpro-lightbox data-src=\"https:\/\/calidad.unap.cl\/acreditacion2027\/wp-content\/uploads\/sites\/2\/2025\/10\/IMG_1653.jpg\">\n\t\t\t\t\t\t\t<!-- Overlay -->\n\t\t\t\t\t\t\t<div class=\"cbp-l-caption-body\">\n\t\t\t\t\t\t\t\t\n\t\t\t\t\t\t\t\t\t\t\t\t\t\t\t\t\t<!-- Content -->\n\t\t\t\t\t\t\t\t\t<div class=\"xpro-overlay-content\">\n\t\t\t\t\t\t\t\t\t\t\t\t\t\t\t\t\t\t\t\t\t<h4 class=\"xpro-title\">Jueves de Calidad | Comisi\u00f3n de Docencia<\/h4>\n\t\t\t\t\t\t\t\t\t\t\t\t\t\t\t\t\t\t\t\t\t\t\t\t\t\t\t\t\t<\/div>\n\t\t\t\t\t\t\t\t\t\t\t\t\t\t\t<\/div>\n\t\t\t\t\t\t<\/div>\n\t\t\t\t\t<\/div>\n\t\t\t\t<\/div>\n\t\t\t<\/div>\n\n\t\t\n\t\t\t<!--Item-->\n\t\t\t<div class=\"cbp-item xpro-elementor-gallery-item oct\">\n\t\t\t\t<div class=\"cbp-caption\">\n\t\t\t\t\t<div class=\"cbp-caption-defaultWrap\">\n\t\t\t\t\t\t<img loading=\"lazy\" decoding=\"async\" width=\"2048\" height=\"1638\" src=\"https:\/\/calidad.unap.cl\/acreditacion2027\/wp-content\/uploads\/sites\/2\/2025\/10\/IMG_1658.jpg\" class=\"attachment-full size-full\" alt=\"\" srcset=\"https:\/\/calidad.unap.cl\/acreditacion2027\/wp-content\/uploads\/sites\/2\/2025\/10\/IMG_1658.jpg 2048w, https:\/\/calidad.unap.cl\/acreditacion2027\/wp-content\/uploads\/sites\/2\/2025\/10\/IMG_1658-300x240.jpg 300w, https:\/\/calidad.unap.cl\/acreditacion2027\/wp-content\/uploads\/sites\/2\/2025\/10\/IMG_1658-1024x819.jpg 1024w, https:\/\/calidad.unap.cl\/acreditacion2027\/wp-content\/uploads\/sites\/2\/2025\/10\/IMG_1658-768x614.jpg 768w, https:\/\/calidad.unap.cl\/acreditacion2027\/wp-content\/uploads\/sites\/2\/2025\/10\/IMG_1658-1536x1229.jpg 1536w\" sizes=\"(max-width: 2048px) 100vw, 2048px\" \/>\t\t\t\t\t<\/div>\n\t\t\t\t\t<div class=\"cbp-caption-activeWrap\">\n\t\t\t\t\t\t<div class=\"cbp-l-caption-alignCenter\" data-xpro-lightbox data-src=\"https:\/\/calidad.unap.cl\/acreditacion2027\/wp-content\/uploads\/sites\/2\/2025\/10\/IMG_1658.jpg\">\n\t\t\t\t\t\t\t<!-- Overlay -->\n\t\t\t\t\t\t\t<div class=\"cbp-l-caption-body\">\n\t\t\t\t\t\t\t\t\n\t\t\t\t\t\t\t\t\t\t\t\t\t\t\t\t\t<!-- Content -->\n\t\t\t\t\t\t\t\t\t<div class=\"xpro-overlay-content\">\n\t\t\t\t\t\t\t\t\t\t\t\t\t\t\t\t\t\t\t\t\t<h4 class=\"xpro-title\">Jueves de Calidad | Comisi\u00f3n de Docencia<\/h4>\n\t\t\t\t\t\t\t\t\t\t\t\t\t\t\t\t\t\t\t\t\t\t\t\t\t\t\t\t\t<\/div>\n\t\t\t\t\t\t\t\t\t\t\t\t\t\t\t<\/div>\n\t\t\t\t\t\t<\/div>\n\t\t\t\t\t<\/div>\n\t\t\t\t<\/div>\n\t\t\t<\/div>\n\n\t\t\n\t\t\t<!--Item-->\n\t\t\t<div class=\"cbp-item xpro-elementor-gallery-item oct\">\n\t\t\t\t<div class=\"cbp-caption\">\n\t\t\t\t\t<div class=\"cbp-caption-defaultWrap\">\n\t\t\t\t\t\t<img loading=\"lazy\" decoding=\"async\" width=\"2048\" height=\"1538\" src=\"https:\/\/calidad.unap.cl\/acreditacion2027\/wp-content\/uploads\/sites\/2\/2025\/10\/IMG_1668.jpg\" class=\"attachment-full size-full\" alt=\"\" srcset=\"https:\/\/calidad.unap.cl\/acreditacion2027\/wp-content\/uploads\/sites\/2\/2025\/10\/IMG_1668.jpg 2048w, https:\/\/calidad.unap.cl\/acreditacion2027\/wp-content\/uploads\/sites\/2\/2025\/10\/IMG_1668-300x225.jpg 300w, https:\/\/calidad.unap.cl\/acreditacion2027\/wp-content\/uploads\/sites\/2\/2025\/10\/IMG_1668-1024x769.jpg 1024w, https:\/\/calidad.unap.cl\/acreditacion2027\/wp-content\/uploads\/sites\/2\/2025\/10\/IMG_1668-768x577.jpg 768w, https:\/\/calidad.unap.cl\/acreditacion2027\/wp-content\/uploads\/sites\/2\/2025\/10\/IMG_1668-1536x1154.jpg 1536w\" sizes=\"(max-width: 2048px) 100vw, 2048px\" \/>\t\t\t\t\t<\/div>\n\t\t\t\t\t<div class=\"cbp-caption-activeWrap\">\n\t\t\t\t\t\t<div class=\"cbp-l-caption-alignCenter\" data-xpro-lightbox data-src=\"https:\/\/calidad.unap.cl\/acreditacion2027\/wp-content\/uploads\/sites\/2\/2025\/10\/IMG_1668.jpg\">\n\t\t\t\t\t\t\t<!-- Overlay -->\n\t\t\t\t\t\t\t<div class=\"cbp-l-caption-body\">\n\t\t\t\t\t\t\t\t\n\t\t\t\t\t\t\t\t\t\t\t\t\t\t\t\t\t<!-- Content -->\n\t\t\t\t\t\t\t\t\t<div class=\"xpro-overlay-content\">\n\t\t\t\t\t\t\t\t\t\t\t\t\t\t\t\t\t\t\t\t\t<h4 class=\"xpro-title\">Jueves de Calidad | Comisi\u00f3n de Docencia<\/h4>\n\t\t\t\t\t\t\t\t\t\t\t\t\t\t\t\t\t\t\t\t\t\t\t\t\t\t\t\t\t<\/div>\n\t\t\t\t\t\t\t\t\t\t\t\t\t\t\t<\/div>\n\t\t\t\t\t\t<\/div>\n\t\t\t\t\t<\/div>\n\t\t\t\t<\/div>\n\t\t\t<\/div>\n\n\t\t\n\t\t\t<!--Item-->\n\t\t\t<div class=\"cbp-item xpro-elementor-gallery-item oct\">\n\t\t\t\t<div class=\"cbp-caption\">\n\t\t\t\t\t<div class=\"cbp-caption-defaultWrap\">\n\t\t\t\t\t\t<img loading=\"lazy\" decoding=\"async\" width=\"2048\" height=\"1538\" src=\"https:\/\/calidad.unap.cl\/acreditacion2027\/wp-content\/uploads\/sites\/2\/2025\/10\/IMG_1691.jpg\" class=\"attachment-full size-full\" alt=\"\" srcset=\"https:\/\/calidad.unap.cl\/acreditacion2027\/wp-content\/uploads\/sites\/2\/2025\/10\/IMG_1691.jpg 2048w, https:\/\/calidad.unap.cl\/acreditacion2027\/wp-content\/uploads\/sites\/2\/2025\/10\/IMG_1691-300x225.jpg 300w, https:\/\/calidad.unap.cl\/acreditacion2027\/wp-content\/uploads\/sites\/2\/2025\/10\/IMG_1691-1024x769.jpg 1024w, https:\/\/calidad.unap.cl\/acreditacion2027\/wp-content\/uploads\/sites\/2\/2025\/10\/IMG_1691-768x577.jpg 768w, https:\/\/calidad.unap.cl\/acreditacion2027\/wp-content\/uploads\/sites\/2\/2025\/10\/IMG_1691-1536x1154.jpg 1536w\" sizes=\"(max-width: 2048px) 100vw, 2048px\" \/>\t\t\t\t\t<\/div>\n\t\t\t\t\t<div class=\"cbp-caption-activeWrap\">\n\t\t\t\t\t\t<div class=\"cbp-l-caption-alignCenter\" data-xpro-lightbox data-src=\"https:\/\/calidad.unap.cl\/acreditacion2027\/wp-content\/uploads\/sites\/2\/2025\/10\/IMG_1691.jpg\">\n\t\t\t\t\t\t\t<!-- Overlay -->\n\t\t\t\t\t\t\t<div class=\"cbp-l-caption-body\">\n\t\t\t\t\t\t\t\t\n\t\t\t\t\t\t\t\t\t\t\t\t\t\t\t\t\t<!-- Content -->\n\t\t\t\t\t\t\t\t\t<div class=\"xpro-overlay-content\">\n\t\t\t\t\t\t\t\t\t\t\t\t\t\t\t\t\t\t\t\t\t<h4 class=\"xpro-title\">Jueves de Calidad | Comisi\u00f3n de Gesti\u00f3n Estrat\u00e9gica y Recursos Institucionales<\/h4>\n\t\t\t\t\t\t\t\t\t\t\t\t\t\t\t\t\t\t\t\t\t\t\t\t\t\t\t\t\t<\/div>\n\t\t\t\t\t\t\t\t\t\t\t\t\t\t\t<\/div>\n\t\t\t\t\t\t<\/div>\n\t\t\t\t\t<\/div>\n\t\t\t\t<\/div>\n\t\t\t<\/div>\n\n\t\t\n\t\t\t<!--Item-->\n\t\t\t<div class=\"cbp-item xpro-elementor-gallery-item oct\">\n\t\t\t\t<div class=\"cbp-caption\">\n\t\t\t\t\t<div class=\"cbp-caption-defaultWrap\">\n\t\t\t\t\t\t<img loading=\"lazy\" decoding=\"async\" width=\"2048\" height=\"1538\" src=\"https:\/\/calidad.unap.cl\/acreditacion2027\/wp-content\/uploads\/sites\/2\/2025\/10\/IMG_1695.jpg\" class=\"attachment-full size-full\" alt=\"\" srcset=\"https:\/\/calidad.unap.cl\/acreditacion2027\/wp-content\/uploads\/sites\/2\/2025\/10\/IMG_1695.jpg 2048w, https:\/\/calidad.unap.cl\/acreditacion2027\/wp-content\/uploads\/sites\/2\/2025\/10\/IMG_1695-300x225.jpg 300w, https:\/\/calidad.unap.cl\/acreditacion2027\/wp-content\/uploads\/sites\/2\/2025\/10\/IMG_1695-1024x769.jpg 1024w, https:\/\/calidad.unap.cl\/acreditacion2027\/wp-content\/uploads\/sites\/2\/2025\/10\/IMG_1695-768x577.jpg 768w, https:\/\/calidad.unap.cl\/acreditacion2027\/wp-content\/uploads\/sites\/2\/2025\/10\/IMG_1695-1536x1154.jpg 1536w\" sizes=\"(max-width: 2048px) 100vw, 2048px\" \/>\t\t\t\t\t<\/div>\n\t\t\t\t\t<div class=\"cbp-caption-activeWrap\">\n\t\t\t\t\t\t<div class=\"cbp-l-caption-alignCenter\" data-xpro-lightbox data-src=\"https:\/\/calidad.unap.cl\/acreditacion2027\/wp-content\/uploads\/sites\/2\/2025\/10\/IMG_1695.jpg\">\n\t\t\t\t\t\t\t<!-- Overlay -->\n\t\t\t\t\t\t\t<div class=\"cbp-l-caption-body\">\n\t\t\t\t\t\t\t\t\n\t\t\t\t\t\t\t\t\t\t\t\t\t\t\t\t\t<!-- Content -->\n\t\t\t\t\t\t\t\t\t<div class=\"xpro-overlay-content\">\n\t\t\t\t\t\t\t\t\t\t\t\t\t\t\t\t\t\t\t\t\t<h4 class=\"xpro-title\">Jueves de Calidad | Comisi\u00f3n de Gesti\u00f3n Estrat\u00e9gica y Recursos Institucionales<\/h4>\n\t\t\t\t\t\t\t\t\t\t\t\t\t\t\t\t\t\t\t\t\t\t\t\t\t\t\t\t\t<\/div>\n\t\t\t\t\t\t\t\t\t\t\t\t\t\t\t<\/div>\n\t\t\t\t\t\t<\/div>\n\t\t\t\t\t<\/div>\n\t\t\t\t<\/div>\n\t\t\t<\/div>\n\n\t\t\n\t\t\t<!--Item-->\n\t\t\t<div class=\"cbp-item xpro-elementor-gallery-item oct\">\n\t\t\t\t<div class=\"cbp-caption\">\n\t\t\t\t\t<div class=\"cbp-caption-defaultWrap\">\n\t\t\t\t\t\t<img loading=\"lazy\" decoding=\"async\" width=\"2048\" height=\"1538\" src=\"https:\/\/calidad.unap.cl\/acreditacion2027\/wp-content\/uploads\/sites\/2\/2025\/10\/IMG_1698.jpg\" class=\"attachment-full size-full\" alt=\"\" srcset=\"https:\/\/calidad.unap.cl\/acreditacion2027\/wp-content\/uploads\/sites\/2\/2025\/10\/IMG_1698.jpg 2048w, https:\/\/calidad.unap.cl\/acreditacion2027\/wp-content\/uploads\/sites\/2\/2025\/10\/IMG_1698-300x225.jpg 300w, https:\/\/calidad.unap.cl\/acreditacion2027\/wp-content\/uploads\/sites\/2\/2025\/10\/IMG_1698-1024x769.jpg 1024w, https:\/\/calidad.unap.cl\/acreditacion2027\/wp-content\/uploads\/sites\/2\/2025\/10\/IMG_1698-768x577.jpg 768w, https:\/\/calidad.unap.cl\/acreditacion2027\/wp-content\/uploads\/sites\/2\/2025\/10\/IMG_1698-1536x1154.jpg 1536w\" sizes=\"(max-width: 2048px) 100vw, 2048px\" \/>\t\t\t\t\t<\/div>\n\t\t\t\t\t<div class=\"cbp-caption-activeWrap\">\n\t\t\t\t\t\t<div class=\"cbp-l-caption-alignCenter\" data-xpro-lightbox data-src=\"https:\/\/calidad.unap.cl\/acreditacion2027\/wp-content\/uploads\/sites\/2\/2025\/10\/IMG_1698.jpg\">\n\t\t\t\t\t\t\t<!-- Overlay -->\n\t\t\t\t\t\t\t<div class=\"cbp-l-caption-body\">\n\t\t\t\t\t\t\t\t\n\t\t\t\t\t\t\t\t\t\t\t\t\t\t\t\t\t<!-- Content -->\n\t\t\t\t\t\t\t\t\t<div class=\"xpro-overlay-content\">\n\t\t\t\t\t\t\t\t\t\t\t\t\t\t\t\t\t\t\t\t\t<h4 class=\"xpro-title\">Jueves de Calidad | Comisi\u00f3n de Gesti\u00f3n Estrat\u00e9gica y Recursos Institucionales<\/h4>\n\t\t\t\t\t\t\t\t\t\t\t\t\t\t\t\t\t\t\t\t\t\t\t\t\t\t\t\t\t<\/div>\n\t\t\t\t\t\t\t\t\t\t\t\t\t\t\t<\/div>\n\t\t\t\t\t\t<\/div>\n\t\t\t\t\t<\/div>\n\t\t\t\t<\/div>\n\t\t\t<\/div>\n\n\t\t\n\t\t\t<!--Item-->\n\t\t\t<div class=\"cbp-item xpro-elementor-gallery-item oct\">\n\t\t\t\t<div class=\"cbp-caption\">\n\t\t\t\t\t<div class=\"cbp-caption-defaultWrap\">\n\t\t\t\t\t\t<img loading=\"lazy\" decoding=\"async\" width=\"2048\" height=\"1538\" src=\"https:\/\/calidad.unap.cl\/acreditacion2027\/wp-content\/uploads\/sites\/2\/2025\/10\/IMG_1702.jpg\" class=\"attachment-full size-full\" alt=\"\" srcset=\"https:\/\/calidad.unap.cl\/acreditacion2027\/wp-content\/uploads\/sites\/2\/2025\/10\/IMG_1702.jpg 2048w, https:\/\/calidad.unap.cl\/acreditacion2027\/wp-content\/uploads\/sites\/2\/2025\/10\/IMG_1702-300x225.jpg 300w, https:\/\/calidad.unap.cl\/acreditacion2027\/wp-content\/uploads\/sites\/2\/2025\/10\/IMG_1702-1024x769.jpg 1024w, https:\/\/calidad.unap.cl\/acreditacion2027\/wp-content\/uploads\/sites\/2\/2025\/10\/IMG_1702-768x577.jpg 768w, https:\/\/calidad.unap.cl\/acreditacion2027\/wp-content\/uploads\/sites\/2\/2025\/10\/IMG_1702-1536x1154.jpg 1536w\" sizes=\"(max-width: 2048px) 100vw, 2048px\" \/>\t\t\t\t\t<\/div>\n\t\t\t\t\t<div class=\"cbp-caption-activeWrap\">\n\t\t\t\t\t\t<div class=\"cbp-l-caption-alignCenter\" data-xpro-lightbox data-src=\"https:\/\/calidad.unap.cl\/acreditacion2027\/wp-content\/uploads\/sites\/2\/2025\/10\/IMG_1702.jpg\">\n\t\t\t\t\t\t\t<!-- Overlay -->\n\t\t\t\t\t\t\t<div class=\"cbp-l-caption-body\">\n\t\t\t\t\t\t\t\t\n\t\t\t\t\t\t\t\t\t\t\t\t\t\t\t\t\t<!-- Content -->\n\t\t\t\t\t\t\t\t\t<div class=\"xpro-overlay-content\">\n\t\t\t\t\t\t\t\t\t\t\t\t\t\t\t\t\t\t\t\t\t<h4 class=\"xpro-title\">Jueves de Calidad | Comisi\u00f3n de Gesti\u00f3n Estrat\u00e9gica y Recursos Institucionales<\/h4>\n\t\t\t\t\t\t\t\t\t\t\t\t\t\t\t\t\t\t\t\t\t\t\t\t\t\t\t\t\t<\/div>\n\t\t\t\t\t\t\t\t\t\t\t\t\t\t\t<\/div>\n\t\t\t\t\t\t<\/div>\n\t\t\t\t\t<\/div>\n\t\t\t\t<\/div>\n\t\t\t<\/div>\n\n\t\t\n\t\t\t<!--Item-->\n\t\t\t<div class=\"cbp-item xpro-elementor-gallery-item oct\">\n\t\t\t\t<div class=\"cbp-caption\">\n\t\t\t\t\t<div class=\"cbp-caption-defaultWrap\">\n\t\t\t\t\t\t<img loading=\"lazy\" decoding=\"async\" width=\"2048\" height=\"1538\" src=\"https:\/\/calidad.unap.cl\/acreditacion2027\/wp-content\/uploads\/sites\/2\/2025\/10\/IMG_1709.jpg\" class=\"attachment-full size-full\" alt=\"\" srcset=\"https:\/\/calidad.unap.cl\/acreditacion2027\/wp-content\/uploads\/sites\/2\/2025\/10\/IMG_1709.jpg 2048w, https:\/\/calidad.unap.cl\/acreditacion2027\/wp-content\/uploads\/sites\/2\/2025\/10\/IMG_1709-300x225.jpg 300w, https:\/\/calidad.unap.cl\/acreditacion2027\/wp-content\/uploads\/sites\/2\/2025\/10\/IMG_1709-1024x769.jpg 1024w, https:\/\/calidad.unap.cl\/acreditacion2027\/wp-content\/uploads\/sites\/2\/2025\/10\/IMG_1709-768x577.jpg 768w, https:\/\/calidad.unap.cl\/acreditacion2027\/wp-content\/uploads\/sites\/2\/2025\/10\/IMG_1709-1536x1154.jpg 1536w\" sizes=\"(max-width: 2048px) 100vw, 2048px\" \/>\t\t\t\t\t<\/div>\n\t\t\t\t\t<div class=\"cbp-caption-activeWrap\">\n\t\t\t\t\t\t<div class=\"cbp-l-caption-alignCenter\" data-xpro-lightbox data-src=\"https:\/\/calidad.unap.cl\/acreditacion2027\/wp-content\/uploads\/sites\/2\/2025\/10\/IMG_1709.jpg\">\n\t\t\t\t\t\t\t<!-- Overlay -->\n\t\t\t\t\t\t\t<div class=\"cbp-l-caption-body\">\n\t\t\t\t\t\t\t\t\n\t\t\t\t\t\t\t\t\t\t\t\t\t\t\t\t\t<!-- Content -->\n\t\t\t\t\t\t\t\t\t<div class=\"xpro-overlay-content\">\n\t\t\t\t\t\t\t\t\t\t\t\t\t\t\t\t\t\t\t\t\t<h4 class=\"xpro-title\">Jueves de Calidad | Comisi\u00f3n de Gesti\u00f3n Estrat\u00e9gica y Recursos Institucionales<\/h4>\n\t\t\t\t\t\t\t\t\t\t\t\t\t\t\t\t\t\t\t\t\t\t\t\t\t\t\t\t\t<\/div>\n\t\t\t\t\t\t\t\t\t\t\t\t\t\t\t<\/div>\n\t\t\t\t\t\t<\/div>\n\t\t\t\t\t<\/div>\n\t\t\t\t<\/div>\n\t\t\t<\/div>\n\n\t\t\n\t\t\t<!--Item-->\n\t\t\t<div class=\"cbp-item xpro-elementor-gallery-item oct\">\n\t\t\t\t<div class=\"cbp-caption\">\n\t\t\t\t\t<div class=\"cbp-caption-defaultWrap\">\n\t\t\t\t\t\t<img loading=\"lazy\" decoding=\"async\" width=\"2048\" height=\"1538\" src=\"https:\/\/calidad.unap.cl\/acreditacion2027\/wp-content\/uploads\/sites\/2\/2025\/10\/IMG_1723.jpg\" class=\"attachment-full size-full\" alt=\"\" srcset=\"https:\/\/calidad.unap.cl\/acreditacion2027\/wp-content\/uploads\/sites\/2\/2025\/10\/IMG_1723.jpg 2048w, https:\/\/calidad.unap.cl\/acreditacion2027\/wp-content\/uploads\/sites\/2\/2025\/10\/IMG_1723-300x225.jpg 300w, https:\/\/calidad.unap.cl\/acreditacion2027\/wp-content\/uploads\/sites\/2\/2025\/10\/IMG_1723-1024x769.jpg 1024w, https:\/\/calidad.unap.cl\/acreditacion2027\/wp-content\/uploads\/sites\/2\/2025\/10\/IMG_1723-768x577.jpg 768w, https:\/\/calidad.unap.cl\/acreditacion2027\/wp-content\/uploads\/sites\/2\/2025\/10\/IMG_1723-1536x1154.jpg 1536w\" sizes=\"(max-width: 2048px) 100vw, 2048px\" \/>\t\t\t\t\t<\/div>\n\t\t\t\t\t<div class=\"cbp-caption-activeWrap\">\n\t\t\t\t\t\t<div class=\"cbp-l-caption-alignCenter\" data-xpro-lightbox data-src=\"https:\/\/calidad.unap.cl\/acreditacion2027\/wp-content\/uploads\/sites\/2\/2025\/10\/IMG_1723.jpg\">\n\t\t\t\t\t\t\t<!-- Overlay -->\n\t\t\t\t\t\t\t<div class=\"cbp-l-caption-body\">\n\t\t\t\t\t\t\t\t\n\t\t\t\t\t\t\t\t\t\t\t\t\t\t\t\t\t<!-- Content -->\n\t\t\t\t\t\t\t\t\t<div class=\"xpro-overlay-content\">\n\t\t\t\t\t\t\t\t\t\t\t\t\t\t\t\t\t\t\t\t\t<h4 class=\"xpro-title\">Jueves de Calidad | Comisi\u00f3n de Gesti\u00f3n Estrat\u00e9gica y Recursos Institucionales<\/h4>\n\t\t\t\t\t\t\t\t\t\t\t\t\t\t\t\t\t\t\t\t\t\t\t\t\t\t\t\t\t<\/div>\n\t\t\t\t\t\t\t\t\t\t\t\t\t\t\t<\/div>\n\t\t\t\t\t\t<\/div>\n\t\t\t\t\t<\/div>\n\t\t\t\t<\/div>\n\t\t\t<\/div>\n\n\t\t\n\t\t\t<!--Item-->\n\t\t\t<div class=\"cbp-item xpro-elementor-gallery-item oct\">\n\t\t\t\t<div class=\"cbp-caption\">\n\t\t\t\t\t<div class=\"cbp-caption-defaultWrap\">\n\t\t\t\t\t\t<img loading=\"lazy\" decoding=\"async\" width=\"2048\" height=\"1536\" src=\"https:\/\/calidad.unap.cl\/acreditacion2027\/wp-content\/uploads\/sites\/2\/2025\/10\/IMG_2789.jpg\" class=\"attachment-full size-full\" alt=\"\" srcset=\"https:\/\/calidad.unap.cl\/acreditacion2027\/wp-content\/uploads\/sites\/2\/2025\/10\/IMG_2789.jpg 2048w, https:\/\/calidad.unap.cl\/acreditacion2027\/wp-content\/uploads\/sites\/2\/2025\/10\/IMG_2789-300x225.jpg 300w, https:\/\/calidad.unap.cl\/acreditacion2027\/wp-content\/uploads\/sites\/2\/2025\/10\/IMG_2789-1024x768.jpg 1024w, https:\/\/calidad.unap.cl\/acreditacion2027\/wp-content\/uploads\/sites\/2\/2025\/10\/IMG_2789-768x576.jpg 768w, https:\/\/calidad.unap.cl\/acreditacion2027\/wp-content\/uploads\/sites\/2\/2025\/10\/IMG_2789-1536x1152.jpg 1536w\" sizes=\"(max-width: 2048px) 100vw, 2048px\" \/>\t\t\t\t\t<\/div>\n\t\t\t\t\t<div class=\"cbp-caption-activeWrap\">\n\t\t\t\t\t\t<div class=\"cbp-l-caption-alignCenter\" data-xpro-lightbox data-src=\"https:\/\/calidad.unap.cl\/acreditacion2027\/wp-content\/uploads\/sites\/2\/2025\/10\/IMG_2789.jpg\">\n\t\t\t\t\t\t\t<!-- Overlay -->\n\t\t\t\t\t\t\t<div class=\"cbp-l-caption-body\">\n\t\t\t\t\t\t\t\t\n\t\t\t\t\t\t\t\t\t\t\t\t\t\t\t\t\t<!-- Content -->\n\t\t\t\t\t\t\t\t\t<div class=\"xpro-overlay-content\">\n\t\t\t\t\t\t\t\t\t\t\t\t\t\t\t\t\t\t\t\t\t<h4 class=\"xpro-title\">Consejo de Decanos | Avanzando hacia la Acreditaci\u00f3n 2027<\/h4>\n\t\t\t\t\t\t\t\t\t\t\t\t\t\t\t\t\t\t\t\t\t\t\t\t\t\t\t\t\t<\/div>\n\t\t\t\t\t\t\t\t\t\t\t\t\t\t\t<\/div>\n\t\t\t\t\t\t<\/div>\n\t\t\t\t\t<\/div>\n\t\t\t\t<\/div>\n\t\t\t<\/div>\n\n\t\t\n\t\t\t<!--Item-->\n\t\t\t<div class=\"cbp-item xpro-elementor-gallery-item oct\">\n\t\t\t\t<div class=\"cbp-caption\">\n\t\t\t\t\t<div class=\"cbp-caption-defaultWrap\">\n\t\t\t\t\t\t<img loading=\"lazy\" decoding=\"async\" width=\"2048\" height=\"1536\" src=\"https:\/\/calidad.unap.cl\/acreditacion2027\/wp-content\/uploads\/sites\/2\/2025\/10\/IMG_2795.jpg\" class=\"attachment-full size-full\" alt=\"\" srcset=\"https:\/\/calidad.unap.cl\/acreditacion2027\/wp-content\/uploads\/sites\/2\/2025\/10\/IMG_2795.jpg 2048w, https:\/\/calidad.unap.cl\/acreditacion2027\/wp-content\/uploads\/sites\/2\/2025\/10\/IMG_2795-300x225.jpg 300w, https:\/\/calidad.unap.cl\/acreditacion2027\/wp-content\/uploads\/sites\/2\/2025\/10\/IMG_2795-1024x768.jpg 1024w, https:\/\/calidad.unap.cl\/acreditacion2027\/wp-content\/uploads\/sites\/2\/2025\/10\/IMG_2795-768x576.jpg 768w, https:\/\/calidad.unap.cl\/acreditacion2027\/wp-content\/uploads\/sites\/2\/2025\/10\/IMG_2795-1536x1152.jpg 1536w\" sizes=\"(max-width: 2048px) 100vw, 2048px\" \/>\t\t\t\t\t<\/div>\n\t\t\t\t\t<div class=\"cbp-caption-activeWrap\">\n\t\t\t\t\t\t<div class=\"cbp-l-caption-alignCenter\" data-xpro-lightbox data-src=\"https:\/\/calidad.unap.cl\/acreditacion2027\/wp-content\/uploads\/sites\/2\/2025\/10\/IMG_2795.jpg\">\n\t\t\t\t\t\t\t<!-- Overlay -->\n\t\t\t\t\t\t\t<div class=\"cbp-l-caption-body\">\n\t\t\t\t\t\t\t\t\n\t\t\t\t\t\t\t\t\t\t\t\t\t\t\t\t\t<!-- Content -->\n\t\t\t\t\t\t\t\t\t<div class=\"xpro-overlay-content\">\n\t\t\t\t\t\t\t\t\t\t\t\t\t\t\t\t\t\t\t\t\t<h4 class=\"xpro-title\">Consejo de Decanos | Avanzando hacia la Acreditaci\u00f3n 2027<\/h4>\n\t\t\t\t\t\t\t\t\t\t\t\t\t\t\t\t\t\t\t\t\t\t\t\t\t\t\t\t\t<\/div>\n\t\t\t\t\t\t\t\t\t\t\t\t\t\t\t<\/div>\n\t\t\t\t\t\t<\/div>\n\t\t\t\t\t<\/div>\n\t\t\t\t<\/div>\n\t\t\t<\/div>\n\n\t\t\n\t\t\t<!--Item-->\n\t\t\t<div class=\"cbp-item xpro-elementor-gallery-item oct\">\n\t\t\t\t<div class=\"cbp-caption\">\n\t\t\t\t\t<div class=\"cbp-caption-defaultWrap\">\n\t\t\t\t\t\t<img loading=\"lazy\" decoding=\"async\" width=\"2048\" height=\"1538\" src=\"https:\/\/calidad.unap.cl\/acreditacion2027\/wp-content\/uploads\/sites\/2\/2025\/10\/IMG_2798.jpg\" class=\"attachment-full size-full\" alt=\"\" srcset=\"https:\/\/calidad.unap.cl\/acreditacion2027\/wp-content\/uploads\/sites\/2\/2025\/10\/IMG_2798.jpg 2048w, https:\/\/calidad.unap.cl\/acreditacion2027\/wp-content\/uploads\/sites\/2\/2025\/10\/IMG_2798-300x225.jpg 300w, https:\/\/calidad.unap.cl\/acreditacion2027\/wp-content\/uploads\/sites\/2\/2025\/10\/IMG_2798-1024x769.jpg 1024w, https:\/\/calidad.unap.cl\/acreditacion2027\/wp-content\/uploads\/sites\/2\/2025\/10\/IMG_2798-768x577.jpg 768w, https:\/\/calidad.unap.cl\/acreditacion2027\/wp-content\/uploads\/sites\/2\/2025\/10\/IMG_2798-1536x1154.jpg 1536w\" sizes=\"(max-width: 2048px) 100vw, 2048px\" \/>\t\t\t\t\t<\/div>\n\t\t\t\t\t<div class=\"cbp-caption-activeWrap\">\n\t\t\t\t\t\t<div class=\"cbp-l-caption-alignCenter\" data-xpro-lightbox data-src=\"https:\/\/calidad.unap.cl\/acreditacion2027\/wp-content\/uploads\/sites\/2\/2025\/10\/IMG_2798.jpg\">\n\t\t\t\t\t\t\t<!-- Overlay -->\n\t\t\t\t\t\t\t<div class=\"cbp-l-caption-body\">\n\t\t\t\t\t\t\t\t\n\t\t\t\t\t\t\t\t\t\t\t\t\t\t\t\t\t<!-- Content -->\n\t\t\t\t\t\t\t\t\t<div class=\"xpro-overlay-content\">\n\t\t\t\t\t\t\t\t\t\t\t\t\t\t\t\t\t\t\t\t\t<h4 class=\"xpro-title\">Consejo de Decanos | Avanzando hacia la Acreditaci\u00f3n 2027<\/h4>\n\t\t\t\t\t\t\t\t\t\t\t\t\t\t\t\t\t\t\t\t\t\t\t\t\t\t\t\t\t<\/div>\n\t\t\t\t\t\t\t\t\t\t\t\t\t\t\t<\/div>\n\t\t\t\t\t\t<\/div>\n\t\t\t\t\t<\/div>\n\t\t\t\t<\/div>\n\t\t\t<\/div>\n\n\t\t\n\t\t\t<!--Item-->\n\t\t\t<div class=\"cbp-item xpro-elementor-gallery-item oct\">\n\t\t\t\t<div class=\"cbp-caption\">\n\t\t\t\t\t<div class=\"cbp-caption-defaultWrap\">\n\t\t\t\t\t\t<img loading=\"lazy\" decoding=\"async\" width=\"2048\" height=\"1536\" src=\"https:\/\/calidad.unap.cl\/acreditacion2027\/wp-content\/uploads\/sites\/2\/2025\/10\/IMG_2805.jpg\" class=\"attachment-full size-full\" alt=\"\" srcset=\"https:\/\/calidad.unap.cl\/acreditacion2027\/wp-content\/uploads\/sites\/2\/2025\/10\/IMG_2805.jpg 2048w, https:\/\/calidad.unap.cl\/acreditacion2027\/wp-content\/uploads\/sites\/2\/2025\/10\/IMG_2805-300x225.jpg 300w, https:\/\/calidad.unap.cl\/acreditacion2027\/wp-content\/uploads\/sites\/2\/2025\/10\/IMG_2805-1024x768.jpg 1024w, https:\/\/calidad.unap.cl\/acreditacion2027\/wp-content\/uploads\/sites\/2\/2025\/10\/IMG_2805-768x576.jpg 768w, https:\/\/calidad.unap.cl\/acreditacion2027\/wp-content\/uploads\/sites\/2\/2025\/10\/IMG_2805-1536x1152.jpg 1536w\" sizes=\"(max-width: 2048px) 100vw, 2048px\" \/>\t\t\t\t\t<\/div>\n\t\t\t\t\t<div class=\"cbp-caption-activeWrap\">\n\t\t\t\t\t\t<div class=\"cbp-l-caption-alignCenter\" data-xpro-lightbox data-src=\"https:\/\/calidad.unap.cl\/acreditacion2027\/wp-content\/uploads\/sites\/2\/2025\/10\/IMG_2805.jpg\">\n\t\t\t\t\t\t\t<!-- Overlay -->\n\t\t\t\t\t\t\t<div class=\"cbp-l-caption-body\">\n\t\t\t\t\t\t\t\t\n\t\t\t\t\t\t\t\t\t\t\t\t\t\t\t\t\t<!-- Content -->\n\t\t\t\t\t\t\t\t\t<div class=\"xpro-overlay-content\">\n\t\t\t\t\t\t\t\t\t\t\t\t\t\t\t\t\t\t\t\t\t<h4 class=\"xpro-title\">Consejo de Decanos | Avanzando hacia la Acreditaci\u00f3n 2027<\/h4>\n\t\t\t\t\t\t\t\t\t\t\t\t\t\t\t\t\t\t\t\t\t\t\t\t\t\t\t\t\t<\/div>\n\t\t\t\t\t\t\t\t\t\t\t\t\t\t\t<\/div>\n\t\t\t\t\t\t<\/div>\n\t\t\t\t\t<\/div>\n\t\t\t\t<\/div>\n\t\t\t<\/div>\n\n\t\t\n\t\t\t<!--Item-->\n\t\t\t<div class=\"cbp-item xpro-elementor-gallery-item oct\">\n\t\t\t\t<div class=\"cbp-caption\">\n\t\t\t\t\t<div class=\"cbp-caption-defaultWrap\">\n\t\t\t\t\t\t<img loading=\"lazy\" decoding=\"async\" width=\"2048\" height=\"1536\" src=\"https:\/\/calidad.unap.cl\/acreditacion2027\/wp-content\/uploads\/sites\/2\/2025\/10\/IMG_2807.jpg\" class=\"attachment-full size-full\" alt=\"\" srcset=\"https:\/\/calidad.unap.cl\/acreditacion2027\/wp-content\/uploads\/sites\/2\/2025\/10\/IMG_2807.jpg 2048w, https:\/\/calidad.unap.cl\/acreditacion2027\/wp-content\/uploads\/sites\/2\/2025\/10\/IMG_2807-300x225.jpg 300w, https:\/\/calidad.unap.cl\/acreditacion2027\/wp-content\/uploads\/sites\/2\/2025\/10\/IMG_2807-1024x768.jpg 1024w, https:\/\/calidad.unap.cl\/acreditacion2027\/wp-content\/uploads\/sites\/2\/2025\/10\/IMG_2807-768x576.jpg 768w, https:\/\/calidad.unap.cl\/acreditacion2027\/wp-content\/uploads\/sites\/2\/2025\/10\/IMG_2807-1536x1152.jpg 1536w\" sizes=\"(max-width: 2048px) 100vw, 2048px\" \/>\t\t\t\t\t<\/div>\n\t\t\t\t\t<div class=\"cbp-caption-activeWrap\">\n\t\t\t\t\t\t<div class=\"cbp-l-caption-alignCenter\" data-xpro-lightbox data-src=\"https:\/\/calidad.unap.cl\/acreditacion2027\/wp-content\/uploads\/sites\/2\/2025\/10\/IMG_2807.jpg\">\n\t\t\t\t\t\t\t<!-- Overlay -->\n\t\t\t\t\t\t\t<div class=\"cbp-l-caption-body\">\n\t\t\t\t\t\t\t\t\n\t\t\t\t\t\t\t\t\t\t\t\t\t\t\t\t\t<!-- Content -->\n\t\t\t\t\t\t\t\t\t<div class=\"xpro-overlay-content\">\n\t\t\t\t\t\t\t\t\t\t\t\t\t\t\t\t\t\t\t\t\t<h4 class=\"xpro-title\">Consejo de Decanos | Avanzando hacia la Acreditaci\u00f3n 2027<\/h4>\n\t\t\t\t\t\t\t\t\t\t\t\t\t\t\t\t\t\t\t\t\t\t\t\t\t\t\t\t\t<\/div>\n\t\t\t\t\t\t\t\t\t\t\t\t\t\t\t<\/div>\n\t\t\t\t\t\t<\/div>\n\t\t\t\t\t<\/div>\n\t\t\t\t<\/div>\n\t\t\t<\/div>\n\n\t\t\n\t\t\t<!--Item-->\n\t\t\t<div class=\"cbp-item xpro-elementor-gallery-item oct\">\n\t\t\t\t<div class=\"cbp-caption\">\n\t\t\t\t\t<div class=\"cbp-caption-defaultWrap\">\n\t\t\t\t\t\t<img loading=\"lazy\" decoding=\"async\" width=\"2048\" height=\"1538\" src=\"https:\/\/calidad.unap.cl\/acreditacion2027\/wp-content\/uploads\/sites\/2\/2025\/10\/IMG_2810.jpg\" class=\"attachment-full size-full\" alt=\"\" srcset=\"https:\/\/calidad.unap.cl\/acreditacion2027\/wp-content\/uploads\/sites\/2\/2025\/10\/IMG_2810.jpg 2048w, https:\/\/calidad.unap.cl\/acreditacion2027\/wp-content\/uploads\/sites\/2\/2025\/10\/IMG_2810-300x225.jpg 300w, https:\/\/calidad.unap.cl\/acreditacion2027\/wp-content\/uploads\/sites\/2\/2025\/10\/IMG_2810-1024x769.jpg 1024w, https:\/\/calidad.unap.cl\/acreditacion2027\/wp-content\/uploads\/sites\/2\/2025\/10\/IMG_2810-768x577.jpg 768w, https:\/\/calidad.unap.cl\/acreditacion2027\/wp-content\/uploads\/sites\/2\/2025\/10\/IMG_2810-1536x1154.jpg 1536w\" sizes=\"(max-width: 2048px) 100vw, 2048px\" \/>\t\t\t\t\t<\/div>\n\t\t\t\t\t<div class=\"cbp-caption-activeWrap\">\n\t\t\t\t\t\t<div class=\"cbp-l-caption-alignCenter\" data-xpro-lightbox data-src=\"https:\/\/calidad.unap.cl\/acreditacion2027\/wp-content\/uploads\/sites\/2\/2025\/10\/IMG_2810.jpg\">\n\t\t\t\t\t\t\t<!-- Overlay -->\n\t\t\t\t\t\t\t<div class=\"cbp-l-caption-body\">\n\t\t\t\t\t\t\t\t\n\t\t\t\t\t\t\t\t\t\t\t\t\t\t\t\t\t<!-- Content -->\n\t\t\t\t\t\t\t\t\t<div class=\"xpro-overlay-content\">\n\t\t\t\t\t\t\t\t\t\t\t\t\t\t\t\t\t\t\t\t\t<h4 class=\"xpro-title\">Consejo de Decanos | Avanzando hacia la Acreditaci\u00f3n 2027<\/h4>\n\t\t\t\t\t\t\t\t\t\t\t\t\t\t\t\t\t\t\t\t\t\t\t\t\t\t\t\t\t<\/div>\n\t\t\t\t\t\t\t\t\t\t\t\t\t\t\t<\/div>\n\t\t\t\t\t\t<\/div>\n\t\t\t\t\t<\/div>\n\t\t\t\t<\/div>\n\t\t\t<\/div>\n\n\t\t\n\t\t\t<!--Item-->\n\t\t\t<div class=\"cbp-item xpro-elementor-gallery-item oct\">\n\t\t\t\t<div class=\"cbp-caption\">\n\t\t\t\t\t<div class=\"cbp-caption-defaultWrap\">\n\t\t\t\t\t\t<img loading=\"lazy\" decoding=\"async\" width=\"2048\" height=\"1538\" src=\"https:\/\/calidad.unap.cl\/acreditacion2027\/wp-content\/uploads\/sites\/2\/2025\/10\/IMG_2268.jpg\" class=\"attachment-full size-full\" alt=\"\" srcset=\"https:\/\/calidad.unap.cl\/acreditacion2027\/wp-content\/uploads\/sites\/2\/2025\/10\/IMG_2268.jpg 2048w, https:\/\/calidad.unap.cl\/acreditacion2027\/wp-content\/uploads\/sites\/2\/2025\/10\/IMG_2268-300x225.jpg 300w, https:\/\/calidad.unap.cl\/acreditacion2027\/wp-content\/uploads\/sites\/2\/2025\/10\/IMG_2268-1024x769.jpg 1024w, https:\/\/calidad.unap.cl\/acreditacion2027\/wp-content\/uploads\/sites\/2\/2025\/10\/IMG_2268-768x577.jpg 768w, https:\/\/calidad.unap.cl\/acreditacion2027\/wp-content\/uploads\/sites\/2\/2025\/10\/IMG_2268-1536x1154.jpg 1536w\" sizes=\"(max-width: 2048px) 100vw, 2048px\" \/>\t\t\t\t\t<\/div>\n\t\t\t\t\t<div class=\"cbp-caption-activeWrap\">\n\t\t\t\t\t\t<div class=\"cbp-l-caption-alignCenter\" data-xpro-lightbox data-src=\"https:\/\/calidad.unap.cl\/acreditacion2027\/wp-content\/uploads\/sites\/2\/2025\/10\/IMG_2268.jpg\">\n\t\t\t\t\t\t\t<!-- Overlay -->\n\t\t\t\t\t\t\t<div class=\"cbp-l-caption-body\">\n\t\t\t\t\t\t\t\t\n\t\t\t\t\t\t\t\t\t\t\t\t\t\t\t\t\t<!-- Content -->\n\t\t\t\t\t\t\t\t\t<div class=\"xpro-overlay-content\">\n\t\t\t\t\t\t\t\t\t\t\t\t\t\t\t\t\t\t\t\t\t<h4 class=\"xpro-title\">UNAP y UA fortalecen articulaci\u00f3n en aseguramiento de la calidad<\/h4>\n\t\t\t\t\t\t\t\t\t\t\t\t\t\t\t\t\t\t\t\t\t\t\t\t\t\t\t\t\t<\/div>\n\t\t\t\t\t\t\t\t\t\t\t\t\t\t\t<\/div>\n\t\t\t\t\t\t<\/div>\n\t\t\t\t\t<\/div>\n\t\t\t\t<\/div>\n\t\t\t<\/div>\n\n\t\t\n\t\t\t<!--Item-->\n\t\t\t<div class=\"cbp-item xpro-elementor-gallery-item oct\">\n\t\t\t\t<div class=\"cbp-caption\">\n\t\t\t\t\t<div class=\"cbp-caption-defaultWrap\">\n\t\t\t\t\t\t<img loading=\"lazy\" decoding=\"async\" width=\"2048\" height=\"1538\" src=\"https:\/\/calidad.unap.cl\/acreditacion2027\/wp-content\/uploads\/sites\/2\/2025\/10\/IMG_2282.jpg\" class=\"attachment-full size-full\" alt=\"\" srcset=\"https:\/\/calidad.unap.cl\/acreditacion2027\/wp-content\/uploads\/sites\/2\/2025\/10\/IMG_2282.jpg 2048w, https:\/\/calidad.unap.cl\/acreditacion2027\/wp-content\/uploads\/sites\/2\/2025\/10\/IMG_2282-300x225.jpg 300w, https:\/\/calidad.unap.cl\/acreditacion2027\/wp-content\/uploads\/sites\/2\/2025\/10\/IMG_2282-1024x769.jpg 1024w, https:\/\/calidad.unap.cl\/acreditacion2027\/wp-content\/uploads\/sites\/2\/2025\/10\/IMG_2282-768x577.jpg 768w, https:\/\/calidad.unap.cl\/acreditacion2027\/wp-content\/uploads\/sites\/2\/2025\/10\/IMG_2282-1536x1154.jpg 1536w\" sizes=\"(max-width: 2048px) 100vw, 2048px\" \/>\t\t\t\t\t<\/div>\n\t\t\t\t\t<div class=\"cbp-caption-activeWrap\">\n\t\t\t\t\t\t<div class=\"cbp-l-caption-alignCenter\" data-xpro-lightbox data-src=\"https:\/\/calidad.unap.cl\/acreditacion2027\/wp-content\/uploads\/sites\/2\/2025\/10\/IMG_2282.jpg\">\n\t\t\t\t\t\t\t<!-- Overlay -->\n\t\t\t\t\t\t\t<div class=\"cbp-l-caption-body\">\n\t\t\t\t\t\t\t\t\n\t\t\t\t\t\t\t\t\t\t\t\t\t\t\t\t\t<!-- Content -->\n\t\t\t\t\t\t\t\t\t<div class=\"xpro-overlay-content\">\n\t\t\t\t\t\t\t\t\t\t\t\t\t\t\t\t\t\t\t\t\t<h4 class=\"xpro-title\">UNAP y UA fortalecen articulaci\u00f3n en aseguramiento de la calidad<\/h4>\n\t\t\t\t\t\t\t\t\t\t\t\t\t\t\t\t\t\t\t\t\t\t\t\t\t\t\t\t\t<\/div>\n\t\t\t\t\t\t\t\t\t\t\t\t\t\t\t<\/div>\n\t\t\t\t\t\t<\/div>\n\t\t\t\t\t<\/div>\n\t\t\t\t<\/div>\n\t\t\t<\/div>\n\n\t\t\n\t\t\t<!--Item-->\n\t\t\t<div class=\"cbp-item xpro-elementor-gallery-item oct\">\n\t\t\t\t<div class=\"cbp-caption\">\n\t\t\t\t\t<div class=\"cbp-caption-defaultWrap\">\n\t\t\t\t\t\t<img loading=\"lazy\" decoding=\"async\" width=\"2048\" height=\"1538\" src=\"https:\/\/calidad.unap.cl\/acreditacion2027\/wp-content\/uploads\/sites\/2\/2025\/10\/IMG_2377.jpg\" class=\"attachment-full size-full\" alt=\"\" srcset=\"https:\/\/calidad.unap.cl\/acreditacion2027\/wp-content\/uploads\/sites\/2\/2025\/10\/IMG_2377.jpg 2048w, https:\/\/calidad.unap.cl\/acreditacion2027\/wp-content\/uploads\/sites\/2\/2025\/10\/IMG_2377-300x225.jpg 300w, https:\/\/calidad.unap.cl\/acreditacion2027\/wp-content\/uploads\/sites\/2\/2025\/10\/IMG_2377-1024x769.jpg 1024w, https:\/\/calidad.unap.cl\/acreditacion2027\/wp-content\/uploads\/sites\/2\/2025\/10\/IMG_2377-768x577.jpg 768w, https:\/\/calidad.unap.cl\/acreditacion2027\/wp-content\/uploads\/sites\/2\/2025\/10\/IMG_2377-1536x1154.jpg 1536w\" sizes=\"(max-width: 2048px) 100vw, 2048px\" \/>\t\t\t\t\t<\/div>\n\t\t\t\t\t<div class=\"cbp-caption-activeWrap\">\n\t\t\t\t\t\t<div class=\"cbp-l-caption-alignCenter\" data-xpro-lightbox data-src=\"https:\/\/calidad.unap.cl\/acreditacion2027\/wp-content\/uploads\/sites\/2\/2025\/10\/IMG_2377.jpg\">\n\t\t\t\t\t\t\t<!-- Overlay -->\n\t\t\t\t\t\t\t<div class=\"cbp-l-caption-body\">\n\t\t\t\t\t\t\t\t\n\t\t\t\t\t\t\t\t\t\t\t\t\t\t\t\t\t<!-- Content -->\n\t\t\t\t\t\t\t\t\t<div class=\"xpro-overlay-content\">\n\t\t\t\t\t\t\t\t\t\t\t\t\t\t\t\t\t\t\t\t\t<h4 class=\"xpro-title\">UNAP y UA fortalecen articulaci\u00f3n en aseguramiento de la calidad<\/h4>\n\t\t\t\t\t\t\t\t\t\t\t\t\t\t\t\t\t\t\t\t\t\t\t\t\t\t\t\t\t<\/div>\n\t\t\t\t\t\t\t\t\t\t\t\t\t\t\t<\/div>\n\t\t\t\t\t\t<\/div>\n\t\t\t\t\t<\/div>\n\t\t\t\t<\/div>\n\t\t\t<\/div>\n\n\t\t\n\t\t\t<!--Item-->\n\t\t\t<div class=\"cbp-item xpro-elementor-gallery-item oct\">\n\t\t\t\t<div class=\"cbp-caption\">\n\t\t\t\t\t<div class=\"cbp-caption-defaultWrap\">\n\t\t\t\t\t\t<img loading=\"lazy\" decoding=\"async\" width=\"2048\" height=\"1538\" src=\"https:\/\/calidad.unap.cl\/acreditacion2027\/wp-content\/uploads\/sites\/2\/2025\/10\/IMG_2397.jpg\" class=\"attachment-full size-full\" alt=\"\" srcset=\"https:\/\/calidad.unap.cl\/acreditacion2027\/wp-content\/uploads\/sites\/2\/2025\/10\/IMG_2397.jpg 2048w, https:\/\/calidad.unap.cl\/acreditacion2027\/wp-content\/uploads\/sites\/2\/2025\/10\/IMG_2397-300x225.jpg 300w, https:\/\/calidad.unap.cl\/acreditacion2027\/wp-content\/uploads\/sites\/2\/2025\/10\/IMG_2397-1024x769.jpg 1024w, https:\/\/calidad.unap.cl\/acreditacion2027\/wp-content\/uploads\/sites\/2\/2025\/10\/IMG_2397-768x577.jpg 768w, https:\/\/calidad.unap.cl\/acreditacion2027\/wp-content\/uploads\/sites\/2\/2025\/10\/IMG_2397-1536x1154.jpg 1536w\" sizes=\"(max-width: 2048px) 100vw, 2048px\" \/>\t\t\t\t\t<\/div>\n\t\t\t\t\t<div class=\"cbp-caption-activeWrap\">\n\t\t\t\t\t\t<div class=\"cbp-l-caption-alignCenter\" data-xpro-lightbox data-src=\"https:\/\/calidad.unap.cl\/acreditacion2027\/wp-content\/uploads\/sites\/2\/2025\/10\/IMG_2397.jpg\">\n\t\t\t\t\t\t\t<!-- Overlay -->\n\t\t\t\t\t\t\t<div class=\"cbp-l-caption-body\">\n\t\t\t\t\t\t\t\t\n\t\t\t\t\t\t\t\t\t\t\t\t\t\t\t\t\t<!-- Content -->\n\t\t\t\t\t\t\t\t\t<div class=\"xpro-overlay-content\">\n\t\t\t\t\t\t\t\t\t\t\t\t\t\t\t\t\t\t\t\t\t<h4 class=\"xpro-title\">UNAP y UA fortalecen articulaci\u00f3n en aseguramiento de la calidad<\/h4>\n\t\t\t\t\t\t\t\t\t\t\t\t\t\t\t\t\t\t\t\t\t\t\t\t\t\t\t\t\t<\/div>\n\t\t\t\t\t\t\t\t\t\t\t\t\t\t\t<\/div>\n\t\t\t\t\t\t<\/div>\n\t\t\t\t\t<\/div>\n\t\t\t\t<\/div>\n\t\t\t<\/div>\n\n\t\t\n\t\t\t<!--Item-->\n\t\t\t<div class=\"cbp-item xpro-elementor-gallery-item oct\">\n\t\t\t\t<div class=\"cbp-caption\">\n\t\t\t\t\t<div class=\"cbp-caption-defaultWrap\">\n\t\t\t\t\t\t<img loading=\"lazy\" decoding=\"async\" width=\"2048\" height=\"1538\" src=\"https:\/\/calidad.unap.cl\/acreditacion2027\/wp-content\/uploads\/sites\/2\/2025\/10\/IMG_2456.jpg\" class=\"attachment-full size-full\" alt=\"\" srcset=\"https:\/\/calidad.unap.cl\/acreditacion2027\/wp-content\/uploads\/sites\/2\/2025\/10\/IMG_2456.jpg 2048w, https:\/\/calidad.unap.cl\/acreditacion2027\/wp-content\/uploads\/sites\/2\/2025\/10\/IMG_2456-300x225.jpg 300w, https:\/\/calidad.unap.cl\/acreditacion2027\/wp-content\/uploads\/sites\/2\/2025\/10\/IMG_2456-1024x769.jpg 1024w, https:\/\/calidad.unap.cl\/acreditacion2027\/wp-content\/uploads\/sites\/2\/2025\/10\/IMG_2456-768x577.jpg 768w, https:\/\/calidad.unap.cl\/acreditacion2027\/wp-content\/uploads\/sites\/2\/2025\/10\/IMG_2456-1536x1154.jpg 1536w\" sizes=\"(max-width: 2048px) 100vw, 2048px\" \/>\t\t\t\t\t<\/div>\n\t\t\t\t\t<div class=\"cbp-caption-activeWrap\">\n\t\t\t\t\t\t<div class=\"cbp-l-caption-alignCenter\" data-xpro-lightbox data-src=\"https:\/\/calidad.unap.cl\/acreditacion2027\/wp-content\/uploads\/sites\/2\/2025\/10\/IMG_2456.jpg\">\n\t\t\t\t\t\t\t<!-- Overlay -->\n\t\t\t\t\t\t\t<div class=\"cbp-l-caption-body\">\n\t\t\t\t\t\t\t\t\n\t\t\t\t\t\t\t\t\t\t\t\t\t\t\t\t\t<!-- Content -->\n\t\t\t\t\t\t\t\t\t<div class=\"xpro-overlay-content\">\n\t\t\t\t\t\t\t\t\t\t\t\t\t\t\t\t\t\t\t\t\t<h4 class=\"xpro-title\">UNAP y UA fortalecen articulaci\u00f3n en aseguramiento de la calidad<\/h4>\n\t\t\t\t\t\t\t\t\t\t\t\t\t\t\t\t\t\t\t\t\t\t\t\t\t\t\t\t\t<\/div>\n\t\t\t\t\t\t\t\t\t\t\t\t\t\t\t<\/div>\n\t\t\t\t\t\t<\/div>\n\t\t\t\t\t<\/div>\n\t\t\t\t<\/div>\n\t\t\t<\/div>\n\n\t\t\n\t\t\t<!--Item-->\n\t\t\t<div class=\"cbp-item xpro-elementor-gallery-item oct\">\n\t\t\t\t<div class=\"cbp-caption\">\n\t\t\t\t\t<div class=\"cbp-caption-defaultWrap\">\n\t\t\t\t\t\t<img loading=\"lazy\" decoding=\"async\" width=\"2048\" height=\"1538\" src=\"https:\/\/calidad.unap.cl\/acreditacion2027\/wp-content\/uploads\/sites\/2\/2025\/10\/IMG_2514.jpg\" class=\"attachment-full size-full\" alt=\"\" srcset=\"https:\/\/calidad.unap.cl\/acreditacion2027\/wp-content\/uploads\/sites\/2\/2025\/10\/IMG_2514.jpg 2048w, https:\/\/calidad.unap.cl\/acreditacion2027\/wp-content\/uploads\/sites\/2\/2025\/10\/IMG_2514-300x225.jpg 300w, https:\/\/calidad.unap.cl\/acreditacion2027\/wp-content\/uploads\/sites\/2\/2025\/10\/IMG_2514-1024x769.jpg 1024w, https:\/\/calidad.unap.cl\/acreditacion2027\/wp-content\/uploads\/sites\/2\/2025\/10\/IMG_2514-768x577.jpg 768w, https:\/\/calidad.unap.cl\/acreditacion2027\/wp-content\/uploads\/sites\/2\/2025\/10\/IMG_2514-1536x1154.jpg 1536w\" sizes=\"(max-width: 2048px) 100vw, 2048px\" \/>\t\t\t\t\t<\/div>\n\t\t\t\t\t<div class=\"cbp-caption-activeWrap\">\n\t\t\t\t\t\t<div class=\"cbp-l-caption-alignCenter\" data-xpro-lightbox data-src=\"https:\/\/calidad.unap.cl\/acreditacion2027\/wp-content\/uploads\/sites\/2\/2025\/10\/IMG_2514.jpg\">\n\t\t\t\t\t\t\t<!-- Overlay -->\n\t\t\t\t\t\t\t<div class=\"cbp-l-caption-body\">\n\t\t\t\t\t\t\t\t\n\t\t\t\t\t\t\t\t\t\t\t\t\t\t\t\t\t<!-- Content -->\n\t\t\t\t\t\t\t\t\t<div class=\"xpro-overlay-content\">\n\t\t\t\t\t\t\t\t\t\t\t\t\t\t\t\t\t\t\t\t\t<h4 class=\"xpro-title\">UNAP y UA fortalecen articulaci\u00f3n en aseguramiento de la calidad<\/h4>\n\t\t\t\t\t\t\t\t\t\t\t\t\t\t\t\t\t\t\t\t\t\t\t\t\t\t\t\t\t<\/div>\n\t\t\t\t\t\t\t\t\t\t\t\t\t\t\t<\/div>\n\t\t\t\t\t\t<\/div>\n\t\t\t\t\t<\/div>\n\t\t\t\t<\/div>\n\t\t\t<\/div>\n\n\t\t\n\t\t\t<!--Item-->\n\t\t\t<div class=\"cbp-item xpro-elementor-gallery-item oct\">\n\t\t\t\t<div class=\"cbp-caption\">\n\t\t\t\t\t<div class=\"cbp-caption-defaultWrap\">\n\t\t\t\t\t\t<img loading=\"lazy\" decoding=\"async\" width=\"2048\" height=\"1365\" src=\"https:\/\/calidad.unap.cl\/acreditacion2027\/wp-content\/uploads\/sites\/2\/2025\/10\/IMG_2518.jpg\" class=\"attachment-full size-full\" alt=\"\" srcset=\"https:\/\/calidad.unap.cl\/acreditacion2027\/wp-content\/uploads\/sites\/2\/2025\/10\/IMG_2518.jpg 2048w, https:\/\/calidad.unap.cl\/acreditacion2027\/wp-content\/uploads\/sites\/2\/2025\/10\/IMG_2518-300x200.jpg 300w, https:\/\/calidad.unap.cl\/acreditacion2027\/wp-content\/uploads\/sites\/2\/2025\/10\/IMG_2518-1024x683.jpg 1024w, https:\/\/calidad.unap.cl\/acreditacion2027\/wp-content\/uploads\/sites\/2\/2025\/10\/IMG_2518-768x512.jpg 768w, https:\/\/calidad.unap.cl\/acreditacion2027\/wp-content\/uploads\/sites\/2\/2025\/10\/IMG_2518-1536x1024.jpg 1536w\" sizes=\"(max-width: 2048px) 100vw, 2048px\" \/>\t\t\t\t\t<\/div>\n\t\t\t\t\t<div class=\"cbp-caption-activeWrap\">\n\t\t\t\t\t\t<div class=\"cbp-l-caption-alignCenter\" data-xpro-lightbox data-src=\"https:\/\/calidad.unap.cl\/acreditacion2027\/wp-content\/uploads\/sites\/2\/2025\/10\/IMG_2518.jpg\">\n\t\t\t\t\t\t\t<!-- Overlay -->\n\t\t\t\t\t\t\t<div class=\"cbp-l-caption-body\">\n\t\t\t\t\t\t\t\t\n\t\t\t\t\t\t\t\t\t\t\t\t\t\t\t\t\t<!-- Content -->\n\t\t\t\t\t\t\t\t\t<div class=\"xpro-overlay-content\">\n\t\t\t\t\t\t\t\t\t\t\t\t\t\t\t\t\t\t\t\t\t<h4 class=\"xpro-title\">UNAP y UA fortalecen articulaci\u00f3n en aseguramiento de la calidad<\/h4>\n\t\t\t\t\t\t\t\t\t\t\t\t\t\t\t\t\t\t\t\t\t\t\t\t\t\t\t\t\t<\/div>\n\t\t\t\t\t\t\t\t\t\t\t\t\t\t\t<\/div>\n\t\t\t\t\t\t<\/div>\n\t\t\t\t\t<\/div>\n\t\t\t\t<\/div>\n\t\t\t<\/div>\n\n\t\t\n\t\t\t<!--Item-->\n\t\t\t<div class=\"cbp-item xpro-elementor-gallery-item oct\">\n\t\t\t\t<div class=\"cbp-caption\">\n\t\t\t\t\t<div class=\"cbp-caption-defaultWrap\">\n\t\t\t\t\t\t<img loading=\"lazy\" decoding=\"async\" width=\"2048\" height=\"1536\" src=\"https:\/\/calidad.unap.cl\/acreditacion2027\/wp-content\/uploads\/sites\/2\/2025\/10\/IMG_2523.jpg\" class=\"attachment-full size-full\" alt=\"\" srcset=\"https:\/\/calidad.unap.cl\/acreditacion2027\/wp-content\/uploads\/sites\/2\/2025\/10\/IMG_2523.jpg 2048w, https:\/\/calidad.unap.cl\/acreditacion2027\/wp-content\/uploads\/sites\/2\/2025\/10\/IMG_2523-300x225.jpg 300w, https:\/\/calidad.unap.cl\/acreditacion2027\/wp-content\/uploads\/sites\/2\/2025\/10\/IMG_2523-1024x768.jpg 1024w, https:\/\/calidad.unap.cl\/acreditacion2027\/wp-content\/uploads\/sites\/2\/2025\/10\/IMG_2523-768x576.jpg 768w, https:\/\/calidad.unap.cl\/acreditacion2027\/wp-content\/uploads\/sites\/2\/2025\/10\/IMG_2523-1536x1152.jpg 1536w\" sizes=\"(max-width: 2048px) 100vw, 2048px\" \/>\t\t\t\t\t<\/div>\n\t\t\t\t\t<div class=\"cbp-caption-activeWrap\">\n\t\t\t\t\t\t<div class=\"cbp-l-caption-alignCenter\" data-xpro-lightbox data-src=\"https:\/\/calidad.unap.cl\/acreditacion2027\/wp-content\/uploads\/sites\/2\/2025\/10\/IMG_2523.jpg\">\n\t\t\t\t\t\t\t<!-- Overlay -->\n\t\t\t\t\t\t\t<div class=\"cbp-l-caption-body\">\n\t\t\t\t\t\t\t\t\n\t\t\t\t\t\t\t\t\t\t\t\t\t\t\t\t\t<!-- Content -->\n\t\t\t\t\t\t\t\t\t<div class=\"xpro-overlay-content\">\n\t\t\t\t\t\t\t\t\t\t\t\t\t\t\t\t\t\t\t\t\t<h4 class=\"xpro-title\">UNAP y UA fortalecen articulaci\u00f3n en aseguramiento de la calidad<\/h4>\n\t\t\t\t\t\t\t\t\t\t\t\t\t\t\t\t\t\t\t\t\t\t\t\t\t\t\t\t\t<\/div>\n\t\t\t\t\t\t\t\t\t\t\t\t\t\t\t<\/div>\n\t\t\t\t\t\t<\/div>\n\t\t\t\t\t<\/div>\n\t\t\t\t<\/div>\n\t\t\t<\/div>\n\n\t\t\n\t\t\t<!--Item-->\n\t\t\t<div class=\"cbp-item xpro-elementor-gallery-item oct\">\n\t\t\t\t<div class=\"cbp-caption\">\n\t\t\t\t\t<div class=\"cbp-caption-defaultWrap\">\n\t\t\t\t\t\t<img loading=\"lazy\" decoding=\"async\" width=\"2048\" height=\"1536\" src=\"https:\/\/calidad.unap.cl\/acreditacion2027\/wp-content\/uploads\/sites\/2\/2025\/10\/IMG_2527.jpg\" class=\"attachment-full size-full\" alt=\"\" srcset=\"https:\/\/calidad.unap.cl\/acreditacion2027\/wp-content\/uploads\/sites\/2\/2025\/10\/IMG_2527.jpg 2048w, https:\/\/calidad.unap.cl\/acreditacion2027\/wp-content\/uploads\/sites\/2\/2025\/10\/IMG_2527-300x225.jpg 300w, https:\/\/calidad.unap.cl\/acreditacion2027\/wp-content\/uploads\/sites\/2\/2025\/10\/IMG_2527-1024x768.jpg 1024w, https:\/\/calidad.unap.cl\/acreditacion2027\/wp-content\/uploads\/sites\/2\/2025\/10\/IMG_2527-768x576.jpg 768w, https:\/\/calidad.unap.cl\/acreditacion2027\/wp-content\/uploads\/sites\/2\/2025\/10\/IMG_2527-1536x1152.jpg 1536w\" sizes=\"(max-width: 2048px) 100vw, 2048px\" \/>\t\t\t\t\t<\/div>\n\t\t\t\t\t<div class=\"cbp-caption-activeWrap\">\n\t\t\t\t\t\t<div class=\"cbp-l-caption-alignCenter\" data-xpro-lightbox data-src=\"https:\/\/calidad.unap.cl\/acreditacion2027\/wp-content\/uploads\/sites\/2\/2025\/10\/IMG_2527.jpg\">\n\t\t\t\t\t\t\t<!-- Overlay -->\n\t\t\t\t\t\t\t<div class=\"cbp-l-caption-body\">\n\t\t\t\t\t\t\t\t\n\t\t\t\t\t\t\t\t\t\t\t\t\t\t\t\t\t<!-- Content -->\n\t\t\t\t\t\t\t\t\t<div class=\"xpro-overlay-content\">\n\t\t\t\t\t\t\t\t\t\t\t\t\t\t\t\t\t\t\t\t\t<h4 class=\"xpro-title\">UNAP y UA fortalecen articulaci\u00f3n en aseguramiento de la calidad<\/h4>\n\t\t\t\t\t\t\t\t\t\t\t\t\t\t\t\t\t\t\t\t\t\t\t\t\t\t\t\t\t<\/div>\n\t\t\t\t\t\t\t\t\t\t\t\t\t\t\t<\/div>\n\t\t\t\t\t\t<\/div>\n\t\t\t\t\t<\/div>\n\t\t\t\t<\/div>\n\t\t\t<\/div>\n\n\t\t\n\t\t\t<!--Item-->\n\t\t\t<div class=\"cbp-item xpro-elementor-gallery-item oct\">\n\t\t\t\t<div class=\"cbp-caption\">\n\t\t\t\t\t<div class=\"cbp-caption-defaultWrap\">\n\t\t\t\t\t\t<img loading=\"lazy\" decoding=\"async\" width=\"2048\" height=\"1538\" src=\"https:\/\/calidad.unap.cl\/acreditacion2027\/wp-content\/uploads\/sites\/2\/2025\/10\/IMG_2655.jpg\" class=\"attachment-full size-full\" alt=\"\" srcset=\"https:\/\/calidad.unap.cl\/acreditacion2027\/wp-content\/uploads\/sites\/2\/2025\/10\/IMG_2655.jpg 2048w, https:\/\/calidad.unap.cl\/acreditacion2027\/wp-content\/uploads\/sites\/2\/2025\/10\/IMG_2655-300x225.jpg 300w, https:\/\/calidad.unap.cl\/acreditacion2027\/wp-content\/uploads\/sites\/2\/2025\/10\/IMG_2655-1024x769.jpg 1024w, https:\/\/calidad.unap.cl\/acreditacion2027\/wp-content\/uploads\/sites\/2\/2025\/10\/IMG_2655-768x577.jpg 768w, https:\/\/calidad.unap.cl\/acreditacion2027\/wp-content\/uploads\/sites\/2\/2025\/10\/IMG_2655-1536x1154.jpg 1536w\" sizes=\"(max-width: 2048px) 100vw, 2048px\" \/>\t\t\t\t\t<\/div>\n\t\t\t\t\t<div class=\"cbp-caption-activeWrap\">\n\t\t\t\t\t\t<div class=\"cbp-l-caption-alignCenter\" data-xpro-lightbox data-src=\"https:\/\/calidad.unap.cl\/acreditacion2027\/wp-content\/uploads\/sites\/2\/2025\/10\/IMG_2655.jpg\">\n\t\t\t\t\t\t\t<!-- Overlay -->\n\t\t\t\t\t\t\t<div class=\"cbp-l-caption-body\">\n\t\t\t\t\t\t\t\t\n\t\t\t\t\t\t\t\t\t\t\t\t\t\t\t\t\t<!-- Content -->\n\t\t\t\t\t\t\t\t\t<div class=\"xpro-overlay-content\">\n\t\t\t\t\t\t\t\t\t\t\t\t\t\t\t\t\t\t\t\t\t<h4 class=\"xpro-title\">UNAP y UA fortalecen articulaci\u00f3n en aseguramiento de la calidad<\/h4>\n\t\t\t\t\t\t\t\t\t\t\t\t\t\t\t\t\t\t\t\t\t\t\t\t\t\t\t\t\t<\/div>\n\t\t\t\t\t\t\t\t\t\t\t\t\t\t\t<\/div>\n\t\t\t\t\t\t<\/div>\n\t\t\t\t\t<\/div>\n\t\t\t\t<\/div>\n\t\t\t<\/div>\n\n\t\t\n\t\t\t<!--Item-->\n\t\t\t<div class=\"cbp-item xpro-elementor-gallery-item oct\">\n\t\t\t\t<div class=\"cbp-caption\">\n\t\t\t\t\t<div class=\"cbp-caption-defaultWrap\">\n\t\t\t\t\t\t<img loading=\"lazy\" decoding=\"async\" width=\"2048\" height=\"1536\" src=\"https:\/\/calidad.unap.cl\/acreditacion2027\/wp-content\/uploads\/sites\/2\/2025\/10\/IMG_2671.jpg\" class=\"attachment-full size-full\" alt=\"\" srcset=\"https:\/\/calidad.unap.cl\/acreditacion2027\/wp-content\/uploads\/sites\/2\/2025\/10\/IMG_2671.jpg 2048w, https:\/\/calidad.unap.cl\/acreditacion2027\/wp-content\/uploads\/sites\/2\/2025\/10\/IMG_2671-300x225.jpg 300w, https:\/\/calidad.unap.cl\/acreditacion2027\/wp-content\/uploads\/sites\/2\/2025\/10\/IMG_2671-1024x768.jpg 1024w, https:\/\/calidad.unap.cl\/acreditacion2027\/wp-content\/uploads\/sites\/2\/2025\/10\/IMG_2671-768x576.jpg 768w, https:\/\/calidad.unap.cl\/acreditacion2027\/wp-content\/uploads\/sites\/2\/2025\/10\/IMG_2671-1536x1152.jpg 1536w\" sizes=\"(max-width: 2048px) 100vw, 2048px\" \/>\t\t\t\t\t<\/div>\n\t\t\t\t\t<div class=\"cbp-caption-activeWrap\">\n\t\t\t\t\t\t<div class=\"cbp-l-caption-alignCenter\" data-xpro-lightbox data-src=\"https:\/\/calidad.unap.cl\/acreditacion2027\/wp-content\/uploads\/sites\/2\/2025\/10\/IMG_2671.jpg\">\n\t\t\t\t\t\t\t<!-- Overlay -->\n\t\t\t\t\t\t\t<div class=\"cbp-l-caption-body\">\n\t\t\t\t\t\t\t\t\n\t\t\t\t\t\t\t\t\t\t\t\t\t\t\t\t\t<!-- Content -->\n\t\t\t\t\t\t\t\t\t<div class=\"xpro-overlay-content\">\n\t\t\t\t\t\t\t\t\t\t\t\t\t\t\t\t\t\t\t\t\t<h4 class=\"xpro-title\">UNAP y UA fortalecen articulaci\u00f3n en aseguramiento de la calidad<\/h4>\n\t\t\t\t\t\t\t\t\t\t\t\t\t\t\t\t\t\t\t\t\t\t\t\t\t\t\t\t\t<\/div>\n\t\t\t\t\t\t\t\t\t\t\t\t\t\t\t<\/div>\n\t\t\t\t\t\t<\/div>\n\t\t\t\t\t<\/div>\n\t\t\t\t<\/div>\n\t\t\t<\/div>\n\n\t\t\n\t\t\t<!--Item-->\n\t\t\t<div class=\"cbp-item xpro-elementor-gallery-item oct\">\n\t\t\t\t<div class=\"cbp-caption\">\n\t\t\t\t\t<div class=\"cbp-caption-defaultWrap\">\n\t\t\t\t\t\t<img loading=\"lazy\" decoding=\"async\" width=\"2048\" height=\"1538\" src=\"https:\/\/calidad.unap.cl\/acreditacion2027\/wp-content\/uploads\/sites\/2\/2025\/10\/IMG_2812.jpg\" class=\"attachment-full size-full\" alt=\"\" srcset=\"https:\/\/calidad.unap.cl\/acreditacion2027\/wp-content\/uploads\/sites\/2\/2025\/10\/IMG_2812.jpg 2048w, https:\/\/calidad.unap.cl\/acreditacion2027\/wp-content\/uploads\/sites\/2\/2025\/10\/IMG_2812-300x225.jpg 300w, https:\/\/calidad.unap.cl\/acreditacion2027\/wp-content\/uploads\/sites\/2\/2025\/10\/IMG_2812-1024x769.jpg 1024w, https:\/\/calidad.unap.cl\/acreditacion2027\/wp-content\/uploads\/sites\/2\/2025\/10\/IMG_2812-768x577.jpg 768w, https:\/\/calidad.unap.cl\/acreditacion2027\/wp-content\/uploads\/sites\/2\/2025\/10\/IMG_2812-1536x1154.jpg 1536w\" sizes=\"(max-width: 2048px) 100vw, 2048px\" \/>\t\t\t\t\t<\/div>\n\t\t\t\t\t<div class=\"cbp-caption-activeWrap\">\n\t\t\t\t\t\t<div class=\"cbp-l-caption-alignCenter\" data-xpro-lightbox data-src=\"https:\/\/calidad.unap.cl\/acreditacion2027\/wp-content\/uploads\/sites\/2\/2025\/10\/IMG_2812.jpg\">\n\t\t\t\t\t\t\t<!-- Overlay -->\n\t\t\t\t\t\t\t<div class=\"cbp-l-caption-body\">\n\t\t\t\t\t\t\t\t\n\t\t\t\t\t\t\t\t\t\t\t\t\t\t\t\t\t<!-- Content -->\n\t\t\t\t\t\t\t\t\t<div class=\"xpro-overlay-content\">\n\t\t\t\t\t\t\t\t\t\t\t\t\t\t\t\t\t\t\t\t\t<h4 class=\"xpro-title\">Jueves de Calidad | Comisi\u00f3n de Vinculaci\u00f3n con el Medio<\/h4>\n\t\t\t\t\t\t\t\t\t\t\t\t\t\t\t\t\t\t\t\t\t\t\t\t\t\t\t\t\t<\/div>\n\t\t\t\t\t\t\t\t\t\t\t\t\t\t\t<\/div>\n\t\t\t\t\t\t<\/div>\n\t\t\t\t\t<\/div>\n\t\t\t\t<\/div>\n\t\t\t<\/div>\n\n\t\t\n\t\t\t<!--Item-->\n\t\t\t<div class=\"cbp-item xpro-elementor-gallery-item oct\">\n\t\t\t\t<div class=\"cbp-caption\">\n\t\t\t\t\t<div class=\"cbp-caption-defaultWrap\">\n\t\t\t\t\t\t<img loading=\"lazy\" decoding=\"async\" width=\"2048\" height=\"1538\" src=\"https:\/\/calidad.unap.cl\/acreditacion2027\/wp-content\/uploads\/sites\/2\/2025\/10\/IMG_2813.jpg\" class=\"attachment-full size-full\" alt=\"\" srcset=\"https:\/\/calidad.unap.cl\/acreditacion2027\/wp-content\/uploads\/sites\/2\/2025\/10\/IMG_2813.jpg 2048w, https:\/\/calidad.unap.cl\/acreditacion2027\/wp-content\/uploads\/sites\/2\/2025\/10\/IMG_2813-300x225.jpg 300w, https:\/\/calidad.unap.cl\/acreditacion2027\/wp-content\/uploads\/sites\/2\/2025\/10\/IMG_2813-1024x769.jpg 1024w, https:\/\/calidad.unap.cl\/acreditacion2027\/wp-content\/uploads\/sites\/2\/2025\/10\/IMG_2813-768x577.jpg 768w, https:\/\/calidad.unap.cl\/acreditacion2027\/wp-content\/uploads\/sites\/2\/2025\/10\/IMG_2813-1536x1154.jpg 1536w\" sizes=\"(max-width: 2048px) 100vw, 2048px\" \/>\t\t\t\t\t<\/div>\n\t\t\t\t\t<div class=\"cbp-caption-activeWrap\">\n\t\t\t\t\t\t<div class=\"cbp-l-caption-alignCenter\" data-xpro-lightbox data-src=\"https:\/\/calidad.unap.cl\/acreditacion2027\/wp-content\/uploads\/sites\/2\/2025\/10\/IMG_2813.jpg\">\n\t\t\t\t\t\t\t<!-- Overlay -->\n\t\t\t\t\t\t\t<div class=\"cbp-l-caption-body\">\n\t\t\t\t\t\t\t\t\n\t\t\t\t\t\t\t\t\t\t\t\t\t\t\t\t\t<!-- Content -->\n\t\t\t\t\t\t\t\t\t<div class=\"xpro-overlay-content\">\n\t\t\t\t\t\t\t\t\t\t\t\t\t\t\t\t\t\t\t\t\t<h4 class=\"xpro-title\">Jueves de Calidad | Comisi\u00f3n de Vinculaci\u00f3n con el Medio<\/h4>\n\t\t\t\t\t\t\t\t\t\t\t\t\t\t\t\t\t\t\t\t\t\t\t\t\t\t\t\t\t<\/div>\n\t\t\t\t\t\t\t\t\t\t\t\t\t\t\t<\/div>\n\t\t\t\t\t\t<\/div>\n\t\t\t\t\t<\/div>\n\t\t\t\t<\/div>\n\t\t\t<\/div>\n\n\t\t\n\t\t\t<!--Item-->\n\t\t\t<div class=\"cbp-item xpro-elementor-gallery-item oct\">\n\t\t\t\t<div class=\"cbp-caption\">\n\t\t\t\t\t<div class=\"cbp-caption-defaultWrap\">\n\t\t\t\t\t\t<img loading=\"lazy\" decoding=\"async\" width=\"2048\" height=\"1538\" src=\"https:\/\/calidad.unap.cl\/acreditacion2027\/wp-content\/uploads\/sites\/2\/2025\/10\/IMG_2821.jpg\" class=\"attachment-full size-full\" alt=\"\" srcset=\"https:\/\/calidad.unap.cl\/acreditacion2027\/wp-content\/uploads\/sites\/2\/2025\/10\/IMG_2821.jpg 2048w, https:\/\/calidad.unap.cl\/acreditacion2027\/wp-content\/uploads\/sites\/2\/2025\/10\/IMG_2821-300x225.jpg 300w, https:\/\/calidad.unap.cl\/acreditacion2027\/wp-content\/uploads\/sites\/2\/2025\/10\/IMG_2821-1024x769.jpg 1024w, https:\/\/calidad.unap.cl\/acreditacion2027\/wp-content\/uploads\/sites\/2\/2025\/10\/IMG_2821-768x577.jpg 768w, https:\/\/calidad.unap.cl\/acreditacion2027\/wp-content\/uploads\/sites\/2\/2025\/10\/IMG_2821-1536x1154.jpg 1536w\" sizes=\"(max-width: 2048px) 100vw, 2048px\" \/>\t\t\t\t\t<\/div>\n\t\t\t\t\t<div class=\"cbp-caption-activeWrap\">\n\t\t\t\t\t\t<div class=\"cbp-l-caption-alignCenter\" data-xpro-lightbox data-src=\"https:\/\/calidad.unap.cl\/acreditacion2027\/wp-content\/uploads\/sites\/2\/2025\/10\/IMG_2821.jpg\">\n\t\t\t\t\t\t\t<!-- Overlay -->\n\t\t\t\t\t\t\t<div class=\"cbp-l-caption-body\">\n\t\t\t\t\t\t\t\t\n\t\t\t\t\t\t\t\t\t\t\t\t\t\t\t\t\t<!-- Content -->\n\t\t\t\t\t\t\t\t\t<div class=\"xpro-overlay-content\">\n\t\t\t\t\t\t\t\t\t\t\t\t\t\t\t\t\t\t\t\t\t<h4 class=\"xpro-title\">Jueves de Calidad | Comisi\u00f3n de Vinculaci\u00f3n con el Medio<\/h4>\n\t\t\t\t\t\t\t\t\t\t\t\t\t\t\t\t\t\t\t\t\t\t\t\t\t\t\t\t\t<\/div>\n\t\t\t\t\t\t\t\t\t\t\t\t\t\t\t<\/div>\n\t\t\t\t\t\t<\/div>\n\t\t\t\t\t<\/div>\n\t\t\t\t<\/div>\n\t\t\t<\/div>\n\n\t\t\n\t\t\t<!--Item-->\n\t\t\t<div class=\"cbp-item xpro-elementor-gallery-item oct\">\n\t\t\t\t<div class=\"cbp-caption\">\n\t\t\t\t\t<div class=\"cbp-caption-defaultWrap\">\n\t\t\t\t\t\t<img loading=\"lazy\" decoding=\"async\" width=\"2048\" height=\"1538\" src=\"https:\/\/calidad.unap.cl\/acreditacion2027\/wp-content\/uploads\/sites\/2\/2025\/10\/IMG_2826-2.jpg\" class=\"attachment-full size-full\" alt=\"\" srcset=\"https:\/\/calidad.unap.cl\/acreditacion2027\/wp-content\/uploads\/sites\/2\/2025\/10\/IMG_2826-2.jpg 2048w, https:\/\/calidad.unap.cl\/acreditacion2027\/wp-content\/uploads\/sites\/2\/2025\/10\/IMG_2826-2-300x225.jpg 300w, https:\/\/calidad.unap.cl\/acreditacion2027\/wp-content\/uploads\/sites\/2\/2025\/10\/IMG_2826-2-1024x769.jpg 1024w, https:\/\/calidad.unap.cl\/acreditacion2027\/wp-content\/uploads\/sites\/2\/2025\/10\/IMG_2826-2-768x577.jpg 768w, https:\/\/calidad.unap.cl\/acreditacion2027\/wp-content\/uploads\/sites\/2\/2025\/10\/IMG_2826-2-1536x1154.jpg 1536w\" sizes=\"(max-width: 2048px) 100vw, 2048px\" \/>\t\t\t\t\t<\/div>\n\t\t\t\t\t<div class=\"cbp-caption-activeWrap\">\n\t\t\t\t\t\t<div class=\"cbp-l-caption-alignCenter\" data-xpro-lightbox data-src=\"https:\/\/calidad.unap.cl\/acreditacion2027\/wp-content\/uploads\/sites\/2\/2025\/10\/IMG_2826-2.jpg\">\n\t\t\t\t\t\t\t<!-- Overlay -->\n\t\t\t\t\t\t\t<div class=\"cbp-l-caption-body\">\n\t\t\t\t\t\t\t\t\n\t\t\t\t\t\t\t\t\t\t\t\t\t\t\t\t\t<!-- Content -->\n\t\t\t\t\t\t\t\t\t<div class=\"xpro-overlay-content\">\n\t\t\t\t\t\t\t\t\t\t\t\t\t\t\t\t\t\t\t\t\t<h4 class=\"xpro-title\">Jueves de Calidad | Comisi\u00f3n de Vinculaci\u00f3n con el Medio<\/h4>\n\t\t\t\t\t\t\t\t\t\t\t\t\t\t\t\t\t\t\t\t\t\t\t\t\t\t\t\t\t<\/div>\n\t\t\t\t\t\t\t\t\t\t\t\t\t\t\t<\/div>\n\t\t\t\t\t\t<\/div>\n\t\t\t\t\t<\/div>\n\t\t\t\t<\/div>\n\t\t\t<\/div>\n\n\t\t\n\t\t\t<!--Item-->\n\t\t\t<div class=\"cbp-item xpro-elementor-gallery-item oct\">\n\t\t\t\t<div class=\"cbp-caption\">\n\t\t\t\t\t<div class=\"cbp-caption-defaultWrap\">\n\t\t\t\t\t\t<img loading=\"lazy\" decoding=\"async\" width=\"2048\" height=\"1538\" src=\"https:\/\/calidad.unap.cl\/acreditacion2027\/wp-content\/uploads\/sites\/2\/2025\/10\/IMG_2833.jpg\" class=\"attachment-full size-full\" alt=\"\" srcset=\"https:\/\/calidad.unap.cl\/acreditacion2027\/wp-content\/uploads\/sites\/2\/2025\/10\/IMG_2833.jpg 2048w, https:\/\/calidad.unap.cl\/acreditacion2027\/wp-content\/uploads\/sites\/2\/2025\/10\/IMG_2833-300x225.jpg 300w, https:\/\/calidad.unap.cl\/acreditacion2027\/wp-content\/uploads\/sites\/2\/2025\/10\/IMG_2833-1024x769.jpg 1024w, https:\/\/calidad.unap.cl\/acreditacion2027\/wp-content\/uploads\/sites\/2\/2025\/10\/IMG_2833-768x577.jpg 768w, https:\/\/calidad.unap.cl\/acreditacion2027\/wp-content\/uploads\/sites\/2\/2025\/10\/IMG_2833-1536x1154.jpg 1536w\" sizes=\"(max-width: 2048px) 100vw, 2048px\" \/>\t\t\t\t\t<\/div>\n\t\t\t\t\t<div class=\"cbp-caption-activeWrap\">\n\t\t\t\t\t\t<div class=\"cbp-l-caption-alignCenter\" data-xpro-lightbox data-src=\"https:\/\/calidad.unap.cl\/acreditacion2027\/wp-content\/uploads\/sites\/2\/2025\/10\/IMG_2833.jpg\">\n\t\t\t\t\t\t\t<!-- Overlay -->\n\t\t\t\t\t\t\t<div class=\"cbp-l-caption-body\">\n\t\t\t\t\t\t\t\t\n\t\t\t\t\t\t\t\t\t\t\t\t\t\t\t\t\t<!-- Content -->\n\t\t\t\t\t\t\t\t\t<div class=\"xpro-overlay-content\">\n\t\t\t\t\t\t\t\t\t\t\t\t\t\t\t\t\t\t\t\t\t<h4 class=\"xpro-title\">Jueves de Calidad | Comisi\u00f3n de Vinculaci\u00f3n con el Medio<\/h4>\n\t\t\t\t\t\t\t\t\t\t\t\t\t\t\t\t\t\t\t\t\t\t\t\t\t\t\t\t\t<\/div>\n\t\t\t\t\t\t\t\t\t\t\t\t\t\t\t<\/div>\n\t\t\t\t\t\t<\/div>\n\t\t\t\t\t<\/div>\n\t\t\t\t<\/div>\n\t\t\t<\/div>\n\n\t\t\n\t\t\t<!--Item-->\n\t\t\t<div class=\"cbp-item xpro-elementor-gallery-item oct\">\n\t\t\t\t<div class=\"cbp-caption\">\n\t\t\t\t\t<div class=\"cbp-caption-defaultWrap\">\n\t\t\t\t\t\t<img loading=\"lazy\" decoding=\"async\" width=\"2048\" height=\"1538\" src=\"https:\/\/calidad.unap.cl\/acreditacion2027\/wp-content\/uploads\/sites\/2\/2025\/10\/IMG_2835.jpg\" class=\"attachment-full size-full\" alt=\"\" srcset=\"https:\/\/calidad.unap.cl\/acreditacion2027\/wp-content\/uploads\/sites\/2\/2025\/10\/IMG_2835.jpg 2048w, https:\/\/calidad.unap.cl\/acreditacion2027\/wp-content\/uploads\/sites\/2\/2025\/10\/IMG_2835-300x225.jpg 300w, https:\/\/calidad.unap.cl\/acreditacion2027\/wp-content\/uploads\/sites\/2\/2025\/10\/IMG_2835-1024x769.jpg 1024w, https:\/\/calidad.unap.cl\/acreditacion2027\/wp-content\/uploads\/sites\/2\/2025\/10\/IMG_2835-768x577.jpg 768w, https:\/\/calidad.unap.cl\/acreditacion2027\/wp-content\/uploads\/sites\/2\/2025\/10\/IMG_2835-1536x1154.jpg 1536w\" sizes=\"(max-width: 2048px) 100vw, 2048px\" \/>\t\t\t\t\t<\/div>\n\t\t\t\t\t<div class=\"cbp-caption-activeWrap\">\n\t\t\t\t\t\t<div class=\"cbp-l-caption-alignCenter\" data-xpro-lightbox data-src=\"https:\/\/calidad.unap.cl\/acreditacion2027\/wp-content\/uploads\/sites\/2\/2025\/10\/IMG_2835.jpg\">\n\t\t\t\t\t\t\t<!-- Overlay -->\n\t\t\t\t\t\t\t<div class=\"cbp-l-caption-body\">\n\t\t\t\t\t\t\t\t\n\t\t\t\t\t\t\t\t\t\t\t\t\t\t\t\t\t<!-- Content -->\n\t\t\t\t\t\t\t\t\t<div class=\"xpro-overlay-content\">\n\t\t\t\t\t\t\t\t\t\t\t\t\t\t\t\t\t\t\t\t\t<h4 class=\"xpro-title\">Jueves de Calidad | Comisi\u00f3n de Vinculaci\u00f3n con el Medio<\/h4>\n\t\t\t\t\t\t\t\t\t\t\t\t\t\t\t\t\t\t\t\t\t\t\t\t\t\t\t\t\t<\/div>\n\t\t\t\t\t\t\t\t\t\t\t\t\t\t\t<\/div>\n\t\t\t\t\t\t<\/div>\n\t\t\t\t\t<\/div>\n\t\t\t\t<\/div>\n\t\t\t<\/div>\n\n\t\t\n\t\t\t<!--Item-->\n\t\t\t<div class=\"cbp-item xpro-elementor-gallery-item oct\">\n\t\t\t\t<div class=\"cbp-caption\">\n\t\t\t\t\t<div class=\"cbp-caption-defaultWrap\">\n\t\t\t\t\t\t<img loading=\"lazy\" decoding=\"async\" width=\"2048\" height=\"1536\" src=\"https:\/\/calidad.unap.cl\/acreditacion2027\/wp-content\/uploads\/sites\/2\/2025\/10\/IMG_2851.jpg\" class=\"attachment-full size-full\" alt=\"\" srcset=\"https:\/\/calidad.unap.cl\/acreditacion2027\/wp-content\/uploads\/sites\/2\/2025\/10\/IMG_2851.jpg 2048w, https:\/\/calidad.unap.cl\/acreditacion2027\/wp-content\/uploads\/sites\/2\/2025\/10\/IMG_2851-300x225.jpg 300w, https:\/\/calidad.unap.cl\/acreditacion2027\/wp-content\/uploads\/sites\/2\/2025\/10\/IMG_2851-1024x768.jpg 1024w, https:\/\/calidad.unap.cl\/acreditacion2027\/wp-content\/uploads\/sites\/2\/2025\/10\/IMG_2851-768x576.jpg 768w, https:\/\/calidad.unap.cl\/acreditacion2027\/wp-content\/uploads\/sites\/2\/2025\/10\/IMG_2851-1536x1152.jpg 1536w\" sizes=\"(max-width: 2048px) 100vw, 2048px\" \/>\t\t\t\t\t<\/div>\n\t\t\t\t\t<div class=\"cbp-caption-activeWrap\">\n\t\t\t\t\t\t<div class=\"cbp-l-caption-alignCenter\" data-xpro-lightbox data-src=\"https:\/\/calidad.unap.cl\/acreditacion2027\/wp-content\/uploads\/sites\/2\/2025\/10\/IMG_2851.jpg\">\n\t\t\t\t\t\t\t<!-- Overlay -->\n\t\t\t\t\t\t\t<div class=\"cbp-l-caption-body\">\n\t\t\t\t\t\t\t\t\n\t\t\t\t\t\t\t\t\t\t\t\t\t\t\t\t\t<!-- Content -->\n\t\t\t\t\t\t\t\t\t<div class=\"xpro-overlay-content\">\n\t\t\t\t\t\t\t\t\t\t\t\t\t\t\t\t\t\t\t\t\t\t\t\t\t\t\t\t\t<\/div>\n\t\t\t\t\t\t\t\t\t\t\t\t\t\t\t<\/div>\n\t\t\t\t\t\t<\/div>\n\t\t\t\t\t<\/div>\n\t\t\t\t<\/div>\n\t\t\t<\/div>\n\n\t\t\n\t\t\t<!--Item-->\n\t\t\t<div class=\"cbp-item xpro-elementor-gallery-item oct\">\n\t\t\t\t<div class=\"cbp-caption\">\n\t\t\t\t\t<div class=\"cbp-caption-defaultWrap\">\n\t\t\t\t\t\t<img loading=\"lazy\" decoding=\"async\" width=\"2048\" height=\"1538\" src=\"https:\/\/calidad.unap.cl\/acreditacion2027\/wp-content\/uploads\/sites\/2\/2025\/10\/IMG_2866.jpg\" class=\"attachment-full size-full\" alt=\"\" srcset=\"https:\/\/calidad.unap.cl\/acreditacion2027\/wp-content\/uploads\/sites\/2\/2025\/10\/IMG_2866.jpg 2048w, https:\/\/calidad.unap.cl\/acreditacion2027\/wp-content\/uploads\/sites\/2\/2025\/10\/IMG_2866-300x225.jpg 300w, https:\/\/calidad.unap.cl\/acreditacion2027\/wp-content\/uploads\/sites\/2\/2025\/10\/IMG_2866-1024x769.jpg 1024w, https:\/\/calidad.unap.cl\/acreditacion2027\/wp-content\/uploads\/sites\/2\/2025\/10\/IMG_2866-768x577.jpg 768w, https:\/\/calidad.unap.cl\/acreditacion2027\/wp-content\/uploads\/sites\/2\/2025\/10\/IMG_2866-1536x1154.jpg 1536w\" sizes=\"(max-width: 2048px) 100vw, 2048px\" \/>\t\t\t\t\t<\/div>\n\t\t\t\t\t<div class=\"cbp-caption-activeWrap\">\n\t\t\t\t\t\t<div class=\"cbp-l-caption-alignCenter\" data-xpro-lightbox data-src=\"https:\/\/calidad.unap.cl\/acreditacion2027\/wp-content\/uploads\/sites\/2\/2025\/10\/IMG_2866.jpg\">\n\t\t\t\t\t\t\t<!-- Overlay -->\n\t\t\t\t\t\t\t<div class=\"cbp-l-caption-body\">\n\t\t\t\t\t\t\t\t\n\t\t\t\t\t\t\t\t\t\t\t\t\t\t\t\t\t<!-- Content -->\n\t\t\t\t\t\t\t\t\t<div class=\"xpro-overlay-content\">\n\t\t\t\t\t\t\t\t\t\t\t\t\t\t\t\t\t\t\t\t\t\t\t\t\t\t\t\t\t<\/div>\n\t\t\t\t\t\t\t\t\t\t\t\t\t\t\t<\/div>\n\t\t\t\t\t\t<\/div>\n\t\t\t\t\t<\/div>\n\t\t\t\t<\/div>\n\t\t\t<\/div>\n\n\t\t\n\t\t\t<!--Item-->\n\t\t\t<div class=\"cbp-item xpro-elementor-gallery-item oct\">\n\t\t\t\t<div class=\"cbp-caption\">\n\t\t\t\t\t<div class=\"cbp-caption-defaultWrap\">\n\t\t\t\t\t\t<img loading=\"lazy\" decoding=\"async\" width=\"2048\" height=\"1536\" src=\"https:\/\/calidad.unap.cl\/acreditacion2027\/wp-content\/uploads\/sites\/2\/2025\/10\/IMG_2875.jpg\" class=\"attachment-full size-full\" alt=\"\" srcset=\"https:\/\/calidad.unap.cl\/acreditacion2027\/wp-content\/uploads\/sites\/2\/2025\/10\/IMG_2875.jpg 2048w, https:\/\/calidad.unap.cl\/acreditacion2027\/wp-content\/uploads\/sites\/2\/2025\/10\/IMG_2875-300x225.jpg 300w, https:\/\/calidad.unap.cl\/acreditacion2027\/wp-content\/uploads\/sites\/2\/2025\/10\/IMG_2875-1024x768.jpg 1024w, https:\/\/calidad.unap.cl\/acreditacion2027\/wp-content\/uploads\/sites\/2\/2025\/10\/IMG_2875-768x576.jpg 768w, https:\/\/calidad.unap.cl\/acreditacion2027\/wp-content\/uploads\/sites\/2\/2025\/10\/IMG_2875-1536x1152.jpg 1536w\" sizes=\"(max-width: 2048px) 100vw, 2048px\" \/>\t\t\t\t\t<\/div>\n\t\t\t\t\t<div class=\"cbp-caption-activeWrap\">\n\t\t\t\t\t\t<div class=\"cbp-l-caption-alignCenter\" data-xpro-lightbox data-src=\"https:\/\/calidad.unap.cl\/acreditacion2027\/wp-content\/uploads\/sites\/2\/2025\/10\/IMG_2875.jpg\">\n\t\t\t\t\t\t\t<!-- Overlay -->\n\t\t\t\t\t\t\t<div class=\"cbp-l-caption-body\">\n\t\t\t\t\t\t\t\t\n\t\t\t\t\t\t\t\t\t\t\t\t\t\t\t\t\t<!-- Content -->\n\t\t\t\t\t\t\t\t\t<div class=\"xpro-overlay-content\">\n\t\t\t\t\t\t\t\t\t\t\t\t\t\t\t\t\t\t\t\t\t\t\t\t\t\t\t\t\t<\/div>\n\t\t\t\t\t\t\t\t\t\t\t\t\t\t\t<\/div>\n\t\t\t\t\t\t<\/div>\n\t\t\t\t\t<\/div>\n\t\t\t\t<\/div>\n\t\t\t<\/div>\n\n\t\t\n\t\t\t<!--Item-->\n\t\t\t<div class=\"cbp-item xpro-elementor-gallery-item oct\">\n\t\t\t\t<div class=\"cbp-caption\">\n\t\t\t\t\t<div class=\"cbp-caption-defaultWrap\">\n\t\t\t\t\t\t<img loading=\"lazy\" decoding=\"async\" width=\"2048\" height=\"1536\" src=\"https:\/\/calidad.unap.cl\/acreditacion2027\/wp-content\/uploads\/sites\/2\/2025\/10\/IMG_2890.jpg\" class=\"attachment-full size-full\" alt=\"\" srcset=\"https:\/\/calidad.unap.cl\/acreditacion2027\/wp-content\/uploads\/sites\/2\/2025\/10\/IMG_2890.jpg 2048w, https:\/\/calidad.unap.cl\/acreditacion2027\/wp-content\/uploads\/sites\/2\/2025\/10\/IMG_2890-300x225.jpg 300w, https:\/\/calidad.unap.cl\/acreditacion2027\/wp-content\/uploads\/sites\/2\/2025\/10\/IMG_2890-1024x768.jpg 1024w, https:\/\/calidad.unap.cl\/acreditacion2027\/wp-content\/uploads\/sites\/2\/2025\/10\/IMG_2890-768x576.jpg 768w, https:\/\/calidad.unap.cl\/acreditacion2027\/wp-content\/uploads\/sites\/2\/2025\/10\/IMG_2890-1536x1152.jpg 1536w\" sizes=\"(max-width: 2048px) 100vw, 2048px\" \/>\t\t\t\t\t<\/div>\n\t\t\t\t\t<div class=\"cbp-caption-activeWrap\">\n\t\t\t\t\t\t<div class=\"cbp-l-caption-alignCenter\" data-xpro-lightbox data-src=\"https:\/\/calidad.unap.cl\/acreditacion2027\/wp-content\/uploads\/sites\/2\/2025\/10\/IMG_2890.jpg\">\n\t\t\t\t\t\t\t<!-- Overlay -->\n\t\t\t\t\t\t\t<div class=\"cbp-l-caption-body\">\n\t\t\t\t\t\t\t\t\n\t\t\t\t\t\t\t\t\t\t\t\t\t\t\t\t\t<!-- Content -->\n\t\t\t\t\t\t\t\t\t<div class=\"xpro-overlay-content\">\n\t\t\t\t\t\t\t\t\t\t\t\t\t\t\t\t\t\t\t\t\t\t\t\t\t\t\t\t\t<\/div>\n\t\t\t\t\t\t\t\t\t\t\t\t\t\t\t<\/div>\n\t\t\t\t\t\t<\/div>\n\t\t\t\t\t<\/div>\n\t\t\t\t<\/div>\n\t\t\t<\/div>\n\n\t\t\n\t\t\t<!--Item-->\n\t\t\t<div class=\"cbp-item xpro-elementor-gallery-item oct\">\n\t\t\t\t<div class=\"cbp-caption\">\n\t\t\t\t\t<div class=\"cbp-caption-defaultWrap\">\n\t\t\t\t\t\t<img loading=\"lazy\" decoding=\"async\" width=\"2048\" height=\"1536\" src=\"https:\/\/calidad.unap.cl\/acreditacion2027\/wp-content\/uploads\/sites\/2\/2025\/10\/IMG_2897.jpg\" class=\"attachment-full size-full\" alt=\"\" srcset=\"https:\/\/calidad.unap.cl\/acreditacion2027\/wp-content\/uploads\/sites\/2\/2025\/10\/IMG_2897.jpg 2048w, https:\/\/calidad.unap.cl\/acreditacion2027\/wp-content\/uploads\/sites\/2\/2025\/10\/IMG_2897-300x225.jpg 300w, https:\/\/calidad.unap.cl\/acreditacion2027\/wp-content\/uploads\/sites\/2\/2025\/10\/IMG_2897-1024x768.jpg 1024w, https:\/\/calidad.unap.cl\/acreditacion2027\/wp-content\/uploads\/sites\/2\/2025\/10\/IMG_2897-768x576.jpg 768w, https:\/\/calidad.unap.cl\/acreditacion2027\/wp-content\/uploads\/sites\/2\/2025\/10\/IMG_2897-1536x1152.jpg 1536w\" sizes=\"(max-width: 2048px) 100vw, 2048px\" \/>\t\t\t\t\t<\/div>\n\t\t\t\t\t<div class=\"cbp-caption-activeWrap\">\n\t\t\t\t\t\t<div class=\"cbp-l-caption-alignCenter\" data-xpro-lightbox data-src=\"https:\/\/calidad.unap.cl\/acreditacion2027\/wp-content\/uploads\/sites\/2\/2025\/10\/IMG_2897.jpg\">\n\t\t\t\t\t\t\t<!-- Overlay -->\n\t\t\t\t\t\t\t<div class=\"cbp-l-caption-body\">\n\t\t\t\t\t\t\t\t\n\t\t\t\t\t\t\t\t\t\t\t\t\t\t\t\t\t<!-- Content -->\n\t\t\t\t\t\t\t\t\t<div class=\"xpro-overlay-content\">\n\t\t\t\t\t\t\t\t\t\t\t\t\t\t\t\t\t\t\t\t\t\t\t\t\t\t\t\t\t<\/div>\n\t\t\t\t\t\t\t\t\t\t\t\t\t\t\t<\/div>\n\t\t\t\t\t\t<\/div>\n\t\t\t\t\t<\/div>\n\t\t\t\t<\/div>\n\t\t\t<\/div>\n\n\t\t\n\t\t\t<!--Item-->\n\t\t\t<div class=\"cbp-item xpro-elementor-gallery-item oct\">\n\t\t\t\t<div class=\"cbp-caption\">\n\t\t\t\t\t<div class=\"cbp-caption-defaultWrap\">\n\t\t\t\t\t\t<img loading=\"lazy\" decoding=\"async\" width=\"2048\" height=\"1538\" src=\"https:\/\/calidad.unap.cl\/acreditacion2027\/wp-content\/uploads\/sites\/2\/2025\/10\/IMG_2910.jpg\" class=\"attachment-full size-full\" alt=\"\" srcset=\"https:\/\/calidad.unap.cl\/acreditacion2027\/wp-content\/uploads\/sites\/2\/2025\/10\/IMG_2910.jpg 2048w, https:\/\/calidad.unap.cl\/acreditacion2027\/wp-content\/uploads\/sites\/2\/2025\/10\/IMG_2910-300x225.jpg 300w, https:\/\/calidad.unap.cl\/acreditacion2027\/wp-content\/uploads\/sites\/2\/2025\/10\/IMG_2910-1024x769.jpg 1024w, https:\/\/calidad.unap.cl\/acreditacion2027\/wp-content\/uploads\/sites\/2\/2025\/10\/IMG_2910-768x577.jpg 768w, https:\/\/calidad.unap.cl\/acreditacion2027\/wp-content\/uploads\/sites\/2\/2025\/10\/IMG_2910-1536x1154.jpg 1536w\" sizes=\"(max-width: 2048px) 100vw, 2048px\" \/>\t\t\t\t\t<\/div>\n\t\t\t\t\t<div class=\"cbp-caption-activeWrap\">\n\t\t\t\t\t\t<div class=\"cbp-l-caption-alignCenter\" data-xpro-lightbox data-src=\"https:\/\/calidad.unap.cl\/acreditacion2027\/wp-content\/uploads\/sites\/2\/2025\/10\/IMG_2910.jpg\">\n\t\t\t\t\t\t\t<!-- Overlay -->\n\t\t\t\t\t\t\t<div class=\"cbp-l-caption-body\">\n\t\t\t\t\t\t\t\t\n\t\t\t\t\t\t\t\t\t\t\t\t\t\t\t\t\t<!-- Content -->\n\t\t\t\t\t\t\t\t\t<div class=\"xpro-overlay-content\">\n\t\t\t\t\t\t\t\t\t\t\t\t\t\t\t\t\t\t\t\t\t\t\t\t\t\t\t\t\t<\/div>\n\t\t\t\t\t\t\t\t\t\t\t\t\t\t\t<\/div>\n\t\t\t\t\t\t<\/div>\n\t\t\t\t\t<\/div>\n\t\t\t\t<\/div>\n\t\t\t<\/div>\n\n\t\t\n\t\t\t<!--Item-->\n\t\t\t<div class=\"cbp-item xpro-elementor-gallery-item oct\">\n\t\t\t\t<div class=\"cbp-caption\">\n\t\t\t\t\t<div class=\"cbp-caption-defaultWrap\">\n\t\t\t\t\t\t<img loading=\"lazy\" decoding=\"async\" width=\"2048\" height=\"1638\" src=\"https:\/\/calidad.unap.cl\/acreditacion2027\/wp-content\/uploads\/sites\/2\/2025\/10\/IMG_4464.jpg\" class=\"attachment-full size-full\" alt=\"\" srcset=\"https:\/\/calidad.unap.cl\/acreditacion2027\/wp-content\/uploads\/sites\/2\/2025\/10\/IMG_4464.jpg 2048w, https:\/\/calidad.unap.cl\/acreditacion2027\/wp-content\/uploads\/sites\/2\/2025\/10\/IMG_4464-300x240.jpg 300w, https:\/\/calidad.unap.cl\/acreditacion2027\/wp-content\/uploads\/sites\/2\/2025\/10\/IMG_4464-1024x819.jpg 1024w, https:\/\/calidad.unap.cl\/acreditacion2027\/wp-content\/uploads\/sites\/2\/2025\/10\/IMG_4464-768x614.jpg 768w, https:\/\/calidad.unap.cl\/acreditacion2027\/wp-content\/uploads\/sites\/2\/2025\/10\/IMG_4464-1536x1229.jpg 1536w\" sizes=\"(max-width: 2048px) 100vw, 2048px\" \/>\t\t\t\t\t<\/div>\n\t\t\t\t\t<div class=\"cbp-caption-activeWrap\">\n\t\t\t\t\t\t<div class=\"cbp-l-caption-alignCenter\" data-xpro-lightbox data-src=\"https:\/\/calidad.unap.cl\/acreditacion2027\/wp-content\/uploads\/sites\/2\/2025\/10\/IMG_4464.jpg\">\n\t\t\t\t\t\t\t<!-- Overlay -->\n\t\t\t\t\t\t\t<div class=\"cbp-l-caption-body\">\n\t\t\t\t\t\t\t\t\n\t\t\t\t\t\t\t\t\t\t\t\t\t\t\t\t\t<!-- Content -->\n\t\t\t\t\t\t\t\t\t<div class=\"xpro-overlay-content\">\n\t\t\t\t\t\t\t\t\t\t\t\t\t\t\t\t\t\t\t\t\t<h4 class=\"xpro-title\">Sede Victoria | Proceso de Acreditaci\u00f3n Institucional 2027<\/h4>\n\t\t\t\t\t\t\t\t\t\t\t\t\t\t\t\t\t\t\t\t\t\t\t\t\t\t\t\t\t<\/div>\n\t\t\t\t\t\t\t\t\t\t\t\t\t\t\t<\/div>\n\t\t\t\t\t\t<\/div>\n\t\t\t\t\t<\/div>\n\t\t\t\t<\/div>\n\t\t\t<\/div>\n\n\t\t\n\t\t\t<!--Item-->\n\t\t\t<div class=\"cbp-item xpro-elementor-gallery-item oct\">\n\t\t\t\t<div class=\"cbp-caption\">\n\t\t\t\t\t<div class=\"cbp-caption-defaultWrap\">\n\t\t\t\t\t\t<img loading=\"lazy\" decoding=\"async\" width=\"2048\" height=\"1638\" src=\"https:\/\/calidad.unap.cl\/acreditacion2027\/wp-content\/uploads\/sites\/2\/2025\/10\/IMG_4476.jpg\" class=\"attachment-full size-full\" alt=\"\" srcset=\"https:\/\/calidad.unap.cl\/acreditacion2027\/wp-content\/uploads\/sites\/2\/2025\/10\/IMG_4476.jpg 2048w, https:\/\/calidad.unap.cl\/acreditacion2027\/wp-content\/uploads\/sites\/2\/2025\/10\/IMG_4476-300x240.jpg 300w, https:\/\/calidad.unap.cl\/acreditacion2027\/wp-content\/uploads\/sites\/2\/2025\/10\/IMG_4476-1024x819.jpg 1024w, https:\/\/calidad.unap.cl\/acreditacion2027\/wp-content\/uploads\/sites\/2\/2025\/10\/IMG_4476-768x614.jpg 768w, https:\/\/calidad.unap.cl\/acreditacion2027\/wp-content\/uploads\/sites\/2\/2025\/10\/IMG_4476-1536x1229.jpg 1536w\" sizes=\"(max-width: 2048px) 100vw, 2048px\" \/>\t\t\t\t\t<\/div>\n\t\t\t\t\t<div class=\"cbp-caption-activeWrap\">\n\t\t\t\t\t\t<div class=\"cbp-l-caption-alignCenter\" data-xpro-lightbox data-src=\"https:\/\/calidad.unap.cl\/acreditacion2027\/wp-content\/uploads\/sites\/2\/2025\/10\/IMG_4476.jpg\">\n\t\t\t\t\t\t\t<!-- Overlay -->\n\t\t\t\t\t\t\t<div class=\"cbp-l-caption-body\">\n\t\t\t\t\t\t\t\t\n\t\t\t\t\t\t\t\t\t\t\t\t\t\t\t\t\t<!-- Content -->\n\t\t\t\t\t\t\t\t\t<div class=\"xpro-overlay-content\">\n\t\t\t\t\t\t\t\t\t\t\t\t\t\t\t\t\t\t\t\t\t<h4 class=\"xpro-title\">Sede Victoria | Proceso de Acreditaci\u00f3n Institucional 2027<\/h4>\n\t\t\t\t\t\t\t\t\t\t\t\t\t\t\t\t\t\t\t\t\t\t\t\t\t\t\t\t\t<\/div>\n\t\t\t\t\t\t\t\t\t\t\t\t\t\t\t<\/div>\n\t\t\t\t\t\t<\/div>\n\t\t\t\t\t<\/div>\n\t\t\t\t<\/div>\n\t\t\t<\/div>\n\n\t\t\n\t\t\t<!--Item-->\n\t\t\t<div class=\"cbp-item xpro-elementor-gallery-item oct\">\n\t\t\t\t<div class=\"cbp-caption\">\n\t\t\t\t\t<div class=\"cbp-caption-defaultWrap\">\n\t\t\t\t\t\t<img loading=\"lazy\" decoding=\"async\" width=\"2048\" height=\"1638\" src=\"https:\/\/calidad.unap.cl\/acreditacion2027\/wp-content\/uploads\/sites\/2\/2025\/10\/IMG_4480.jpg\" class=\"attachment-full size-full\" alt=\"\" srcset=\"https:\/\/calidad.unap.cl\/acreditacion2027\/wp-content\/uploads\/sites\/2\/2025\/10\/IMG_4480.jpg 2048w, https:\/\/calidad.unap.cl\/acreditacion2027\/wp-content\/uploads\/sites\/2\/2025\/10\/IMG_4480-300x240.jpg 300w, https:\/\/calidad.unap.cl\/acreditacion2027\/wp-content\/uploads\/sites\/2\/2025\/10\/IMG_4480-1024x819.jpg 1024w, https:\/\/calidad.unap.cl\/acreditacion2027\/wp-content\/uploads\/sites\/2\/2025\/10\/IMG_4480-768x614.jpg 768w, https:\/\/calidad.unap.cl\/acreditacion2027\/wp-content\/uploads\/sites\/2\/2025\/10\/IMG_4480-1536x1229.jpg 1536w\" sizes=\"(max-width: 2048px) 100vw, 2048px\" \/>\t\t\t\t\t<\/div>\n\t\t\t\t\t<div class=\"cbp-caption-activeWrap\">\n\t\t\t\t\t\t<div class=\"cbp-l-caption-alignCenter\" data-xpro-lightbox data-src=\"https:\/\/calidad.unap.cl\/acreditacion2027\/wp-content\/uploads\/sites\/2\/2025\/10\/IMG_4480.jpg\">\n\t\t\t\t\t\t\t<!-- Overlay -->\n\t\t\t\t\t\t\t<div class=\"cbp-l-caption-body\">\n\t\t\t\t\t\t\t\t\n\t\t\t\t\t\t\t\t\t\t\t\t\t\t\t\t\t<!-- Content -->\n\t\t\t\t\t\t\t\t\t<div class=\"xpro-overlay-content\">\n\t\t\t\t\t\t\t\t\t\t\t\t\t\t\t\t\t\t\t\t\t<h4 class=\"xpro-title\">Sede Victoria | Proceso de Acreditaci\u00f3n Institucional 2027<\/h4>\n\t\t\t\t\t\t\t\t\t\t\t\t\t\t\t\t\t\t\t\t\t\t\t\t\t\t\t\t\t<\/div>\n\t\t\t\t\t\t\t\t\t\t\t\t\t\t\t<\/div>\n\t\t\t\t\t\t<\/div>\n\t\t\t\t\t<\/div>\n\t\t\t\t<\/div>\n\t\t\t<\/div>\n\n\t\t\n\t\t\t<!--Item-->\n\t\t\t<div class=\"cbp-item xpro-elementor-gallery-item oct\">\n\t\t\t\t<div class=\"cbp-caption\">\n\t\t\t\t\t<div class=\"cbp-caption-defaultWrap\">\n\t\t\t\t\t\t<img loading=\"lazy\" decoding=\"async\" width=\"2048\" height=\"1638\" src=\"https:\/\/calidad.unap.cl\/acreditacion2027\/wp-content\/uploads\/sites\/2\/2025\/10\/IMG_4490.jpg\" class=\"attachment-full size-full\" alt=\"\" srcset=\"https:\/\/calidad.unap.cl\/acreditacion2027\/wp-content\/uploads\/sites\/2\/2025\/10\/IMG_4490.jpg 2048w, https:\/\/calidad.unap.cl\/acreditacion2027\/wp-content\/uploads\/sites\/2\/2025\/10\/IMG_4490-300x240.jpg 300w, https:\/\/calidad.unap.cl\/acreditacion2027\/wp-content\/uploads\/sites\/2\/2025\/10\/IMG_4490-1024x819.jpg 1024w, https:\/\/calidad.unap.cl\/acreditacion2027\/wp-content\/uploads\/sites\/2\/2025\/10\/IMG_4490-768x614.jpg 768w, https:\/\/calidad.unap.cl\/acreditacion2027\/wp-content\/uploads\/sites\/2\/2025\/10\/IMG_4490-1536x1229.jpg 1536w\" sizes=\"(max-width: 2048px) 100vw, 2048px\" \/>\t\t\t\t\t<\/div>\n\t\t\t\t\t<div class=\"cbp-caption-activeWrap\">\n\t\t\t\t\t\t<div class=\"cbp-l-caption-alignCenter\" data-xpro-lightbox data-src=\"https:\/\/calidad.unap.cl\/acreditacion2027\/wp-content\/uploads\/sites\/2\/2025\/10\/IMG_4490.jpg\">\n\t\t\t\t\t\t\t<!-- Overlay -->\n\t\t\t\t\t\t\t<div class=\"cbp-l-caption-body\">\n\t\t\t\t\t\t\t\t\n\t\t\t\t\t\t\t\t\t\t\t\t\t\t\t\t\t<!-- Content -->\n\t\t\t\t\t\t\t\t\t<div class=\"xpro-overlay-content\">\n\t\t\t\t\t\t\t\t\t\t\t\t\t\t\t\t\t\t\t\t\t<h4 class=\"xpro-title\">Sede Victoria | Proceso de Acreditaci\u00f3n Institucional 2027<\/h4>\n\t\t\t\t\t\t\t\t\t\t\t\t\t\t\t\t\t\t\t\t\t\t\t\t\t\t\t\t\t<\/div>\n\t\t\t\t\t\t\t\t\t\t\t\t\t\t\t<\/div>\n\t\t\t\t\t\t<\/div>\n\t\t\t\t\t<\/div>\n\t\t\t\t<\/div>\n\t\t\t<\/div>\n\n\t\t\n\t\t\t<!--Item-->\n\t\t\t<div class=\"cbp-item xpro-elementor-gallery-item oct\">\n\t\t\t\t<div class=\"cbp-caption\">\n\t\t\t\t\t<div class=\"cbp-caption-defaultWrap\">\n\t\t\t\t\t\t<img loading=\"lazy\" decoding=\"async\" width=\"2048\" height=\"1638\" src=\"https:\/\/calidad.unap.cl\/acreditacion2027\/wp-content\/uploads\/sites\/2\/2025\/10\/IMG_4496.jpg\" class=\"attachment-full size-full\" alt=\"\" srcset=\"https:\/\/calidad.unap.cl\/acreditacion2027\/wp-content\/uploads\/sites\/2\/2025\/10\/IMG_4496.jpg 2048w, https:\/\/calidad.unap.cl\/acreditacion2027\/wp-content\/uploads\/sites\/2\/2025\/10\/IMG_4496-300x240.jpg 300w, https:\/\/calidad.unap.cl\/acreditacion2027\/wp-content\/uploads\/sites\/2\/2025\/10\/IMG_4496-1024x819.jpg 1024w, https:\/\/calidad.unap.cl\/acreditacion2027\/wp-content\/uploads\/sites\/2\/2025\/10\/IMG_4496-768x614.jpg 768w, https:\/\/calidad.unap.cl\/acreditacion2027\/wp-content\/uploads\/sites\/2\/2025\/10\/IMG_4496-1536x1229.jpg 1536w\" sizes=\"(max-width: 2048px) 100vw, 2048px\" \/>\t\t\t\t\t<\/div>\n\t\t\t\t\t<div class=\"cbp-caption-activeWrap\">\n\t\t\t\t\t\t<div class=\"cbp-l-caption-alignCenter\" data-xpro-lightbox data-src=\"https:\/\/calidad.unap.cl\/acreditacion2027\/wp-content\/uploads\/sites\/2\/2025\/10\/IMG_4496.jpg\">\n\t\t\t\t\t\t\t<!-- Overlay -->\n\t\t\t\t\t\t\t<div class=\"cbp-l-caption-body\">\n\t\t\t\t\t\t\t\t\n\t\t\t\t\t\t\t\t\t\t\t\t\t\t\t\t\t<!-- Content -->\n\t\t\t\t\t\t\t\t\t<div class=\"xpro-overlay-content\">\n\t\t\t\t\t\t\t\t\t\t\t\t\t\t\t\t\t\t\t\t\t<h4 class=\"xpro-title\">Sede Victoria | Proceso de Acreditaci\u00f3n Institucional 2027<\/h4>\n\t\t\t\t\t\t\t\t\t\t\t\t\t\t\t\t\t\t\t\t\t\t\t\t\t\t\t\t\t<\/div>\n\t\t\t\t\t\t\t\t\t\t\t\t\t\t\t<\/div>\n\t\t\t\t\t\t<\/div>\n\t\t\t\t\t<\/div>\n\t\t\t\t<\/div>\n\t\t\t<\/div>\n\n\t\t\n\t\t\t<!--Item-->\n\t\t\t<div class=\"cbp-item xpro-elementor-gallery-item oct\">\n\t\t\t\t<div class=\"cbp-caption\">\n\t\t\t\t\t<div class=\"cbp-caption-defaultWrap\">\n\t\t\t\t\t\t<img loading=\"lazy\" decoding=\"async\" width=\"2048\" height=\"1638\" src=\"https:\/\/calidad.unap.cl\/acreditacion2027\/wp-content\/uploads\/sites\/2\/2025\/10\/IMG_4498.jpg\" class=\"attachment-full size-full\" alt=\"\" srcset=\"https:\/\/calidad.unap.cl\/acreditacion2027\/wp-content\/uploads\/sites\/2\/2025\/10\/IMG_4498.jpg 2048w, https:\/\/calidad.unap.cl\/acreditacion2027\/wp-content\/uploads\/sites\/2\/2025\/10\/IMG_4498-300x240.jpg 300w, https:\/\/calidad.unap.cl\/acreditacion2027\/wp-content\/uploads\/sites\/2\/2025\/10\/IMG_4498-1024x819.jpg 1024w, https:\/\/calidad.unap.cl\/acreditacion2027\/wp-content\/uploads\/sites\/2\/2025\/10\/IMG_4498-768x614.jpg 768w, https:\/\/calidad.unap.cl\/acreditacion2027\/wp-content\/uploads\/sites\/2\/2025\/10\/IMG_4498-1536x1229.jpg 1536w\" sizes=\"(max-width: 2048px) 100vw, 2048px\" \/>\t\t\t\t\t<\/div>\n\t\t\t\t\t<div class=\"cbp-caption-activeWrap\">\n\t\t\t\t\t\t<div class=\"cbp-l-caption-alignCenter\" data-xpro-lightbox data-src=\"https:\/\/calidad.unap.cl\/acreditacion2027\/wp-content\/uploads\/sites\/2\/2025\/10\/IMG_4498.jpg\">\n\t\t\t\t\t\t\t<!-- Overlay -->\n\t\t\t\t\t\t\t<div class=\"cbp-l-caption-body\">\n\t\t\t\t\t\t\t\t\n\t\t\t\t\t\t\t\t\t\t\t\t\t\t\t\t\t<!-- Content -->\n\t\t\t\t\t\t\t\t\t<div class=\"xpro-overlay-content\">\n\t\t\t\t\t\t\t\t\t\t\t\t\t\t\t\t\t\t\t\t\t<h4 class=\"xpro-title\">Sede Victoria | Proceso de Acreditaci\u00f3n Institucional 2027<\/h4>\n\t\t\t\t\t\t\t\t\t\t\t\t\t\t\t\t\t\t\t\t\t\t\t\t\t\t\t\t\t<\/div>\n\t\t\t\t\t\t\t\t\t\t\t\t\t\t\t<\/div>\n\t\t\t\t\t\t<\/div>\n\t\t\t\t\t<\/div>\n\t\t\t\t<\/div>\n\t\t\t<\/div>\n\n\t\t\n\t\t\t<!--Item-->\n\t\t\t<div class=\"cbp-item xpro-elementor-gallery-item nov\">\n\t\t\t\t<div class=\"cbp-caption\">\n\t\t\t\t\t<div class=\"cbp-caption-defaultWrap\">\n\t\t\t\t\t\t<img loading=\"lazy\" decoding=\"async\" width=\"2048\" height=\"1538\" src=\"https:\/\/calidad.unap.cl\/acreditacion2027\/wp-content\/uploads\/sites\/2\/2025\/12\/IMG_3238.jpg\" class=\"attachment-full size-full\" alt=\"\" srcset=\"https:\/\/calidad.unap.cl\/acreditacion2027\/wp-content\/uploads\/sites\/2\/2025\/12\/IMG_3238.jpg 2048w, https:\/\/calidad.unap.cl\/acreditacion2027\/wp-content\/uploads\/sites\/2\/2025\/12\/IMG_3238-300x225.jpg 300w, https:\/\/calidad.unap.cl\/acreditacion2027\/wp-content\/uploads\/sites\/2\/2025\/12\/IMG_3238-1024x769.jpg 1024w, https:\/\/calidad.unap.cl\/acreditacion2027\/wp-content\/uploads\/sites\/2\/2025\/12\/IMG_3238-768x577.jpg 768w, https:\/\/calidad.unap.cl\/acreditacion2027\/wp-content\/uploads\/sites\/2\/2025\/12\/IMG_3238-1536x1154.jpg 1536w\" sizes=\"(max-width: 2048px) 100vw, 2048px\" \/>\t\t\t\t\t<\/div>\n\t\t\t\t\t<div class=\"cbp-caption-activeWrap\">\n\t\t\t\t\t\t<div class=\"cbp-l-caption-alignCenter\" data-xpro-lightbox data-src=\"https:\/\/calidad.unap.cl\/acreditacion2027\/wp-content\/uploads\/sites\/2\/2025\/12\/IMG_3238.jpg\">\n\t\t\t\t\t\t\t<!-- Overlay -->\n\t\t\t\t\t\t\t<div class=\"cbp-l-caption-body\">\n\t\t\t\t\t\t\t\t\n\t\t\t\t\t\t\t\t\t\t\t\t\t\t\t\t\t<!-- Content -->\n\t\t\t\t\t\t\t\t\t<div class=\"xpro-overlay-content\">\n\t\t\t\t\t\t\t\t\t\t\t\t\t\t\t\t\t\t\t\t\t<h4 class=\"xpro-title\"> Jueves de Calidad | Comisi\u00f3n de Vinculaci\u00f3n con el Medio<\/h4>\n\t\t\t\t\t\t\t\t\t\t\t\t\t\t\t\t\t\t\t\t\t\t\t\t\t\t\t\t\t<\/div>\n\t\t\t\t\t\t\t\t\t\t\t\t\t\t\t<\/div>\n\t\t\t\t\t\t<\/div>\n\t\t\t\t\t<\/div>\n\t\t\t\t<\/div>\n\t\t\t<\/div>\n\n\t\t\n\t\t\t<!--Item-->\n\t\t\t<div class=\"cbp-item xpro-elementor-gallery-item nov\">\n\t\t\t\t<div class=\"cbp-caption\">\n\t\t\t\t\t<div class=\"cbp-caption-defaultWrap\">\n\t\t\t\t\t\t<img loading=\"lazy\" decoding=\"async\" width=\"2048\" height=\"1638\" src=\"https:\/\/calidad.unap.cl\/acreditacion2027\/wp-content\/uploads\/sites\/2\/2025\/12\/IMG_3241.jpg\" class=\"attachment-full size-full\" alt=\"\" srcset=\"https:\/\/calidad.unap.cl\/acreditacion2027\/wp-content\/uploads\/sites\/2\/2025\/12\/IMG_3241.jpg 2048w, https:\/\/calidad.unap.cl\/acreditacion2027\/wp-content\/uploads\/sites\/2\/2025\/12\/IMG_3241-300x240.jpg 300w, https:\/\/calidad.unap.cl\/acreditacion2027\/wp-content\/uploads\/sites\/2\/2025\/12\/IMG_3241-1024x819.jpg 1024w, https:\/\/calidad.unap.cl\/acreditacion2027\/wp-content\/uploads\/sites\/2\/2025\/12\/IMG_3241-768x614.jpg 768w, https:\/\/calidad.unap.cl\/acreditacion2027\/wp-content\/uploads\/sites\/2\/2025\/12\/IMG_3241-1536x1229.jpg 1536w\" sizes=\"(max-width: 2048px) 100vw, 2048px\" \/>\t\t\t\t\t<\/div>\n\t\t\t\t\t<div class=\"cbp-caption-activeWrap\">\n\t\t\t\t\t\t<div class=\"cbp-l-caption-alignCenter\" data-xpro-lightbox data-src=\"https:\/\/calidad.unap.cl\/acreditacion2027\/wp-content\/uploads\/sites\/2\/2025\/12\/IMG_3241.jpg\">\n\t\t\t\t\t\t\t<!-- Overlay -->\n\t\t\t\t\t\t\t<div class=\"cbp-l-caption-body\">\n\t\t\t\t\t\t\t\t\n\t\t\t\t\t\t\t\t\t\t\t\t\t\t\t\t\t<!-- Content -->\n\t\t\t\t\t\t\t\t\t<div class=\"xpro-overlay-content\">\n\t\t\t\t\t\t\t\t\t\t\t\t\t\t\t\t\t\t\t\t\t<h4 class=\"xpro-title\"> Jueves de Calidad | Comisi\u00f3n de Vinculaci\u00f3n con el Medio<\/h4>\n\t\t\t\t\t\t\t\t\t\t\t\t\t\t\t\t\t\t\t\t\t\t\t\t\t\t\t\t\t<\/div>\n\t\t\t\t\t\t\t\t\t\t\t\t\t\t\t<\/div>\n\t\t\t\t\t\t<\/div>\n\t\t\t\t\t<\/div>\n\t\t\t\t<\/div>\n\t\t\t<\/div>\n\n\t\t\n\t\t\t<!--Item-->\n\t\t\t<div class=\"cbp-item xpro-elementor-gallery-item nov\">\n\t\t\t\t<div class=\"cbp-caption\">\n\t\t\t\t\t<div class=\"cbp-caption-defaultWrap\">\n\t\t\t\t\t\t<img loading=\"lazy\" decoding=\"async\" width=\"2048\" height=\"1536\" src=\"https:\/\/calidad.unap.cl\/acreditacion2027\/wp-content\/uploads\/sites\/2\/2025\/12\/IMG_3259.jpg\" class=\"attachment-full size-full\" alt=\"\" srcset=\"https:\/\/calidad.unap.cl\/acreditacion2027\/wp-content\/uploads\/sites\/2\/2025\/12\/IMG_3259.jpg 2048w, https:\/\/calidad.unap.cl\/acreditacion2027\/wp-content\/uploads\/sites\/2\/2025\/12\/IMG_3259-300x225.jpg 300w, https:\/\/calidad.unap.cl\/acreditacion2027\/wp-content\/uploads\/sites\/2\/2025\/12\/IMG_3259-1024x768.jpg 1024w, https:\/\/calidad.unap.cl\/acreditacion2027\/wp-content\/uploads\/sites\/2\/2025\/12\/IMG_3259-768x576.jpg 768w, https:\/\/calidad.unap.cl\/acreditacion2027\/wp-content\/uploads\/sites\/2\/2025\/12\/IMG_3259-1536x1152.jpg 1536w\" sizes=\"(max-width: 2048px) 100vw, 2048px\" \/>\t\t\t\t\t<\/div>\n\t\t\t\t\t<div class=\"cbp-caption-activeWrap\">\n\t\t\t\t\t\t<div class=\"cbp-l-caption-alignCenter\" data-xpro-lightbox data-src=\"https:\/\/calidad.unap.cl\/acreditacion2027\/wp-content\/uploads\/sites\/2\/2025\/12\/IMG_3259.jpg\">\n\t\t\t\t\t\t\t<!-- Overlay -->\n\t\t\t\t\t\t\t<div class=\"cbp-l-caption-body\">\n\t\t\t\t\t\t\t\t\n\t\t\t\t\t\t\t\t\t\t\t\t\t\t\t\t\t<!-- Content -->\n\t\t\t\t\t\t\t\t\t<div class=\"xpro-overlay-content\">\n\t\t\t\t\t\t\t\t\t\t\t\t\t\t\t\t\t\t\t\t\t<h4 class=\"xpro-title\"> Jueves de Calidad | Comisi\u00f3n de Vinculaci\u00f3n con el Medio<\/h4>\n\t\t\t\t\t\t\t\t\t\t\t\t\t\t\t\t\t\t\t\t\t\t\t\t\t\t\t\t\t<\/div>\n\t\t\t\t\t\t\t\t\t\t\t\t\t\t\t<\/div>\n\t\t\t\t\t\t<\/div>\n\t\t\t\t\t<\/div>\n\t\t\t\t<\/div>\n\t\t\t<\/div>\n\n\t\t\n\t\t\t<!--Item-->\n\t\t\t<div class=\"cbp-item xpro-elementor-gallery-item nov\">\n\t\t\t\t<div class=\"cbp-caption\">\n\t\t\t\t\t<div class=\"cbp-caption-defaultWrap\">\n\t\t\t\t\t\t<img loading=\"lazy\" decoding=\"async\" width=\"2048\" height=\"1638\" src=\"https:\/\/calidad.unap.cl\/acreditacion2027\/wp-content\/uploads\/sites\/2\/2025\/12\/IMG_3266.jpg\" class=\"attachment-full size-full\" alt=\"\" srcset=\"https:\/\/calidad.unap.cl\/acreditacion2027\/wp-content\/uploads\/sites\/2\/2025\/12\/IMG_3266.jpg 2048w, https:\/\/calidad.unap.cl\/acreditacion2027\/wp-content\/uploads\/sites\/2\/2025\/12\/IMG_3266-300x240.jpg 300w, https:\/\/calidad.unap.cl\/acreditacion2027\/wp-content\/uploads\/sites\/2\/2025\/12\/IMG_3266-1024x819.jpg 1024w, https:\/\/calidad.unap.cl\/acreditacion2027\/wp-content\/uploads\/sites\/2\/2025\/12\/IMG_3266-768x614.jpg 768w, https:\/\/calidad.unap.cl\/acreditacion2027\/wp-content\/uploads\/sites\/2\/2025\/12\/IMG_3266-1536x1229.jpg 1536w\" sizes=\"(max-width: 2048px) 100vw, 2048px\" \/>\t\t\t\t\t<\/div>\n\t\t\t\t\t<div class=\"cbp-caption-activeWrap\">\n\t\t\t\t\t\t<div class=\"cbp-l-caption-alignCenter\" data-xpro-lightbox data-src=\"https:\/\/calidad.unap.cl\/acreditacion2027\/wp-content\/uploads\/sites\/2\/2025\/12\/IMG_3266.jpg\">\n\t\t\t\t\t\t\t<!-- Overlay -->\n\t\t\t\t\t\t\t<div class=\"cbp-l-caption-body\">\n\t\t\t\t\t\t\t\t\n\t\t\t\t\t\t\t\t\t\t\t\t\t\t\t\t\t<!-- Content -->\n\t\t\t\t\t\t\t\t\t<div class=\"xpro-overlay-content\">\n\t\t\t\t\t\t\t\t\t\t\t\t\t\t\t\t\t\t\t\t\t<h4 class=\"xpro-title\"> Jueves de Calidad | Comisi\u00f3n de Vinculaci\u00f3n con el Medio<\/h4>\n\t\t\t\t\t\t\t\t\t\t\t\t\t\t\t\t\t\t\t\t\t\t\t\t\t\t\t\t\t<\/div>\n\t\t\t\t\t\t\t\t\t\t\t\t\t\t\t<\/div>\n\t\t\t\t\t\t<\/div>\n\t\t\t\t\t<\/div>\n\t\t\t\t<\/div>\n\t\t\t<\/div>\n\n\t\t\n\t\t\t<!--Item-->\n\t\t\t<div class=\"cbp-item xpro-elementor-gallery-item nov\">\n\t\t\t\t<div class=\"cbp-caption\">\n\t\t\t\t\t<div class=\"cbp-caption-defaultWrap\">\n\t\t\t\t\t\t<img loading=\"lazy\" decoding=\"async\" width=\"2048\" height=\"1638\" src=\"https:\/\/calidad.unap.cl\/acreditacion2027\/wp-content\/uploads\/sites\/2\/2025\/12\/IMG_3272.jpg\" class=\"attachment-full size-full\" alt=\"\" srcset=\"https:\/\/calidad.unap.cl\/acreditacion2027\/wp-content\/uploads\/sites\/2\/2025\/12\/IMG_3272.jpg 2048w, https:\/\/calidad.unap.cl\/acreditacion2027\/wp-content\/uploads\/sites\/2\/2025\/12\/IMG_3272-300x240.jpg 300w, https:\/\/calidad.unap.cl\/acreditacion2027\/wp-content\/uploads\/sites\/2\/2025\/12\/IMG_3272-1024x819.jpg 1024w, https:\/\/calidad.unap.cl\/acreditacion2027\/wp-content\/uploads\/sites\/2\/2025\/12\/IMG_3272-768x614.jpg 768w, https:\/\/calidad.unap.cl\/acreditacion2027\/wp-content\/uploads\/sites\/2\/2025\/12\/IMG_3272-1536x1229.jpg 1536w\" sizes=\"(max-width: 2048px) 100vw, 2048px\" \/>\t\t\t\t\t<\/div>\n\t\t\t\t\t<div class=\"cbp-caption-activeWrap\">\n\t\t\t\t\t\t<div class=\"cbp-l-caption-alignCenter\" data-xpro-lightbox data-src=\"https:\/\/calidad.unap.cl\/acreditacion2027\/wp-content\/uploads\/sites\/2\/2025\/12\/IMG_3272.jpg\">\n\t\t\t\t\t\t\t<!-- Overlay -->\n\t\t\t\t\t\t\t<div class=\"cbp-l-caption-body\">\n\t\t\t\t\t\t\t\t\n\t\t\t\t\t\t\t\t\t\t\t\t\t\t\t\t\t<!-- Content -->\n\t\t\t\t\t\t\t\t\t<div class=\"xpro-overlay-content\">\n\t\t\t\t\t\t\t\t\t\t\t\t\t\t\t\t\t\t\t\t\t<h4 class=\"xpro-title\"> Jueves de Calidad | Comisi\u00f3n de Vinculaci\u00f3n con el Medio<\/h4>\n\t\t\t\t\t\t\t\t\t\t\t\t\t\t\t\t\t\t\t\t\t\t\t\t\t\t\t\t\t<\/div>\n\t\t\t\t\t\t\t\t\t\t\t\t\t\t\t<\/div>\n\t\t\t\t\t\t<\/div>\n\t\t\t\t\t<\/div>\n\t\t\t\t<\/div>\n\t\t\t<\/div>\n\n\t\t\n\t\t\t<!--Item-->\n\t\t\t<div class=\"cbp-item xpro-elementor-gallery-item nov\">\n\t\t\t\t<div class=\"cbp-caption\">\n\t\t\t\t\t<div class=\"cbp-caption-defaultWrap\">\n\t\t\t\t\t\t<img loading=\"lazy\" decoding=\"async\" width=\"2048\" height=\"1638\" src=\"https:\/\/calidad.unap.cl\/acreditacion2027\/wp-content\/uploads\/sites\/2\/2025\/12\/IMG_3231.jpg\" class=\"attachment-full size-full\" alt=\"\" srcset=\"https:\/\/calidad.unap.cl\/acreditacion2027\/wp-content\/uploads\/sites\/2\/2025\/12\/IMG_3231.jpg 2048w, https:\/\/calidad.unap.cl\/acreditacion2027\/wp-content\/uploads\/sites\/2\/2025\/12\/IMG_3231-300x240.jpg 300w, https:\/\/calidad.unap.cl\/acreditacion2027\/wp-content\/uploads\/sites\/2\/2025\/12\/IMG_3231-1024x819.jpg 1024w, https:\/\/calidad.unap.cl\/acreditacion2027\/wp-content\/uploads\/sites\/2\/2025\/12\/IMG_3231-768x614.jpg 768w, https:\/\/calidad.unap.cl\/acreditacion2027\/wp-content\/uploads\/sites\/2\/2025\/12\/IMG_3231-1536x1229.jpg 1536w\" sizes=\"(max-width: 2048px) 100vw, 2048px\" \/>\t\t\t\t\t<\/div>\n\t\t\t\t\t<div class=\"cbp-caption-activeWrap\">\n\t\t\t\t\t\t<div class=\"cbp-l-caption-alignCenter\" data-xpro-lightbox data-src=\"https:\/\/calidad.unap.cl\/acreditacion2027\/wp-content\/uploads\/sites\/2\/2025\/12\/IMG_3231.jpg\">\n\t\t\t\t\t\t\t<!-- Overlay -->\n\t\t\t\t\t\t\t<div class=\"cbp-l-caption-body\">\n\t\t\t\t\t\t\t\t\n\t\t\t\t\t\t\t\t\t\t\t\t\t\t\t\t\t<!-- Content -->\n\t\t\t\t\t\t\t\t\t<div class=\"xpro-overlay-content\">\n\t\t\t\t\t\t\t\t\t\t\t\t\t\t\t\t\t\t\t\t\t<h4 class=\"xpro-title\"> Jueves de Calidad | Comisi\u00f3n de Vinculaci\u00f3n con el Medio<\/h4>\n\t\t\t\t\t\t\t\t\t\t\t\t\t\t\t\t\t\t\t\t\t\t\t\t\t\t\t\t\t<\/div>\n\t\t\t\t\t\t\t\t\t\t\t\t\t\t\t<\/div>\n\t\t\t\t\t\t<\/div>\n\t\t\t\t\t<\/div>\n\t\t\t\t<\/div>\n\t\t\t<\/div>\n\n\t\t\n\t\t\t<!--Item-->\n\t\t\t<div class=\"cbp-item xpro-elementor-gallery-item nov\">\n\t\t\t\t<div class=\"cbp-caption\">\n\t\t\t\t\t<div class=\"cbp-caption-defaultWrap\">\n\t\t\t\t\t\t<img loading=\"lazy\" decoding=\"async\" width=\"2048\" height=\"1638\" src=\"https:\/\/calidad.unap.cl\/acreditacion2027\/wp-content\/uploads\/sites\/2\/2025\/12\/IMG_3297.jpg\" class=\"attachment-full size-full\" alt=\"\" srcset=\"https:\/\/calidad.unap.cl\/acreditacion2027\/wp-content\/uploads\/sites\/2\/2025\/12\/IMG_3297.jpg 2048w, https:\/\/calidad.unap.cl\/acreditacion2027\/wp-content\/uploads\/sites\/2\/2025\/12\/IMG_3297-300x240.jpg 300w, https:\/\/calidad.unap.cl\/acreditacion2027\/wp-content\/uploads\/sites\/2\/2025\/12\/IMG_3297-1024x819.jpg 1024w, https:\/\/calidad.unap.cl\/acreditacion2027\/wp-content\/uploads\/sites\/2\/2025\/12\/IMG_3297-768x614.jpg 768w, https:\/\/calidad.unap.cl\/acreditacion2027\/wp-content\/uploads\/sites\/2\/2025\/12\/IMG_3297-1536x1229.jpg 1536w\" sizes=\"(max-width: 2048px) 100vw, 2048px\" \/>\t\t\t\t\t<\/div>\n\t\t\t\t\t<div class=\"cbp-caption-activeWrap\">\n\t\t\t\t\t\t<div class=\"cbp-l-caption-alignCenter\" data-xpro-lightbox data-src=\"https:\/\/calidad.unap.cl\/acreditacion2027\/wp-content\/uploads\/sites\/2\/2025\/12\/IMG_3297.jpg\">\n\t\t\t\t\t\t\t<!-- Overlay -->\n\t\t\t\t\t\t\t<div class=\"cbp-l-caption-body\">\n\t\t\t\t\t\t\t\t\n\t\t\t\t\t\t\t\t\t\t\t\t\t\t\t\t\t<!-- Content -->\n\t\t\t\t\t\t\t\t\t<div class=\"xpro-overlay-content\">\n\t\t\t\t\t\t\t\t\t\t\t\t\t\t\t\t\t\t\t\t\t<h4 class=\"xpro-title\">Jueves de Calidad | Comisi\u00f3n de Investigaci\u00f3n, Creaci\u00f3n y\/o Innovaci\u00f3n<\/h4>\n\t\t\t\t\t\t\t\t\t\t\t\t\t\t\t\t\t\t\t\t\t\t\t\t\t\t\t\t\t<\/div>\n\t\t\t\t\t\t\t\t\t\t\t\t\t\t\t<\/div>\n\t\t\t\t\t\t<\/div>\n\t\t\t\t\t<\/div>\n\t\t\t\t<\/div>\n\t\t\t<\/div>\n\n\t\t\n\t\t\t<!--Item-->\n\t\t\t<div class=\"cbp-item xpro-elementor-gallery-item nov\">\n\t\t\t\t<div class=\"cbp-caption\">\n\t\t\t\t\t<div class=\"cbp-caption-defaultWrap\">\n\t\t\t\t\t\t<img loading=\"lazy\" decoding=\"async\" width=\"2048\" height=\"1638\" src=\"https:\/\/calidad.unap.cl\/acreditacion2027\/wp-content\/uploads\/sites\/2\/2025\/12\/IMG_3304.jpg\" class=\"attachment-full size-full\" alt=\"\" srcset=\"https:\/\/calidad.unap.cl\/acreditacion2027\/wp-content\/uploads\/sites\/2\/2025\/12\/IMG_3304.jpg 2048w, https:\/\/calidad.unap.cl\/acreditacion2027\/wp-content\/uploads\/sites\/2\/2025\/12\/IMG_3304-300x240.jpg 300w, https:\/\/calidad.unap.cl\/acreditacion2027\/wp-content\/uploads\/sites\/2\/2025\/12\/IMG_3304-1024x819.jpg 1024w, https:\/\/calidad.unap.cl\/acreditacion2027\/wp-content\/uploads\/sites\/2\/2025\/12\/IMG_3304-768x614.jpg 768w, https:\/\/calidad.unap.cl\/acreditacion2027\/wp-content\/uploads\/sites\/2\/2025\/12\/IMG_3304-1536x1229.jpg 1536w\" sizes=\"(max-width: 2048px) 100vw, 2048px\" \/>\t\t\t\t\t<\/div>\n\t\t\t\t\t<div class=\"cbp-caption-activeWrap\">\n\t\t\t\t\t\t<div class=\"cbp-l-caption-alignCenter\" data-xpro-lightbox data-src=\"https:\/\/calidad.unap.cl\/acreditacion2027\/wp-content\/uploads\/sites\/2\/2025\/12\/IMG_3304.jpg\">\n\t\t\t\t\t\t\t<!-- Overlay -->\n\t\t\t\t\t\t\t<div class=\"cbp-l-caption-body\">\n\t\t\t\t\t\t\t\t\n\t\t\t\t\t\t\t\t\t\t\t\t\t\t\t\t\t<!-- Content -->\n\t\t\t\t\t\t\t\t\t<div class=\"xpro-overlay-content\">\n\t\t\t\t\t\t\t\t\t\t\t\t\t\t\t\t\t\t\t\t\t<h4 class=\"xpro-title\">Jueves de Calidad | Comisi\u00f3n de Investigaci\u00f3n, Creaci\u00f3n y\/o Innovaci\u00f3n<\/h4>\n\t\t\t\t\t\t\t\t\t\t\t\t\t\t\t\t\t\t\t\t\t\t\t\t\t\t\t\t\t<\/div>\n\t\t\t\t\t\t\t\t\t\t\t\t\t\t\t<\/div>\n\t\t\t\t\t\t<\/div>\n\t\t\t\t\t<\/div>\n\t\t\t\t<\/div>\n\t\t\t<\/div>\n\n\t\t\n\t\t\t<!--Item-->\n\t\t\t<div class=\"cbp-item xpro-elementor-gallery-item nov\">\n\t\t\t\t<div class=\"cbp-caption\">\n\t\t\t\t\t<div class=\"cbp-caption-defaultWrap\">\n\t\t\t\t\t\t<img loading=\"lazy\" decoding=\"async\" width=\"2048\" height=\"1638\" src=\"https:\/\/calidad.unap.cl\/acreditacion2027\/wp-content\/uploads\/sites\/2\/2025\/12\/IMG_3307.jpg\" class=\"attachment-full size-full\" alt=\"\" srcset=\"https:\/\/calidad.unap.cl\/acreditacion2027\/wp-content\/uploads\/sites\/2\/2025\/12\/IMG_3307.jpg 2048w, https:\/\/calidad.unap.cl\/acreditacion2027\/wp-content\/uploads\/sites\/2\/2025\/12\/IMG_3307-300x240.jpg 300w, https:\/\/calidad.unap.cl\/acreditacion2027\/wp-content\/uploads\/sites\/2\/2025\/12\/IMG_3307-1024x819.jpg 1024w, https:\/\/calidad.unap.cl\/acreditacion2027\/wp-content\/uploads\/sites\/2\/2025\/12\/IMG_3307-768x614.jpg 768w, https:\/\/calidad.unap.cl\/acreditacion2027\/wp-content\/uploads\/sites\/2\/2025\/12\/IMG_3307-1536x1229.jpg 1536w\" sizes=\"(max-width: 2048px) 100vw, 2048px\" \/>\t\t\t\t\t<\/div>\n\t\t\t\t\t<div class=\"cbp-caption-activeWrap\">\n\t\t\t\t\t\t<div class=\"cbp-l-caption-alignCenter\" data-xpro-lightbox data-src=\"https:\/\/calidad.unap.cl\/acreditacion2027\/wp-content\/uploads\/sites\/2\/2025\/12\/IMG_3307.jpg\">\n\t\t\t\t\t\t\t<!-- Overlay -->\n\t\t\t\t\t\t\t<div class=\"cbp-l-caption-body\">\n\t\t\t\t\t\t\t\t\n\t\t\t\t\t\t\t\t\t\t\t\t\t\t\t\t\t<!-- Content -->\n\t\t\t\t\t\t\t\t\t<div class=\"xpro-overlay-content\">\n\t\t\t\t\t\t\t\t\t\t\t\t\t\t\t\t\t\t\t\t\t<h4 class=\"xpro-title\">Jueves de Calidad | Comisi\u00f3n de Investigaci\u00f3n, Creaci\u00f3n y\/o Innovaci\u00f3n<\/h4>\n\t\t\t\t\t\t\t\t\t\t\t\t\t\t\t\t\t\t\t\t\t\t\t\t\t\t\t\t\t<\/div>\n\t\t\t\t\t\t\t\t\t\t\t\t\t\t\t<\/div>\n\t\t\t\t\t\t<\/div>\n\t\t\t\t\t<\/div>\n\t\t\t\t<\/div>\n\t\t\t<\/div>\n\n\t\t\n\t\t\t<!--Item-->\n\t\t\t<div class=\"cbp-item xpro-elementor-gallery-item nov\">\n\t\t\t\t<div class=\"cbp-caption\">\n\t\t\t\t\t<div class=\"cbp-caption-defaultWrap\">\n\t\t\t\t\t\t<img loading=\"lazy\" decoding=\"async\" width=\"2048\" height=\"1638\" src=\"https:\/\/calidad.unap.cl\/acreditacion2027\/wp-content\/uploads\/sites\/2\/2025\/12\/IMG_3275.jpg\" class=\"attachment-full size-full\" alt=\"\" srcset=\"https:\/\/calidad.unap.cl\/acreditacion2027\/wp-content\/uploads\/sites\/2\/2025\/12\/IMG_3275.jpg 2048w, https:\/\/calidad.unap.cl\/acreditacion2027\/wp-content\/uploads\/sites\/2\/2025\/12\/IMG_3275-300x240.jpg 300w, https:\/\/calidad.unap.cl\/acreditacion2027\/wp-content\/uploads\/sites\/2\/2025\/12\/IMG_3275-1024x819.jpg 1024w, https:\/\/calidad.unap.cl\/acreditacion2027\/wp-content\/uploads\/sites\/2\/2025\/12\/IMG_3275-768x614.jpg 768w, https:\/\/calidad.unap.cl\/acreditacion2027\/wp-content\/uploads\/sites\/2\/2025\/12\/IMG_3275-1536x1229.jpg 1536w\" sizes=\"(max-width: 2048px) 100vw, 2048px\" \/>\t\t\t\t\t<\/div>\n\t\t\t\t\t<div class=\"cbp-caption-activeWrap\">\n\t\t\t\t\t\t<div class=\"cbp-l-caption-alignCenter\" data-xpro-lightbox data-src=\"https:\/\/calidad.unap.cl\/acreditacion2027\/wp-content\/uploads\/sites\/2\/2025\/12\/IMG_3275.jpg\">\n\t\t\t\t\t\t\t<!-- Overlay -->\n\t\t\t\t\t\t\t<div class=\"cbp-l-caption-body\">\n\t\t\t\t\t\t\t\t\n\t\t\t\t\t\t\t\t\t\t\t\t\t\t\t\t\t<!-- Content -->\n\t\t\t\t\t\t\t\t\t<div class=\"xpro-overlay-content\">\n\t\t\t\t\t\t\t\t\t\t\t\t\t\t\t\t\t\t\t\t\t<h4 class=\"xpro-title\">Jueves de Calidad | Comisi\u00f3n de Investigaci\u00f3n, Creaci\u00f3n y\/o Innovaci\u00f3n<\/h4>\n\t\t\t\t\t\t\t\t\t\t\t\t\t\t\t\t\t\t\t\t\t\t\t\t\t\t\t\t\t<\/div>\n\t\t\t\t\t\t\t\t\t\t\t\t\t\t\t<\/div>\n\t\t\t\t\t\t<\/div>\n\t\t\t\t\t<\/div>\n\t\t\t\t<\/div>\n\t\t\t<\/div>\n\n\t\t\n\t\t\t<!--Item-->\n\t\t\t<div class=\"cbp-item xpro-elementor-gallery-item nov\">\n\t\t\t\t<div class=\"cbp-caption\">\n\t\t\t\t\t<div class=\"cbp-caption-defaultWrap\">\n\t\t\t\t\t\t<img loading=\"lazy\" decoding=\"async\" width=\"2048\" height=\"1638\" src=\"https:\/\/calidad.unap.cl\/acreditacion2027\/wp-content\/uploads\/sites\/2\/2025\/12\/IMG_3285.jpg\" class=\"attachment-full size-full\" alt=\"\" srcset=\"https:\/\/calidad.unap.cl\/acreditacion2027\/wp-content\/uploads\/sites\/2\/2025\/12\/IMG_3285.jpg 2048w, https:\/\/calidad.unap.cl\/acreditacion2027\/wp-content\/uploads\/sites\/2\/2025\/12\/IMG_3285-300x240.jpg 300w, https:\/\/calidad.unap.cl\/acreditacion2027\/wp-content\/uploads\/sites\/2\/2025\/12\/IMG_3285-1024x819.jpg 1024w, https:\/\/calidad.unap.cl\/acreditacion2027\/wp-content\/uploads\/sites\/2\/2025\/12\/IMG_3285-768x614.jpg 768w, https:\/\/calidad.unap.cl\/acreditacion2027\/wp-content\/uploads\/sites\/2\/2025\/12\/IMG_3285-1536x1229.jpg 1536w\" sizes=\"(max-width: 2048px) 100vw, 2048px\" \/>\t\t\t\t\t<\/div>\n\t\t\t\t\t<div class=\"cbp-caption-activeWrap\">\n\t\t\t\t\t\t<div class=\"cbp-l-caption-alignCenter\" data-xpro-lightbox data-src=\"https:\/\/calidad.unap.cl\/acreditacion2027\/wp-content\/uploads\/sites\/2\/2025\/12\/IMG_3285.jpg\">\n\t\t\t\t\t\t\t<!-- Overlay -->\n\t\t\t\t\t\t\t<div class=\"cbp-l-caption-body\">\n\t\t\t\t\t\t\t\t\n\t\t\t\t\t\t\t\t\t\t\t\t\t\t\t\t\t<!-- Content -->\n\t\t\t\t\t\t\t\t\t<div class=\"xpro-overlay-content\">\n\t\t\t\t\t\t\t\t\t\t\t\t\t\t\t\t\t\t\t\t\t<h4 class=\"xpro-title\">Jueves de Calidad | Comisi\u00f3n de Investigaci\u00f3n, Creaci\u00f3n y\/o Innovaci\u00f3n<\/h4>\n\t\t\t\t\t\t\t\t\t\t\t\t\t\t\t\t\t\t\t\t\t\t\t\t\t\t\t\t\t<\/div>\n\t\t\t\t\t\t\t\t\t\t\t\t\t\t\t<\/div>\n\t\t\t\t\t\t<\/div>\n\t\t\t\t\t<\/div>\n\t\t\t\t<\/div>\n\t\t\t<\/div>\n\n\t\t\n\t\t\t<!--Item-->\n\t\t\t<div class=\"cbp-item xpro-elementor-gallery-item nov\">\n\t\t\t\t<div class=\"cbp-caption\">\n\t\t\t\t\t<div class=\"cbp-caption-defaultWrap\">\n\t\t\t\t\t\t<img loading=\"lazy\" decoding=\"async\" width=\"2048\" height=\"1638\" src=\"https:\/\/calidad.unap.cl\/acreditacion2027\/wp-content\/uploads\/sites\/2\/2025\/12\/IMG_3289.jpg\" class=\"attachment-full size-full\" alt=\"\" srcset=\"https:\/\/calidad.unap.cl\/acreditacion2027\/wp-content\/uploads\/sites\/2\/2025\/12\/IMG_3289.jpg 2048w, https:\/\/calidad.unap.cl\/acreditacion2027\/wp-content\/uploads\/sites\/2\/2025\/12\/IMG_3289-300x240.jpg 300w, https:\/\/calidad.unap.cl\/acreditacion2027\/wp-content\/uploads\/sites\/2\/2025\/12\/IMG_3289-1024x819.jpg 1024w, https:\/\/calidad.unap.cl\/acreditacion2027\/wp-content\/uploads\/sites\/2\/2025\/12\/IMG_3289-768x614.jpg 768w, https:\/\/calidad.unap.cl\/acreditacion2027\/wp-content\/uploads\/sites\/2\/2025\/12\/IMG_3289-1536x1229.jpg 1536w\" sizes=\"(max-width: 2048px) 100vw, 2048px\" \/>\t\t\t\t\t<\/div>\n\t\t\t\t\t<div class=\"cbp-caption-activeWrap\">\n\t\t\t\t\t\t<div class=\"cbp-l-caption-alignCenter\" data-xpro-lightbox data-src=\"https:\/\/calidad.unap.cl\/acreditacion2027\/wp-content\/uploads\/sites\/2\/2025\/12\/IMG_3289.jpg\">\n\t\t\t\t\t\t\t<!-- Overlay -->\n\t\t\t\t\t\t\t<div class=\"cbp-l-caption-body\">\n\t\t\t\t\t\t\t\t\n\t\t\t\t\t\t\t\t\t\t\t\t\t\t\t\t\t<!-- Content -->\n\t\t\t\t\t\t\t\t\t<div class=\"xpro-overlay-content\">\n\t\t\t\t\t\t\t\t\t\t\t\t\t\t\t\t\t\t\t\t\t<h4 class=\"xpro-title\">Jueves de Calidad | Comisi\u00f3n de Investigaci\u00f3n, Creaci\u00f3n y\/o Innovaci\u00f3n<\/h4>\n\t\t\t\t\t\t\t\t\t\t\t\t\t\t\t\t\t\t\t\t\t\t\t\t\t\t\t\t\t<\/div>\n\t\t\t\t\t\t\t\t\t\t\t\t\t\t\t<\/div>\n\t\t\t\t\t\t<\/div>\n\t\t\t\t\t<\/div>\n\t\t\t\t<\/div>\n\t\t\t<\/div>\n\n\t\t\n\t\t\t<!--Item-->\n\t\t\t<div class=\"cbp-item xpro-elementor-gallery-item dic\">\n\t\t\t\t<div class=\"cbp-caption\">\n\t\t\t\t\t<div class=\"cbp-caption-defaultWrap\">\n\t\t\t\t\t\t<img loading=\"lazy\" decoding=\"async\" width=\"2048\" height=\"1638\" src=\"https:\/\/calidad.unap.cl\/acreditacion2027\/wp-content\/uploads\/sites\/2\/2025\/12\/IMG_4566.jpg\" class=\"attachment-full size-full\" alt=\"\" srcset=\"https:\/\/calidad.unap.cl\/acreditacion2027\/wp-content\/uploads\/sites\/2\/2025\/12\/IMG_4566.jpg 2048w, https:\/\/calidad.unap.cl\/acreditacion2027\/wp-content\/uploads\/sites\/2\/2025\/12\/IMG_4566-300x240.jpg 300w, https:\/\/calidad.unap.cl\/acreditacion2027\/wp-content\/uploads\/sites\/2\/2025\/12\/IMG_4566-1024x819.jpg 1024w, https:\/\/calidad.unap.cl\/acreditacion2027\/wp-content\/uploads\/sites\/2\/2025\/12\/IMG_4566-768x614.jpg 768w, https:\/\/calidad.unap.cl\/acreditacion2027\/wp-content\/uploads\/sites\/2\/2025\/12\/IMG_4566-1536x1229.jpg 1536w\" sizes=\"(max-width: 2048px) 100vw, 2048px\" \/>\t\t\t\t\t<\/div>\n\t\t\t\t\t<div class=\"cbp-caption-activeWrap\">\n\t\t\t\t\t\t<div class=\"cbp-l-caption-alignCenter\" data-xpro-lightbox data-src=\"https:\/\/calidad.unap.cl\/acreditacion2027\/wp-content\/uploads\/sites\/2\/2025\/12\/IMG_4566.jpg\">\n\t\t\t\t\t\t\t<!-- Overlay -->\n\t\t\t\t\t\t\t<div class=\"cbp-l-caption-body\">\n\t\t\t\t\t\t\t\t\n\t\t\t\t\t\t\t\t\t\t\t\t\t\t\t\t\t<!-- Content -->\n\t\t\t\t\t\t\t\t\t<div class=\"xpro-overlay-content\">\n\t\t\t\t\t\t\t\t\t\t\t\t\t\t\t\t\t\t\t\t\t<h4 class=\"xpro-title\">Jornada de Trabajo DGC | Facultad de Ciencias Humanas<\/h4>\n\t\t\t\t\t\t\t\t\t\t\t\t\t\t\t\t\t\t\t\t\t\t\t\t\t\t\t\t\t<\/div>\n\t\t\t\t\t\t\t\t\t\t\t\t\t\t\t<\/div>\n\t\t\t\t\t\t<\/div>\n\t\t\t\t\t<\/div>\n\t\t\t\t<\/div>\n\t\t\t<\/div>\n\n\t\t\n\t\t\t<!--Item-->\n\t\t\t<div class=\"cbp-item xpro-elementor-gallery-item dic\">\n\t\t\t\t<div class=\"cbp-caption\">\n\t\t\t\t\t<div class=\"cbp-caption-defaultWrap\">\n\t\t\t\t\t\t<img loading=\"lazy\" decoding=\"async\" width=\"2048\" height=\"1638\" src=\"https:\/\/calidad.unap.cl\/acreditacion2027\/wp-content\/uploads\/sites\/2\/2025\/12\/IMG_4572.jpg\" class=\"attachment-full size-full\" alt=\"\" srcset=\"https:\/\/calidad.unap.cl\/acreditacion2027\/wp-content\/uploads\/sites\/2\/2025\/12\/IMG_4572.jpg 2048w, https:\/\/calidad.unap.cl\/acreditacion2027\/wp-content\/uploads\/sites\/2\/2025\/12\/IMG_4572-300x240.jpg 300w, https:\/\/calidad.unap.cl\/acreditacion2027\/wp-content\/uploads\/sites\/2\/2025\/12\/IMG_4572-1024x819.jpg 1024w, https:\/\/calidad.unap.cl\/acreditacion2027\/wp-content\/uploads\/sites\/2\/2025\/12\/IMG_4572-768x614.jpg 768w, https:\/\/calidad.unap.cl\/acreditacion2027\/wp-content\/uploads\/sites\/2\/2025\/12\/IMG_4572-1536x1229.jpg 1536w\" sizes=\"(max-width: 2048px) 100vw, 2048px\" \/>\t\t\t\t\t<\/div>\n\t\t\t\t\t<div class=\"cbp-caption-activeWrap\">\n\t\t\t\t\t\t<div class=\"cbp-l-caption-alignCenter\" data-xpro-lightbox data-src=\"https:\/\/calidad.unap.cl\/acreditacion2027\/wp-content\/uploads\/sites\/2\/2025\/12\/IMG_4572.jpg\">\n\t\t\t\t\t\t\t<!-- Overlay -->\n\t\t\t\t\t\t\t<div class=\"cbp-l-caption-body\">\n\t\t\t\t\t\t\t\t\n\t\t\t\t\t\t\t\t\t\t\t\t\t\t\t\t\t<!-- Content -->\n\t\t\t\t\t\t\t\t\t<div class=\"xpro-overlay-content\">\n\t\t\t\t\t\t\t\t\t\t\t\t\t\t\t\t\t\t\t\t\t<h4 class=\"xpro-title\">Jornada de Trabajo DGC | Facultad de Ciencias Humanas<\/h4>\n\t\t\t\t\t\t\t\t\t\t\t\t\t\t\t\t\t\t\t\t\t\t\t\t\t\t\t\t\t<\/div>\n\t\t\t\t\t\t\t\t\t\t\t\t\t\t\t<\/div>\n\t\t\t\t\t\t<\/div>\n\t\t\t\t\t<\/div>\n\t\t\t\t<\/div>\n\t\t\t<\/div>\n\n\t\t\n\t\t\t<!--Item-->\n\t\t\t<div class=\"cbp-item xpro-elementor-gallery-item dic\">\n\t\t\t\t<div class=\"cbp-caption\">\n\t\t\t\t\t<div class=\"cbp-caption-defaultWrap\">\n\t\t\t\t\t\t<img loading=\"lazy\" decoding=\"async\" width=\"2048\" height=\"1638\" src=\"https:\/\/calidad.unap.cl\/acreditacion2027\/wp-content\/uploads\/sites\/2\/2025\/12\/IMG_4582.jpg\" class=\"attachment-full size-full\" alt=\"\" srcset=\"https:\/\/calidad.unap.cl\/acreditacion2027\/wp-content\/uploads\/sites\/2\/2025\/12\/IMG_4582.jpg 2048w, https:\/\/calidad.unap.cl\/acreditacion2027\/wp-content\/uploads\/sites\/2\/2025\/12\/IMG_4582-300x240.jpg 300w, https:\/\/calidad.unap.cl\/acreditacion2027\/wp-content\/uploads\/sites\/2\/2025\/12\/IMG_4582-1024x819.jpg 1024w, https:\/\/calidad.unap.cl\/acreditacion2027\/wp-content\/uploads\/sites\/2\/2025\/12\/IMG_4582-768x614.jpg 768w, https:\/\/calidad.unap.cl\/acreditacion2027\/wp-content\/uploads\/sites\/2\/2025\/12\/IMG_4582-1536x1229.jpg 1536w\" sizes=\"(max-width: 2048px) 100vw, 2048px\" \/>\t\t\t\t\t<\/div>\n\t\t\t\t\t<div class=\"cbp-caption-activeWrap\">\n\t\t\t\t\t\t<div class=\"cbp-l-caption-alignCenter\" data-xpro-lightbox data-src=\"https:\/\/calidad.unap.cl\/acreditacion2027\/wp-content\/uploads\/sites\/2\/2025\/12\/IMG_4582.jpg\">\n\t\t\t\t\t\t\t<!-- Overlay -->\n\t\t\t\t\t\t\t<div class=\"cbp-l-caption-body\">\n\t\t\t\t\t\t\t\t\n\t\t\t\t\t\t\t\t\t\t\t\t\t\t\t\t\t<!-- Content -->\n\t\t\t\t\t\t\t\t\t<div class=\"xpro-overlay-content\">\n\t\t\t\t\t\t\t\t\t\t\t\t\t\t\t\t\t\t\t\t\t<h4 class=\"xpro-title\">Jornada de Trabajo DGC | Facultad de Ciencias Humanas<\/h4>\n\t\t\t\t\t\t\t\t\t\t\t\t\t\t\t\t\t\t\t\t\t\t\t\t\t\t\t\t\t<\/div>\n\t\t\t\t\t\t\t\t\t\t\t\t\t\t\t<\/div>\n\t\t\t\t\t\t<\/div>\n\t\t\t\t\t<\/div>\n\t\t\t\t<\/div>\n\t\t\t<\/div>\n\n\t\t\n\t\t\t<!--Item-->\n\t\t\t<div class=\"cbp-item xpro-elementor-gallery-item dic\">\n\t\t\t\t<div class=\"cbp-caption\">\n\t\t\t\t\t<div class=\"cbp-caption-defaultWrap\">\n\t\t\t\t\t\t<img loading=\"lazy\" decoding=\"async\" width=\"2048\" height=\"1536\" src=\"https:\/\/calidad.unap.cl\/acreditacion2027\/wp-content\/uploads\/sites\/2\/2025\/12\/IMG_4626.jpg\" class=\"attachment-full size-full\" alt=\"\" srcset=\"https:\/\/calidad.unap.cl\/acreditacion2027\/wp-content\/uploads\/sites\/2\/2025\/12\/IMG_4626.jpg 2048w, https:\/\/calidad.unap.cl\/acreditacion2027\/wp-content\/uploads\/sites\/2\/2025\/12\/IMG_4626-300x225.jpg 300w, https:\/\/calidad.unap.cl\/acreditacion2027\/wp-content\/uploads\/sites\/2\/2025\/12\/IMG_4626-1024x768.jpg 1024w, https:\/\/calidad.unap.cl\/acreditacion2027\/wp-content\/uploads\/sites\/2\/2025\/12\/IMG_4626-768x576.jpg 768w, https:\/\/calidad.unap.cl\/acreditacion2027\/wp-content\/uploads\/sites\/2\/2025\/12\/IMG_4626-1536x1152.jpg 1536w\" sizes=\"(max-width: 2048px) 100vw, 2048px\" \/>\t\t\t\t\t<\/div>\n\t\t\t\t\t<div class=\"cbp-caption-activeWrap\">\n\t\t\t\t\t\t<div class=\"cbp-l-caption-alignCenter\" data-xpro-lightbox data-src=\"https:\/\/calidad.unap.cl\/acreditacion2027\/wp-content\/uploads\/sites\/2\/2025\/12\/IMG_4626.jpg\">\n\t\t\t\t\t\t\t<!-- Overlay -->\n\t\t\t\t\t\t\t<div class=\"cbp-l-caption-body\">\n\t\t\t\t\t\t\t\t\n\t\t\t\t\t\t\t\t\t\t\t\t\t\t\t\t\t<!-- Content -->\n\t\t\t\t\t\t\t\t\t<div class=\"xpro-overlay-content\">\n\t\t\t\t\t\t\t\t\t\t\t\t\t\t\t\t\t\t\t\t\t<h4 class=\"xpro-title\">Jornada de Trabajo DGC | Facultad de Ciencias Humanas<\/h4>\n\t\t\t\t\t\t\t\t\t\t\t\t\t\t\t\t\t\t\t\t\t\t\t\t\t\t\t\t\t<\/div>\n\t\t\t\t\t\t\t\t\t\t\t\t\t\t\t<\/div>\n\t\t\t\t\t\t<\/div>\n\t\t\t\t\t<\/div>\n\t\t\t\t<\/div>\n\t\t\t<\/div>\n\n\t\t\n\t\t\t<!--Item-->\n\t\t\t<div class=\"cbp-item xpro-elementor-gallery-item dic\">\n\t\t\t\t<div class=\"cbp-caption\">\n\t\t\t\t\t<div class=\"cbp-caption-defaultWrap\">\n\t\t\t\t\t\t<img loading=\"lazy\" decoding=\"async\" width=\"2048\" height=\"1638\" src=\"https:\/\/calidad.unap.cl\/acreditacion2027\/wp-content\/uploads\/sites\/2\/2025\/12\/IMG_4649.jpg\" class=\"attachment-full size-full\" alt=\"\" srcset=\"https:\/\/calidad.unap.cl\/acreditacion2027\/wp-content\/uploads\/sites\/2\/2025\/12\/IMG_4649.jpg 2048w, https:\/\/calidad.unap.cl\/acreditacion2027\/wp-content\/uploads\/sites\/2\/2025\/12\/IMG_4649-300x240.jpg 300w, https:\/\/calidad.unap.cl\/acreditacion2027\/wp-content\/uploads\/sites\/2\/2025\/12\/IMG_4649-1024x819.jpg 1024w, https:\/\/calidad.unap.cl\/acreditacion2027\/wp-content\/uploads\/sites\/2\/2025\/12\/IMG_4649-768x614.jpg 768w, https:\/\/calidad.unap.cl\/acreditacion2027\/wp-content\/uploads\/sites\/2\/2025\/12\/IMG_4649-1536x1229.jpg 1536w\" sizes=\"(max-width: 2048px) 100vw, 2048px\" \/>\t\t\t\t\t<\/div>\n\t\t\t\t\t<div class=\"cbp-caption-activeWrap\">\n\t\t\t\t\t\t<div class=\"cbp-l-caption-alignCenter\" data-xpro-lightbox data-src=\"https:\/\/calidad.unap.cl\/acreditacion2027\/wp-content\/uploads\/sites\/2\/2025\/12\/IMG_4649.jpg\">\n\t\t\t\t\t\t\t<!-- Overlay -->\n\t\t\t\t\t\t\t<div class=\"cbp-l-caption-body\">\n\t\t\t\t\t\t\t\t\n\t\t\t\t\t\t\t\t\t\t\t\t\t\t\t\t\t<!-- Content -->\n\t\t\t\t\t\t\t\t\t<div class=\"xpro-overlay-content\">\n\t\t\t\t\t\t\t\t\t\t\t\t\t\t\t\t\t\t\t\t\t<h4 class=\"xpro-title\">Jornada de Trabajo DGC | Facultad de Ciencias Humanas<\/h4>\n\t\t\t\t\t\t\t\t\t\t\t\t\t\t\t\t\t\t\t\t\t\t\t\t\t\t\t\t\t<\/div>\n\t\t\t\t\t\t\t\t\t\t\t\t\t\t\t<\/div>\n\t\t\t\t\t\t<\/div>\n\t\t\t\t\t<\/div>\n\t\t\t\t<\/div>\n\t\t\t<\/div>\n\n\t\t\n\t\t\t<!--Item-->\n\t\t\t<div class=\"cbp-item xpro-elementor-gallery-item dic\">\n\t\t\t\t<div class=\"cbp-caption\">\n\t\t\t\t\t<div class=\"cbp-caption-defaultWrap\">\n\t\t\t\t\t\t<img loading=\"lazy\" decoding=\"async\" width=\"2048\" height=\"1536\" src=\"https:\/\/calidad.unap.cl\/acreditacion2027\/wp-content\/uploads\/sites\/2\/2025\/12\/IMG_4696.jpg\" class=\"attachment-full size-full\" alt=\"\" srcset=\"https:\/\/calidad.unap.cl\/acreditacion2027\/wp-content\/uploads\/sites\/2\/2025\/12\/IMG_4696.jpg 2048w, https:\/\/calidad.unap.cl\/acreditacion2027\/wp-content\/uploads\/sites\/2\/2025\/12\/IMG_4696-300x225.jpg 300w, https:\/\/calidad.unap.cl\/acreditacion2027\/wp-content\/uploads\/sites\/2\/2025\/12\/IMG_4696-1024x768.jpg 1024w, https:\/\/calidad.unap.cl\/acreditacion2027\/wp-content\/uploads\/sites\/2\/2025\/12\/IMG_4696-768x576.jpg 768w, https:\/\/calidad.unap.cl\/acreditacion2027\/wp-content\/uploads\/sites\/2\/2025\/12\/IMG_4696-1536x1152.jpg 1536w\" sizes=\"(max-width: 2048px) 100vw, 2048px\" \/>\t\t\t\t\t<\/div>\n\t\t\t\t\t<div class=\"cbp-caption-activeWrap\">\n\t\t\t\t\t\t<div class=\"cbp-l-caption-alignCenter\" data-xpro-lightbox data-src=\"https:\/\/calidad.unap.cl\/acreditacion2027\/wp-content\/uploads\/sites\/2\/2025\/12\/IMG_4696.jpg\">\n\t\t\t\t\t\t\t<!-- Overlay -->\n\t\t\t\t\t\t\t<div class=\"cbp-l-caption-body\">\n\t\t\t\t\t\t\t\t\n\t\t\t\t\t\t\t\t\t\t\t\t\t\t\t\t\t<!-- Content -->\n\t\t\t\t\t\t\t\t\t<div class=\"xpro-overlay-content\">\n\t\t\t\t\t\t\t\t\t\t\t\t\t\t\t\t\t\t\t\t\t<h4 class=\"xpro-title\">Jornada de Trabajo DGC | Facultad de Ciencias Humanas<\/h4>\n\t\t\t\t\t\t\t\t\t\t\t\t\t\t\t\t\t\t\t\t\t\t\t\t\t\t\t\t\t<\/div>\n\t\t\t\t\t\t\t\t\t\t\t\t\t\t\t<\/div>\n\t\t\t\t\t\t<\/div>\n\t\t\t\t\t<\/div>\n\t\t\t\t<\/div>\n\t\t\t<\/div>\n\n\t\t\n\t\t\t<!--Item-->\n\t\t\t<div class=\"cbp-item xpro-elementor-gallery-item dic\">\n\t\t\t\t<div class=\"cbp-caption\">\n\t\t\t\t\t<div class=\"cbp-caption-defaultWrap\">\n\t\t\t\t\t\t<img loading=\"lazy\" decoding=\"async\" width=\"2048\" height=\"1638\" src=\"https:\/\/calidad.unap.cl\/acreditacion2027\/wp-content\/uploads\/sites\/2\/2025\/12\/IMG_4733.jpg\" class=\"attachment-full size-full\" alt=\"\" srcset=\"https:\/\/calidad.unap.cl\/acreditacion2027\/wp-content\/uploads\/sites\/2\/2025\/12\/IMG_4733.jpg 2048w, https:\/\/calidad.unap.cl\/acreditacion2027\/wp-content\/uploads\/sites\/2\/2025\/12\/IMG_4733-300x240.jpg 300w, https:\/\/calidad.unap.cl\/acreditacion2027\/wp-content\/uploads\/sites\/2\/2025\/12\/IMG_4733-1024x819.jpg 1024w, https:\/\/calidad.unap.cl\/acreditacion2027\/wp-content\/uploads\/sites\/2\/2025\/12\/IMG_4733-768x614.jpg 768w, https:\/\/calidad.unap.cl\/acreditacion2027\/wp-content\/uploads\/sites\/2\/2025\/12\/IMG_4733-1536x1229.jpg 1536w\" sizes=\"(max-width: 2048px) 100vw, 2048px\" \/>\t\t\t\t\t<\/div>\n\t\t\t\t\t<div class=\"cbp-caption-activeWrap\">\n\t\t\t\t\t\t<div class=\"cbp-l-caption-alignCenter\" data-xpro-lightbox data-src=\"https:\/\/calidad.unap.cl\/acreditacion2027\/wp-content\/uploads\/sites\/2\/2025\/12\/IMG_4733.jpg\">\n\t\t\t\t\t\t\t<!-- Overlay -->\n\t\t\t\t\t\t\t<div class=\"cbp-l-caption-body\">\n\t\t\t\t\t\t\t\t\n\t\t\t\t\t\t\t\t\t\t\t\t\t\t\t\t\t<!-- Content -->\n\t\t\t\t\t\t\t\t\t<div class=\"xpro-overlay-content\">\n\t\t\t\t\t\t\t\t\t\t\t\t\t\t\t\t\t\t\t\t\t<h4 class=\"xpro-title\">Jornada de Trabajo DGC | Facultad de Recursos Naturales Renovables (FAREN)<\/h4>\n\t\t\t\t\t\t\t\t\t\t\t\t\t\t\t\t\t\t\t\t\t\t\t\t\t\t\t\t\t<\/div>\n\t\t\t\t\t\t\t\t\t\t\t\t\t\t\t<\/div>\n\t\t\t\t\t\t<\/div>\n\t\t\t\t\t<\/div>\n\t\t\t\t<\/div>\n\t\t\t<\/div>\n\n\t\t\n\t\t\t<!--Item-->\n\t\t\t<div class=\"cbp-item xpro-elementor-gallery-item dic\">\n\t\t\t\t<div class=\"cbp-caption\">\n\t\t\t\t\t<div class=\"cbp-caption-defaultWrap\">\n\t\t\t\t\t\t<img loading=\"lazy\" decoding=\"async\" width=\"2048\" height=\"1638\" src=\"https:\/\/calidad.unap.cl\/acreditacion2027\/wp-content\/uploads\/sites\/2\/2025\/12\/IMG_4735.jpg\" class=\"attachment-full size-full\" alt=\"\" srcset=\"https:\/\/calidad.unap.cl\/acreditacion2027\/wp-content\/uploads\/sites\/2\/2025\/12\/IMG_4735.jpg 2048w, https:\/\/calidad.unap.cl\/acreditacion2027\/wp-content\/uploads\/sites\/2\/2025\/12\/IMG_4735-300x240.jpg 300w, https:\/\/calidad.unap.cl\/acreditacion2027\/wp-content\/uploads\/sites\/2\/2025\/12\/IMG_4735-1024x819.jpg 1024w, https:\/\/calidad.unap.cl\/acreditacion2027\/wp-content\/uploads\/sites\/2\/2025\/12\/IMG_4735-768x614.jpg 768w, https:\/\/calidad.unap.cl\/acreditacion2027\/wp-content\/uploads\/sites\/2\/2025\/12\/IMG_4735-1536x1229.jpg 1536w\" sizes=\"(max-width: 2048px) 100vw, 2048px\" \/>\t\t\t\t\t<\/div>\n\t\t\t\t\t<div class=\"cbp-caption-activeWrap\">\n\t\t\t\t\t\t<div class=\"cbp-l-caption-alignCenter\" data-xpro-lightbox data-src=\"https:\/\/calidad.unap.cl\/acreditacion2027\/wp-content\/uploads\/sites\/2\/2025\/12\/IMG_4735.jpg\">\n\t\t\t\t\t\t\t<!-- Overlay -->\n\t\t\t\t\t\t\t<div class=\"cbp-l-caption-body\">\n\t\t\t\t\t\t\t\t\n\t\t\t\t\t\t\t\t\t\t\t\t\t\t\t\t\t<!-- Content -->\n\t\t\t\t\t\t\t\t\t<div class=\"xpro-overlay-content\">\n\t\t\t\t\t\t\t\t\t\t\t\t\t\t\t\t\t\t\t\t\t<h4 class=\"xpro-title\">Jornada de Trabajo DGC | Facultad de Recursos Naturales Renovables (FAREN)<\/h4>\n\t\t\t\t\t\t\t\t\t\t\t\t\t\t\t\t\t\t\t\t\t\t\t\t\t\t\t\t\t<\/div>\n\t\t\t\t\t\t\t\t\t\t\t\t\t\t\t<\/div>\n\t\t\t\t\t\t<\/div>\n\t\t\t\t\t<\/div>\n\t\t\t\t<\/div>\n\t\t\t<\/div>\n\n\t\t\n\t\t\t<!--Item-->\n\t\t\t<div class=\"cbp-item xpro-elementor-gallery-item dic\">\n\t\t\t\t<div class=\"cbp-caption\">\n\t\t\t\t\t<div class=\"cbp-caption-defaultWrap\">\n\t\t\t\t\t\t<img loading=\"lazy\" decoding=\"async\" width=\"2048\" height=\"1638\" src=\"https:\/\/calidad.unap.cl\/acreditacion2027\/wp-content\/uploads\/sites\/2\/2025\/12\/IMG_4738.jpg\" class=\"attachment-full size-full\" alt=\"\" srcset=\"https:\/\/calidad.unap.cl\/acreditacion2027\/wp-content\/uploads\/sites\/2\/2025\/12\/IMG_4738.jpg 2048w, https:\/\/calidad.unap.cl\/acreditacion2027\/wp-content\/uploads\/sites\/2\/2025\/12\/IMG_4738-300x240.jpg 300w, https:\/\/calidad.unap.cl\/acreditacion2027\/wp-content\/uploads\/sites\/2\/2025\/12\/IMG_4738-1024x819.jpg 1024w, https:\/\/calidad.unap.cl\/acreditacion2027\/wp-content\/uploads\/sites\/2\/2025\/12\/IMG_4738-768x614.jpg 768w, https:\/\/calidad.unap.cl\/acreditacion2027\/wp-content\/uploads\/sites\/2\/2025\/12\/IMG_4738-1536x1229.jpg 1536w\" sizes=\"(max-width: 2048px) 100vw, 2048px\" \/>\t\t\t\t\t<\/div>\n\t\t\t\t\t<div class=\"cbp-caption-activeWrap\">\n\t\t\t\t\t\t<div class=\"cbp-l-caption-alignCenter\" data-xpro-lightbox data-src=\"https:\/\/calidad.unap.cl\/acreditacion2027\/wp-content\/uploads\/sites\/2\/2025\/12\/IMG_4738.jpg\">\n\t\t\t\t\t\t\t<!-- Overlay -->\n\t\t\t\t\t\t\t<div class=\"cbp-l-caption-body\">\n\t\t\t\t\t\t\t\t\n\t\t\t\t\t\t\t\t\t\t\t\t\t\t\t\t\t<!-- Content -->\n\t\t\t\t\t\t\t\t\t<div class=\"xpro-overlay-content\">\n\t\t\t\t\t\t\t\t\t\t\t\t\t\t\t\t\t\t\t\t\t<h4 class=\"xpro-title\">Jornada de Trabajo DGC | Facultad de Recursos Naturales Renovables (FAREN)<\/h4>\n\t\t\t\t\t\t\t\t\t\t\t\t\t\t\t\t\t\t\t\t\t\t\t\t\t\t\t\t\t<\/div>\n\t\t\t\t\t\t\t\t\t\t\t\t\t\t\t<\/div>\n\t\t\t\t\t\t<\/div>\n\t\t\t\t\t<\/div>\n\t\t\t\t<\/div>\n\t\t\t<\/div>\n\n\t\t\n\t\t\t<!--Item-->\n\t\t\t<div class=\"cbp-item xpro-elementor-gallery-item dic\">\n\t\t\t\t<div class=\"cbp-caption\">\n\t\t\t\t\t<div class=\"cbp-caption-defaultWrap\">\n\t\t\t\t\t\t<img loading=\"lazy\" decoding=\"async\" width=\"2048\" height=\"1638\" src=\"https:\/\/calidad.unap.cl\/acreditacion2027\/wp-content\/uploads\/sites\/2\/2025\/12\/IMG_4741.jpg\" class=\"attachment-full size-full\" alt=\"\" srcset=\"https:\/\/calidad.unap.cl\/acreditacion2027\/wp-content\/uploads\/sites\/2\/2025\/12\/IMG_4741.jpg 2048w, https:\/\/calidad.unap.cl\/acreditacion2027\/wp-content\/uploads\/sites\/2\/2025\/12\/IMG_4741-300x240.jpg 300w, https:\/\/calidad.unap.cl\/acreditacion2027\/wp-content\/uploads\/sites\/2\/2025\/12\/IMG_4741-1024x819.jpg 1024w, https:\/\/calidad.unap.cl\/acreditacion2027\/wp-content\/uploads\/sites\/2\/2025\/12\/IMG_4741-768x614.jpg 768w, https:\/\/calidad.unap.cl\/acreditacion2027\/wp-content\/uploads\/sites\/2\/2025\/12\/IMG_4741-1536x1229.jpg 1536w\" sizes=\"(max-width: 2048px) 100vw, 2048px\" \/>\t\t\t\t\t<\/div>\n\t\t\t\t\t<div class=\"cbp-caption-activeWrap\">\n\t\t\t\t\t\t<div class=\"cbp-l-caption-alignCenter\" data-xpro-lightbox data-src=\"https:\/\/calidad.unap.cl\/acreditacion2027\/wp-content\/uploads\/sites\/2\/2025\/12\/IMG_4741.jpg\">\n\t\t\t\t\t\t\t<!-- Overlay -->\n\t\t\t\t\t\t\t<div class=\"cbp-l-caption-body\">\n\t\t\t\t\t\t\t\t\n\t\t\t\t\t\t\t\t\t\t\t\t\t\t\t\t\t<!-- Content -->\n\t\t\t\t\t\t\t\t\t<div class=\"xpro-overlay-content\">\n\t\t\t\t\t\t\t\t\t\t\t\t\t\t\t\t\t\t\t\t\t<h4 class=\"xpro-title\">Jornada de Trabajo DGC | Facultad de Recursos Naturales RJornada de Trabajo DGC | Facultad de Recursos Naturales Renovables (FAREN)enovables (FAREN)<\/h4>\n\t\t\t\t\t\t\t\t\t\t\t\t\t\t\t\t\t\t\t\t\t\t\t\t\t\t\t\t\t<\/div>\n\t\t\t\t\t\t\t\t\t\t\t\t\t\t\t<\/div>\n\t\t\t\t\t\t<\/div>\n\t\t\t\t\t<\/div>\n\t\t\t\t<\/div>\n\t\t\t<\/div>\n\n\t\t\n\t\t\t<!--Item-->\n\t\t\t<div class=\"cbp-item xpro-elementor-gallery-item dic\">\n\t\t\t\t<div class=\"cbp-caption\">\n\t\t\t\t\t<div class=\"cbp-caption-defaultWrap\">\n\t\t\t\t\t\t<img loading=\"lazy\" decoding=\"async\" width=\"2048\" height=\"1638\" src=\"https:\/\/calidad.unap.cl\/acreditacion2027\/wp-content\/uploads\/sites\/2\/2025\/12\/IMG_4749.jpg\" class=\"attachment-full size-full\" alt=\"\" srcset=\"https:\/\/calidad.unap.cl\/acreditacion2027\/wp-content\/uploads\/sites\/2\/2025\/12\/IMG_4749.jpg 2048w, https:\/\/calidad.unap.cl\/acreditacion2027\/wp-content\/uploads\/sites\/2\/2025\/12\/IMG_4749-300x240.jpg 300w, https:\/\/calidad.unap.cl\/acreditacion2027\/wp-content\/uploads\/sites\/2\/2025\/12\/IMG_4749-1024x819.jpg 1024w, https:\/\/calidad.unap.cl\/acreditacion2027\/wp-content\/uploads\/sites\/2\/2025\/12\/IMG_4749-768x614.jpg 768w, https:\/\/calidad.unap.cl\/acreditacion2027\/wp-content\/uploads\/sites\/2\/2025\/12\/IMG_4749-1536x1229.jpg 1536w\" sizes=\"(max-width: 2048px) 100vw, 2048px\" \/>\t\t\t\t\t<\/div>\n\t\t\t\t\t<div class=\"cbp-caption-activeWrap\">\n\t\t\t\t\t\t<div class=\"cbp-l-caption-alignCenter\" data-xpro-lightbox data-src=\"https:\/\/calidad.unap.cl\/acreditacion2027\/wp-content\/uploads\/sites\/2\/2025\/12\/IMG_4749.jpg\">\n\t\t\t\t\t\t\t<!-- Overlay -->\n\t\t\t\t\t\t\t<div class=\"cbp-l-caption-body\">\n\t\t\t\t\t\t\t\t\n\t\t\t\t\t\t\t\t\t\t\t\t\t\t\t\t\t<!-- Content -->\n\t\t\t\t\t\t\t\t\t<div class=\"xpro-overlay-content\">\n\t\t\t\t\t\t\t\t\t\t\t\t\t\t\t\t\t\t\t\t\t<h4 class=\"xpro-title\">Jornada de Trabajo DGC | Facultad de Recursos Naturales Renovables (FAREN)<\/h4>\n\t\t\t\t\t\t\t\t\t\t\t\t\t\t\t\t\t\t\t\t\t\t\t\t\t\t\t\t\t<\/div>\n\t\t\t\t\t\t\t\t\t\t\t\t\t\t\t<\/div>\n\t\t\t\t\t\t<\/div>\n\t\t\t\t\t<\/div>\n\t\t\t\t<\/div>\n\t\t\t<\/div>\n\n\t\t\n\t\t\t<!--Item-->\n\t\t\t<div class=\"cbp-item xpro-elementor-gallery-item dic\">\n\t\t\t\t<div class=\"cbp-caption\">\n\t\t\t\t\t<div class=\"cbp-caption-defaultWrap\">\n\t\t\t\t\t\t<img loading=\"lazy\" decoding=\"async\" width=\"2048\" height=\"1638\" src=\"https:\/\/calidad.unap.cl\/acreditacion2027\/wp-content\/uploads\/sites\/2\/2025\/12\/IMG_4754.jpg\" class=\"attachment-full size-full\" alt=\"\" srcset=\"https:\/\/calidad.unap.cl\/acreditacion2027\/wp-content\/uploads\/sites\/2\/2025\/12\/IMG_4754.jpg 2048w, https:\/\/calidad.unap.cl\/acreditacion2027\/wp-content\/uploads\/sites\/2\/2025\/12\/IMG_4754-300x240.jpg 300w, https:\/\/calidad.unap.cl\/acreditacion2027\/wp-content\/uploads\/sites\/2\/2025\/12\/IMG_4754-1024x819.jpg 1024w, https:\/\/calidad.unap.cl\/acreditacion2027\/wp-content\/uploads\/sites\/2\/2025\/12\/IMG_4754-768x614.jpg 768w, https:\/\/calidad.unap.cl\/acreditacion2027\/wp-content\/uploads\/sites\/2\/2025\/12\/IMG_4754-1536x1229.jpg 1536w\" sizes=\"(max-width: 2048px) 100vw, 2048px\" \/>\t\t\t\t\t<\/div>\n\t\t\t\t\t<div class=\"cbp-caption-activeWrap\">\n\t\t\t\t\t\t<div class=\"cbp-l-caption-alignCenter\" data-xpro-lightbox data-src=\"https:\/\/calidad.unap.cl\/acreditacion2027\/wp-content\/uploads\/sites\/2\/2025\/12\/IMG_4754.jpg\">\n\t\t\t\t\t\t\t<!-- Overlay -->\n\t\t\t\t\t\t\t<div class=\"cbp-l-caption-body\">\n\t\t\t\t\t\t\t\t\n\t\t\t\t\t\t\t\t\t\t\t\t\t\t\t\t\t<!-- Content -->\n\t\t\t\t\t\t\t\t\t<div class=\"xpro-overlay-content\">\n\t\t\t\t\t\t\t\t\t\t\t\t\t\t\t\t\t\t\t\t\t<h4 class=\"xpro-title\">Jornada de Trabajo DGC | Facultad de Recursos Naturales Renovables (FAREN)<\/h4>\n\t\t\t\t\t\t\t\t\t\t\t\t\t\t\t\t\t\t\t\t\t\t\t\t\t\t\t\t\t<\/div>\n\t\t\t\t\t\t\t\t\t\t\t\t\t\t\t<\/div>\n\t\t\t\t\t\t<\/div>\n\t\t\t\t\t<\/div>\n\t\t\t\t<\/div>\n\t\t\t<\/div>\n\n\t\t\n\t\t\t<!--Item-->\n\t\t\t<div class=\"cbp-item xpro-elementor-gallery-item dic\">\n\t\t\t\t<div class=\"cbp-caption\">\n\t\t\t\t\t<div class=\"cbp-caption-defaultWrap\">\n\t\t\t\t\t\t<img loading=\"lazy\" decoding=\"async\" width=\"2048\" height=\"1638\" src=\"https:\/\/calidad.unap.cl\/acreditacion2027\/wp-content\/uploads\/sites\/2\/2025\/12\/IMG_4974.jpg\" class=\"attachment-full size-full\" alt=\"\" srcset=\"https:\/\/calidad.unap.cl\/acreditacion2027\/wp-content\/uploads\/sites\/2\/2025\/12\/IMG_4974.jpg 2048w, https:\/\/calidad.unap.cl\/acreditacion2027\/wp-content\/uploads\/sites\/2\/2025\/12\/IMG_4974-300x240.jpg 300w, https:\/\/calidad.unap.cl\/acreditacion2027\/wp-content\/uploads\/sites\/2\/2025\/12\/IMG_4974-1024x819.jpg 1024w, https:\/\/calidad.unap.cl\/acreditacion2027\/wp-content\/uploads\/sites\/2\/2025\/12\/IMG_4974-768x614.jpg 768w, https:\/\/calidad.unap.cl\/acreditacion2027\/wp-content\/uploads\/sites\/2\/2025\/12\/IMG_4974-1536x1229.jpg 1536w\" sizes=\"(max-width: 2048px) 100vw, 2048px\" \/>\t\t\t\t\t<\/div>\n\t\t\t\t\t<div class=\"cbp-caption-activeWrap\">\n\t\t\t\t\t\t<div class=\"cbp-l-caption-alignCenter\" data-xpro-lightbox data-src=\"https:\/\/calidad.unap.cl\/acreditacion2027\/wp-content\/uploads\/sites\/2\/2025\/12\/IMG_4974.jpg\">\n\t\t\t\t\t\t\t<!-- Overlay -->\n\t\t\t\t\t\t\t<div class=\"cbp-l-caption-body\">\n\t\t\t\t\t\t\t\t\n\t\t\t\t\t\t\t\t\t\t\t\t\t\t\t\t\t<!-- Content -->\n\t\t\t\t\t\t\t\t\t<div class=\"xpro-overlay-content\">\n\t\t\t\t\t\t\t\t\t\t\t\t\t\t\t\t\t\t\t\t\t<h4 class=\"xpro-title\">Comisi\u00f3n de Muestra Intencionada Institucional<\/h4>\n\t\t\t\t\t\t\t\t\t\t\t\t\t\t\t\t\t\t\t\t\t\t\t\t\t\t\t\t\t<\/div>\n\t\t\t\t\t\t\t\t\t\t\t\t\t\t\t<\/div>\n\t\t\t\t\t\t<\/div>\n\t\t\t\t\t<\/div>\n\t\t\t\t<\/div>\n\t\t\t<\/div>\n\n\t\t\n\t\t\t<!--Item-->\n\t\t\t<div class=\"cbp-item xpro-elementor-gallery-item dic\">\n\t\t\t\t<div class=\"cbp-caption\">\n\t\t\t\t\t<div class=\"cbp-caption-defaultWrap\">\n\t\t\t\t\t\t<img loading=\"lazy\" decoding=\"async\" width=\"2048\" height=\"1638\" src=\"https:\/\/calidad.unap.cl\/acreditacion2027\/wp-content\/uploads\/sites\/2\/2025\/12\/IMG_4937.jpg\" class=\"attachment-full size-full\" alt=\"\" srcset=\"https:\/\/calidad.unap.cl\/acreditacion2027\/wp-content\/uploads\/sites\/2\/2025\/12\/IMG_4937.jpg 2048w, https:\/\/calidad.unap.cl\/acreditacion2027\/wp-content\/uploads\/sites\/2\/2025\/12\/IMG_4937-300x240.jpg 300w, https:\/\/calidad.unap.cl\/acreditacion2027\/wp-content\/uploads\/sites\/2\/2025\/12\/IMG_4937-1024x819.jpg 1024w, https:\/\/calidad.unap.cl\/acreditacion2027\/wp-content\/uploads\/sites\/2\/2025\/12\/IMG_4937-768x614.jpg 768w, https:\/\/calidad.unap.cl\/acreditacion2027\/wp-content\/uploads\/sites\/2\/2025\/12\/IMG_4937-1536x1229.jpg 1536w\" sizes=\"(max-width: 2048px) 100vw, 2048px\" \/>\t\t\t\t\t<\/div>\n\t\t\t\t\t<div class=\"cbp-caption-activeWrap\">\n\t\t\t\t\t\t<div class=\"cbp-l-caption-alignCenter\" data-xpro-lightbox data-src=\"https:\/\/calidad.unap.cl\/acreditacion2027\/wp-content\/uploads\/sites\/2\/2025\/12\/IMG_4937.jpg\">\n\t\t\t\t\t\t\t<!-- Overlay -->\n\t\t\t\t\t\t\t<div class=\"cbp-l-caption-body\">\n\t\t\t\t\t\t\t\t\n\t\t\t\t\t\t\t\t\t\t\t\t\t\t\t\t\t<!-- Content -->\n\t\t\t\t\t\t\t\t\t<div class=\"xpro-overlay-content\">\n\t\t\t\t\t\t\t\t\t\t\t\t\t\t\t\t\t\t\t\t\t<h4 class=\"xpro-title\">Comisi\u00f3n de Muestra Intencionada Institucional<\/h4>\n\t\t\t\t\t\t\t\t\t\t\t\t\t\t\t\t\t\t\t\t\t\t\t\t\t\t\t\t\t<\/div>\n\t\t\t\t\t\t\t\t\t\t\t\t\t\t\t<\/div>\n\t\t\t\t\t\t<\/div>\n\t\t\t\t\t<\/div>\n\t\t\t\t<\/div>\n\t\t\t<\/div>\n\n\t\t\n\t\t\t<!--Item-->\n\t\t\t<div class=\"cbp-item xpro-elementor-gallery-item dic\">\n\t\t\t\t<div class=\"cbp-caption\">\n\t\t\t\t\t<div class=\"cbp-caption-defaultWrap\">\n\t\t\t\t\t\t<img loading=\"lazy\" decoding=\"async\" width=\"2048\" height=\"1638\" src=\"https:\/\/calidad.unap.cl\/acreditacion2027\/wp-content\/uploads\/sites\/2\/2025\/12\/IMG_4940.jpg\" class=\"attachment-full size-full\" alt=\"\" srcset=\"https:\/\/calidad.unap.cl\/acreditacion2027\/wp-content\/uploads\/sites\/2\/2025\/12\/IMG_4940.jpg 2048w, https:\/\/calidad.unap.cl\/acreditacion2027\/wp-content\/uploads\/sites\/2\/2025\/12\/IMG_4940-300x240.jpg 300w, https:\/\/calidad.unap.cl\/acreditacion2027\/wp-content\/uploads\/sites\/2\/2025\/12\/IMG_4940-1024x819.jpg 1024w, https:\/\/calidad.unap.cl\/acreditacion2027\/wp-content\/uploads\/sites\/2\/2025\/12\/IMG_4940-768x614.jpg 768w, https:\/\/calidad.unap.cl\/acreditacion2027\/wp-content\/uploads\/sites\/2\/2025\/12\/IMG_4940-1536x1229.jpg 1536w\" sizes=\"(max-width: 2048px) 100vw, 2048px\" \/>\t\t\t\t\t<\/div>\n\t\t\t\t\t<div class=\"cbp-caption-activeWrap\">\n\t\t\t\t\t\t<div class=\"cbp-l-caption-alignCenter\" data-xpro-lightbox data-src=\"https:\/\/calidad.unap.cl\/acreditacion2027\/wp-content\/uploads\/sites\/2\/2025\/12\/IMG_4940.jpg\">\n\t\t\t\t\t\t\t<!-- Overlay -->\n\t\t\t\t\t\t\t<div class=\"cbp-l-caption-body\">\n\t\t\t\t\t\t\t\t\n\t\t\t\t\t\t\t\t\t\t\t\t\t\t\t\t\t<!-- Content -->\n\t\t\t\t\t\t\t\t\t<div class=\"xpro-overlay-content\">\n\t\t\t\t\t\t\t\t\t\t\t\t\t\t\t\t\t\t\t\t\t<h4 class=\"xpro-title\">Comisi\u00f3n de Muestra Intencionada Institucional<\/h4>\n\t\t\t\t\t\t\t\t\t\t\t\t\t\t\t\t\t\t\t\t\t\t\t\t\t\t\t\t\t<\/div>\n\t\t\t\t\t\t\t\t\t\t\t\t\t\t\t<\/div>\n\t\t\t\t\t\t<\/div>\n\t\t\t\t\t<\/div>\n\t\t\t\t<\/div>\n\t\t\t<\/div>\n\n\t\t\n\t\t\t<!--Item-->\n\t\t\t<div class=\"cbp-item xpro-elementor-gallery-item dic\">\n\t\t\t\t<div class=\"cbp-caption\">\n\t\t\t\t\t<div class=\"cbp-caption-defaultWrap\">\n\t\t\t\t\t\t<img loading=\"lazy\" decoding=\"async\" width=\"2048\" height=\"1638\" src=\"https:\/\/calidad.unap.cl\/acreditacion2027\/wp-content\/uploads\/sites\/2\/2025\/12\/IMG_4950.jpg\" class=\"attachment-full size-full\" alt=\"\" srcset=\"https:\/\/calidad.unap.cl\/acreditacion2027\/wp-content\/uploads\/sites\/2\/2025\/12\/IMG_4950.jpg 2048w, https:\/\/calidad.unap.cl\/acreditacion2027\/wp-content\/uploads\/sites\/2\/2025\/12\/IMG_4950-300x240.jpg 300w, https:\/\/calidad.unap.cl\/acreditacion2027\/wp-content\/uploads\/sites\/2\/2025\/12\/IMG_4950-1024x819.jpg 1024w, https:\/\/calidad.unap.cl\/acreditacion2027\/wp-content\/uploads\/sites\/2\/2025\/12\/IMG_4950-768x614.jpg 768w, https:\/\/calidad.unap.cl\/acreditacion2027\/wp-content\/uploads\/sites\/2\/2025\/12\/IMG_4950-1536x1229.jpg 1536w\" sizes=\"(max-width: 2048px) 100vw, 2048px\" \/>\t\t\t\t\t<\/div>\n\t\t\t\t\t<div class=\"cbp-caption-activeWrap\">\n\t\t\t\t\t\t<div class=\"cbp-l-caption-alignCenter\" data-xpro-lightbox data-src=\"https:\/\/calidad.unap.cl\/acreditacion2027\/wp-content\/uploads\/sites\/2\/2025\/12\/IMG_4950.jpg\">\n\t\t\t\t\t\t\t<!-- Overlay -->\n\t\t\t\t\t\t\t<div class=\"cbp-l-caption-body\">\n\t\t\t\t\t\t\t\t\n\t\t\t\t\t\t\t\t\t\t\t\t\t\t\t\t\t<!-- Content -->\n\t\t\t\t\t\t\t\t\t<div class=\"xpro-overlay-content\">\n\t\t\t\t\t\t\t\t\t\t\t\t\t\t\t\t\t\t\t\t\t<h4 class=\"xpro-title\">Comisi\u00f3n de Muestra Intencionada Institucional<\/h4>\n\t\t\t\t\t\t\t\t\t\t\t\t\t\t\t\t\t\t\t\t\t\t\t\t\t\t\t\t\t<\/div>\n\t\t\t\t\t\t\t\t\t\t\t\t\t\t\t<\/div>\n\t\t\t\t\t\t<\/div>\n\t\t\t\t\t<\/div>\n\t\t\t\t<\/div>\n\t\t\t<\/div>\n\n\t\t\n\t\t\t<!--Item-->\n\t\t\t<div class=\"cbp-item xpro-elementor-gallery-item dic\">\n\t\t\t\t<div class=\"cbp-caption\">\n\t\t\t\t\t<div class=\"cbp-caption-defaultWrap\">\n\t\t\t\t\t\t<img loading=\"lazy\" decoding=\"async\" width=\"2048\" height=\"1638\" src=\"https:\/\/calidad.unap.cl\/acreditacion2027\/wp-content\/uploads\/sites\/2\/2025\/12\/IMG_4955.jpg\" class=\"attachment-full size-full\" alt=\"\" srcset=\"https:\/\/calidad.unap.cl\/acreditacion2027\/wp-content\/uploads\/sites\/2\/2025\/12\/IMG_4955.jpg 2048w, https:\/\/calidad.unap.cl\/acreditacion2027\/wp-content\/uploads\/sites\/2\/2025\/12\/IMG_4955-300x240.jpg 300w, https:\/\/calidad.unap.cl\/acreditacion2027\/wp-content\/uploads\/sites\/2\/2025\/12\/IMG_4955-1024x819.jpg 1024w, https:\/\/calidad.unap.cl\/acreditacion2027\/wp-content\/uploads\/sites\/2\/2025\/12\/IMG_4955-768x614.jpg 768w, https:\/\/calidad.unap.cl\/acreditacion2027\/wp-content\/uploads\/sites\/2\/2025\/12\/IMG_4955-1536x1229.jpg 1536w\" sizes=\"(max-width: 2048px) 100vw, 2048px\" \/>\t\t\t\t\t<\/div>\n\t\t\t\t\t<div class=\"cbp-caption-activeWrap\">\n\t\t\t\t\t\t<div class=\"cbp-l-caption-alignCenter\" data-xpro-lightbox data-src=\"https:\/\/calidad.unap.cl\/acreditacion2027\/wp-content\/uploads\/sites\/2\/2025\/12\/IMG_4955.jpg\">\n\t\t\t\t\t\t\t<!-- Overlay -->\n\t\t\t\t\t\t\t<div class=\"cbp-l-caption-body\">\n\t\t\t\t\t\t\t\t\n\t\t\t\t\t\t\t\t\t\t\t\t\t\t\t\t\t<!-- Content -->\n\t\t\t\t\t\t\t\t\t<div class=\"xpro-overlay-content\">\n\t\t\t\t\t\t\t\t\t\t\t\t\t\t\t\t\t\t\t\t\t\t\t\t\t\t\t\t\t<\/div>\n\t\t\t\t\t\t\t\t\t\t\t\t\t\t\t<\/div>\n\t\t\t\t\t\t<\/div>\n\t\t\t\t\t<\/div>\n\t\t\t\t<\/div>\n\t\t\t<\/div>\n\n\t\t\n\t\t\t<!--Item-->\n\t\t\t<div class=\"cbp-item xpro-elementor-gallery-item dic\">\n\t\t\t\t<div class=\"cbp-caption\">\n\t\t\t\t\t<div class=\"cbp-caption-defaultWrap\">\n\t\t\t\t\t\t<img loading=\"lazy\" decoding=\"async\" width=\"2048\" height=\"1638\" src=\"https:\/\/calidad.unap.cl\/acreditacion2027\/wp-content\/uploads\/sites\/2\/2025\/12\/IMG_4960.jpg\" class=\"attachment-full size-full\" alt=\"\" srcset=\"https:\/\/calidad.unap.cl\/acreditacion2027\/wp-content\/uploads\/sites\/2\/2025\/12\/IMG_4960.jpg 2048w, https:\/\/calidad.unap.cl\/acreditacion2027\/wp-content\/uploads\/sites\/2\/2025\/12\/IMG_4960-300x240.jpg 300w, https:\/\/calidad.unap.cl\/acreditacion2027\/wp-content\/uploads\/sites\/2\/2025\/12\/IMG_4960-1024x819.jpg 1024w, https:\/\/calidad.unap.cl\/acreditacion2027\/wp-content\/uploads\/sites\/2\/2025\/12\/IMG_4960-768x614.jpg 768w, https:\/\/calidad.unap.cl\/acreditacion2027\/wp-content\/uploads\/sites\/2\/2025\/12\/IMG_4960-1536x1229.jpg 1536w\" sizes=\"(max-width: 2048px) 100vw, 2048px\" \/>\t\t\t\t\t<\/div>\n\t\t\t\t\t<div class=\"cbp-caption-activeWrap\">\n\t\t\t\t\t\t<div class=\"cbp-l-caption-alignCenter\" data-xpro-lightbox data-src=\"https:\/\/calidad.unap.cl\/acreditacion2027\/wp-content\/uploads\/sites\/2\/2025\/12\/IMG_4960.jpg\">\n\t\t\t\t\t\t\t<!-- Overlay -->\n\t\t\t\t\t\t\t<div class=\"cbp-l-caption-body\">\n\t\t\t\t\t\t\t\t\n\t\t\t\t\t\t\t\t\t\t\t\t\t\t\t\t\t<!-- Content -->\n\t\t\t\t\t\t\t\t\t<div class=\"xpro-overlay-content\">\n\t\t\t\t\t\t\t\t\t\t\t\t\t\t\t\t\t\t\t\t\t<h4 class=\"xpro-title\">Comisi\u00f3n de Muestra Intencionada Institucional<\/h4>\n\t\t\t\t\t\t\t\t\t\t\t\t\t\t\t\t\t\t\t\t\t\t\t\t\t\t\t\t\t<\/div>\n\t\t\t\t\t\t\t\t\t\t\t\t\t\t\t<\/div>\n\t\t\t\t\t\t<\/div>\n\t\t\t\t\t<\/div>\n\t\t\t\t<\/div>\n\t\t\t<\/div>\n\n\t\t\n\t\t\t<!--Item-->\n\t\t\t<div class=\"cbp-item xpro-elementor-gallery-item dic\">\n\t\t\t\t<div class=\"cbp-caption\">\n\t\t\t\t\t<div class=\"cbp-caption-defaultWrap\">\n\t\t\t\t\t\t<img loading=\"lazy\" decoding=\"async\" width=\"2048\" height=\"1638\" src=\"https:\/\/calidad.unap.cl\/acreditacion2027\/wp-content\/uploads\/sites\/2\/2025\/12\/IMG_5065.jpg\" class=\"attachment-full size-full\" alt=\"\" srcset=\"https:\/\/calidad.unap.cl\/acreditacion2027\/wp-content\/uploads\/sites\/2\/2025\/12\/IMG_5065.jpg 2048w, https:\/\/calidad.unap.cl\/acreditacion2027\/wp-content\/uploads\/sites\/2\/2025\/12\/IMG_5065-300x240.jpg 300w, https:\/\/calidad.unap.cl\/acreditacion2027\/wp-content\/uploads\/sites\/2\/2025\/12\/IMG_5065-1024x819.jpg 1024w, https:\/\/calidad.unap.cl\/acreditacion2027\/wp-content\/uploads\/sites\/2\/2025\/12\/IMG_5065-768x614.jpg 768w, https:\/\/calidad.unap.cl\/acreditacion2027\/wp-content\/uploads\/sites\/2\/2025\/12\/IMG_5065-1536x1229.jpg 1536w\" sizes=\"(max-width: 2048px) 100vw, 2048px\" \/>\t\t\t\t\t<\/div>\n\t\t\t\t\t<div class=\"cbp-caption-activeWrap\">\n\t\t\t\t\t\t<div class=\"cbp-l-caption-alignCenter\" data-xpro-lightbox data-src=\"https:\/\/calidad.unap.cl\/acreditacion2027\/wp-content\/uploads\/sites\/2\/2025\/12\/IMG_5065.jpg\">\n\t\t\t\t\t\t\t<!-- Overlay -->\n\t\t\t\t\t\t\t<div class=\"cbp-l-caption-body\">\n\t\t\t\t\t\t\t\t\n\t\t\t\t\t\t\t\t\t\t\t\t\t\t\t\t\t<!-- Content -->\n\t\t\t\t\t\t\t\t\t<div class=\"xpro-overlay-content\">\n\t\t\t\t\t\t\t\t\t\t\t\t\t\t\t\t\t\t\t\t\t<h4 class=\"xpro-title\">ornada de Trabajo DGC | Facultad de Ingenier\u00eda y Arquitectura<\/h4>\n\t\t\t\t\t\t\t\t\t\t\t\t\t\t\t\t\t\t\t\t\t\t\t\t\t\t\t\t\t<\/div>\n\t\t\t\t\t\t\t\t\t\t\t\t\t\t\t<\/div>\n\t\t\t\t\t\t<\/div>\n\t\t\t\t\t<\/div>\n\t\t\t\t<\/div>\n\t\t\t<\/div>\n\n\t\t\n\t\t\t<!--Item-->\n\t\t\t<div class=\"cbp-item xpro-elementor-gallery-item dic\">\n\t\t\t\t<div class=\"cbp-caption\">\n\t\t\t\t\t<div class=\"cbp-caption-defaultWrap\">\n\t\t\t\t\t\t<img loading=\"lazy\" decoding=\"async\" width=\"2048\" height=\"1638\" src=\"https:\/\/calidad.unap.cl\/acreditacion2027\/wp-content\/uploads\/sites\/2\/2025\/12\/IMG_5052.jpg\" class=\"attachment-full size-full\" alt=\"\" srcset=\"https:\/\/calidad.unap.cl\/acreditacion2027\/wp-content\/uploads\/sites\/2\/2025\/12\/IMG_5052.jpg 2048w, https:\/\/calidad.unap.cl\/acreditacion2027\/wp-content\/uploads\/sites\/2\/2025\/12\/IMG_5052-300x240.jpg 300w, https:\/\/calidad.unap.cl\/acreditacion2027\/wp-content\/uploads\/sites\/2\/2025\/12\/IMG_5052-1024x819.jpg 1024w, https:\/\/calidad.unap.cl\/acreditacion2027\/wp-content\/uploads\/sites\/2\/2025\/12\/IMG_5052-768x614.jpg 768w, https:\/\/calidad.unap.cl\/acreditacion2027\/wp-content\/uploads\/sites\/2\/2025\/12\/IMG_5052-1536x1229.jpg 1536w\" sizes=\"(max-width: 2048px) 100vw, 2048px\" \/>\t\t\t\t\t<\/div>\n\t\t\t\t\t<div class=\"cbp-caption-activeWrap\">\n\t\t\t\t\t\t<div class=\"cbp-l-caption-alignCenter\" data-xpro-lightbox data-src=\"https:\/\/calidad.unap.cl\/acreditacion2027\/wp-content\/uploads\/sites\/2\/2025\/12\/IMG_5052.jpg\">\n\t\t\t\t\t\t\t<!-- Overlay -->\n\t\t\t\t\t\t\t<div class=\"cbp-l-caption-body\">\n\t\t\t\t\t\t\t\t\n\t\t\t\t\t\t\t\t\t\t\t\t\t\t\t\t\t<!-- Content -->\n\t\t\t\t\t\t\t\t\t<div class=\"xpro-overlay-content\">\n\t\t\t\t\t\t\t\t\t\t\t\t\t\t\t\t\t\t\t\t\t<h4 class=\"xpro-title\">ornada de Trabajo DGC | Facultad de Ingenier\u00eda y Arquitectura<\/h4>\n\t\t\t\t\t\t\t\t\t\t\t\t\t\t\t\t\t\t\t\t\t\t\t\t\t\t\t\t\t<\/div>\n\t\t\t\t\t\t\t\t\t\t\t\t\t\t\t<\/div>\n\t\t\t\t\t\t<\/div>\n\t\t\t\t\t<\/div>\n\t\t\t\t<\/div>\n\t\t\t<\/div>\n\n\t\t\n\t\t\t<!--Item-->\n\t\t\t<div class=\"cbp-item xpro-elementor-gallery-item dic\">\n\t\t\t\t<div class=\"cbp-caption\">\n\t\t\t\t\t<div class=\"cbp-caption-defaultWrap\">\n\t\t\t\t\t\t<img loading=\"lazy\" decoding=\"async\" width=\"2048\" height=\"1638\" src=\"https:\/\/calidad.unap.cl\/acreditacion2027\/wp-content\/uploads\/sites\/2\/2025\/12\/IMG_5028.jpg\" class=\"attachment-full size-full\" alt=\"\" srcset=\"https:\/\/calidad.unap.cl\/acreditacion2027\/wp-content\/uploads\/sites\/2\/2025\/12\/IMG_5028.jpg 2048w, https:\/\/calidad.unap.cl\/acreditacion2027\/wp-content\/uploads\/sites\/2\/2025\/12\/IMG_5028-300x240.jpg 300w, https:\/\/calidad.unap.cl\/acreditacion2027\/wp-content\/uploads\/sites\/2\/2025\/12\/IMG_5028-1024x819.jpg 1024w, https:\/\/calidad.unap.cl\/acreditacion2027\/wp-content\/uploads\/sites\/2\/2025\/12\/IMG_5028-768x614.jpg 768w, https:\/\/calidad.unap.cl\/acreditacion2027\/wp-content\/uploads\/sites\/2\/2025\/12\/IMG_5028-1536x1229.jpg 1536w\" sizes=\"(max-width: 2048px) 100vw, 2048px\" \/>\t\t\t\t\t<\/div>\n\t\t\t\t\t<div class=\"cbp-caption-activeWrap\">\n\t\t\t\t\t\t<div class=\"cbp-l-caption-alignCenter\" data-xpro-lightbox data-src=\"https:\/\/calidad.unap.cl\/acreditacion2027\/wp-content\/uploads\/sites\/2\/2025\/12\/IMG_5028.jpg\">\n\t\t\t\t\t\t\t<!-- Overlay -->\n\t\t\t\t\t\t\t<div class=\"cbp-l-caption-body\">\n\t\t\t\t\t\t\t\t\n\t\t\t\t\t\t\t\t\t\t\t\t\t\t\t\t\t<!-- Content -->\n\t\t\t\t\t\t\t\t\t<div class=\"xpro-overlay-content\">\n\t\t\t\t\t\t\t\t\t\t\t\t\t\t\t\t\t\t\t\t\t<h4 class=\"xpro-title\">ornada de Trabajo DGC | Facultad de Ingenier\u00eda y Arquitectura<\/h4>\n\t\t\t\t\t\t\t\t\t\t\t\t\t\t\t\t\t\t\t\t\t\t\t\t\t\t\t\t\t<\/div>\n\t\t\t\t\t\t\t\t\t\t\t\t\t\t\t<\/div>\n\t\t\t\t\t\t<\/div>\n\t\t\t\t\t<\/div>\n\t\t\t\t<\/div>\n\t\t\t<\/div>\n\n\t\t\n\t\t\t<!--Item-->\n\t\t\t<div class=\"cbp-item xpro-elementor-gallery-item dic\">\n\t\t\t\t<div class=\"cbp-caption\">\n\t\t\t\t\t<div class=\"cbp-caption-defaultWrap\">\n\t\t\t\t\t\t<img loading=\"lazy\" decoding=\"async\" width=\"2048\" height=\"1638\" src=\"https:\/\/calidad.unap.cl\/acreditacion2027\/wp-content\/uploads\/sites\/2\/2025\/12\/IMG_5025.jpg\" class=\"attachment-full size-full\" alt=\"\" srcset=\"https:\/\/calidad.unap.cl\/acreditacion2027\/wp-content\/uploads\/sites\/2\/2025\/12\/IMG_5025.jpg 2048w, https:\/\/calidad.unap.cl\/acreditacion2027\/wp-content\/uploads\/sites\/2\/2025\/12\/IMG_5025-300x240.jpg 300w, https:\/\/calidad.unap.cl\/acreditacion2027\/wp-content\/uploads\/sites\/2\/2025\/12\/IMG_5025-1024x819.jpg 1024w, https:\/\/calidad.unap.cl\/acreditacion2027\/wp-content\/uploads\/sites\/2\/2025\/12\/IMG_5025-768x614.jpg 768w, https:\/\/calidad.unap.cl\/acreditacion2027\/wp-content\/uploads\/sites\/2\/2025\/12\/IMG_5025-1536x1229.jpg 1536w\" sizes=\"(max-width: 2048px) 100vw, 2048px\" \/>\t\t\t\t\t<\/div>\n\t\t\t\t\t<div class=\"cbp-caption-activeWrap\">\n\t\t\t\t\t\t<div class=\"cbp-l-caption-alignCenter\" data-xpro-lightbox data-src=\"https:\/\/calidad.unap.cl\/acreditacion2027\/wp-content\/uploads\/sites\/2\/2025\/12\/IMG_5025.jpg\">\n\t\t\t\t\t\t\t<!-- Overlay -->\n\t\t\t\t\t\t\t<div class=\"cbp-l-caption-body\">\n\t\t\t\t\t\t\t\t\n\t\t\t\t\t\t\t\t\t\t\t\t\t\t\t\t\t<!-- Content -->\n\t\t\t\t\t\t\t\t\t<div class=\"xpro-overlay-content\">\n\t\t\t\t\t\t\t\t\t\t\t\t\t\t\t\t\t\t\t\t\t<h4 class=\"xpro-title\">ornada de Trabajo DGC | Facultad de Ingenier\u00eda y Arquitectura<\/h4>\n\t\t\t\t\t\t\t\t\t\t\t\t\t\t\t\t\t\t\t\t\t\t\t\t\t\t\t\t\t<\/div>\n\t\t\t\t\t\t\t\t\t\t\t\t\t\t\t<\/div>\n\t\t\t\t\t\t<\/div>\n\t\t\t\t\t<\/div>\n\t\t\t\t<\/div>\n\t\t\t<\/div>\n\n\t\t\n\t\t\t<!--Item-->\n\t\t\t<div class=\"cbp-item xpro-elementor-gallery-item dic\">\n\t\t\t\t<div class=\"cbp-caption\">\n\t\t\t\t\t<div class=\"cbp-caption-defaultWrap\">\n\t\t\t\t\t\t<img loading=\"lazy\" decoding=\"async\" width=\"2048\" height=\"1638\" src=\"https:\/\/calidad.unap.cl\/acreditacion2027\/wp-content\/uploads\/sites\/2\/2025\/12\/IMG_4991.jpg\" class=\"attachment-full size-full\" alt=\"\" srcset=\"https:\/\/calidad.unap.cl\/acreditacion2027\/wp-content\/uploads\/sites\/2\/2025\/12\/IMG_4991.jpg 2048w, https:\/\/calidad.unap.cl\/acreditacion2027\/wp-content\/uploads\/sites\/2\/2025\/12\/IMG_4991-300x240.jpg 300w, https:\/\/calidad.unap.cl\/acreditacion2027\/wp-content\/uploads\/sites\/2\/2025\/12\/IMG_4991-1024x819.jpg 1024w, https:\/\/calidad.unap.cl\/acreditacion2027\/wp-content\/uploads\/sites\/2\/2025\/12\/IMG_4991-768x614.jpg 768w, https:\/\/calidad.unap.cl\/acreditacion2027\/wp-content\/uploads\/sites\/2\/2025\/12\/IMG_4991-1536x1229.jpg 1536w\" sizes=\"(max-width: 2048px) 100vw, 2048px\" \/>\t\t\t\t\t<\/div>\n\t\t\t\t\t<div class=\"cbp-caption-activeWrap\">\n\t\t\t\t\t\t<div class=\"cbp-l-caption-alignCenter\" data-xpro-lightbox data-src=\"https:\/\/calidad.unap.cl\/acreditacion2027\/wp-content\/uploads\/sites\/2\/2025\/12\/IMG_4991.jpg\">\n\t\t\t\t\t\t\t<!-- Overlay -->\n\t\t\t\t\t\t\t<div class=\"cbp-l-caption-body\">\n\t\t\t\t\t\t\t\t\n\t\t\t\t\t\t\t\t\t\t\t\t\t\t\t\t\t<!-- Content -->\n\t\t\t\t\t\t\t\t\t<div class=\"xpro-overlay-content\">\n\t\t\t\t\t\t\t\t\t\t\t\t\t\t\t\t\t\t\t\t\t<h4 class=\"xpro-title\">ornada de Trabajo DGC | Facultad de Ingenier\u00eda y Arquitectura<\/h4>\n\t\t\t\t\t\t\t\t\t\t\t\t\t\t\t\t\t\t\t\t\t\t\t\t\t\t\t\t\t<\/div>\n\t\t\t\t\t\t\t\t\t\t\t\t\t\t\t<\/div>\n\t\t\t\t\t\t<\/div>\n\t\t\t\t\t<\/div>\n\t\t\t\t<\/div>\n\t\t\t<\/div>\n\n\t\t\n\t\t\t<!--Item-->\n\t\t\t<div class=\"cbp-item xpro-elementor-gallery-item dic\">\n\t\t\t\t<div class=\"cbp-caption\">\n\t\t\t\t\t<div class=\"cbp-caption-defaultWrap\">\n\t\t\t\t\t\t<img loading=\"lazy\" decoding=\"async\" width=\"2048\" height=\"1536\" src=\"https:\/\/calidad.unap.cl\/acreditacion2027\/wp-content\/uploads\/sites\/2\/2025\/12\/IMG_5111.jpg\" class=\"attachment-full size-full\" alt=\"\" srcset=\"https:\/\/calidad.unap.cl\/acreditacion2027\/wp-content\/uploads\/sites\/2\/2025\/12\/IMG_5111.jpg 2048w, https:\/\/calidad.unap.cl\/acreditacion2027\/wp-content\/uploads\/sites\/2\/2025\/12\/IMG_5111-300x225.jpg 300w, https:\/\/calidad.unap.cl\/acreditacion2027\/wp-content\/uploads\/sites\/2\/2025\/12\/IMG_5111-1024x768.jpg 1024w, https:\/\/calidad.unap.cl\/acreditacion2027\/wp-content\/uploads\/sites\/2\/2025\/12\/IMG_5111-768x576.jpg 768w, https:\/\/calidad.unap.cl\/acreditacion2027\/wp-content\/uploads\/sites\/2\/2025\/12\/IMG_5111-1536x1152.jpg 1536w\" sizes=\"(max-width: 2048px) 100vw, 2048px\" \/>\t\t\t\t\t<\/div>\n\t\t\t\t\t<div class=\"cbp-caption-activeWrap\">\n\t\t\t\t\t\t<div class=\"cbp-l-caption-alignCenter\" data-xpro-lightbox data-src=\"https:\/\/calidad.unap.cl\/acreditacion2027\/wp-content\/uploads\/sites\/2\/2025\/12\/IMG_5111.jpg\">\n\t\t\t\t\t\t\t<!-- Overlay -->\n\t\t\t\t\t\t\t<div class=\"cbp-l-caption-body\">\n\t\t\t\t\t\t\t\t\n\t\t\t\t\t\t\t\t\t\t\t\t\t\t\t\t\t<!-- Content -->\n\t\t\t\t\t\t\t\t\t<div class=\"xpro-overlay-content\">\n\t\t\t\t\t\t\t\t\t\t\t\t\t\t\t\t\t\t\t\t\t<h4 class=\"xpro-title\">ornada de Trabajo DGC | Facultad de Ingenier\u00eda y Arquitectura<\/h4>\n\t\t\t\t\t\t\t\t\t\t\t\t\t\t\t\t\t\t\t\t\t\t\t\t\t\t\t\t\t<\/div>\n\t\t\t\t\t\t\t\t\t\t\t\t\t\t\t<\/div>\n\t\t\t\t\t\t<\/div>\n\t\t\t\t\t<\/div>\n\t\t\t\t<\/div>\n\t\t\t<\/div>\n\n\t\t\n\t<\/div>\n\n<\/div>\n\t\t\t\t<\/div>\n\t\t\t\t<\/div>\n\t\t\t\t\t<\/div>\n\t\t\t\t<\/div>\n\t\t\t\t<\/div>\n\t\t","protected":false},"excerpt":{"rendered":"<p>Galer\u00eda 2026 2026 Ene Mar Jornada de trabajo DGC | Facultad de Ciencias Empresariales Jornada de trabajo DGC | Facultad [&hellip;]<\/p>\n","protected":false},"author":1,"featured_media":0,"parent":46,"menu_order":0,"comment_status":"closed","ping_status":"closed","template":"","meta":{"site-sidebar-layout":"default","site-content-layout":"","ast-site-content-layout":"default","site-content-style":"default","site-sidebar-style":"default","ast-global-header-display":"","ast-banner-title-visibility":"","ast-main-header-display":"","ast-hfb-above-header-display":"","ast-hfb-below-header-display":"","ast-hfb-mobile-header-display":"","site-post-title":"","ast-breadcrumbs-content":"","ast-featured-img":"","footer-sml-layout":"","ast-disable-related-posts":"","theme-transparent-header-meta":"","adv-header-id-meta":"","stick-header-meta":"","header-above-stick-meta":"","header-main-stick-meta":"","header-below-stick-meta":"","astra-migrate-meta-layouts":"default","ast-page-background-enabled":"default","ast-page-background-meta":{"desktop":{"background-color":"var(--ast-global-color-5)","background-image":"","background-repeat":"repeat","background-position":"center center","background-size":"auto","background-attachment":"scroll","background-type":"","background-media":"","overlay-type":"","overlay-color":"","overlay-opacity":"","overlay-gradient":""},"tablet":{"background-color":"","background-image":"","background-repeat":"repeat","background-position":"center center","background-size":"auto","background-attachment":"scroll","background-type":"","background-media":"","overlay-type":"","overlay-color":"","overlay-opacity":"","overlay-gradient":""},"mobile":{"background-color":"","background-image":"","background-repeat":"repeat","background-position":"center center","background-size":"auto","background-attachment":"scroll","background-type":"","background-media":"","overlay-type":"","overlay-color":"","overlay-opacity":"","overlay-gradient":""}},"ast-content-background-meta":{"desktop":{"background-color":"var(--ast-global-color-4)","background-image":"","background-repeat":"repeat","background-position":"center center","background-size":"auto","background-attachment":"scroll","background-type":"","background-media":"","overlay-type":"","overlay-color":"","overlay-opacity":"","overlay-gradient":""},"tablet":{"background-color":"var(--ast-global-color-4)","background-image":"","background-repeat":"repeat","background-position":"center center","background-size":"auto","background-attachment":"scroll","background-type":"","background-media":"","overlay-type":"","overlay-color":"","overlay-opacity":"","overlay-gradient":""},"mobile":{"background-color":"var(--ast-global-color-4)","background-image":"","background-repeat":"repeat","background-position":"center center","background-size":"auto","background-attachment":"scroll","background-type":"","background-media":"","overlay-type":"","overlay-color":"","overlay-opacity":"","overlay-gradient":""}},"footnotes":""},"class_list":["post-1396","page","type-page","status-publish","hentry"],"_links":{"self":[{"href":"https:\/\/calidad.unap.cl\/acreditacion2027\/wp-json\/wp\/v2\/pages\/1396","targetHints":{"allow":["GET"]}}],"collection":[{"href":"https:\/\/calidad.unap.cl\/acreditacion2027\/wp-json\/wp\/v2\/pages"}],"about":[{"href":"https:\/\/calidad.unap.cl\/acreditacion2027\/wp-json\/wp\/v2\/types\/page"}],"author":[{"embeddable":true,"href":"https:\/\/calidad.unap.cl\/acreditacion2027\/wp-json\/wp\/v2\/users\/1"}],"replies":[{"embeddable":true,"href":"https:\/\/calidad.unap.cl\/acreditacion2027\/wp-json\/wp\/v2\/comments?post=1396"}],"version-history":[{"count":52,"href":"https:\/\/calidad.unap.cl\/acreditacion2027\/wp-json\/wp\/v2\/pages\/1396\/revisions"}],"predecessor-version":[{"id":3919,"href":"https:\/\/calidad.unap.cl\/acreditacion2027\/wp-json\/wp\/v2\/pages\/1396\/revisions\/3919"}],"up":[{"embeddable":true,"href":"https:\/\/calidad.unap.cl\/acreditacion2027\/wp-json\/wp\/v2\/pages\/46"}],"wp:attachment":[{"href":"https:\/\/calidad.unap.cl\/acreditacion2027\/wp-json\/wp\/v2\/media?parent=1396"}],"curies":[{"name":"wp","href":"https:\/\/api.w.org\/{rel}","templated":true}]}}